{"id":97,"date":"2020-08-23T01:15:20","date_gmt":"2020-08-22T23:15:20","guid":{"rendered":"https:\/\/dev.as2web.fr\/spouneur\/?page_id=97"},"modified":"2022-09-29T13:38:43","modified_gmt":"2022-09-29T11:38:43","slug":"qui-sommes-nous","status":"publish","type":"page","link":"https:\/\/dev.as2web.fr\/spouneur\/","title":{"rendered":"Qui sommes nous ?"},"content":{"rendered":"<p>[vc_row full_width=\u00a0\u00bbstretch_row\u00a0\u00bb gap=\u00a0\u00bb0&Prime; equal_height=\u00a0\u00bbyes\u00a0\u00bb content_placement=\u00a0\u00bbmiddle\u00a0\u00bb enable_row_dividers=\u00a0\u00bbyes\u00a0\u00bb css=\u00a0\u00bb.vc_custom_1662660128926{background-image: url(https:\/\/dev.as2web.fr\/spouneur\/wp-content\/uploads\/2020\/08\/MG_8008.jpg?id=69) !important;background-position: center !important;background-repeat: no-repeat !important;background-size: cover !important;}\u00a0\u00bb el_id=\u00a0\u00bbheader-image\u00a0\u00bb row_svg_divider=\u00a0\u00bbtop_shape_height:0|bottom_shape_type:6|bottom_shape_color:%23ffffff|bottom_shape_height:90&Prime;][vc_column][vc_custom_heading text=\u00a0\u00bbCentre \u00c9questre de Tr\u00e9lissac\u00a0\u00bb font_container=\u00a0\u00bbtag:h1|text_align:center|color:%23ffffff\u00a0\u00bb][\/vc_column][\/vc_row][vc_row css=\u00a0\u00bb.vc_custom_1664385417017{padding-top: 40px !important;padding-bottom: 40px !important;}\u00a0\u00bb][vc_column][vc_column_text css_animation=\u00a0\u00bbfadeInDown\u00a0\u00bb]<\/p>\n<p style=\"text-align: center;\">L&rsquo;\u00e9quitation permet de vivre l&rsquo;instant pr\u00e9sent et de s&rsquo;offrir un moment pour soi. C&rsquo;est un sport doux qui favorise l&rsquo;\u00e9veil chez les plus jeunes, donne du tonus musculaire et am\u00e9liore l&rsquo;\u00e9quilibre et la long\u00e9vit\u00e9 du corps. Monter \u00e0 cheval pendant une heure permet de d\u00e9penser 400 calories. Bonne pour le corps et l&rsquo;esprit, l&rsquo;\u00e9quitation booste la confiance en soi et renforce l&rsquo;assurance gr\u00e2ce \u00e0 la complicit\u00e9 avec le cheval. C&rsquo;est une activit\u00e9 conviviale pour se cr\u00e9er des souvenirs et partager un bon moment. Le contact avec le cheval et la nature permet de se ressourcer et de gagner en s\u00e9r\u00e9nit\u00e9.<\/p>\n<p style=\"text-align: center;\">L\u2019\u00e9quitation est un sport b\u00e9n\u00e9fique pour le cavalier, et ce, \u00e0 plusieurs \u00e9gards. C&rsquo;est un sport individuel qui peut se pratiquer en groupe ou en famille, avec pour complice le cheval. Vecteur de coh\u00e9sion sociale et familiale, l&rsquo;\u00e9quitation participe au mieux vivre ensemble.<\/p>\n<p>[\/vc_column_text][\/vc_column][\/vc_row][vc_row gap=\u00a0\u00bb35&Prime; equal_height=\u00a0\u00bbyes\u00a0\u00bb content_placement=\u00a0\u00bbmiddle\u00a0\u00bb css=\u00a0\u00bb.vc_custom_1664385446139{padding-top: 40px !important;padding-bottom: 40px !important;}\u00a0\u00bb][vc_column width=\u00a0\u00bb1\/2&Prime;][vc_images_carousel images=\u00a0\u00bb84,435,476,477,478&Prime; img_size=\u00a0\u00bbfull\u00a0\u00bb onclick=\u00a0\u00bblink_no\u00a0\u00bb autoplay=\u00a0\u00bbyes\u00a0\u00bb hide_pagination_control=\u00a0\u00bbyes\u00a0\u00bb wrap=\u00a0\u00bbyes\u00a0\u00bb css_animation=\u00a0\u00bbfadeInLeft\u00a0\u00bb el_class=\u00a0\u00bbslider-about-us slider-rounded\u00a0\u00bb css=\u00a0\u00bb.vc_custom_1664386234212{margin-bottom: 0px !important;}\u00a0\u00bb][\/vc_column][vc_column width=\u00a0\u00bb1\/2&Prime;][vc_custom_heading text=\u00a0\u00bbLe centre \u00e9questre de Tr\u00e9lissac\u00a0\u00bb css_animation=\u00a0\u00bbfadeInRight\u00a0\u00bb][vc_column_text css_animation=\u00a0\u00bbfadeInRight\u00a0\u00bb]<\/p>\n<p class=\"western\">Le centre \u00e9questre de Tr\u00e9lissac-la cravache \u00e0 un but, rendre l\u2019\u00e9quitation accessible \u00e0 tous. A travers la pratique de l\u2019\u00e9quitation nous vous permettrons de d\u00e9velopper des qualit\u00e9s physiques et sportives, une autonomie dans votre pratique, tout en cr\u00e9ant une relation avec votre cheval.<\/p>\n<p class=\"western\">A travers les activit\u00e9s \u00e0 pieds, nous permettons aux personnes les plus en difficult\u00e9s d&rsquo;entrer en contact avec cet animal fabuleux qu&rsquo;est le cheval et de se construire. Accueillant des publics tr\u00e8s vari\u00e9s : \u00e9quitation classique, de loisir, comp\u00e9tition ou travail de m\u00e9diation par le cheval, nous adaptons notre p\u00e9dagogie \u00e0 chaque groupe et pour chaque cavalier, nous avons une approche personnalis\u00e9e de sa pratique.<\/p>\n<p class=\"western\">Nous souhaitons partager avec vous notre passion des chevaux, en vous donnant les cl\u00e9s du respect de l\u2019int\u00e9grit\u00e9 physique et de l\u2019amour du cheval, en suivant votre rythme d\u2019apprentissage et vos envies.<\/p>\n<p>[\/vc_column_text][\/vc_column][\/vc_row][vc_row gap=\u00a0\u00bb35&Prime; equal_height=\u00a0\u00bbyes\u00a0\u00bb content_placement=\u00a0\u00bbmiddle\u00a0\u00bb enable_row_dividers=\u00a0\u00bbyes\u00a0\u00bb responsive_css=\u00a0\u00bbpadding_top_large:80px|padding_bottom_large:30px\u00a0\u00bb css=\u00a0\u00bb.vc_custom_1664387904026{background-color: #f7f7f7 !important;}\u00a0\u00bb row_svg_divider=\u00a0\u00bbtop_shape_type:6|top_shape_color:%23ffffff|top_shape_height:51|bottom_shape_color:%23ffffff|bottom_shape_height:0&Prime;][vc_column][vc_custom_heading text=\u00a0\u00bbL&rsquo;\u00e9quipe p\u00e9dagogique\u00a0\u00bb font_container=\u00a0\u00bbtag:h2|text_align:center\u00a0\u00bb css_animation=\u00a0\u00bbfadeInLeft\u00a0\u00bb][vc_column_text css_animation=\u00a0\u00bbfadeInLeft\u00a0\u00bb]<\/p>\n<p style=\"text-align: center;\">Notre \u00e9quipe p\u00e9dagogique garante de la r\u00e9alisation de ce projet \u00e9ducatif et p\u00e9dagogique est compos\u00e9 comme suit :<\/p>\n<p>[\/vc_column_text][\/vc_column][\/vc_row][vc_row gap=\u00a0\u00bb35&Prime; equal_height=\u00a0\u00bbyes\u00a0\u00bb content_placement=\u00a0\u00bbtop\u00a0\u00bb css=\u00a0\u00bb.vc_custom_1664388284266{background-color: #f7f7f7 !important;}\u00a0\u00bb][vc_column width=\u00a0\u00bb1\/3&Prime;][vc_row_inner el_class=\u00a0\u00bbteam-peda-user\u00a0\u00bb][vc_column_inner][vc_single_image image=\u00a0\u00bb470&Prime; img_size=\u00a0\u00bbfull\u00a0\u00bb alignment=\u00a0\u00bbcenter\u00a0\u00bb style=\u00a0\u00bbvc_box_circle_2&Prime; css_animation=\u00a0\u00bbfadeInUp\u00a0\u00bb css=\u00a0\u00bb.vc_custom_1664388491868{margin-bottom: 0px !important;}\u00a0\u00bb][vc_column_text css_animation=\u00a0\u00bbfadeIn\u00a0\u00bb el_class=\u00a0\u00bbname-team\u00a0\u00bb css=\u00a0\u00bb.vc_custom_1664388522941{margin-bottom: 0px !important;}\u00a0\u00bb]<\/p>\n<p style=\"text-align: center;\"><strong>Laurent CAYZAC<\/strong><\/p>\n<p>[\/vc_column_text][\/vc_column_inner][\/vc_row_inner][vc_column_text css_animation=\u00a0\u00bbfadeInUp\u00a0\u00bb]<\/p>\n<p style=\"text-align: center;\">Responsable p\u00e9dagogique<br \/>\nInstructeur titulaire du DESJEPS, BPJEPS, BFEEH<\/p>\n<p>[\/vc_column_text][\/vc_column][vc_column width=\u00a0\u00bb1\/3&Prime;][vc_row_inner el_class=\u00a0\u00bbteam-peda-user\u00a0\u00bb][vc_column_inner][vc_single_image image=\u00a0\u00bb472&Prime; img_size=\u00a0\u00bbfull\u00a0\u00bb alignment=\u00a0\u00bbcenter\u00a0\u00bb style=\u00a0\u00bbvc_box_circle_2&Prime; css_animation=\u00a0\u00bbfadeInUp\u00a0\u00bb css=\u00a0\u00bb.vc_custom_1664388498959{margin-bottom: 0px !important;}\u00a0\u00bb][vc_column_text css_animation=\u00a0\u00bbfadeIn\u00a0\u00bb el_class=\u00a0\u00bbname-team\u00a0\u00bb css=\u00a0\u00bb.vc_custom_1664388528168{margin-bottom: 0px !important;}\u00a0\u00bb]<\/p>\n<p style=\"text-align: center;\"><strong>Lucie CHAISSAC<\/strong><\/p>\n<p>[\/vc_column_text][\/vc_column_inner][\/vc_row_inner][vc_column_text css_animation=\u00a0\u00bbfadeInUp\u00a0\u00bb]<\/p>\n<p style=\"text-align: center;\">Enseignante titulaire du BPJEPS<\/p>\n<p>[\/vc_column_text][\/vc_column][vc_column width=\u00a0\u00bb1\/3&Prime;][vc_row_inner el_class=\u00a0\u00bbteam-peda-user\u00a0\u00bb][vc_column_inner][vc_single_image image=\u00a0\u00bb474&Prime; img_size=\u00a0\u00bbfull\u00a0\u00bb alignment=\u00a0\u00bbcenter\u00a0\u00bb style=\u00a0\u00bbvc_box_circle_2&Prime; css_animation=\u00a0\u00bbfadeInUp\u00a0\u00bb css=\u00a0\u00bb.vc_custom_1664388505563{margin-bottom: 0px !important;}\u00a0\u00bb][vc_column_text css_animation=\u00a0\u00bbfadeIn\u00a0\u00bb el_class=\u00a0\u00bbname-team\u00a0\u00bb css=\u00a0\u00bb.vc_custom_1664388532487{margin-bottom: 0px !important;}\u00a0\u00bb]<\/p>\n<p style=\"text-align: center;\"><strong>Emma SIMONET<\/strong><\/p>\n<p>[\/vc_column_text][\/vc_column_inner][\/vc_row_inner][vc_column_text css_animation=\u00a0\u00bbfadeInUp\u00a0\u00bb]<\/p>\n<p style=\"text-align: center;\">Enseignante titulaire de l\u2019AE<br \/>\net en formation BPJEPS<\/p>\n<p>[\/vc_column_text][\/vc_column][\/vc_row][vc_row gap=\u00a0\u00bb35&Prime; equal_height=\u00a0\u00bbyes\u00a0\u00bb content_placement=\u00a0\u00bbmiddle\u00a0\u00bb enable_row_dividers=\u00a0\u00bbyes\u00a0\u00bb responsive_css=\u00a0\u00bbpadding_top_large:30px|padding_bottom_large:80px\u00a0\u00bb css=\u00a0\u00bb.vc_custom_1664387912263{background-color: #f7f7f7 !important;}\u00a0\u00bb row_svg_divider=\u00a0\u00bbtop_shape_color:%23ffffff|top_shape_height:0|bottom_shape_type:6|bottom_shape_color:%23ffffff|bottom_shape_height:51&Prime;][vc_column][vc_row_inner el_class=\u00a0\u00bbbloc-card\u00a0\u00bb css=\u00a0\u00bb.vc_custom_1664387567319{margin-top: 30px !important;}\u00a0\u00bb][vc_column_inner][vc_custom_heading text=\u00a0\u00bbLeurs objectifs\u00a0\u00bb font_container=\u00a0\u00bbtag:h3|text_align:left\u00a0\u00bb css_animation=\u00a0\u00bbfadeIn\u00a0\u00bb][vc_column_text css_animation=\u00a0\u00bbfadeIn\u00a0\u00bb]L\u2019objectif de l\u2019\u00e9quipe p\u00e9dagogique et de faire en sorte de travailler dans le respect de soi, des autres et des chevaux.<\/p>\n<p>Tout en d\u00e9veloppant son autonomie dans la pratique \u00e9questre et ainsi devenir responsable de sa monture.<\/p>\n<p>Mais aussi en ma\u00eetrisant ses \u00e9motions , favoriser la concentration, la volont\u00e9, la patience, la rigueur et ainsi devenir partenaire du cheval.<\/p>\n<p>Dans une ambiance conviviale, les enseignants, gr\u00e2ce \u00e0 des apprentissages de techniques \u00e9questres, am\u00e8nent les cavaliers \u00e0 s&rsquo;\u00e9panouir, \u00e0 vivre des moments forts avec leurs chevaux. Ils les incitent \u00e0 se d\u00e9passer et \u00e0 d\u00e9velopper leur cr\u00e9ativit\u00e9 tout en prenant du plaisir \u00e0 travers la relation au cheval et au partage de sa passion avec les autres.<\/p>\n<p>L\u2019apprentissage chez nous s&rsquo;appuie sur les progressions et les fondamentaux mis en place par la f\u00e9d\u00e9ration fran\u00e7aise d\u2019\u00e9quitation. Les groupes de cavaliers sont r\u00e9partis par niveau avec une cavalerie adapt\u00e9e \u00e0 l\u2019apprentissage en s\u00e9curit\u00e9. Les \u00e9tapes peuvent \u00eatre \u00e9valu\u00e9es et valid\u00e9es par le passage des galops poneys et des galops de cavaliers.[\/vc_column_text][\/vc_column_inner][\/vc_row_inner][\/vc_column][\/vc_row]<\/p>\n","protected":false},"excerpt":{"rendered":"<p>[vc_row full_width=\u00a0\u00bbstretch_row\u00a0\u00bb gap=\u00a0\u00bb0&Prime; equal_height=\u00a0\u00bbyes\u00a0\u00bb content_placement=\u00a0\u00bbmiddle\u00a0\u00bb enable_row_dividers=\u00a0\u00bbyes\u00a0\u00bb css=\u00a0\u00bb.vc_custom_1662660128926{background-image: url(https:\/\/dev.as2web.fr\/spouneur\/wp-content\/uploads\/2020\/08\/MG_8008.jpg?id=69) !important;background-position: center !important;background-repeat: no-repeat !important;background-size: cover !important;}\u00a0\u00bb&#8230;<\/p>\n","protected":false},"author":1,"featured_media":0,"parent":0,"menu_order":0,"comment_status":"closed","ping_status":"closed","template":"","meta":[],"_links":{"self":[{"href":"https:\/\/dev.as2web.fr\/spouneur\/wp-json\/wp\/v2\/pages\/97"}],"collection":[{"href":"https:\/\/dev.as2web.fr\/spouneur\/wp-json\/wp\/v2\/pages"}],"about":[{"href":"https:\/\/dev.as2web.fr\/spouneur\/wp-json\/wp\/v2\/types\/page"}],"author":[{"embeddable":true,"href":"https:\/\/dev.as2web.fr\/spouneur\/wp-json\/wp\/v2\/users\/1"}],"replies":[{"embeddable":true,"href":"https:\/\/dev.as2web.fr\/spouneur\/wp-json\/wp\/v2\/comments?post=97"}],"version-history":[{"count":80,"href":"https:\/\/dev.as2web.fr\/spouneur\/wp-json\/wp\/v2\/pages\/97\/revisions"}],"predecessor-version":[{"id":612,"href":"https:\/\/dev.as2web.fr\/spouneur\/wp-json\/wp\/v2\/pages\/97\/revisions\/612"}],"wp:attachment":[{"href":"https:\/\/dev.as2web.fr\/spouneur\/wp-json\/wp\/v2\/media?parent=97"}],"curies":[{"name":"wp","href":"https:\/\/api.w.org\/{rel}","templated":true}]}}