{"id":50591,"date":"2022-01-13T11:35:25","date_gmt":"2022-01-13T10:35:25","guid":{"rendered":"https:\/\/dev.as2web.fr\/immovance\/?page_id=50591"},"modified":"2022-04-14T15:38:22","modified_gmt":"2022-04-14T13:38:22","slug":"nos-offres-demploi","status":"publish","type":"page","link":"https:\/\/dev.as2web.fr\/immovance\/nos-offres-demploi","title":{"rendered":"Consulter les offres d\u2019emploi"},"content":{"rendered":"<p>[vc_row full_width=\u00a0\u00bbstretch_row\u00a0\u00bb css=\u00a0\u00bb.vc_custom_1649943499610{margin-top: 5px !important;margin-bottom: 5px !important;padding-top: 60px !important;padding-bottom: 60px !important;background-image: url(https:\/\/dev.as2web.fr\/immovance\/wp-content\/uploads\/2022\/02\/bg-partner.jpg?id=52534) !important;background-position: center !important;background-repeat: no-repeat !important;background-size: cover !important;}\u00a0\u00bb][vc_column][vc_custom_heading text=\u00a0\u00bbConsulter nos offres d\u2019emploi\u00a0\u00bb font_container=\u00a0\u00bbtag:h1|text_align:center|color:%23ffffff\u00a0\u00bb use_theme_fonts=\u00a0\u00bbyes\u00a0\u00bb css=\u00a0\u00bb.vc_custom_1645033371482{margin-bottom: 10px !important;}\u00a0\u00bb][vc_column_text el_class=\u00a0\u00bbsubtitle-page\u00a0\u00bb]<\/p>\n<p style=\"text-align: center;\">D\u00e9couvrez des opportunit\u00e9s pr\u00e8s de chez vous !<\/p>\n<p>[\/vc_column_text][\/vc_column][\/vc_row][vc_row full_width=\u00a0\u00bbstretch_row\u00a0\u00bb css=\u00a0\u00bb.vc_custom_1645033479232{padding-top: 40px !important;padding-bottom: 40px !important;background-color: #ffffff !important;}\u00a0\u00bb][vc_column][vc_custom_heading text=\u00a0\u00bbL\u2019immobilier vous passionne ?\u00a0\u00bb font_container=\u00a0\u00bbtag:h2|text_align:center\u00a0\u00bb use_theme_fonts=\u00a0\u00bbyes\u00a0\u00bb css=\u00a0\u00bb.vc_custom_1645033456417{margin-bottom: 10px !important;}\u00a0\u00bb][vc_column_text el_class=\u00a0\u00bbsubtitle\u00a0\u00bb]<\/p>\n<p style=\"text-align: center;\">vous souhaitez vous investir dans un groupe \u00e0 taille humaine ?<\/p>\n<p>[\/vc_column_text][\/vc_column][\/vc_row][vc_row full_width=\u00a0\u00bbstretch_row\u00a0\u00bb equal_height=\u00a0\u00bbyes\u00a0\u00bb content_placement=\u00a0\u00bbmiddle\u00a0\u00bb css=\u00a0\u00bb.vc_custom_1645034014526{padding-bottom: 40px !important;background-color: #ffffff !important;}\u00a0\u00bb][vc_column width=\u00a0\u00bb1\/3&Prime; css=\u00a0\u00bb.vc_custom_1645033929380{background-image: url(https:\/\/dev.as2web.fr\/immovance\/wp-content\/uploads\/2022\/02\/devenir-conseiller.jpg?id=52124) !important;background-position: center !important;background-repeat: no-repeat !important;background-size: cover !important;}\u00a0\u00bb][\/vc_column][vc_column width=\u00a0\u00bb2\/3&Prime; css=\u00a0\u00bb.vc_custom_1645033772983{padding-top: 40px !important;padding-right: 40px !important;padding-bottom: 40px !important;padding-left: 40px !important;background-color: #f7f7f7 !important;}\u00a0\u00bb][vc_custom_heading text=\u00a0\u00bbDevenir conseiller commercial en immobilier\u00a0\u00bb use_theme_fonts=\u00a0\u00bbyes\u00a0\u00bb][vc_column_text]Nous recherchons des agents commerciaux en immobilier pour rejoindre notre r\u00e9seau dans l\u2019H\u00e9rault et en r\u00e9gion parisienne.<\/p>\n<p>Faire partie du groupe Immovance c\u2019est b\u00e9n\u00e9ficier de la force d\u2019un r\u00e9seau implant\u00e9 depuis 10 ans !<\/p>\n<ul>\n<li>Une proximit\u00e9 avec la client\u00e8le<\/li>\n<li>Une connaissance unique du secteur<\/li>\n<li>De nombreux outils \u00e0 votre disposition<\/li>\n<\/ul>\n<p>[\/vc_column_text][vc_btn title=\u00a0\u00bbDevenir conseiller\u00a0\u00bb style=\u00a0\u00bbflat\u00a0\u00bb color=\u00a0\u00bbwhite\u00a0\u00bb align=\u00a0\u00bbleft\u00a0\u00bb link=\u00a0\u00bburl:https%3A%2F%2Fdev.as2web.fr%2Fimmovance%2Fdevenir-conseiller|title:Devenir%20conseiller%20%E2%80%93%20Rejoignez%20l%E2%80%99%C3%A9quipe%20Immovance\u00a0\u00bb el_class=\u00a0\u00bbbtn-clipboard\u00a0\u00bb][\/vc_column][\/vc_row][vc_row full_width=\u00a0\u00bbstretch_row\u00a0\u00bb equal_height=\u00a0\u00bbyes\u00a0\u00bb content_placement=\u00a0\u00bbmiddle\u00a0\u00bb css=\u00a0\u00bb.vc_custom_1645033957182{padding-bottom: 40px !important;background-color: #ffffff !important;}\u00a0\u00bb][vc_column width=\u00a0\u00bb2\/3&Prime; css=\u00a0\u00bb.vc_custom_1645033880551{padding-top: 40px !important;padding-right: 40px !important;padding-bottom: 40px !important;padding-left: 40px !important;background-color: #f7f7f7 !important;}\u00a0\u00bb][vc_custom_heading text=\u00a0\u00bbCandidature spontan\u00e9e\u00a0\u00bb use_theme_fonts=\u00a0\u00bbyes\u00a0\u00bb][vc_column_text]<\/p>\n<p style=\"text-align: left;\">D\u00e9posez votre candidature spontan\u00e9e pour rejoindre notre r\u00e9seau et travailler dans un secteur dynamique. Transmettez-nous vos coordonn\u00e9es et nous vous recontacterons si votre profil correspond \u00e0 nos besoins.<\/p>\n<p>[\/vc_column_text][vc_btn title=\u00a0\u00bbNous contacter\u00a0\u00bb style=\u00a0\u00bbflat\u00a0\u00bb color=\u00a0\u00bbwhite\u00a0\u00bb align=\u00a0\u00bbleft\u00a0\u00bb link=\u00a0\u00bburl:https%3A%2F%2Fdev.as2web.fr%2Fimmovance%2Fcontact|title:Devenir%20conseiller%20%E2%80%93%20Rejoignez%20l%E2%80%99%C3%A9quipe%20Immovance\u00a0\u00bb el_class=\u00a0\u00bbbtn-clipboard\u00a0\u00bb][\/vc_column][vc_column width=\u00a0\u00bb1\/3&Prime; css=\u00a0\u00bb.vc_custom_1645033932690{background-image: url(https:\/\/dev.as2web.fr\/immovance\/wp-content\/uploads\/2022\/02\/condid-spontanee.jpg?id=52624) !important;background-position: center !important;background-repeat: no-repeat !important;background-size: cover !important;}\u00a0\u00bb][\/vc_column][\/vc_row][vc_row css=\u00a0\u00bb.vc_custom_1642070086120{padding-top: 40px !important;padding-bottom: 40px !important;}\u00a0\u00bb][vc_column][vc_custom_heading text=\u00a0\u00bbImmovance propose de nombreux postes au sein de ses agences\u00a0\u00bb font_container=\u00a0\u00bbtag:h2|text_align:center\u00a0\u00bb use_theme_fonts=\u00a0\u00bbyes\u00a0\u00bb][vc_column_text]<\/p>\n<p style=\"text-align: center;\">D\u00e9couvrez bient\u00f4t nos offres d&#8217;emplois<\/p>\n<p>[\/vc_column_text][\/vc_column][\/vc_row][vc_row full_width=\u00a0\u00bbstretch_row\u00a0\u00bb css=\u00a0\u00bb.vc_custom_1644591305438{padding-top: 40px !important;padding-bottom: 40px !important;background-color: #ffffff !important;}\u00a0\u00bb][vc_column][vc_custom_heading text=\u00a0\u00bbUne politique humaine\u00a0\u00bb font_container=\u00a0\u00bbtag:h2|text_align:center\u00a0\u00bb use_theme_fonts=\u00a0\u00bbyes\u00a0\u00bb css=\u00a0\u00bb.vc_custom_1645034002843{margin-bottom: 15px !important;}\u00a0\u00bb][vc_column_text]<\/p>\n<p style=\"text-align: center;\">Immovance rassemble des femmes et hommes passionn\u00e9s par l\u2019immobilier qui ont \u00e0 c\u0153ur d\u2019accompagner les particuliers dans leur projet. Le r\u00e9seau s\u2019apparente \u00e0 une grande famille o\u00f9 chacun s\u2019entraide pour fournir le meilleur service. R\u00e9guli\u00e8rement toutes les agences se rassemblent autour d\u2019\u00e9v\u00e9nements festifs pour faire vivre le r\u00e9seau et cr\u00e9er des liens forts.<\/p>\n<p>[\/vc_column_text][\/vc_column][\/vc_row][vc_row equal_height=\u00a0\u00bbyes\u00a0\u00bb content_placement=\u00a0\u00bbmiddle\u00a0\u00bb css=\u00a0\u00bb.vc_custom_1644592092163{padding-top: 40px !important;padding-bottom: 40px !important;}\u00a0\u00bb][vc_column width=\u00a0\u00bb1\/2&Prime;][vc_images_carousel images=\u00a0\u00bb52057,52058,52059&Prime; img_size=\u00a0\u00bbfull\u00a0\u00bb speed=\u00a0\u00bb3000&Prime; autoplay=\u00a0\u00bbyes\u00a0\u00bb hide_pagination_control=\u00a0\u00bbyes\u00a0\u00bb hide_prev_next_buttons=\u00a0\u00bbyes\u00a0\u00bb wrap=\u00a0\u00bbyes\u00a0\u00bb el_class=\u00a0\u00bbcarousel-100&Prime;][\/vc_column][vc_column width=\u00a0\u00bb1\/2&Prime;][vc_custom_heading text=\u00a0\u00bbRejoignez un r\u00e9seau dynamique\u00a0\u00bb use_theme_fonts=\u00a0\u00bbyes\u00a0\u00bb][vc_column_text]Apprenez aux c\u00f4t\u00e9s de professionnels et b\u00e9n\u00e9ficiez d\u2019un support technique \u00e0 l\u2019\u00e9coute, de formations et d\u2019\u00e9v\u00e9nements r\u00e9guliers ![\/vc_column_text][vc_btn title=\u00a0\u00bbDevenir conseiller\u00a0\u00bb style=\u00a0\u00bbflat\u00a0\u00bb color=\u00a0\u00bbwhite\u00a0\u00bb align=\u00a0\u00bbleft\u00a0\u00bb link=\u00a0\u00bburl:https%3A%2F%2Fdev.as2web.fr%2Fimmovance%2Fdevenir-conseiller|title:Devenir%20conseiller%20%E2%80%93%20Rejoignez%20l%E2%80%99%C3%A9quipe%20Immovance\u00a0\u00bb el_class=\u00a0\u00bbbtn-clipboard\u00a0\u00bb][\/vc_column][\/vc_row]<\/p>\n","protected":false},"excerpt":{"rendered":"<p>[vc_row full_width=\u00a0\u00bbstretch_row\u00a0\u00bb css=\u00a0\u00bb.vc_custom_1649943499610{margin-top: 5px !important;margin-bottom: 5px !important;padding-top: 60px !important;padding-bottom: 60px !important;background-image: url(https:\/\/dev.as2web.fr\/immovance\/wp-content\/uploads\/2022\/02\/bg-partner.jpg?id=52534) !important;background-position: center !important;background-repeat: no-repeat !important;background-size: cover !important;}\u00a0\u00bb][vc_column][vc_custom_heading text=\u00a0\u00bbConsulter nos offres d\u2019emploi\u00a0\u00bb font_container=\u00a0\u00bbtag:h1|text_align:center|color:%23ffffff\u00a0\u00bb use_theme_fonts=\u00a0\u00bbyes\u00a0\u00bb css=\u00a0\u00bb.vc_custom_1645033371482{margin-bottom: 10px !important;}\u00a0\u00bb][vc_column_text el_class=\u00a0\u00bbsubtitle-page\u00a0\u00bb] D\u00e9couvrez des opportunit\u00e9s pr\u00e8s de chez vous ! [\/vc_column_text][\/vc_column][\/vc_row][vc_row full_width=\u00a0\u00bbstretch_row\u00a0\u00bb css=\u00a0\u00bb.vc_custom_1645033479232{padding-top: 40px !important;padding-bottom: 40px !important;background-color: #ffffff !important;}\u00a0\u00bb][vc_column][vc_custom_heading text=\u00a0\u00bbL\u2019immobilier vous passionne ?\u00a0\u00bb font_container=\u00a0\u00bbtag:h2|text_align:center\u00a0\u00bb use_theme_fonts=\u00a0\u00bbyes\u00a0\u00bb css=\u00a0\u00bb.vc_custom_1645033456417{margin-bottom: 10px !important;}\u00a0\u00bb][vc_column_text el_class=\u00a0\u00bbsubtitle\u00a0\u00bb] vous souhaitez vous investir dans un groupe \u00e0 &#8230;<\/p>\n","protected":false},"author":1,"featured_media":0,"parent":0,"menu_order":0,"comment_status":"closed","ping_status":"closed","template":"","meta":{"loftloader_page_shortcode":""},"yoast_head":"<!-- This site is optimized with the Yoast SEO plugin v18.9 - https:\/\/yoast.com\/wordpress\/plugins\/seo\/ -->\n<title>Consulter les offres d\u2019emploi - Immovance<\/title>\n<meta name=\"robots\" content=\"noindex, follow, max-snippet:-1, max-image-preview:large, max-video-preview:-1\" \/>\n<meta property=\"og:locale\" content=\"fr_FR\" \/>\n<meta property=\"og:type\" content=\"article\" \/>\n<meta property=\"og:title\" content=\"Consulter les offres d\u2019emploi - Immovance\" \/>\n<meta property=\"og:description\" content=\"[vc_row full_width=\u00a0\u00bbstretch_row\u00a0\u00bb css=\u00a0\u00bb.vc_custom_1649943499610{margin-top: 5px !important;margin-bottom: 5px !important;padding-top: 60px !important;padding-bottom: 60px !important;background-image: url(https:\/\/dev.as2web.fr\/immovance\/wp-content\/uploads\/2022\/02\/bg-partner.jpg?id=52534) !important;background-position: center !important;background-repeat: no-repeat !important;background-size: cover !important;}\u00a0\u00bb][vc_column][vc_custom_heading text=\u00a0\u00bbConsulter nos offres d\u2019emploi\u00a0\u00bb font_container=\u00a0\u00bbtag:h1|text_align:center|color:%23ffffff\u00a0\u00bb use_theme_fonts=\u00a0\u00bbyes\u00a0\u00bb css=\u00a0\u00bb.vc_custom_1645033371482{margin-bottom: 10px !important;}\u00a0\u00bb][vc_column_text el_class=\u00a0\u00bbsubtitle-page\u00a0\u00bb] D\u00e9couvrez des opportunit\u00e9s pr\u00e8s de chez vous ! [\/vc_column_text][\/vc_column][\/vc_row][vc_row full_width=\u00a0\u00bbstretch_row\u00a0\u00bb css=\u00a0\u00bb.vc_custom_1645033479232{padding-top: 40px !important;padding-bottom: 40px !important;background-color: #ffffff !important;}\u00a0\u00bb][vc_column][vc_custom_heading text=\u00a0\u00bbL\u2019immobilier vous passionne ?\u00a0\u00bb font_container=\u00a0\u00bbtag:h2|text_align:center\u00a0\u00bb use_theme_fonts=\u00a0\u00bbyes\u00a0\u00bb css=\u00a0\u00bb.vc_custom_1645033456417{margin-bottom: 10px !important;}\u00a0\u00bb][vc_column_text el_class=\u00a0\u00bbsubtitle\u00a0\u00bb] vous souhaitez vous investir dans un groupe \u00e0 ...\" \/>\n<meta property=\"og:url\" content=\"https:\/\/dev.as2web.fr\/immovance\/nos-offres-demploi\" \/>\n<meta property=\"og:site_name\" content=\"Immovance\" \/>\n<meta property=\"article:modified_time\" content=\"2022-04-14T13:38:22+00:00\" \/>\n<meta property=\"og:image\" content=\"https:\/\/dev.as2web.fr\/immovance\/wp-content\/uploads\/2022\/03\/modalback.jpg\" \/>\n\t<meta property=\"og:image:width\" content=\"640\" \/>\n\t<meta property=\"og:image:height\" content=\"480\" \/>\n\t<meta property=\"og:image:type\" content=\"image\/jpeg\" \/>\n<meta name=\"twitter:card\" content=\"summary_large_image\" \/>\n<meta name=\"twitter:label1\" content=\"Dur\u00e9e de lecture estim\u00e9e\" \/>\n\t<meta name=\"twitter:data1\" content=\"2 minutes\" \/>\n<script type=\"application\/ld+json\" class=\"yoast-schema-graph\">{\"@context\":\"https:\/\/schema.org\",\"@graph\":[{\"@type\":\"Organization\",\"@id\":\"https:\/\/dev.as2web.fr\/immovance\/#organization\",\"name\":\"Immovance Immobilier\",\"url\":\"https:\/\/dev.as2web.fr\/immovance\/\",\"sameAs\":[],\"logo\":{\"@type\":\"ImageObject\",\"inLanguage\":\"fr-FR\",\"@id\":\"https:\/\/dev.as2web.fr\/immovance\/#\/schema\/logo\/image\/\",\"url\":\"https:\/\/dev.as2web.fr\/immovance\/wp-content\/uploads\/2022\/03\/modalback.jpg\",\"contentUrl\":\"https:\/\/dev.as2web.fr\/immovance\/wp-content\/uploads\/2022\/03\/modalback.jpg\",\"width\":640,\"height\":480,\"caption\":\"Immovance Immobilier\"},\"image\":{\"@id\":\"https:\/\/dev.as2web.fr\/immovance\/#\/schema\/logo\/image\/\"}},{\"@type\":\"WebSite\",\"@id\":\"https:\/\/dev.as2web.fr\/immovance\/#website\",\"url\":\"https:\/\/dev.as2web.fr\/immovance\/\",\"name\":\"Immovance\",\"description\":\"\",\"publisher\":{\"@id\":\"https:\/\/dev.as2web.fr\/immovance\/#organization\"},\"potentialAction\":[{\"@type\":\"SearchAction\",\"target\":{\"@type\":\"EntryPoint\",\"urlTemplate\":\"https:\/\/dev.as2web.fr\/immovance\/?s={search_term_string}\"},\"query-input\":\"required name=search_term_string\"}],\"inLanguage\":\"fr-FR\"},{\"@type\":\"WebPage\",\"@id\":\"https:\/\/dev.as2web.fr\/immovance\/nos-offres-demploi#webpage\",\"url\":\"https:\/\/dev.as2web.fr\/immovance\/nos-offres-demploi\",\"name\":\"Consulter les offres d\u2019emploi - Immovance\",\"isPartOf\":{\"@id\":\"https:\/\/dev.as2web.fr\/immovance\/#website\"},\"datePublished\":\"2022-01-13T10:35:25+00:00\",\"dateModified\":\"2022-04-14T13:38:22+00:00\",\"breadcrumb\":{\"@id\":\"https:\/\/dev.as2web.fr\/immovance\/nos-offres-demploi#breadcrumb\"},\"inLanguage\":\"fr-FR\",\"potentialAction\":[{\"@type\":\"ReadAction\",\"target\":[\"https:\/\/dev.as2web.fr\/immovance\/nos-offres-demploi\"]}]},{\"@type\":\"BreadcrumbList\",\"@id\":\"https:\/\/dev.as2web.fr\/immovance\/nos-offres-demploi#breadcrumb\",\"itemListElement\":[{\"@type\":\"ListItem\",\"position\":1,\"name\":\"Accueil\",\"item\":\"https:\/\/dev.as2web.fr\/immovance\/\"},{\"@type\":\"ListItem\",\"position\":2,\"name\":\"Consulter les offres d\u2019emploi\"}]}]}<\/script>\n<!-- \/ Yoast SEO plugin. -->","yoast_head_json":{"title":"Consulter les offres d\u2019emploi - Immovance","robots":{"index":"noindex","follow":"follow","max-snippet":"max-snippet:-1","max-image-preview":"max-image-preview:large","max-video-preview":"max-video-preview:-1"},"og_locale":"fr_FR","og_type":"article","og_title":"Consulter les offres d\u2019emploi - Immovance","og_description":"[vc_row full_width=\u00a0\u00bbstretch_row\u00a0\u00bb css=\u00a0\u00bb.vc_custom_1649943499610{margin-top: 5px !important;margin-bottom: 5px !important;padding-top: 60px !important;padding-bottom: 60px !important;background-image: url(https:\/\/dev.as2web.fr\/immovance\/wp-content\/uploads\/2022\/02\/bg-partner.jpg?id=52534) !important;background-position: center !important;background-repeat: no-repeat !important;background-size: cover !important;}\u00a0\u00bb][vc_column][vc_custom_heading text=\u00a0\u00bbConsulter nos offres d\u2019emploi\u00a0\u00bb font_container=\u00a0\u00bbtag:h1|text_align:center|color:%23ffffff\u00a0\u00bb use_theme_fonts=\u00a0\u00bbyes\u00a0\u00bb css=\u00a0\u00bb.vc_custom_1645033371482{margin-bottom: 10px !important;}\u00a0\u00bb][vc_column_text el_class=\u00a0\u00bbsubtitle-page\u00a0\u00bb] D\u00e9couvrez des opportunit\u00e9s pr\u00e8s de chez vous ! [\/vc_column_text][\/vc_column][\/vc_row][vc_row full_width=\u00a0\u00bbstretch_row\u00a0\u00bb css=\u00a0\u00bb.vc_custom_1645033479232{padding-top: 40px !important;padding-bottom: 40px !important;background-color: #ffffff !important;}\u00a0\u00bb][vc_column][vc_custom_heading text=\u00a0\u00bbL\u2019immobilier vous passionne ?\u00a0\u00bb font_container=\u00a0\u00bbtag:h2|text_align:center\u00a0\u00bb use_theme_fonts=\u00a0\u00bbyes\u00a0\u00bb css=\u00a0\u00bb.vc_custom_1645033456417{margin-bottom: 10px !important;}\u00a0\u00bb][vc_column_text el_class=\u00a0\u00bbsubtitle\u00a0\u00bb] vous souhaitez vous investir dans un groupe \u00e0 ...","og_url":"https:\/\/dev.as2web.fr\/immovance\/nos-offres-demploi","og_site_name":"Immovance","article_modified_time":"2022-04-14T13:38:22+00:00","og_image":[{"width":640,"height":480,"url":"https:\/\/dev.as2web.fr\/immovance\/wp-content\/uploads\/2022\/03\/modalback.jpg","type":"image\/jpeg"}],"twitter_card":"summary_large_image","twitter_misc":{"Dur\u00e9e de lecture estim\u00e9e":"2 minutes"},"schema":{"@context":"https:\/\/schema.org","@graph":[{"@type":"Organization","@id":"https:\/\/dev.as2web.fr\/immovance\/#organization","name":"Immovance Immobilier","url":"https:\/\/dev.as2web.fr\/immovance\/","sameAs":[],"logo":{"@type":"ImageObject","inLanguage":"fr-FR","@id":"https:\/\/dev.as2web.fr\/immovance\/#\/schema\/logo\/image\/","url":"https:\/\/dev.as2web.fr\/immovance\/wp-content\/uploads\/2022\/03\/modalback.jpg","contentUrl":"https:\/\/dev.as2web.fr\/immovance\/wp-content\/uploads\/2022\/03\/modalback.jpg","width":640,"height":480,"caption":"Immovance Immobilier"},"image":{"@id":"https:\/\/dev.as2web.fr\/immovance\/#\/schema\/logo\/image\/"}},{"@type":"WebSite","@id":"https:\/\/dev.as2web.fr\/immovance\/#website","url":"https:\/\/dev.as2web.fr\/immovance\/","name":"Immovance","description":"","publisher":{"@id":"https:\/\/dev.as2web.fr\/immovance\/#organization"},"potentialAction":[{"@type":"SearchAction","target":{"@type":"EntryPoint","urlTemplate":"https:\/\/dev.as2web.fr\/immovance\/?s={search_term_string}"},"query-input":"required name=search_term_string"}],"inLanguage":"fr-FR"},{"@type":"WebPage","@id":"https:\/\/dev.as2web.fr\/immovance\/nos-offres-demploi#webpage","url":"https:\/\/dev.as2web.fr\/immovance\/nos-offres-demploi","name":"Consulter les offres d\u2019emploi - Immovance","isPartOf":{"@id":"https:\/\/dev.as2web.fr\/immovance\/#website"},"datePublished":"2022-01-13T10:35:25+00:00","dateModified":"2022-04-14T13:38:22+00:00","breadcrumb":{"@id":"https:\/\/dev.as2web.fr\/immovance\/nos-offres-demploi#breadcrumb"},"inLanguage":"fr-FR","potentialAction":[{"@type":"ReadAction","target":["https:\/\/dev.as2web.fr\/immovance\/nos-offres-demploi"]}]},{"@type":"BreadcrumbList","@id":"https:\/\/dev.as2web.fr\/immovance\/nos-offres-demploi#breadcrumb","itemListElement":[{"@type":"ListItem","position":1,"name":"Accueil","item":"https:\/\/dev.as2web.fr\/immovance\/"},{"@type":"ListItem","position":2,"name":"Consulter les offres d\u2019emploi"}]}]}},"_links":{"self":[{"href":"https:\/\/dev.as2web.fr\/immovance\/wp-json\/wp\/v2\/pages\/50591"}],"collection":[{"href":"https:\/\/dev.as2web.fr\/immovance\/wp-json\/wp\/v2\/pages"}],"about":[{"href":"https:\/\/dev.as2web.fr\/immovance\/wp-json\/wp\/v2\/types\/page"}],"author":[{"embeddable":true,"href":"https:\/\/dev.as2web.fr\/immovance\/wp-json\/wp\/v2\/users\/1"}],"replies":[{"embeddable":true,"href":"https:\/\/dev.as2web.fr\/immovance\/wp-json\/wp\/v2\/comments?post=50591"}],"version-history":[{"count":5,"href":"https:\/\/dev.as2web.fr\/immovance\/wp-json\/wp\/v2\/pages\/50591\/revisions"}],"predecessor-version":[{"id":56245,"href":"https:\/\/dev.as2web.fr\/immovance\/wp-json\/wp\/v2\/pages\/50591\/revisions\/56245"}],"wp:attachment":[{"href":"https:\/\/dev.as2web.fr\/immovance\/wp-json\/wp\/v2\/media?parent=50591"}],"curies":[{"name":"wp","href":"https:\/\/api.w.org\/{rel}","templated":true}]}}