{"id":50577,"date":"2022-01-13T11:17:49","date_gmt":"2022-01-13T10:17:49","guid":{"rendered":"https:\/\/dev.as2web.fr\/immovance\/?page_id=50577"},"modified":"2022-03-17T17:46:29","modified_gmt":"2022-03-17T16:46:29","slug":"ecole-immovance","status":"publish","type":"page","link":"https:\/\/dev.as2web.fr\/immovance\/ecole-immovance","title":{"rendered":"\u00c9cole Immovance"},"content":{"rendered":"<p>[vc_row full_width=\u00a0\u00bbstretch_row\u00a0\u00bb css=\u00a0\u00bb.vc_custom_1645027313932{margin-top: 5px !important;margin-bottom: 5px !important;padding-top: 60px !important;padding-bottom: 60px !important;background-image: url(https:\/\/dev.as2web.fr\/immovance\/wp-content\/uploads\/2022\/02\/bg-ecole.jpg?id=52618) !important;background-position: center !important;background-repeat: no-repeat !important;background-size: cover !important;}\u00a0\u00bb][vc_column][vc_custom_heading text=\u00a0\u00bbL&rsquo;\u00e9cole Immovance\u00a0\u00bb font_container=\u00a0\u00bbtag:h1|text_align:center|color:%23ffffff\u00a0\u00bb use_theme_fonts=\u00a0\u00bbyes\u00a0\u00bb css=\u00a0\u00bb.vc_custom_1645026932348{margin-bottom: 10px !important;}\u00a0\u00bb][vc_column_text el_class=\u00a0\u00bbsubtitle-page\u00a0\u00bb]<\/p>\n<p style=\"text-align: center;\">d\u00e9couvrez notre \u00e9cole<\/p>\n<p>[\/vc_column_text][\/vc_column][\/vc_row][vc_row css=\u00a0\u00bb.vc_custom_1642063713515{padding-top: 40px !important;padding-bottom: 40px !important;}\u00a0\u00bb][vc_column][vc_column_text]<\/p>\n<p style=\"text-align: center;\">L\u2019\u00e9cole Immovance propose plus de 40 formations en droit immobilier pour les agents commerciaux.<br \/>\nLes intervenants juristes, avocats et architectes abordent les th\u00e8mes suivants :<\/p>\n<p>[\/vc_column_text][vc_row_inner el_class=\u00a0\u00bbicones-page row-5&Prime;][vc_column_inner width=\u00a0\u00bb1\/4&Prime;][vc_single_image image=\u00a0\u00bb50583&Prime; img_size=\u00a0\u00bbfull\u00a0\u00bb alignment=\u00a0\u00bbcenter\u00a0\u00bb css=\u00a0\u00bb.vc_custom_1642069347771{margin-bottom: 15px !important;}\u00a0\u00bb][vc_column_text css=\u00a0\u00bb.vc_custom_1642068898150{margin-bottom: 0px !important;}\u00a0\u00bb]<\/p>\n<p style=\"text-align: center;\">Location<\/p>\n<p>[\/vc_column_text][\/vc_column_inner][vc_column_inner width=\u00a0\u00bb1\/4&Prime;][vc_single_image image=\u00a0\u00bb50585&Prime; img_size=\u00a0\u00bbfull\u00a0\u00bb alignment=\u00a0\u00bbcenter\u00a0\u00bb css=\u00a0\u00bb.vc_custom_1642069574107{margin-bottom: 15px !important;}\u00a0\u00bb][vc_column_text css=\u00a0\u00bb.vc_custom_1642068911363{margin-bottom: 0px !important;}\u00a0\u00bb]<\/p>\n<p style=\"text-align: center;\">Co-propri\u00e9t\u00e9 syndic<\/p>\n<p>[\/vc_column_text][\/vc_column_inner][vc_column_inner width=\u00a0\u00bb1\/4&Prime;][vc_single_image image=\u00a0\u00bb50586&Prime; img_size=\u00a0\u00bbfull\u00a0\u00bb alignment=\u00a0\u00bbcenter\u00a0\u00bb css=\u00a0\u00bb.vc_custom_1642069659408{margin-bottom: 15px !important;}\u00a0\u00bb][vc_column_text css=\u00a0\u00bb.vc_custom_1642068922063{margin-bottom: 0px !important;}\u00a0\u00bb]<\/p>\n<p style=\"text-align: center;\">Immobilier d&rsquo;entreprise<\/p>\n<p>[\/vc_column_text][\/vc_column_inner][vc_column_inner width=\u00a0\u00bb1\/4&Prime;][vc_single_image image=\u00a0\u00bb50587&Prime; img_size=\u00a0\u00bbfull\u00a0\u00bb alignment=\u00a0\u00bbcenter\u00a0\u00bb css=\u00a0\u00bb.vc_custom_1642069796996{margin-bottom: 15px !important;}\u00a0\u00bb][vc_column_text css=\u00a0\u00bb.vc_custom_1642068940664{margin-bottom: 0px !important;}\u00a0\u00bb]<\/p>\n<p style=\"text-align: center;\">Promotion immobili\u00e8re (urbanisme)<\/p>\n<p>[\/vc_column_text][\/vc_column_inner][vc_column_inner el_class=\u00a0\u00bbcol-6&Prime; css=\u00a0\u00bb.vc_custom_1642069133827{margin-top: 30px !important;}\u00a0\u00bb][vc_single_image image=\u00a0\u00bb50588&Prime; img_size=\u00a0\u00bbfull\u00a0\u00bb alignment=\u00a0\u00bbcenter\u00a0\u00bb css=\u00a0\u00bb.vc_custom_1642069912773{margin-bottom: 15px !important;}\u00a0\u00bb][vc_column_text css=\u00a0\u00bb.vc_custom_1642068983025{margin-bottom: 0px !important;}\u00a0\u00bb]<\/p>\n<p style=\"text-align: center;\">Modules compl\u00e9mentaires (cr\u00e9ation d&rsquo;entreprise \/ formation \/ management \/ communication)<\/p>\n<p>[\/vc_column_text][\/vc_column_inner][\/vc_row_inner][\/vc_column][\/vc_row][vc_row full_width=\u00a0\u00bbstretch_row\u00a0\u00bb css=\u00a0\u00bb.vc_custom_1644829770975{padding-top: 40px !important;padding-bottom: 40px !important;background-color: #ffffff !important;}\u00a0\u00bb][vc_column][vc_custom_heading text=\u00a0\u00bbNos formateurs\u00a0\u00bb font_container=\u00a0\u00bbtag:h2|text_align:center\u00a0\u00bb use_theme_fonts=\u00a0\u00bbyes\u00a0\u00bb css=\u00a0\u00bb.vc_custom_1647535027988{margin-bottom: 10px !important;}\u00a0\u00bb][vc_column_text el_class=\u00a0\u00bbsubtitle\u00a0\u00bb]<\/p>\n<p style=\"text-align: center;\">D\u00e9couvrez les personnes derri\u00e8res nos formations<\/p>\n<p>[\/vc_column_text][vc_gallery type=\u00a0\u00bbimage_grid\u00a0\u00bb images=\u00a0\u00bb54081,54082,54083,54084,54085,54086,54087,54088,54090&Prime; img_size=\u00a0\u00bbmedium\u00a0\u00bb][\/vc_column][\/vc_row][vc_row full_width=\u00a0\u00bbstretch_row\u00a0\u00bb css=\u00a0\u00bb.vc_custom_1644829542999{padding-top: 40px !important;padding-bottom: 40px !important;}\u00a0\u00bb][vc_column][vc_custom_heading text=\u00a0\u00bbNos formations\u00a0\u00bb font_container=\u00a0\u00bbtag:h2|text_align:center\u00a0\u00bb use_theme_fonts=\u00a0\u00bbyes\u00a0\u00bb css=\u00a0\u00bb.vc_custom_1645033050329{margin-bottom: 10px !important;}\u00a0\u00bb][vc_column_text el_class=\u00a0\u00bbsubtitle\u00a0\u00bb]<\/p>\n<p style=\"text-align: center;\">\u00e0 d\u00e9couvrir en d\u00e9tail<\/p>\n<p>[\/vc_column_text][vc_row_inner equal_height=\u00a0\u00bbyes\u00a0\u00bb content_placement=\u00a0\u00bbtop\u00a0\u00bb el_class=\u00a0\u00bbformation-block\u00a0\u00bb][vc_column_inner width=\u00a0\u00bb1\/2&Prime;][vc_custom_heading text=\u00a0\u00bbENVIRONNEMENT JURIDIQUE DES ACTEURS DE L\u2019IMMOBILIER\u00a0\u00bb font_container=\u00a0\u00bbtag:h3|text_align:center\u00a0\u00bb use_theme_fonts=\u00a0\u00bbyes\u00a0\u00bb][vc_column_text css=\u00a0\u00bb.vc_custom_1647534722177{margin-bottom: 15px !important;}\u00a0\u00bb]<\/p>\n<ul>\n<li><strong>Rappel des principales r\u00e8gles encadrant la profession<\/strong>\n<ul>\n<li>Loi Hoguet<\/li>\n<li>Le contrat de mandat\n<ul>\n<li>De vente<\/li>\n<li>De recherche<\/li>\n<\/ul>\n<\/li>\n<li>La qualit\u00e9 du contrat de mandat\n<ul>\n<li>Dur\u00e9e<\/li>\n<li>Clauses obligatoires<\/li>\n<li>Clauses interdites<\/li>\n<li>Clauses envisageables<\/li>\n<\/ul>\n<\/li>\n<li>La protection de la r\u00e9mun\u00e9ration<\/li>\n<li>Les concurrents et leurs encadrements<\/li>\n<li>L\u2019obligation d\u2019informations pr\u00e9contractuelles<\/li>\n<li>L\u2019obligation d\u2019un m\u00e9diateur de la consommation<\/li>\n<\/ul>\n<\/li>\n<li><strong>Rappel des grandes lois en immobilier<\/strong>\n<ul>\n<li>Loi ALUR<\/li>\n<li>Loi Macron<\/li>\n<li>Loi Pinel<\/li>\n<li>Loi SRU<\/li>\n<\/ul>\n<\/li>\n<li><strong>\u00c9tude du nouveau code de d\u00e9ontologie (2h)<\/strong><\/li>\n<li><strong>Obligations li\u00e9es aux cartes professionnelles<\/strong>\n<ul>\n<li>Conditions d\u2019acc\u00e8s<\/li>\n<li>Conditions d\u2019exercice<\/li>\n<li>Renouvellement de la carte et sanctions<\/li>\n<\/ul>\n<\/li>\n<\/ul>\n<p>[\/vc_column_text][vc_column_text el_class=\u00a0\u00bbformation-time\u00a0\u00bb css=\u00a0\u00bb.vc_custom_1644830671591{margin-bottom: 0px !important;}\u00a0\u00bb]<\/p>\n<p style=\"text-align: center;\"><strong>Temps de formation :<\/strong> 7 heures<\/p>\n<p>[\/vc_column_text][\/vc_column_inner][vc_column_inner width=\u00a0\u00bb1\/2&Prime;][vc_custom_heading text=\u00a0\u00bbMA\u00ceTRISER LA REGLEMENTATION DE LA VENTE D\u2019UN LOT DE COPROPRIETE\u00a0\u00bb font_container=\u00a0\u00bbtag:h3|text_align:center\u00a0\u00bb use_theme_fonts=\u00a0\u00bbyes\u00a0\u00bb][vc_column_text css=\u00a0\u00bb.vc_custom_1647534900933{margin-bottom: 15px !important;}\u00a0\u00bb]<\/p>\n<ul>\n<li><strong>Les termes juridiques en copropri\u00e9t\u00e9<\/strong><\/li>\n<li><strong>Rappel sur le fonctionnement de la copropri\u00e9t\u00e9<\/strong>\n<ul>\n<li>Organisation de la copropri\u00e9t\u00e9<\/li>\n<li>Assembl\u00e9es g\u00e9n\u00e9rales<\/li>\n<li>Travaux et charges<\/li>\n<li>\u00c9volutions avec la loi ELAN<\/li>\n<\/ul>\n<\/li>\n<li><strong>Les documents \u00e0 r\u00e9unir\u00a0: le \u00ab\u00a0pr\u00e9 \u00e9tat dat\u00e9\u00a0\u00bb<\/strong><\/li>\n<li><strong>Maitrise de la lecture des documents obligatoires<\/strong>\n<ul>\n<li>R\u00e8glement<\/li>\n<li>EDV<\/li>\n<li>PV D\u2019AG<\/li>\n<li>DTG et diagnostics<\/li>\n<li>Carnet d\u2019entretien de l\u2019immeuble<\/li>\n<li>Fiche synth\u00e9tique<\/li>\n<\/ul>\n<\/li>\n<li><strong>Les cas pathologiques<\/strong>\n<ul>\n<li>Copropri\u00e9t\u00e9sen difficult\u00e9s<\/li>\n<li>Copropri\u00e9taires \u00ab\u00a0mauvais payeurs\u00a0\u00bb<\/li>\n<li>Absence de mise \u00e0 jour du r\u00e8glement<\/li>\n<\/ul>\n<\/li>\n<li><strong>Les assurances en copropri\u00e9t\u00e9<\/strong><\/li>\n<\/ul>\n<p>[\/vc_column_text][vc_column_text el_class=\u00a0\u00bbformation-time\u00a0\u00bb css=\u00a0\u00bb.vc_custom_1644830675124{margin-bottom: 0px !important;}\u00a0\u00bb]<\/p>\n<p style=\"text-align: center;\"><strong>Temps de formation :<\/strong> 7 heures<\/p>\n<p>[\/vc_column_text][\/vc_column_inner][\/vc_row_inner][vc_btn title=\u00a0\u00bbD\u00e9couvrez nos autres formations\u00a0\u00bb style=\u00a0\u00bbflat\u00a0\u00bb color=\u00a0\u00bbwhite\u00a0\u00bb align=\u00a0\u00bbcenter\u00a0\u00bb link=\u00a0\u00bburl:https%3A%2F%2Fwww.immodroit-formation.fr%2Fnos-formations-droit-immobilier%2F|target:_blank\u00a0\u00bb el_class=\u00a0\u00bbbtn-clipboard\u00a0\u00bb][\/vc_column][\/vc_row][vc_row full_width=\u00a0\u00bbstretch_row\u00a0\u00bb equal_height=\u00a0\u00bbyes\u00a0\u00bb content_placement=\u00a0\u00bbmiddle\u00a0\u00bb css=\u00a0\u00bb.vc_custom_1645028785421{padding-top: 60px !important;padding-bottom: 60px !important;background-color: #ffffff !important;}\u00a0\u00bb][vc_column width=\u00a0\u00bb1\/3&Prime; css=\u00a0\u00bb.vc_custom_1645028763872{background-image: url(https:\/\/dev.as2web.fr\/immovance\/wp-content\/uploads\/2022\/02\/g-curt.jpg?id=52147) !important;background-position: center !important;background-repeat: no-repeat !important;background-size: cover !important;}\u00a0\u00bb][\/vc_column][vc_column width=\u00a0\u00bb2\/3&Prime; css=\u00a0\u00bb.vc_custom_1645028822373{padding-top: 40px !important;padding-right: 40px !important;padding-bottom: 40px !important;padding-left: 40px !important;background-color: #f7f7f7 !important;}\u00a0\u00bb][vc_custom_heading text=\u00a0\u00bbG\u00e9raldine CURT\u00a0\u00bb use_theme_fonts=\u00a0\u00bbyes\u00a0\u00bb css=\u00a0\u00bb.vc_custom_1644830950612{margin-bottom: 15px !important;}\u00a0\u00bb][vc_column_text css=\u00a0\u00bb.vc_custom_1644831229064{margin-bottom: 15px !important;}\u00a0\u00bb]Votre interlocutrice Immovance d\u00e9di\u00e9e \u00e0 la formation vous accompagne dans la constitution de votre dossier. Elle est \u00e0 votre \u00e9coute sur vos projets de formation et vous conseille sur les modules pertinents pour votre activit\u00e9.<br \/>\nEnfin, elle g\u00e8re aussi votre enregistrement au greffe pour vous \u00e9pargner les d\u00e9marches administratives.[\/vc_column_text][vc_btn title=\u00a0\u00bbPrendre contact\u00a0\u00bb style=\u00a0\u00bbflat\u00a0\u00bb color=\u00a0\u00bbwhite\u00a0\u00bb align=\u00a0\u00bbleft\u00a0\u00bb link=\u00a0\u00bburl:%23&Prime; el_class=\u00a0\u00bbbtn-clipboard\u00a0\u00bb][\/vc_column][\/vc_row][vc_row full_width=\u00a0\u00bbstretch_row\u00a0\u00bb css=\u00a0\u00bb.vc_custom_1644829542999{padding-top: 40px !important;padding-bottom: 40px !important;}\u00a0\u00bb][vc_column][vc_custom_heading text=\u00a0\u00bbCes formations sont dispens\u00e9es en pr\u00e9sentiel\u00a0\u00bb font_container=\u00a0\u00bbtag:h2|text_align:center\u00a0\u00bb use_theme_fonts=\u00a0\u00bbyes\u00a0\u00bb css=\u00a0\u00bb.vc_custom_1645033054902{margin-bottom: 10px !important;}\u00a0\u00bb][vc_column_text el_class=\u00a0\u00bbsubtitle\u00a0\u00bb]<\/p>\n<p style=\"text-align: center;\">\u00e0 Montpellier et \u00e0 distance en visioconf\u00e9rence<\/p>\n<p>[\/vc_column_text][vc_column_text css=\u00a0\u00bb.vc_custom_1642069202139{margin-bottom: 0px !important;}\u00a0\u00bb]<\/p>\n<p style=\"text-align: center;\">A l\u2019issue de la formation, un livret sera remis \u00e0 l\u2019agent ainsi que son attestation pour le renouvellement de sa carte professionnelle.<\/p>\n<p style=\"text-align: center;\">Notre \u00e9quipe vous accompagne dans la cr\u00e9ation de votre dossier de formation pour faciliter vos d\u00e9marches administratives !<\/p>\n<p>[\/vc_column_text][\/vc_column][\/vc_row]<\/p>\n","protected":false},"excerpt":{"rendered":"<p>[vc_row full_width=\u00a0\u00bbstretch_row\u00a0\u00bb css=\u00a0\u00bb.vc_custom_1645027313932{margin-top: 5px !important;margin-bottom: 5px !important;padding-top: 60px !important;padding-bottom: 60px !important;background-image: url(https:\/\/dev.as2web.fr\/immovance\/wp-content\/uploads\/2022\/02\/bg-ecole.jpg?id=52618) !important;background-position: center !important;background-repeat: no-repeat !important;background-size: cover !important;}\u00a0\u00bb][vc_column][vc_custom_heading text=\u00a0\u00bbL&rsquo;\u00e9cole Immovance\u00a0\u00bb font_container=\u00a0\u00bbtag:h1|text_align:center|color:%23ffffff\u00a0\u00bb use_theme_fonts=\u00a0\u00bbyes\u00a0\u00bb css=\u00a0\u00bb.vc_custom_1645026932348{margin-bottom: 10px !important;}\u00a0\u00bb][vc_column_text el_class=\u00a0\u00bbsubtitle-page\u00a0\u00bb] d\u00e9couvrez notre \u00e9cole [\/vc_column_text][\/vc_column][\/vc_row][vc_row css=\u00a0\u00bb.vc_custom_1642063713515{padding-top: 40px !important;padding-bottom: 40px !important;}\u00a0\u00bb][vc_column][vc_column_text] L\u2019\u00e9cole Immovance propose plus de 40 formations en droit immobilier pour les agents commerciaux. Les intervenants juristes, avocats et architectes abordent les th\u00e8mes suivants : [\/vc_column_text][vc_row_inner el_class=\u00a0\u00bbicones-page row-5&Prime;][vc_column_inner &#8230;<\/p>\n","protected":false},"author":1,"featured_media":0,"parent":0,"menu_order":0,"comment_status":"closed","ping_status":"closed","template":"","meta":{"loftloader_page_shortcode":""},"yoast_head":"<!-- This site is optimized with the Yoast SEO plugin v18.9 - https:\/\/yoast.com\/wordpress\/plugins\/seo\/ -->\n<title>\u00c9cole Immovance - Immovance<\/title>\n<meta name=\"robots\" content=\"noindex, follow, max-snippet:-1, max-image-preview:large, max-video-preview:-1\" \/>\n<meta property=\"og:locale\" content=\"fr_FR\" \/>\n<meta property=\"og:type\" content=\"article\" \/>\n<meta property=\"og:title\" content=\"\u00c9cole Immovance - Immovance\" \/>\n<meta property=\"og:description\" content=\"[vc_row full_width=\u00a0\u00bbstretch_row\u00a0\u00bb css=\u00a0\u00bb.vc_custom_1645027313932{margin-top: 5px !important;margin-bottom: 5px !important;padding-top: 60px !important;padding-bottom: 60px !important;background-image: url(https:\/\/dev.as2web.fr\/immovance\/wp-content\/uploads\/2022\/02\/bg-ecole.jpg?id=52618) !important;background-position: center !important;background-repeat: no-repeat !important;background-size: cover !important;}\u00a0\u00bb][vc_column][vc_custom_heading text=\u00a0\u00bbL&rsquo;\u00e9cole Immovance\u00a0\u00bb font_container=\u00a0\u00bbtag:h1|text_align:center|color:%23ffffff\u00a0\u00bb use_theme_fonts=\u00a0\u00bbyes\u00a0\u00bb css=\u00a0\u00bb.vc_custom_1645026932348{margin-bottom: 10px !important;}\u00a0\u00bb][vc_column_text el_class=\u00a0\u00bbsubtitle-page\u00a0\u00bb] d\u00e9couvrez notre \u00e9cole [\/vc_column_text][\/vc_column][\/vc_row][vc_row css=\u00a0\u00bb.vc_custom_1642063713515{padding-top: 40px !important;padding-bottom: 40px !important;}\u00a0\u00bb][vc_column][vc_column_text] L\u2019\u00e9cole Immovance propose plus de 40 formations en droit immobilier pour les agents commerciaux. Les intervenants juristes, avocats et architectes abordent les th\u00e8mes suivants : [\/vc_column_text][vc_row_inner el_class=\u00a0\u00bbicones-page row-5&Prime;][vc_column_inner ...\" \/>\n<meta property=\"og:url\" content=\"https:\/\/dev.as2web.fr\/immovance\/ecole-immovance\" \/>\n<meta property=\"og:site_name\" content=\"Immovance\" \/>\n<meta property=\"article:modified_time\" content=\"2022-03-17T16:46:29+00:00\" \/>\n<meta property=\"og:image\" content=\"https:\/\/dev.as2web.fr\/immovance\/wp-content\/uploads\/2022\/03\/modalback.jpg\" \/>\n\t<meta property=\"og:image:width\" content=\"640\" \/>\n\t<meta property=\"og:image:height\" content=\"480\" \/>\n\t<meta property=\"og:image:type\" content=\"image\/jpeg\" \/>\n<meta name=\"twitter:card\" content=\"summary_large_image\" \/>\n<meta name=\"twitter:label1\" content=\"Dur\u00e9e de lecture estim\u00e9e\" \/>\n\t<meta name=\"twitter:data1\" content=\"3 minutes\" \/>\n<script type=\"application\/ld+json\" class=\"yoast-schema-graph\">{\"@context\":\"https:\/\/schema.org\",\"@graph\":[{\"@type\":\"Organization\",\"@id\":\"https:\/\/dev.as2web.fr\/immovance\/#organization\",\"name\":\"Immovance Immobilier\",\"url\":\"https:\/\/dev.as2web.fr\/immovance\/\",\"sameAs\":[],\"logo\":{\"@type\":\"ImageObject\",\"inLanguage\":\"fr-FR\",\"@id\":\"https:\/\/dev.as2web.fr\/immovance\/#\/schema\/logo\/image\/\",\"url\":\"https:\/\/dev.as2web.fr\/immovance\/wp-content\/uploads\/2022\/03\/modalback.jpg\",\"contentUrl\":\"https:\/\/dev.as2web.fr\/immovance\/wp-content\/uploads\/2022\/03\/modalback.jpg\",\"width\":640,\"height\":480,\"caption\":\"Immovance Immobilier\"},\"image\":{\"@id\":\"https:\/\/dev.as2web.fr\/immovance\/#\/schema\/logo\/image\/\"}},{\"@type\":\"WebSite\",\"@id\":\"https:\/\/dev.as2web.fr\/immovance\/#website\",\"url\":\"https:\/\/dev.as2web.fr\/immovance\/\",\"name\":\"Immovance\",\"description\":\"\",\"publisher\":{\"@id\":\"https:\/\/dev.as2web.fr\/immovance\/#organization\"},\"potentialAction\":[{\"@type\":\"SearchAction\",\"target\":{\"@type\":\"EntryPoint\",\"urlTemplate\":\"https:\/\/dev.as2web.fr\/immovance\/?s={search_term_string}\"},\"query-input\":\"required name=search_term_string\"}],\"inLanguage\":\"fr-FR\"},{\"@type\":\"WebPage\",\"@id\":\"https:\/\/dev.as2web.fr\/immovance\/ecole-immovance#webpage\",\"url\":\"https:\/\/dev.as2web.fr\/immovance\/ecole-immovance\",\"name\":\"\u00c9cole Immovance - Immovance\",\"isPartOf\":{\"@id\":\"https:\/\/dev.as2web.fr\/immovance\/#website\"},\"datePublished\":\"2022-01-13T10:17:49+00:00\",\"dateModified\":\"2022-03-17T16:46:29+00:00\",\"breadcrumb\":{\"@id\":\"https:\/\/dev.as2web.fr\/immovance\/ecole-immovance#breadcrumb\"},\"inLanguage\":\"fr-FR\",\"potentialAction\":[{\"@type\":\"ReadAction\",\"target\":[\"https:\/\/dev.as2web.fr\/immovance\/ecole-immovance\"]}]},{\"@type\":\"BreadcrumbList\",\"@id\":\"https:\/\/dev.as2web.fr\/immovance\/ecole-immovance#breadcrumb\",\"itemListElement\":[{\"@type\":\"ListItem\",\"position\":1,\"name\":\"Accueil\",\"item\":\"https:\/\/dev.as2web.fr\/immovance\/\"},{\"@type\":\"ListItem\",\"position\":2,\"name\":\"\u00c9cole Immovance\"}]}]}<\/script>\n<!-- \/ Yoast SEO plugin. -->","yoast_head_json":{"title":"\u00c9cole Immovance - Immovance","robots":{"index":"noindex","follow":"follow","max-snippet":"max-snippet:-1","max-image-preview":"max-image-preview:large","max-video-preview":"max-video-preview:-1"},"og_locale":"fr_FR","og_type":"article","og_title":"\u00c9cole Immovance - Immovance","og_description":"[vc_row full_width=\u00a0\u00bbstretch_row\u00a0\u00bb css=\u00a0\u00bb.vc_custom_1645027313932{margin-top: 5px !important;margin-bottom: 5px !important;padding-top: 60px !important;padding-bottom: 60px !important;background-image: url(https:\/\/dev.as2web.fr\/immovance\/wp-content\/uploads\/2022\/02\/bg-ecole.jpg?id=52618) !important;background-position: center !important;background-repeat: no-repeat !important;background-size: cover !important;}\u00a0\u00bb][vc_column][vc_custom_heading text=\u00a0\u00bbL&rsquo;\u00e9cole Immovance\u00a0\u00bb font_container=\u00a0\u00bbtag:h1|text_align:center|color:%23ffffff\u00a0\u00bb use_theme_fonts=\u00a0\u00bbyes\u00a0\u00bb css=\u00a0\u00bb.vc_custom_1645026932348{margin-bottom: 10px !important;}\u00a0\u00bb][vc_column_text el_class=\u00a0\u00bbsubtitle-page\u00a0\u00bb] d\u00e9couvrez notre \u00e9cole [\/vc_column_text][\/vc_column][\/vc_row][vc_row css=\u00a0\u00bb.vc_custom_1642063713515{padding-top: 40px !important;padding-bottom: 40px !important;}\u00a0\u00bb][vc_column][vc_column_text] L\u2019\u00e9cole Immovance propose plus de 40 formations en droit immobilier pour les agents commerciaux. Les intervenants juristes, avocats et architectes abordent les th\u00e8mes suivants : [\/vc_column_text][vc_row_inner el_class=\u00a0\u00bbicones-page row-5&Prime;][vc_column_inner ...","og_url":"https:\/\/dev.as2web.fr\/immovance\/ecole-immovance","og_site_name":"Immovance","article_modified_time":"2022-03-17T16:46:29+00:00","og_image":[{"width":640,"height":480,"url":"https:\/\/dev.as2web.fr\/immovance\/wp-content\/uploads\/2022\/03\/modalback.jpg","type":"image\/jpeg"}],"twitter_card":"summary_large_image","twitter_misc":{"Dur\u00e9e de lecture estim\u00e9e":"3 minutes"},"schema":{"@context":"https:\/\/schema.org","@graph":[{"@type":"Organization","@id":"https:\/\/dev.as2web.fr\/immovance\/#organization","name":"Immovance Immobilier","url":"https:\/\/dev.as2web.fr\/immovance\/","sameAs":[],"logo":{"@type":"ImageObject","inLanguage":"fr-FR","@id":"https:\/\/dev.as2web.fr\/immovance\/#\/schema\/logo\/image\/","url":"https:\/\/dev.as2web.fr\/immovance\/wp-content\/uploads\/2022\/03\/modalback.jpg","contentUrl":"https:\/\/dev.as2web.fr\/immovance\/wp-content\/uploads\/2022\/03\/modalback.jpg","width":640,"height":480,"caption":"Immovance Immobilier"},"image":{"@id":"https:\/\/dev.as2web.fr\/immovance\/#\/schema\/logo\/image\/"}},{"@type":"WebSite","@id":"https:\/\/dev.as2web.fr\/immovance\/#website","url":"https:\/\/dev.as2web.fr\/immovance\/","name":"Immovance","description":"","publisher":{"@id":"https:\/\/dev.as2web.fr\/immovance\/#organization"},"potentialAction":[{"@type":"SearchAction","target":{"@type":"EntryPoint","urlTemplate":"https:\/\/dev.as2web.fr\/immovance\/?s={search_term_string}"},"query-input":"required name=search_term_string"}],"inLanguage":"fr-FR"},{"@type":"WebPage","@id":"https:\/\/dev.as2web.fr\/immovance\/ecole-immovance#webpage","url":"https:\/\/dev.as2web.fr\/immovance\/ecole-immovance","name":"\u00c9cole Immovance - Immovance","isPartOf":{"@id":"https:\/\/dev.as2web.fr\/immovance\/#website"},"datePublished":"2022-01-13T10:17:49+00:00","dateModified":"2022-03-17T16:46:29+00:00","breadcrumb":{"@id":"https:\/\/dev.as2web.fr\/immovance\/ecole-immovance#breadcrumb"},"inLanguage":"fr-FR","potentialAction":[{"@type":"ReadAction","target":["https:\/\/dev.as2web.fr\/immovance\/ecole-immovance"]}]},{"@type":"BreadcrumbList","@id":"https:\/\/dev.as2web.fr\/immovance\/ecole-immovance#breadcrumb","itemListElement":[{"@type":"ListItem","position":1,"name":"Accueil","item":"https:\/\/dev.as2web.fr\/immovance\/"},{"@type":"ListItem","position":2,"name":"\u00c9cole Immovance"}]}]}},"_links":{"self":[{"href":"https:\/\/dev.as2web.fr\/immovance\/wp-json\/wp\/v2\/pages\/50577"}],"collection":[{"href":"https:\/\/dev.as2web.fr\/immovance\/wp-json\/wp\/v2\/pages"}],"about":[{"href":"https:\/\/dev.as2web.fr\/immovance\/wp-json\/wp\/v2\/types\/page"}],"author":[{"embeddable":true,"href":"https:\/\/dev.as2web.fr\/immovance\/wp-json\/wp\/v2\/users\/1"}],"replies":[{"embeddable":true,"href":"https:\/\/dev.as2web.fr\/immovance\/wp-json\/wp\/v2\/comments?post=50577"}],"version-history":[{"count":11,"href":"https:\/\/dev.as2web.fr\/immovance\/wp-json\/wp\/v2\/pages\/50577\/revisions"}],"predecessor-version":[{"id":54065,"href":"https:\/\/dev.as2web.fr\/immovance\/wp-json\/wp\/v2\/pages\/50577\/revisions\/54065"}],"wp:attachment":[{"href":"https:\/\/dev.as2web.fr\/immovance\/wp-json\/wp\/v2\/media?parent=50577"}],"curies":[{"name":"wp","href":"https:\/\/api.w.org\/{rel}","templated":true}]}}