{"id":50473,"date":"2022-01-12T09:59:51","date_gmt":"2022-01-12T08:59:51","guid":{"rendered":"https:\/\/dev.as2web.fr\/immovance\/?page_id=50473"},"modified":"2022-04-01T16:31:49","modified_gmt":"2022-04-01T14:31:49","slug":"trouver-un-conseiller","status":"publish","type":"page","link":"https:\/\/dev.as2web.fr\/immovance\/trouver-un-conseiller","title":{"rendered":"Trouver un conseiller"},"content":{"rendered":"<p>[vc_row full_width=\u00a0\u00bbstretch_row\u00a0\u00bb css=\u00a0\u00bb.vc_custom_1637685741177{margin-top: 5px !important;margin-bottom: 5px !important;padding-top: 60px !important;padding-bottom: 60px !important;background-image: url(https:\/\/dev.as2web.fr\/immovance\/wp-content\/uploads\/2021\/11\/bg-search.jpg?id=29552) !important;background-position: center !important;background-repeat: no-repeat !important;background-size: cover !important;}\u00a0\u00bb][vc_column][vc_custom_heading text=\u00a0\u00bbTrouver un conseiller Immovance\u00a0\u00bb font_container=\u00a0\u00bbtag:h1|text_align:center|color:%23ffffff\u00a0\u00bb use_theme_fonts=\u00a0\u00bbyes\u00a0\u00bb css=\u00a0\u00bb.vc_custom_1644936431765{margin-bottom: 10px !important;}\u00a0\u00bb][vc_column_text el_class=\u00a0\u00bbsubtitle-page\u00a0\u00bb]<\/p>\n<p style=\"text-align: center;\">Ils sont l\u00e0 pour vous aider<\/p>\n<p>[\/vc_column_text][\/vc_column][\/vc_row][vc_row full_width=\u00a0\u00bbstretch_row\u00a0\u00bb css=\u00a0\u00bb.vc_custom_1644937537304{padding-top: 40px !important;padding-bottom: 40px !important;background-color: #ffffff !important;}\u00a0\u00bb][vc_column][vc_custom_heading text=\u00a0\u00bbLes conseillers du r\u00e9seau Immovance sont \u00e0 votre \u00e9coute<br \/>\ndans l\u2019H\u00e9rault et la r\u00e9gion parisienne\u00a0\u00bb font_container=\u00a0\u00bbtag:h2|text_align:center\u00a0\u00bb use_theme_fonts=\u00a0\u00bbyes\u00a0\u00bb css=\u00a0\u00bb.vc_custom_1644937805971{margin-bottom: 15px !important;}\u00a0\u00bb][vc_column_text el_class=\u00a0\u00bbtext-intro subtitle\u00a0\u00bb css=\u00a0\u00bb.vc_custom_1644937580226{margin-bottom: 0px !important;}\u00a0\u00bb]<\/p>\n<p style=\"text-align: center;\">R\u00e9unis dans un r\u00e9seau \u00e0 taille humaine, ils sont disponibles pour r\u00e9pondre \u00e0 vos questions et vous apporter leur expertise dans la r\u00e9alisation de votre projet immobilier.<\/p>\n<p>[\/vc_column_text][\/vc_column][\/vc_row][vc_row full_width=\u00a0\u00bbstretch_row\u00a0\u00bb css=\u00a0\u00bb.vc_custom_1644937891304{padding-bottom: 40px !important;background-color: #ffffff !important;}\u00a0\u00bb el_class=\u00a0\u00bbflex-row boxed-items\u00a0\u00bb][vc_column width=\u00a0\u00bb1\/3&Prime;][vc_custom_heading text=\u00a0\u00bb1&Prime; font_container=\u00a0\u00bbtag:p|text_align:center\u00a0\u00bb use_theme_fonts=\u00a0\u00bbyes\u00a0\u00bb css=\u00a0\u00bb.vc_custom_1644938318895{margin-bottom: 0px !important;}\u00a0\u00bb el_class=\u00a0\u00bbrounded-number\u00a0\u00bb][vc_column_text css=\u00a0\u00bb.vc_custom_1644938329809{margin-bottom: 0px !important;}\u00a0\u00bb]<\/p>\n<p style=\"text-align: left;\">Filtrer la ville de votre choix<\/p>\n<p>[\/vc_column_text][\/vc_column][vc_column width=\u00a0\u00bb1\/3&Prime;][vc_custom_heading text=\u00a0\u00bb2&Prime; font_container=\u00a0\u00bbtag:p|text_align:center\u00a0\u00bb use_theme_fonts=\u00a0\u00bbyes\u00a0\u00bb css=\u00a0\u00bb.vc_custom_1644938322199{margin-bottom: 0px !important;}\u00a0\u00bb el_class=\u00a0\u00bbrounded-number\u00a0\u00bb][vc_column_text css=\u00a0\u00bb.vc_custom_1644938333768{margin-bottom: 0px !important;}\u00a0\u00bb]<\/p>\n<p style=\"text-align: left;\">Cliquez sur le bouton \u00ab\u00a0consulter ses biens\u00a0\u00bb du conseiller choisi<\/p>\n<p>[\/vc_column_text][\/vc_column][vc_column width=\u00a0\u00bb1\/3&Prime;][vc_custom_heading text=\u00a0\u00bb3&Prime; font_container=\u00a0\u00bbtag:p|text_align:center\u00a0\u00bb use_theme_fonts=\u00a0\u00bbyes\u00a0\u00bb css=\u00a0\u00bb.vc_custom_1644938326288{margin-bottom: 0px !important;}\u00a0\u00bb el_class=\u00a0\u00bbrounded-number\u00a0\u00bb][vc_column_text css=\u00a0\u00bb.vc_custom_1644938337593{margin-bottom: 0px !important;}\u00a0\u00bb]<\/p>\n<p style=\"text-align: left;\">Prenez contact avec lui<\/p>\n<p>[\/vc_column_text][\/vc_column][\/vc_row][vc_row full_width=\u00a0\u00bbstretch_row\u00a0\u00bb css=\u00a0\u00bb.vc_custom_1644938526392{padding-top: 40px !important;padding-bottom: 40px !important;}\u00a0\u00bb el_id=\u00a0\u00bbfind-agent\u00a0\u00bb][vc_column][vc_custom_heading text=\u00a0\u00bbIls sont l\u00e0 pour vous aider dans votre recherche\u00a0\u00bb font_container=\u00a0\u00bbtag:h2|text_align:center\u00a0\u00bb use_theme_fonts=\u00a0\u00bbyes\u00a0\u00bb][vc_raw_html]JTNDZGl2JTIwaWQlM0QlMjJhZ2VudC1maWx0ZXIlMjIlM0UlM0NkaXYlMjBjbGFzcyUzRCUyMmZpbHRlci1pdGVtJTIwZmlsdGVyLWFjdGl2ZSUyMiUyMGlkJTNEJTIyYWxsJTIyJTNFVG91dCUzQyUyRmRpdiUzRSUzQyUyRmRpdiUzRQ==[\/vc_raw_html]<div class=\"owl-carousel owl-drag article_container bottom-estate_agent nobutton\" ><div class=\"col-md-3 listing_wrapper\">    <div class=\"agent_unit city-fabr\u00e8gues_34690\"  data-city=\"fabr\u00e8gues_34690\">\n        <div class=\"agent-unit-img-wrapper\">\n                  \n            \n            \n         \n            <img class=\"img-slider-agent\" src=\"https:\/\/dev.as2web.fr\/immovance\/wp-content\/themes\/wpresidence\/img\/default_user.png\" alt=\"Image utilisateur\">        <\/div>    \n            \n\n        <p class=\"h3\"> <a href=\"https:\/\/dev.as2web.fr\/immovance\/conseiller\/vanessa-buchot\">Vanessa BUCHOT<\/a><\/p>\n        <div class=\"agent_position\">4 place du 8 mai 1945, 34690 Fabr\u00e8gues<\/div>\n     \n       \n        <div class=\"agent_unit_social agent_list\">\n        \n               \n               <div class=\"agent_unit_btn vc_btn3-container vc_btn3-left vc_btn\"><a class=\"vc_general vc_btn3 vc_btn3-size-md vc_btn3-shape-rounded vc_btn3-style-flat vc_btn3-color-red vc_btn\" href=\"https:\/\/dev.as2web.fr\/immovance\/conseiller\/vanessa-buchot\">Consulter les biens<\/a><\/div><div class=\"agent_unit_email\"><a href=\"mailto:buchot.vanessa34@gmail.com\"><i class=\"immo-icon icon-email\"><\/i><\/a><\/div><div class=\"agent_unit_phone\"><a href=\"tel:0634847247\"><i class=\"immo-icon icon-phone\"><\/i><\/a><\/div>           \n        <\/div>\n    <\/div>\n<!-- <\/div>    --><\/div><div class=\"col-md-3 listing_wrapper\">    <div class=\"agent_unit city-saint-mathieu-de-tr\u00e9viers_34270\"  data-city=\"saint-mathieu-de-tr\u00e9viers_34270\">\n        <div class=\"agent-unit-img-wrapper\">\n                  \n            \n            \n         \n            <img class=\"img-slider-agent\" src=\"https:\/\/dev.as2web.fr\/immovance\/wp-content\/themes\/wpresidence\/img\/default_user.png\" alt=\"Image utilisateur\">        <\/div>    \n            \n\n        <p class=\"h3\"> <a href=\"https:\/\/dev.as2web.fr\/immovance\/conseiller\/valentine-bottier\">Valentine BOTTIER<\/a><\/p>\n        <div class=\"agent_position\">109 avenue de Montpellier, 34270 Saint-Mathieu-de-Tr\u00e9viers<\/div>\n     \n       \n        <div class=\"agent_unit_social agent_list\">\n        \n               \n               <div class=\"agent_unit_btn vc_btn3-container vc_btn3-left vc_btn\"><a class=\"vc_general vc_btn3 vc_btn3-size-md vc_btn3-shape-rounded vc_btn3-style-flat vc_btn3-color-red vc_btn\" href=\"https:\/\/dev.as2web.fr\/immovance\/conseiller\/valentine-bottier\">Consulter les biens<\/a><\/div><div class=\"agent_unit_email\"><a href=\"mailto:agence-psl@immovance.fr\"><i class=\"immo-icon icon-email\"><\/i><\/a><\/div><div class=\"agent_unit_phone\"><a href=\"tel:0605210557\"><i class=\"immo-icon icon-phone\"><\/i><\/a><\/div>           \n        <\/div>\n    <\/div>\n<!-- <\/div>    --><\/div><div class=\"col-md-3 listing_wrapper\">    <div class=\"agent_unit city-castelnau-le-lez_34170\"  data-city=\"castelnau-le-lez_34170\">\n        <div class=\"agent-unit-img-wrapper\">\n                  \n            \n            \n         \n            <img class=\"img-slider-agent\" src=\"https:\/\/dev.as2web.fr\/immovance\/wp-content\/themes\/wpresidence\/img\/default_user.png\" alt=\"Image utilisateur\">        <\/div>    \n            \n\n        <p class=\"h3\"> <a href=\"https:\/\/dev.as2web.fr\/immovance\/conseiller\/bouchra-attal\">Bouchra ATTAL<\/a><\/p>\n        <div class=\"agent_position\">230 route de N\u00eemes, 34170 Castelnau-le-Lez<\/div>\n     \n       \n        <div class=\"agent_unit_social agent_list\">\n        \n               \n               <div class=\"agent_unit_btn vc_btn3-container vc_btn3-left vc_btn\"><a class=\"vc_general vc_btn3 vc_btn3-size-md vc_btn3-shape-rounded vc_btn3-style-flat vc_btn3-color-red vc_btn\" href=\"https:\/\/dev.as2web.fr\/immovance\/conseiller\/bouchra-attal\">Consulter les biens<\/a><\/div><div class=\"agent_unit_email\"><a href=\"mailto:b.attal@immovance.fr\"><i class=\"immo-icon icon-email\"><\/i><\/a><\/div><div class=\"agent_unit_phone\"><a href=\"tel:0671440952\"><i class=\"immo-icon icon-phone\"><\/i><\/a><\/div>           \n        <\/div>\n    <\/div>\n<!-- <\/div>    --><\/div><div class=\"col-md-3 listing_wrapper\">    <div class=\"agent_unit city-montpellier_34000\"  data-city=\"montpellier_34000\">\n        <div class=\"agent-unit-img-wrapper\">\n                  \n            \n            \n         \n            <img class=\"img-slider-agent\" src=\"https:\/\/dev.as2web.fr\/immovance\/wp-content\/themes\/wpresidence\/img\/default_user.png\" alt=\"Image utilisateur\">        <\/div>    \n            \n\n        <p class=\"h3\"> <a href=\"https:\/\/dev.as2web.fr\/immovance\/conseiller\/immovance-bassin-jacques-coeur\">Immovance Bassin Jacques Coeur<\/a><\/p>\n        <div class=\"agent_position\">54 rue Shirin Ebadi - Royal Palmeraie - B\u00e2t C - n\u00b077 , 34000 Montpellier<\/div>\n     \n       \n        <div class=\"agent_unit_social agent_list\">\n        \n               \n               <div class=\"agent_unit_btn vc_btn3-container vc_btn3-left vc_btn\"><a class=\"vc_general vc_btn3 vc_btn3-size-md vc_btn3-shape-rounded vc_btn3-style-flat vc_btn3-color-red vc_btn\" href=\"https:\/\/dev.as2web.fr\/immovance\/conseiller\/immovance-bassin-jacques-coeur\">Consulter les biens<\/a><\/div><div class=\"agent_unit_email\"><a href=\"mailto:p.marianne@immovance.fr\"><i class=\"immo-icon icon-email\"><\/i><\/a><\/div><div class=\"agent_unit_phone\"><a href=\"tel:0984176665\"><i class=\"immo-icon icon-phone\"><\/i><\/a><\/div>           \n        <\/div>\n    <\/div>\n<!-- <\/div>    --><\/div><div class=\"col-md-3 listing_wrapper\">    <div class=\"agent_unit city-jacou_34830\"  data-city=\"jacou_34830\">\n        <div class=\"agent-unit-img-wrapper\">\n                  \n            \n            \n         \n            <img width=\"525\" height=\"1137\" src=\"https:\/\/dev.as2web.fr\/immovance\/wp-content\/uploads\/2022\/05\/JORIS-FERRAND.jpg\" class=\"lazyload img-responsive wp-post-image\" alt=\"\" loading=\"lazy\" srcset=\"https:\/\/dev.as2web.fr\/immovance\/wp-content\/uploads\/2022\/05\/JORIS-FERRAND.jpg 525w, https:\/\/dev.as2web.fr\/immovance\/wp-content\/uploads\/2022\/05\/JORIS-FERRAND-139x300.jpg 139w, https:\/\/dev.as2web.fr\/immovance\/wp-content\/uploads\/2022\/05\/JORIS-FERRAND-473x1024.jpg 473w\" sizes=\"(max-width: 525px) 100vw, 525px\" \/>        <\/div>    \n            \n\n        <p class=\"h3\"> <a href=\"https:\/\/dev.as2web.fr\/immovance\/conseiller\/joris-ferrand\">JORIS FERRAND<\/a><\/p>\n        <div class=\"agent_position\">7 avenue de Vendargues, 34830 Jacou<\/div>\n     \n       \n        <div class=\"agent_unit_social agent_list\">\n        \n               \n               <div class=\"agent_unit_btn vc_btn3-container vc_btn3-left vc_btn\"><a class=\"vc_general vc_btn3 vc_btn3-size-md vc_btn3-shape-rounded vc_btn3-style-flat vc_btn3-color-red vc_btn\" href=\"https:\/\/dev.as2web.fr\/immovance\/conseiller\/joris-ferrand\">Consulter les biens<\/a><\/div><div class=\"agent_unit_email\"><a href=\"mailto:j.ferrand@immovance.fr\"><i class=\"immo-icon icon-email\"><\/i><\/a><\/div><div class=\"agent_unit_phone\"><a href=\"tel:0674157613\"><i class=\"immo-icon icon-phone\"><\/i><\/a><\/div>           \n        <\/div>\n    <\/div>\n<!-- <\/div>    --><\/div><div class=\"col-md-3 listing_wrapper\">    <div class=\"agent_unit city-lattes_34970\"  data-city=\"lattes_34970\">\n        <div class=\"agent-unit-img-wrapper\">\n                  \n            \n            \n         \n            <img class=\"img-slider-agent\" src=\"https:\/\/dev.as2web.fr\/immovance\/wp-content\/themes\/wpresidence\/img\/default_user.png\" alt=\"Image utilisateur\">        <\/div>    \n            \n\n        <p class=\"h3\"> <a href=\"https:\/\/dev.as2web.fr\/immovance\/conseiller\/florian-oviedo\">Florian OVIEDO<\/a><\/p>\n        <div class=\"agent_position\">Place d&#039;Aragon , 34970 Lattes<\/div>\n     \n       \n        <div class=\"agent_unit_social agent_list\">\n        \n               \n               <div class=\"agent_unit_btn vc_btn3-container vc_btn3-left vc_btn\"><a class=\"vc_general vc_btn3 vc_btn3-size-md vc_btn3-shape-rounded vc_btn3-style-flat vc_btn3-color-red vc_btn\" href=\"https:\/\/dev.as2web.fr\/immovance\/conseiller\/florian-oviedo\">Consulter les biens<\/a><\/div><div class=\"agent_unit_email\"><a href=\"mailto:flofloviedo@hotmail.com\"><i class=\"immo-icon icon-email\"><\/i><\/a><\/div><div class=\"agent_unit_phone\"><a href=\"tel:0605151515\"><i class=\"immo-icon icon-phone\"><\/i><\/a><\/div>           \n        <\/div>\n    <\/div>\n<!-- <\/div>    --><\/div><div class=\"col-md-3 listing_wrapper\">    <div class=\"agent_unit city-paris_75000\"  data-city=\"paris_75000\">\n        <div class=\"agent-unit-img-wrapper\">\n                  \n            \n            \n         \n            <img class=\"img-slider-agent\" src=\"https:\/\/dev.as2web.fr\/immovance\/wp-content\/themes\/wpresidence\/img\/default_user.png\" alt=\"Image utilisateur\">        <\/div>    \n            \n\n        <p class=\"h3\"> <a href=\"https:\/\/dev.as2web.fr\/immovance\/conseiller\/quentin-ple\">Quentin PLE<\/a><\/p>\n        <div class=\"agent_position\">89 rue de la Jonqui\u00e8re, 75017 Paris<\/div>\n     \n       \n        <div class=\"agent_unit_social agent_list\">\n        \n               \n               <div class=\"agent_unit_btn vc_btn3-container vc_btn3-left vc_btn\"><a class=\"vc_general vc_btn3 vc_btn3-size-md vc_btn3-shape-rounded vc_btn3-style-flat vc_btn3-color-red vc_btn\" href=\"https:\/\/dev.as2web.fr\/immovance\/conseiller\/quentin-ple\">Consulter les biens<\/a><\/div><div class=\"agent_unit_email\"><a href=\"mailto:quentin.ple@immovance.fr\"><i class=\"immo-icon icon-email\"><\/i><\/a><\/div><div class=\"agent_unit_phone\"><a href=\"tel:0767737015\"><i class=\"immo-icon icon-phone\"><\/i><\/a><\/div>           \n        <\/div>\n    <\/div>\n<!-- <\/div>    --><\/div><div class=\"col-md-3 listing_wrapper\">    <div class=\"agent_unit city-vendargues_34740\"  data-city=\"vendargues_34740\">\n        <div class=\"agent-unit-img-wrapper\">\n                  \n            \n            \n         \n            <img class=\"img-slider-agent\" src=\"https:\/\/dev.as2web.fr\/immovance\/wp-content\/themes\/wpresidence\/img\/default_user.png\" alt=\"Image utilisateur\">        <\/div>    \n            \n\n        <p class=\"h3\"> <a href=\"https:\/\/dev.as2web.fr\/immovance\/conseiller\/lucie-deleage\">Lucie DELEAGE<\/a><\/p>\n        <div class=\"agent_position\">19 rue du g\u00e9n\u00e9ral Berth\u00e9z\u00e8ne, 34740 Vendargues<\/div>\n     \n       \n        <div class=\"agent_unit_social agent_list\">\n        \n               \n               <div class=\"agent_unit_btn vc_btn3-container vc_btn3-left vc_btn\"><a class=\"vc_general vc_btn3 vc_btn3-size-md vc_btn3-shape-rounded vc_btn3-style-flat vc_btn3-color-red vc_btn\" href=\"https:\/\/dev.as2web.fr\/immovance\/conseiller\/lucie-deleage\">Consulter les biens<\/a><\/div><div class=\"agent_unit_email\"><a href=\"mailto:lucie.deleage@immovance.fr\"><i class=\"immo-icon icon-email\"><\/i><\/a><\/div><div class=\"agent_unit_phone\"><a href=\"tel:0635105622\"><i class=\"immo-icon icon-phone\"><\/i><\/a><\/div>           \n        <\/div>\n    <\/div>\n<!-- <\/div>    --><\/div><div class=\"col-md-3 listing_wrapper\">    <div class=\"agent_unit city-fabr\u00e8gues_34690\"  data-city=\"fabr\u00e8gues_34690\">\n        <div class=\"agent-unit-img-wrapper\">\n                  \n            \n            \n         \n            <img width=\"525\" height=\"788\" src=\"https:\/\/dev.as2web.fr\/immovance\/wp-content\/uploads\/2022\/04\/CEDRIC-MURPHY-RAISONNIER.jpg\" class=\"lazyload img-responsive wp-post-image\" alt=\"\" loading=\"lazy\" srcset=\"https:\/\/dev.as2web.fr\/immovance\/wp-content\/uploads\/2022\/04\/CEDRIC-MURPHY-RAISONNIER.jpg 525w, https:\/\/dev.as2web.fr\/immovance\/wp-content\/uploads\/2022\/04\/CEDRIC-MURPHY-RAISONNIER-200x300.jpg 200w\" sizes=\"(max-width: 525px) 100vw, 525px\" \/>        <\/div>    \n            \n\n        <p class=\"h3\"> <a href=\"https:\/\/dev.as2web.fr\/immovance\/conseiller\/cedric-murphy-raisonnier\">C\u00e9dric MURPHY-RAISONNIER<\/a><\/p>\n        <div class=\"agent_position\">4 place du 8 mai 1945, 34690 Fabr\u00e8gues<\/div>\n     \n       \n        <div class=\"agent_unit_social agent_list\">\n        \n               \n               <div class=\"agent_unit_btn vc_btn3-container vc_btn3-left vc_btn\"><a class=\"vc_general vc_btn3 vc_btn3-size-md vc_btn3-shape-rounded vc_btn3-style-flat vc_btn3-color-red vc_btn\" href=\"https:\/\/dev.as2web.fr\/immovance\/conseiller\/cedric-murphy-raisonnier\">Consulter les biens<\/a><\/div><div class=\"agent_unit_email\"><a href=\"mailto:c.murphy@immovance.fr\"><i class=\"immo-icon icon-email\"><\/i><\/a><\/div><div class=\"agent_unit_phone\"><a href=\"tel:0660639197\"><i class=\"immo-icon icon-phone\"><\/i><\/a><\/div>           \n        <\/div>\n    <\/div>\n<!-- <\/div>    --><\/div><div class=\"col-md-3 listing_wrapper\">    <div class=\"agent_unit city-castelnau-le-lez_34170\"  data-city=\"castelnau-le-lez_34170\">\n        <div class=\"agent-unit-img-wrapper\">\n                  \n            \n            \n         \n            <img class=\"img-slider-agent\" src=\"https:\/\/dev.as2web.fr\/immovance\/wp-content\/themes\/wpresidence\/img\/default_user.png\" alt=\"Image utilisateur\">        <\/div>    \n            \n\n        <p class=\"h3\"> <a href=\"https:\/\/dev.as2web.fr\/immovance\/conseiller\/gilles-prongue\">Gilles PRONGUE<\/a><\/p>\n        <div class=\"agent_position\">230 route de N\u00eemes, 34170 Castelnau-le-Lez<\/div>\n     \n       \n        <div class=\"agent_unit_social agent_list\">\n        \n               \n               <div class=\"agent_unit_btn vc_btn3-container vc_btn3-left vc_btn\"><a class=\"vc_general vc_btn3 vc_btn3-size-md vc_btn3-shape-rounded vc_btn3-style-flat vc_btn3-color-red vc_btn\" href=\"https:\/\/dev.as2web.fr\/immovance\/conseiller\/gilles-prongue\">Consulter les biens<\/a><\/div><div class=\"agent_unit_email\"><a href=\"mailto:g.prongue@immovance.fr\"><i class=\"immo-icon icon-email\"><\/i><\/a><\/div><div class=\"agent_unit_phone\"><a href=\"tel:0633420632\"><i class=\"immo-icon icon-phone\"><\/i><\/a><\/div>           \n        <\/div>\n    <\/div>\n<!-- <\/div>    --><\/div><div class=\"col-md-3 listing_wrapper\">    <div class=\"agent_unit city-castelnau-le-lez_34170\"  data-city=\"castelnau-le-lez_34170\">\n        <div class=\"agent-unit-img-wrapper\">\n                  \n            \n            \n         \n            <img width=\"525\" height=\"527\" src=\"https:\/\/dev.as2web.fr\/immovance\/wp-content\/uploads\/2022\/04\/Damien-LEMOINE.jpg\" class=\"lazyload img-responsive wp-post-image\" alt=\"\" loading=\"lazy\" srcset=\"https:\/\/dev.as2web.fr\/immovance\/wp-content\/uploads\/2022\/04\/Damien-LEMOINE.jpg 525w, https:\/\/dev.as2web.fr\/immovance\/wp-content\/uploads\/2022\/04\/Damien-LEMOINE-300x300.jpg 300w, https:\/\/dev.as2web.fr\/immovance\/wp-content\/uploads\/2022\/04\/Damien-LEMOINE-150x150.jpg 150w, https:\/\/dev.as2web.fr\/immovance\/wp-content\/uploads\/2022\/04\/Damien-LEMOINE-120x120.jpg 120w, https:\/\/dev.as2web.fr\/immovance\/wp-content\/uploads\/2022\/04\/Damien-LEMOINE-45x45.jpg 45w, https:\/\/dev.as2web.fr\/immovance\/wp-content\/uploads\/2022\/04\/Damien-LEMOINE-36x36.jpg 36w\" sizes=\"(max-width: 525px) 100vw, 525px\" \/>        <\/div>    \n            \n\n        <p class=\"h3\"> <a href=\"https:\/\/dev.as2web.fr\/immovance\/conseiller\/damien-lemoine\">Damien Lemoine<\/a><\/p>\n        <div class=\"agent_position\">230 route de N\u00eemes, 34170 Castelnau-le-Lez<\/div>\n     \n       \n        <div class=\"agent_unit_social agent_list\">\n        \n               \n               <div class=\"agent_unit_btn vc_btn3-container vc_btn3-left vc_btn\"><a class=\"vc_general vc_btn3 vc_btn3-size-md vc_btn3-shape-rounded vc_btn3-style-flat vc_btn3-color-red vc_btn\" href=\"https:\/\/dev.as2web.fr\/immovance\/conseiller\/damien-lemoine\">Consulter les biens<\/a><\/div><div class=\"agent_unit_email\"><a href=\"mailto:d.lemoine@immovance.fr\"><i class=\"immo-icon icon-email\"><\/i><\/a><\/div><div class=\"agent_unit_phone\"><a href=\"tel:0630464158\"><i class=\"immo-icon icon-phone\"><\/i><\/a><\/div>           \n        <\/div>\n    <\/div>\n<!-- <\/div>    --><\/div><div class=\"col-md-3 listing_wrapper\">    <div class=\"agent_unit city-jacou_34830\"  data-city=\"jacou_34830\">\n        <div class=\"agent-unit-img-wrapper\">\n                  \n            \n            \n         \n            <img width=\"525\" height=\"684\" src=\"https:\/\/dev.as2web.fr\/immovance\/wp-content\/uploads\/2022\/04\/FLAVIAN-DUTAU.jpg\" class=\"lazyload img-responsive wp-post-image\" alt=\"\" loading=\"lazy\" srcset=\"https:\/\/dev.as2web.fr\/immovance\/wp-content\/uploads\/2022\/04\/FLAVIAN-DUTAU.jpg 525w, https:\/\/dev.as2web.fr\/immovance\/wp-content\/uploads\/2022\/04\/FLAVIAN-DUTAU-230x300.jpg 230w\" sizes=\"(max-width: 525px) 100vw, 525px\" \/>        <\/div>    \n            \n\n        <p class=\"h3\"> <a href=\"https:\/\/dev.as2web.fr\/immovance\/conseiller\/flavien-dutau\">Flavien Dutau<\/a><\/p>\n        <div class=\"agent_position\">7 avenue de Vendargues, 34830 Jacou<\/div>\n     \n       \n        <div class=\"agent_unit_social agent_list\">\n        \n               \n               <div class=\"agent_unit_btn vc_btn3-container vc_btn3-left vc_btn\"><a class=\"vc_general vc_btn3 vc_btn3-size-md vc_btn3-shape-rounded vc_btn3-style-flat vc_btn3-color-red vc_btn\" href=\"https:\/\/dev.as2web.fr\/immovance\/conseiller\/flavien-dutau\">Consulter les biens<\/a><\/div><div class=\"agent_unit_email\"><a href=\"mailto:f.dutau@immovance.fr\"><i class=\"immo-icon icon-email\"><\/i><\/a><\/div><div class=\"agent_unit_phone\"><a href=\"tel:0638798369\"><i class=\"immo-icon icon-phone\"><\/i><\/a><\/div>           \n        <\/div>\n    <\/div>\n<!-- <\/div>    --><\/div><div class=\"col-md-3 listing_wrapper\">    <div class=\"agent_unit city-montpellier_34000\"  data-city=\"montpellier_34000\">\n        <div class=\"agent-unit-img-wrapper\">\n                  \n            \n            \n         \n            <img width=\"525\" height=\"640\" src=\"https:\/\/dev.as2web.fr\/immovance\/wp-content\/uploads\/2022\/04\/PRAET-ANAIS.jpg\" class=\"lazyload img-responsive wp-post-image\" alt=\"\" loading=\"lazy\" srcset=\"https:\/\/dev.as2web.fr\/immovance\/wp-content\/uploads\/2022\/04\/PRAET-ANAIS.jpg 525w, https:\/\/dev.as2web.fr\/immovance\/wp-content\/uploads\/2022\/04\/PRAET-ANAIS-246x300.jpg 246w\" sizes=\"(max-width: 525px) 100vw, 525px\" \/>        <\/div>    \n            \n\n        <p class=\"h3\"> <a href=\"https:\/\/dev.as2web.fr\/immovance\/conseiller\/anais-praet\">Anais PRAET<\/a><\/p>\n        <div class=\"agent_position\">7 rue Fr\u00e9d\u00e9ric Bazille, 34000 Montpellier<\/div>\n     \n       \n        <div class=\"agent_unit_social agent_list\">\n        \n               \n               <div class=\"agent_unit_btn vc_btn3-container vc_btn3-left vc_btn\"><a class=\"vc_general vc_btn3 vc_btn3-size-md vc_btn3-shape-rounded vc_btn3-style-flat vc_btn3-color-red vc_btn\" href=\"https:\/\/dev.as2web.fr\/immovance\/conseiller\/anais-praet\">Consulter les biens<\/a><\/div><div class=\"agent_unit_email\"><a href=\"mailto:a.praet@immovance.fr\"><i class=\"immo-icon icon-email\"><\/i><\/a><\/div><div class=\"agent_unit_phone\"><a href=\"tel:0608602189\"><i class=\"immo-icon icon-phone\"><\/i><\/a><\/div>           \n        <\/div>\n    <\/div>\n<!-- <\/div>    --><\/div><div class=\"col-md-3 listing_wrapper\">    <div class=\"agent_unit city-montpellier_34000\"  data-city=\"montpellier_34000\">\n        <div class=\"agent-unit-img-wrapper\">\n                  \n            \n            \n         \n            <img width=\"525\" height=\"700\" src=\"https:\/\/dev.as2web.fr\/immovance\/wp-content\/uploads\/2022\/04\/PIERRE-OLIVIER-CLARY.jpg\" class=\"lazyload img-responsive wp-post-image\" alt=\"\" loading=\"lazy\" srcset=\"https:\/\/dev.as2web.fr\/immovance\/wp-content\/uploads\/2022\/04\/PIERRE-OLIVIER-CLARY.jpg 525w, https:\/\/dev.as2web.fr\/immovance\/wp-content\/uploads\/2022\/04\/PIERRE-OLIVIER-CLARY-225x300.jpg 225w\" sizes=\"(max-width: 525px) 100vw, 525px\" \/>        <\/div>    \n            \n\n        <p class=\"h3\"> <a href=\"https:\/\/dev.as2web.fr\/immovance\/conseiller\/pierre-olivier-clary\">Pierre-Olivier CLARY<\/a><\/p>\n        <div class=\"agent_position\">7 rue Fr\u00e9d\u00e9ric Bazille, 34000 Montpellier<\/div>\n     \n       \n        <div class=\"agent_unit_social agent_list\">\n        \n               \n               <div class=\"agent_unit_btn vc_btn3-container vc_btn3-left vc_btn\"><a class=\"vc_general vc_btn3 vc_btn3-size-md vc_btn3-shape-rounded vc_btn3-style-flat vc_btn3-color-red vc_btn\" href=\"https:\/\/dev.as2web.fr\/immovance\/conseiller\/pierre-olivier-clary\">Consulter les biens<\/a><\/div><div class=\"agent_unit_email\"><a href=\"mailto:po.clary@immovance.fr\"><i class=\"immo-icon icon-email\"><\/i><\/a><\/div><div class=\"agent_unit_phone\"><a href=\"tel:0685111442\"><i class=\"immo-icon icon-phone\"><\/i><\/a><\/div>           \n        <\/div>\n    <\/div>\n<!-- <\/div>    --><\/div><div class=\"col-md-3 listing_wrapper\">    <div class=\"agent_unit city-fabr\u00e8gues_34690\"  data-city=\"fabr\u00e8gues_34690\">\n        <div class=\"agent-unit-img-wrapper\">\n                  \n            \n            \n         \n            <img width=\"525\" height=\"788\" src=\"https:\/\/dev.as2web.fr\/immovance\/wp-content\/uploads\/2022\/03\/SEVERINE-BAILLEUL.jpg\" class=\"lazyload img-responsive wp-post-image\" alt=\"\" loading=\"lazy\" srcset=\"https:\/\/dev.as2web.fr\/immovance\/wp-content\/uploads\/2022\/03\/SEVERINE-BAILLEUL.jpg 525w, https:\/\/dev.as2web.fr\/immovance\/wp-content\/uploads\/2022\/03\/SEVERINE-BAILLEUL-200x300.jpg 200w\" sizes=\"(max-width: 525px) 100vw, 525px\" \/>        <\/div>    \n            \n\n        <p class=\"h3\"> <a href=\"https:\/\/dev.as2web.fr\/immovance\/conseiller\/severine-bailleul\">S\u00e9verine BAILLEUL<\/a><\/p>\n        <div class=\"agent_position\">4 place du 8 mai 1945, 34690 Fabr\u00e8gues<\/div>\n     \n       \n        <div class=\"agent_unit_social agent_list\">\n        \n               \n               <div class=\"agent_unit_btn vc_btn3-container vc_btn3-left vc_btn\"><a class=\"vc_general vc_btn3 vc_btn3-size-md vc_btn3-shape-rounded vc_btn3-style-flat vc_btn3-color-red vc_btn\" href=\"https:\/\/dev.as2web.fr\/immovance\/conseiller\/severine-bailleul\">Consulter les biens<\/a><\/div><div class=\"agent_unit_email\"><a href=\"mailto:s.bailleul@immovance.fr\"><i class=\"immo-icon icon-email\"><\/i><\/a><\/div><div class=\"agent_unit_phone\"><a href=\"tel:0650524951\"><i class=\"immo-icon icon-phone\"><\/i><\/a><\/div>           \n        <\/div>\n    <\/div>\n<!-- <\/div>    --><\/div><div class=\"col-md-3 listing_wrapper\">    <div class=\"agent_unit city-lattes_34970\"  data-city=\"lattes_34970\">\n        <div class=\"agent-unit-img-wrapper\">\n                  \n            \n            \n         \n            <img class=\"img-slider-agent\" src=\"https:\/\/dev.as2web.fr\/immovance\/wp-content\/themes\/wpresidence\/img\/default_user.png\" alt=\"Image utilisateur\">        <\/div>    \n            \n\n        <p class=\"h3\"> <a href=\"https:\/\/dev.as2web.fr\/immovance\/conseiller\/immovance-lattes-villeneuve\">Immovance Lattes Villeneuve<\/a><\/p>\n        <div class=\"agent_position\">Place d&#039;Aragon , 34970 Lattes<\/div>\n     \n       \n        <div class=\"agent_unit_social agent_list\">\n        \n               \n               <div class=\"agent_unit_btn vc_btn3-container vc_btn3-left vc_btn\"><a class=\"vc_general vc_btn3 vc_btn3-size-md vc_btn3-shape-rounded vc_btn3-style-flat vc_btn3-color-red vc_btn\" href=\"https:\/\/dev.as2web.fr\/immovance\/conseiller\/immovance-lattes-villeneuve\">Consulter les biens<\/a><\/div><div class=\"agent_unit_email\"><a href=\"mailto:arcadeimmo@wanadoo.fr\"><i class=\"immo-icon icon-email\"><\/i><\/a><\/div><div class=\"agent_unit_phone\"><a href=\"tel:0467654849\"><i class=\"immo-icon icon-phone\"><\/i><\/a><\/div>           \n        <\/div>\n    <\/div>\n<!-- <\/div>    --><\/div><div class=\"col-md-3 listing_wrapper\">    <div class=\"agent_unit city-\"  data-city=\"\">\n        <div class=\"agent-unit-img-wrapper\">\n                  \n            \n            \n         \n            <img class=\"img-slider-agent\" src=\"https:\/\/dev.as2web.fr\/immovance\/wp-content\/themes\/wpresidence\/img\/default_user.png\" alt=\"Image utilisateur\">        <\/div>    \n            \n\n        <p class=\"h3\"> <a href=\"https:\/\/dev.as2web.fr\/immovance\/conseiller\/immovance-laverune\">Immovance Laverune<\/a><\/p>\n        <div class=\"agent_position\"><\/div>\n     \n       \n        <div class=\"agent_unit_social agent_list\">\n        \n               \n               <div class=\"agent_unit_btn vc_btn3-container vc_btn3-left vc_btn\"><a class=\"vc_general vc_btn3 vc_btn3-size-md vc_btn3-shape-rounded vc_btn3-style-flat vc_btn3-color-red vc_btn\" href=\"https:\/\/dev.as2web.fr\/immovance\/conseiller\/immovance-laverune\">Consulter les biens<\/a><\/div><div class=\"agent_unit_email\"><a href=\"mailto:td@immovance.fr\"><i class=\"immo-icon icon-email\"><\/i><\/a><\/div><div class=\"agent_unit_phone\"><a href=\"tel:0769840738\"><i class=\"immo-icon icon-phone\"><\/i><\/a><\/div>           \n        <\/div>\n    <\/div>\n<!-- <\/div>    --><\/div><div class=\"col-md-3 listing_wrapper\">    <div class=\"agent_unit city-montpellier_34000\"  data-city=\"montpellier_34000\">\n        <div class=\"agent-unit-img-wrapper\">\n                  \n            \n            \n         \n            <img width=\"525\" height=\"538\" src=\"https:\/\/dev.as2web.fr\/immovance\/wp-content\/uploads\/2022\/03\/MURAR-DURMAZ.jpeg\" class=\"lazyload img-responsive wp-post-image\" alt=\"\" loading=\"lazy\" srcset=\"https:\/\/dev.as2web.fr\/immovance\/wp-content\/uploads\/2022\/03\/MURAR-DURMAZ.jpeg 525w, https:\/\/dev.as2web.fr\/immovance\/wp-content\/uploads\/2022\/03\/MURAR-DURMAZ-293x300.jpeg 293w, https:\/\/dev.as2web.fr\/immovance\/wp-content\/uploads\/2022\/03\/MURAR-DURMAZ-45x45.jpeg 45w, https:\/\/dev.as2web.fr\/immovance\/wp-content\/uploads\/2022\/03\/MURAR-DURMAZ-36x36.jpeg 36w\" sizes=\"(max-width: 525px) 100vw, 525px\" \/>        <\/div>    \n            \n\n        <p class=\"h3\"> <a href=\"https:\/\/dev.as2web.fr\/immovance\/conseiller\/murat-durmaz\">Murat DURMAZ<\/a><\/p>\n        <div class=\"agent_position\">54 rue Shirin Ebadi - Royal Palmeraie - B\u00e2t C - n\u00b077 , 34000 Montpellier<\/div>\n     \n       \n        <div class=\"agent_unit_social agent_list\">\n        \n               \n               <div class=\"agent_unit_btn vc_btn3-container vc_btn3-left vc_btn\"><a class=\"vc_general vc_btn3 vc_btn3-size-md vc_btn3-shape-rounded vc_btn3-style-flat vc_btn3-color-red vc_btn\" href=\"https:\/\/dev.as2web.fr\/immovance\/conseiller\/murat-durmaz\">Consulter les biens<\/a><\/div><div class=\"agent_unit_email\"><a href=\"mailto:p.marianne@immovance.fr\"><i class=\"immo-icon icon-email\"><\/i><\/a><\/div><div class=\"agent_unit_phone\"><a href=\"tel:0631397572\"><i class=\"immo-icon icon-phone\"><\/i><\/a><\/div>           \n        <\/div>\n    <\/div>\n<!-- <\/div>    --><\/div><div class=\"col-md-3 listing_wrapper\">    <div class=\"agent_unit city-lattes_34970\"  data-city=\"lattes_34970\">\n        <div class=\"agent-unit-img-wrapper\">\n                  \n            \n            \n         \n            <img class=\"img-slider-agent\" src=\"https:\/\/dev.as2web.fr\/immovance\/wp-content\/themes\/wpresidence\/img\/default_user.png\" alt=\"Image utilisateur\">        <\/div>    \n            \n\n        <p class=\"h3\"> <a href=\"https:\/\/dev.as2web.fr\/immovance\/conseiller\/lorenzo-dandieu\">Lorenzo DANDIEU<\/a><\/p>\n        <div class=\"agent_position\">Place d&#039;Aragon , 34970 Lattes<\/div>\n     \n       \n        <div class=\"agent_unit_social agent_list\">\n        \n               \n               <div class=\"agent_unit_btn vc_btn3-container vc_btn3-left vc_btn\"><a class=\"vc_general vc_btn3 vc_btn3-size-md vc_btn3-shape-rounded vc_btn3-style-flat vc_btn3-color-red vc_btn\" href=\"https:\/\/dev.as2web.fr\/immovance\/conseiller\/lorenzo-dandieu\">Consulter les biens<\/a><\/div><div class=\"agent_unit_email\"><a href=\"mailto:l.dandieu@immovance.fr\"><i class=\"immo-icon icon-email\"><\/i><\/a><\/div><div class=\"agent_unit_phone\"><a href=\"tel:0612737020\"><i class=\"immo-icon icon-phone\"><\/i><\/a><\/div>           \n        <\/div>\n    <\/div>\n<!-- <\/div>    --><\/div><div class=\"col-md-3 listing_wrapper\">    <div class=\"agent_unit city-montpellier_34000\"  data-city=\"montpellier_34000\">\n        <div class=\"agent-unit-img-wrapper\">\n                  \n            \n            \n         \n            <img class=\"img-slider-agent\" src=\"https:\/\/dev.as2web.fr\/immovance\/wp-content\/themes\/wpresidence\/img\/default_user.png\" alt=\"Image utilisateur\">        <\/div>    \n            \n\n        <p class=\"h3\"> <a href=\"https:\/\/dev.as2web.fr\/immovance\/conseiller\/laurie-arnal\">Laurie ARNAL<\/a><\/p>\n        <div class=\"agent_position\">54 rue Shirin Ebadi - Royal Palmeraie - B\u00e2t C - n\u00b077 , 34000 Montpellier<\/div>\n     \n       \n        <div class=\"agent_unit_social agent_list\">\n        \n               \n               <div class=\"agent_unit_btn vc_btn3-container vc_btn3-left vc_btn\"><a class=\"vc_general vc_btn3 vc_btn3-size-md vc_btn3-shape-rounded vc_btn3-style-flat vc_btn3-color-red vc_btn\" href=\"https:\/\/dev.as2web.fr\/immovance\/conseiller\/laurie-arnal\">Consulter les biens<\/a><\/div><div class=\"agent_unit_email\"><a href=\"mailto:p.marianne@immovance.fr\"><i class=\"immo-icon icon-email\"><\/i><\/a><\/div><div class=\"agent_unit_phone\"><a href=\"tel:0637861515\"><i class=\"immo-icon icon-phone\"><\/i><\/a><\/div>           \n        <\/div>\n    <\/div>\n<!-- <\/div>    --><\/div><div class=\"col-md-3 listing_wrapper\">    <div class=\"agent_unit city-lattes_34970\"  data-city=\"lattes_34970\">\n        <div class=\"agent-unit-img-wrapper\">\n                  \n            \n            \n         \n            <img class=\"img-slider-agent\" src=\"https:\/\/dev.as2web.fr\/immovance\/wp-content\/themes\/wpresidence\/img\/default_user.png\" alt=\"Image utilisateur\">        <\/div>    \n            \n\n        <p class=\"h3\"> <a href=\"https:\/\/dev.as2web.fr\/immovance\/conseiller\/noemie-barbosa\">No\u00e9mie BARBOSA<\/a><\/p>\n        <div class=\"agent_position\">Place d&#039;Aragon , 34970 Lattes<\/div>\n     \n       \n        <div class=\"agent_unit_social agent_list\">\n        \n               \n               <div class=\"agent_unit_btn vc_btn3-container vc_btn3-left vc_btn\"><a class=\"vc_general vc_btn3 vc_btn3-size-md vc_btn3-shape-rounded vc_btn3-style-flat vc_btn3-color-red vc_btn\" href=\"https:\/\/dev.as2web.fr\/immovance\/conseiller\/noemie-barbosa\">Consulter les biens<\/a><\/div><div class=\"agent_unit_email\"><a href=\"mailto:n.barbosa@immovance.fr\"><i class=\"immo-icon icon-email\"><\/i><\/a><\/div><div class=\"agent_unit_phone\"><a href=\"tel:0675458951\"><i class=\"immo-icon icon-phone\"><\/i><\/a><\/div>           \n        <\/div>\n    <\/div>\n<!-- <\/div>    --><\/div><div class=\"col-md-3 listing_wrapper\">    <div class=\"agent_unit city-montpellier_34000\"  data-city=\"montpellier_34000\">\n        <div class=\"agent-unit-img-wrapper\">\n                  \n            \n            \n         \n            <img width=\"525\" height=\"964\" src=\"https:\/\/dev.as2web.fr\/immovance\/wp-content\/uploads\/2022\/03\/Mathilde-MALDONADO.jpeg\" class=\"lazyload img-responsive wp-post-image\" alt=\"\" loading=\"lazy\" srcset=\"https:\/\/dev.as2web.fr\/immovance\/wp-content\/uploads\/2022\/03\/Mathilde-MALDONADO.jpeg 525w, https:\/\/dev.as2web.fr\/immovance\/wp-content\/uploads\/2022\/03\/Mathilde-MALDONADO-163x300.jpeg 163w\" sizes=\"(max-width: 525px) 100vw, 525px\" \/>        <\/div>    \n            \n\n        <p class=\"h3\"> <a href=\"https:\/\/dev.as2web.fr\/immovance\/conseiller\/mathilde-maldonado\">Mathilde MALDONADO<\/a><\/p>\n        <div class=\"agent_position\">54 rue Shirin Ebadi - Royal Palmeraie - B\u00e2t C - n\u00b077 , 34000 Montpellier<\/div>\n     \n       \n        <div class=\"agent_unit_social agent_list\">\n        \n               \n               <div class=\"agent_unit_btn vc_btn3-container vc_btn3-left vc_btn\"><a class=\"vc_general vc_btn3 vc_btn3-size-md vc_btn3-shape-rounded vc_btn3-style-flat vc_btn3-color-red vc_btn\" href=\"https:\/\/dev.as2web.fr\/immovance\/conseiller\/mathilde-maldonado\">Consulter les biens<\/a><\/div><div class=\"agent_unit_email\"><a href=\"mailto:p.marianne@immovance.fr\"><i class=\"immo-icon icon-email\"><\/i><\/a><\/div><div class=\"agent_unit_phone\"><a href=\"tel:0645324468\"><i class=\"immo-icon icon-phone\"><\/i><\/a><\/div>           \n        <\/div>\n    <\/div>\n<!-- <\/div>    --><\/div><div class=\"col-md-3 listing_wrapper\">    <div class=\"agent_unit city-montpellier_34000\"  data-city=\"montpellier_34000\">\n        <div class=\"agent-unit-img-wrapper\">\n                  \n            \n            \n         \n            <img class=\"img-slider-agent\" src=\"https:\/\/dev.as2web.fr\/immovance\/wp-content\/themes\/wpresidence\/img\/default_user.png\" alt=\"Image utilisateur\">        <\/div>    \n            \n\n        <p class=\"h3\"> <a href=\"https:\/\/dev.as2web.fr\/immovance\/conseiller\/jayce-hoang\">Jayce HOANG<\/a><\/p>\n        <div class=\"agent_position\">54 rue Shirin Ebadi - Royal Palmeraie - B\u00e2t C - n\u00b077 , 34000 Montpellier<\/div>\n     \n       \n        <div class=\"agent_unit_social agent_list\">\n        \n               \n               <div class=\"agent_unit_btn vc_btn3-container vc_btn3-left vc_btn\"><a class=\"vc_general vc_btn3 vc_btn3-size-md vc_btn3-shape-rounded vc_btn3-style-flat vc_btn3-color-red vc_btn\" href=\"https:\/\/dev.as2web.fr\/immovance\/conseiller\/jayce-hoang\">Consulter les biens<\/a><\/div><div class=\"agent_unit_email\"><a href=\"mailto:p.marianne@immovance.fr\"><i class=\"immo-icon icon-email\"><\/i><\/a><\/div><div class=\"agent_unit_phone\"><a href=\"tel:0669683817\"><i class=\"immo-icon icon-phone\"><\/i><\/a><\/div>           \n        <\/div>\n    <\/div>\n<!-- <\/div>    --><\/div><div class=\"col-md-3 listing_wrapper\">    <div class=\"agent_unit city-montpellier_34000\"  data-city=\"montpellier_34000\">\n        <div class=\"agent-unit-img-wrapper\">\n                  \n            \n            \n         \n            <img width=\"525\" height=\"700\" src=\"https:\/\/dev.as2web.fr\/immovance\/wp-content\/uploads\/2022\/03\/ANNE-PEREZ.jpeg\" class=\"lazyload img-responsive wp-post-image\" alt=\"\" loading=\"lazy\" srcset=\"https:\/\/dev.as2web.fr\/immovance\/wp-content\/uploads\/2022\/03\/ANNE-PEREZ.jpeg 525w, https:\/\/dev.as2web.fr\/immovance\/wp-content\/uploads\/2022\/03\/ANNE-PEREZ-225x300.jpeg 225w\" sizes=\"(max-width: 525px) 100vw, 525px\" \/>        <\/div>    \n            \n\n        <p class=\"h3\"> <a href=\"https:\/\/dev.as2web.fr\/immovance\/conseiller\/anne-perez\">Anne PEREZ<\/a><\/p>\n        <div class=\"agent_position\">54 rue Shirin Ebadi - Royal Palmeraie - B\u00e2t C - n\u00b077 , 34000 Montpellier<\/div>\n     \n       \n        <div class=\"agent_unit_social agent_list\">\n        \n               \n               <div class=\"agent_unit_btn vc_btn3-container vc_btn3-left vc_btn\"><a class=\"vc_general vc_btn3 vc_btn3-size-md vc_btn3-shape-rounded vc_btn3-style-flat vc_btn3-color-red vc_btn\" href=\"https:\/\/dev.as2web.fr\/immovance\/conseiller\/anne-perez\">Consulter les biens<\/a><\/div><div class=\"agent_unit_email\"><a href=\"mailto:a.perez@immovance.fr\"><i class=\"immo-icon icon-email\"><\/i><\/a><\/div><div class=\"agent_unit_phone\"><a href=\"tel:0621038972\"><i class=\"immo-icon icon-phone\"><\/i><\/a><\/div>           \n        <\/div>\n    <\/div>\n<!-- <\/div>    --><\/div><div class=\"col-md-3 listing_wrapper\">    <div class=\"agent_unit city-montpellier_34000\"  data-city=\"montpellier_34000\">\n        <div class=\"agent-unit-img-wrapper\">\n                  \n            \n            \n         \n            <img width=\"525\" height=\"525\" src=\"https:\/\/dev.as2web.fr\/immovance\/wp-content\/uploads\/2022\/03\/JULIEN-FOSSE.jpg\" class=\"lazyload img-responsive wp-post-image\" alt=\"\" loading=\"lazy\" srcset=\"https:\/\/dev.as2web.fr\/immovance\/wp-content\/uploads\/2022\/03\/JULIEN-FOSSE.jpg 525w, https:\/\/dev.as2web.fr\/immovance\/wp-content\/uploads\/2022\/03\/JULIEN-FOSSE-300x300.jpg 300w, https:\/\/dev.as2web.fr\/immovance\/wp-content\/uploads\/2022\/03\/JULIEN-FOSSE-150x150.jpg 150w, https:\/\/dev.as2web.fr\/immovance\/wp-content\/uploads\/2022\/03\/JULIEN-FOSSE-120x120.jpg 120w, https:\/\/dev.as2web.fr\/immovance\/wp-content\/uploads\/2022\/03\/JULIEN-FOSSE-45x45.jpg 45w, https:\/\/dev.as2web.fr\/immovance\/wp-content\/uploads\/2022\/03\/JULIEN-FOSSE-36x36.jpg 36w\" sizes=\"(max-width: 525px) 100vw, 525px\" \/>        <\/div>    \n            \n\n        <p class=\"h3\"> <a href=\"https:\/\/dev.as2web.fr\/immovance\/conseiller\/julien-fosse\">Julien FOSSE<\/a><\/p>\n        <div class=\"agent_position\">54 rue Shirin Ebadi - Royal Palmeraie - B\u00e2t C - n\u00b077 , 34000 Montpellier<\/div>\n     \n       \n        <div class=\"agent_unit_social agent_list\">\n        \n               \n               <div class=\"agent_unit_btn vc_btn3-container vc_btn3-left vc_btn\"><a class=\"vc_general vc_btn3 vc_btn3-size-md vc_btn3-shape-rounded vc_btn3-style-flat vc_btn3-color-red vc_btn\" href=\"https:\/\/dev.as2web.fr\/immovance\/conseiller\/julien-fosse\">Consulter les biens<\/a><\/div><div class=\"agent_unit_email\"><a href=\"mailto:p.marianne@immovance.fr\"><i class=\"immo-icon icon-email\"><\/i><\/a><\/div><div class=\"agent_unit_phone\"><a href=\"tel:0650838970\"><i class=\"immo-icon icon-phone\"><\/i><\/a><\/div>           \n        <\/div>\n    <\/div>\n<!-- <\/div>    --><\/div><div class=\"col-md-3 listing_wrapper\">    <div class=\"agent_unit city-jacou_34830\"  data-city=\"jacou_34830\">\n        <div class=\"agent-unit-img-wrapper\">\n                  \n            \n            \n         \n            <img width=\"525\" height=\"523\" src=\"https:\/\/dev.as2web.fr\/immovance\/wp-content\/uploads\/2022\/03\/HUGO.jpg\" class=\"lazyload img-responsive wp-post-image\" alt=\"\" loading=\"lazy\" srcset=\"https:\/\/dev.as2web.fr\/immovance\/wp-content\/uploads\/2022\/03\/HUGO.jpg 525w, https:\/\/dev.as2web.fr\/immovance\/wp-content\/uploads\/2022\/03\/HUGO-300x300.jpg 300w, https:\/\/dev.as2web.fr\/immovance\/wp-content\/uploads\/2022\/03\/HUGO-150x150.jpg 150w, https:\/\/dev.as2web.fr\/immovance\/wp-content\/uploads\/2022\/03\/HUGO-120x120.jpg 120w, https:\/\/dev.as2web.fr\/immovance\/wp-content\/uploads\/2022\/03\/HUGO-45x45.jpg 45w, https:\/\/dev.as2web.fr\/immovance\/wp-content\/uploads\/2022\/03\/HUGO-36x36.jpg 36w\" sizes=\"(max-width: 525px) 100vw, 525px\" \/>        <\/div>    \n            \n\n        <p class=\"h3\"> <a href=\"https:\/\/dev.as2web.fr\/immovance\/conseiller\/hugo-hagnere\">Hugo HAGNERE<\/a><\/p>\n        <div class=\"agent_position\">7 avenue de Vendargues, 34830 Jacou<\/div>\n     \n       \n        <div class=\"agent_unit_social agent_list\">\n        \n               \n               <div class=\"agent_unit_btn vc_btn3-container vc_btn3-left vc_btn\"><a class=\"vc_general vc_btn3 vc_btn3-size-md vc_btn3-shape-rounded vc_btn3-style-flat vc_btn3-color-red vc_btn\" href=\"https:\/\/dev.as2web.fr\/immovance\/conseiller\/hugo-hagnere\">Consulter les biens<\/a><\/div><div class=\"agent_unit_email\"><a href=\"mailto:h.hagnere@immovance.fr\"><i class=\"immo-icon icon-email\"><\/i><\/a><\/div><div class=\"agent_unit_phone\"><a href=\"tel:0615580629\"><i class=\"immo-icon icon-phone\"><\/i><\/a><\/div>           \n        <\/div>\n    <\/div>\n<!-- <\/div>    --><\/div><div class=\"col-md-3 listing_wrapper\">    <div class=\"agent_unit city-saint-mathieu-de-tr\u00e9viers_34270\"  data-city=\"saint-mathieu-de-tr\u00e9viers_34270\">\n        <div class=\"agent-unit-img-wrapper\">\n                  \n            \n            \n         \n            <img width=\"525\" height=\"700\" src=\"https:\/\/dev.as2web.fr\/immovance\/wp-content\/uploads\/2022\/03\/NICOLAS-PROUIN.jpg\" class=\"lazyload img-responsive wp-post-image\" alt=\"\" loading=\"lazy\" srcset=\"https:\/\/dev.as2web.fr\/immovance\/wp-content\/uploads\/2022\/03\/NICOLAS-PROUIN.jpg 525w, https:\/\/dev.as2web.fr\/immovance\/wp-content\/uploads\/2022\/03\/NICOLAS-PROUIN-225x300.jpg 225w\" sizes=\"(max-width: 525px) 100vw, 525px\" \/>        <\/div>    \n            \n\n        <p class=\"h3\"> <a href=\"https:\/\/dev.as2web.fr\/immovance\/conseiller\/nicolas-prouin\">Nicolas PROUIN<\/a><\/p>\n        <div class=\"agent_position\">109 avenue de Montpellier, 34270 Saint-Mathieu-de-Tr\u00e9viers<\/div>\n     \n       \n        <div class=\"agent_unit_social agent_list\">\n        \n               \n               <div class=\"agent_unit_btn vc_btn3-container vc_btn3-left vc_btn\"><a class=\"vc_general vc_btn3 vc_btn3-size-md vc_btn3-shape-rounded vc_btn3-style-flat vc_btn3-color-red vc_btn\" href=\"https:\/\/dev.as2web.fr\/immovance\/conseiller\/nicolas-prouin\">Consulter les biens<\/a><\/div><div class=\"agent_unit_email\"><a href=\"mailto:agence-psl@immovance.fr\"><i class=\"immo-icon icon-email\"><\/i><\/a><\/div><div class=\"agent_unit_phone\"><a href=\"tel:0669038893\"><i class=\"immo-icon icon-phone\"><\/i><\/a><\/div>           \n        <\/div>\n    <\/div>\n<!-- <\/div>    --><\/div><div class=\"col-md-3 listing_wrapper\">    <div class=\"agent_unit city-paris_75000\"  data-city=\"paris_75000\">\n        <div class=\"agent-unit-img-wrapper\">\n                  \n            \n            \n         \n            <img width=\"525\" height=\"695\" src=\"https:\/\/dev.as2web.fr\/immovance\/wp-content\/uploads\/2022\/03\/GIULIANO-TRANCHINO.jpg\" class=\"lazyload img-responsive wp-post-image\" alt=\"\" loading=\"lazy\" srcset=\"https:\/\/dev.as2web.fr\/immovance\/wp-content\/uploads\/2022\/03\/GIULIANO-TRANCHINO.jpg 525w, https:\/\/dev.as2web.fr\/immovance\/wp-content\/uploads\/2022\/03\/GIULIANO-TRANCHINO-227x300.jpg 227w\" sizes=\"(max-width: 525px) 100vw, 525px\" \/>        <\/div>    \n            \n\n        <p class=\"h3\"> <a href=\"https:\/\/dev.as2web.fr\/immovance\/conseiller\/giuliano-tranchino\">Giuliano TRANCHINO<\/a><\/p>\n        <div class=\"agent_position\">89 rue de la Jonqui\u00e8re, 75017 Paris<\/div>\n     \n       \n        <div class=\"agent_unit_social agent_list\">\n        \n               \n               <div class=\"agent_unit_btn vc_btn3-container vc_btn3-left vc_btn\"><a class=\"vc_general vc_btn3 vc_btn3-size-md vc_btn3-shape-rounded vc_btn3-style-flat vc_btn3-color-red vc_btn\" href=\"https:\/\/dev.as2web.fr\/immovance\/conseiller\/giuliano-tranchino\">Consulter les biens<\/a><\/div><div class=\"agent_unit_email\"><a href=\"mailto:g.tranchino@immovance.fr\"><i class=\"immo-icon icon-email\"><\/i><\/a><\/div><div class=\"agent_unit_phone\"><a href=\"tel:0687557706\"><i class=\"immo-icon icon-phone\"><\/i><\/a><\/div>           \n        <\/div>\n    <\/div>\n<!-- <\/div>    --><\/div><div class=\"col-md-3 listing_wrapper\">    <div class=\"agent_unit city-fabr\u00e8gues_34690\"  data-city=\"fabr\u00e8gues_34690\">\n        <div class=\"agent-unit-img-wrapper\">\n                  \n            \n            \n         \n            <img width=\"200\" height=\"267\" src=\"https:\/\/dev.as2web.fr\/immovance\/wp-content\/uploads\/2022\/03\/FREDERIC-RATAJEZAK.jpg\" class=\"lazyload img-responsive wp-post-image\" alt=\"\" loading=\"lazy\" \/>        <\/div>    \n            \n\n        <p class=\"h3\"> <a href=\"https:\/\/dev.as2web.fr\/immovance\/conseiller\/frederic-ratajezak\">Fr\u00e9d\u00e9ric RATAJEZAK<\/a><\/p>\n        <div class=\"agent_position\">4 place du 8 mai 1945, 34690 Fabr\u00e8gues<\/div>\n     \n       \n        <div class=\"agent_unit_social agent_list\">\n        \n               \n               <div class=\"agent_unit_btn vc_btn3-container vc_btn3-left vc_btn\"><a class=\"vc_general vc_btn3 vc_btn3-size-md vc_btn3-shape-rounded vc_btn3-style-flat vc_btn3-color-red vc_btn\" href=\"https:\/\/dev.as2web.fr\/immovance\/conseiller\/frederic-ratajezak\">Consulter les biens<\/a><\/div><div class=\"agent_unit_email\"><a href=\"mailto:f.ratajezak@immovance.fr\"><i class=\"immo-icon icon-email\"><\/i><\/a><\/div><div class=\"agent_unit_phone\"><a href=\"tel:0784280608\"><i class=\"immo-icon icon-phone\"><\/i><\/a><\/div>           \n        <\/div>\n    <\/div>\n<!-- <\/div>    --><\/div><div class=\"col-md-3 listing_wrapper\">    <div class=\"agent_unit city-montpellier_34000\"  data-city=\"montpellier_34000\">\n        <div class=\"agent-unit-img-wrapper\">\n                  \n            \n            \n         \n            <img width=\"525\" height=\"660\" src=\"https:\/\/dev.as2web.fr\/immovance\/wp-content\/uploads\/2022\/03\/CLAIRE-BLACQUE-BELAIR.jpg\" class=\"lazyload img-responsive wp-post-image\" alt=\"\" loading=\"lazy\" srcset=\"https:\/\/dev.as2web.fr\/immovance\/wp-content\/uploads\/2022\/03\/CLAIRE-BLACQUE-BELAIR.jpg 525w, https:\/\/dev.as2web.fr\/immovance\/wp-content\/uploads\/2022\/03\/CLAIRE-BLACQUE-BELAIR-239x300.jpg 239w\" sizes=\"(max-width: 525px) 100vw, 525px\" \/>        <\/div>    \n            \n\n        <p class=\"h3\"> <a href=\"https:\/\/dev.as2web.fr\/immovance\/conseiller\/claire-blacque-belair\">Claire BLACQUE-BELAIR<\/a><\/p>\n        <div class=\"agent_position\">54 rue Shirin Ebadi - Royal Palmeraie - B\u00e2t C - n\u00b077 , 34000 Montpellier<\/div>\n     \n       \n        <div class=\"agent_unit_social agent_list\">\n        \n               \n               <div class=\"agent_unit_btn vc_btn3-container vc_btn3-left vc_btn\"><a class=\"vc_general vc_btn3 vc_btn3-size-md vc_btn3-shape-rounded vc_btn3-style-flat vc_btn3-color-red vc_btn\" href=\"https:\/\/dev.as2web.fr\/immovance\/conseiller\/claire-blacque-belair\">Consulter les biens<\/a><\/div><div class=\"agent_unit_email\"><a href=\"mailto:p.marianne@immovance.fr\"><i class=\"immo-icon icon-email\"><\/i><\/a><\/div><div class=\"agent_unit_phone\"><a href=\"tel:0612587679\"><i class=\"immo-icon icon-phone\"><\/i><\/a><\/div>           \n        <\/div>\n    <\/div>\n<!-- <\/div>    --><\/div><div class=\"col-md-3 listing_wrapper\">    <div class=\"agent_unit city-montpellier_34000\"  data-city=\"montpellier_34000\">\n        <div class=\"agent-unit-img-wrapper\">\n                  \n            \n            \n         \n            <img width=\"525\" height=\"439\" src=\"https:\/\/dev.as2web.fr\/immovance\/wp-content\/uploads\/2022\/03\/EVA-LAMBERT.jpg\" class=\"lazyload img-responsive wp-post-image\" alt=\"\" loading=\"lazy\" srcset=\"https:\/\/dev.as2web.fr\/immovance\/wp-content\/uploads\/2022\/03\/EVA-LAMBERT.jpg 525w, https:\/\/dev.as2web.fr\/immovance\/wp-content\/uploads\/2022\/03\/EVA-LAMBERT-300x251.jpg 300w\" sizes=\"(max-width: 525px) 100vw, 525px\" \/>        <\/div>    \n            \n\n        <p class=\"h3\"> <a href=\"https:\/\/dev.as2web.fr\/immovance\/conseiller\/eva-lambert\">Eva LAMBERT<\/a><\/p>\n        <div class=\"agent_position\">7 rue Fr\u00e9d\u00e9ric Bazille, 34000 Montpellier<\/div>\n     \n       \n        <div class=\"agent_unit_social agent_list\">\n        \n               \n               <div class=\"agent_unit_btn vc_btn3-container vc_btn3-left vc_btn\"><a class=\"vc_general vc_btn3 vc_btn3-size-md vc_btn3-shape-rounded vc_btn3-style-flat vc_btn3-color-red vc_btn\" href=\"https:\/\/dev.as2web.fr\/immovance\/conseiller\/eva-lambert\">Consulter les biens<\/a><\/div><div class=\"agent_unit_email\"><a href=\"mailto:e.lambert@immovance.fr\"><i class=\"immo-icon icon-email\"><\/i><\/a><\/div><div class=\"agent_unit_phone\"><a href=\"tel:0607350538\"><i class=\"immo-icon icon-phone\"><\/i><\/a><\/div>           \n        <\/div>\n    <\/div>\n<!-- <\/div>    --><\/div><div class=\"col-md-3 listing_wrapper\">    <div class=\"agent_unit city-castelnau-le-lez_34170\"  data-city=\"castelnau-le-lez_34170\">\n        <div class=\"agent-unit-img-wrapper\">\n                  \n            \n            \n         \n            <img width=\"525\" height=\"700\" src=\"https:\/\/dev.as2web.fr\/immovance\/wp-content\/uploads\/2022\/03\/JESSICA-ANDLER.jpg\" class=\"lazyload img-responsive wp-post-image\" alt=\"\" loading=\"lazy\" srcset=\"https:\/\/dev.as2web.fr\/immovance\/wp-content\/uploads\/2022\/03\/JESSICA-ANDLER.jpg 525w, https:\/\/dev.as2web.fr\/immovance\/wp-content\/uploads\/2022\/03\/JESSICA-ANDLER-225x300.jpg 225w\" sizes=\"(max-width: 525px) 100vw, 525px\" \/>        <\/div>    \n            \n\n        <p class=\"h3\"> <a href=\"https:\/\/dev.as2web.fr\/immovance\/conseiller\/jessica-andler\">JESSICA ANDLER<\/a><\/p>\n        <div class=\"agent_position\">230 route de N\u00eemes, 34170 Castelnau-le-Lez<\/div>\n     \n       \n        <div class=\"agent_unit_social agent_list\">\n        \n               \n               <div class=\"agent_unit_btn vc_btn3-container vc_btn3-left vc_btn\"><a class=\"vc_general vc_btn3 vc_btn3-size-md vc_btn3-shape-rounded vc_btn3-style-flat vc_btn3-color-red vc_btn\" href=\"https:\/\/dev.as2web.fr\/immovance\/conseiller\/jessica-andler\">Consulter les biens<\/a><\/div><div class=\"agent_unit_email\"><a href=\"mailto:j.andler@immovance.fr\"><i class=\"immo-icon icon-email\"><\/i><\/a><\/div><div class=\"agent_unit_phone\"><a href=\"tel:0628788678\"><i class=\"immo-icon icon-phone\"><\/i><\/a><\/div>           \n        <\/div>\n    <\/div>\n<!-- <\/div>    --><\/div><div class=\"col-md-3 listing_wrapper\">    <div class=\"agent_unit city-jacou_34830\"  data-city=\"jacou_34830\">\n        <div class=\"agent-unit-img-wrapper\">\n                  \n            \n            \n         \n            <img class=\"img-slider-agent\" src=\"https:\/\/dev.as2web.fr\/immovance\/wp-content\/themes\/wpresidence\/img\/default_user.png\" alt=\"Image utilisateur\">        <\/div>    \n            \n\n        <p class=\"h3\"> <a href=\"https:\/\/dev.as2web.fr\/immovance\/conseiller\/arnaud-petretti\">ARNAUD PETRETTI<\/a><\/p>\n        <div class=\"agent_position\">7 avenue de Vendargues, 34830 Jacou<\/div>\n     \n       \n        <div class=\"agent_unit_social agent_list\">\n        \n               \n               <div class=\"agent_unit_btn vc_btn3-container vc_btn3-left vc_btn\"><a class=\"vc_general vc_btn3 vc_btn3-size-md vc_btn3-shape-rounded vc_btn3-style-flat vc_btn3-color-red vc_btn\" href=\"https:\/\/dev.as2web.fr\/immovance\/conseiller\/arnaud-petretti\">Consulter les biens<\/a><\/div><div class=\"agent_unit_email\"><a href=\"mailto:a.petretti@immovance.fr\"><i class=\"immo-icon icon-email\"><\/i><\/a><\/div><div class=\"agent_unit_phone\"><a href=\"tel:0606763613\"><i class=\"immo-icon icon-phone\"><\/i><\/a><\/div>           \n        <\/div>\n    <\/div>\n<!-- <\/div>    --><\/div><div class=\"col-md-3 listing_wrapper\">    <div class=\"agent_unit city-montpellier_34000\"  data-city=\"montpellier_34000\">\n        <div class=\"agent-unit-img-wrapper\">\n                  \n            \n            \n         \n            <img width=\"1158\" height=\"1544\" src=\"https:\/\/dev.as2web.fr\/immovance\/wp-content\/uploads\/2022\/03\/DELERUE-Glen-NB.jpg\" class=\"lazyload img-responsive wp-post-image\" alt=\"\" loading=\"lazy\" srcset=\"https:\/\/dev.as2web.fr\/immovance\/wp-content\/uploads\/2022\/03\/DELERUE-Glen-NB.jpg 1158w, https:\/\/dev.as2web.fr\/immovance\/wp-content\/uploads\/2022\/03\/DELERUE-Glen-NB-225x300.jpg 225w, https:\/\/dev.as2web.fr\/immovance\/wp-content\/uploads\/2022\/03\/DELERUE-Glen-NB-768x1024.jpg 768w, https:\/\/dev.as2web.fr\/immovance\/wp-content\/uploads\/2022\/03\/DELERUE-Glen-NB-1152x1536.jpg 1152w\" sizes=\"(max-width: 1158px) 100vw, 1158px\" \/>        <\/div>    \n            \n\n        <p class=\"h3\"> <a href=\"https:\/\/dev.as2web.fr\/immovance\/conseiller\/glen-delerue\">Glen DELERUE<\/a><\/p>\n        <div class=\"agent_position\">7 rue Fr\u00e9d\u00e9ric Bazille, 34000 Montpellier<\/div>\n     \n       \n        <div class=\"agent_unit_social agent_list\">\n        \n               \n               <div class=\"agent_unit_btn vc_btn3-container vc_btn3-left vc_btn\"><a class=\"vc_general vc_btn3 vc_btn3-size-md vc_btn3-shape-rounded vc_btn3-style-flat vc_btn3-color-red vc_btn\" href=\"https:\/\/dev.as2web.fr\/immovance\/conseiller\/glen-delerue\">Consulter les biens<\/a><\/div><div class=\"agent_unit_email\"><a href=\"mailto:g.delerue@immovance.fr\"><i class=\"immo-icon icon-email\"><\/i><\/a><\/div><div class=\"agent_unit_phone\"><a href=\"tel:0650051899\"><i class=\"immo-icon icon-phone\"><\/i><\/a><\/div>           \n        <\/div>\n    <\/div>\n<!-- <\/div>    --><\/div><div class=\"col-md-3 listing_wrapper\">    <div class=\"agent_unit city-montpellier_34000\"  data-city=\"montpellier_34000\">\n        <div class=\"agent-unit-img-wrapper\">\n                  \n            \n            \n         \n            <img width=\"525\" height=\"610\" src=\"https:\/\/dev.as2web.fr\/immovance\/wp-content\/uploads\/2022\/03\/BERTRAND-JULLIE.jpeg\" class=\"lazyload img-responsive wp-post-image\" alt=\"\" loading=\"lazy\" srcset=\"https:\/\/dev.as2web.fr\/immovance\/wp-content\/uploads\/2022\/03\/BERTRAND-JULLIE.jpeg 525w, https:\/\/dev.as2web.fr\/immovance\/wp-content\/uploads\/2022\/03\/BERTRAND-JULLIE-258x300.jpeg 258w\" sizes=\"(max-width: 525px) 100vw, 525px\" \/>        <\/div>    \n            \n\n        <p class=\"h3\"> <a href=\"https:\/\/dev.as2web.fr\/immovance\/conseiller\/bertrand-julie\">Bertrand JULIE<\/a><\/p>\n        <div class=\"agent_position\">7 rue Fr\u00e9d\u00e9ric Bazille, 34000 Montpellier<\/div>\n     \n       \n        <div class=\"agent_unit_social agent_list\">\n        \n               \n               <div class=\"agent_unit_btn vc_btn3-container vc_btn3-left vc_btn\"><a class=\"vc_general vc_btn3 vc_btn3-size-md vc_btn3-shape-rounded vc_btn3-style-flat vc_btn3-color-red vc_btn\" href=\"https:\/\/dev.as2web.fr\/immovance\/conseiller\/bertrand-julie\">Consulter les biens<\/a><\/div><div class=\"agent_unit_email\"><a href=\"mailto:j.bertrand@immovance.fr\"><i class=\"immo-icon icon-email\"><\/i><\/a><\/div><div class=\"agent_unit_phone\"><a href=\"tel:0658991153\"><i class=\"immo-icon icon-phone\"><\/i><\/a><\/div>           \n        <\/div>\n    <\/div>\n<!-- <\/div>    --><\/div><div class=\"col-md-3 listing_wrapper\">    <div class=\"agent_unit city-paris_75000\"  data-city=\"paris_75000\">\n        <div class=\"agent-unit-img-wrapper\">\n                  \n            \n            \n         \n            <img class=\"img-slider-agent\" src=\"https:\/\/dev.as2web.fr\/immovance\/wp-content\/themes\/wpresidence\/img\/default_user.png\" alt=\"Image utilisateur\">        <\/div>    \n            \n\n        <p class=\"h3\"> <a href=\"https:\/\/dev.as2web.fr\/immovance\/conseiller\/immovance-paris\">Immovance Paris<\/a><\/p>\n        <div class=\"agent_position\">89 rue de la Jonqui\u00e8re, 75017 Paris<\/div>\n     \n       \n        <div class=\"agent_unit_social agent_list\">\n        \n               \n               <div class=\"agent_unit_btn vc_btn3-container vc_btn3-left vc_btn\"><a class=\"vc_general vc_btn3 vc_btn3-size-md vc_btn3-shape-rounded vc_btn3-style-flat vc_btn3-color-red vc_btn\" href=\"https:\/\/dev.as2web.fr\/immovance\/conseiller\/immovance-paris\">Consulter les biens<\/a><\/div><div class=\"agent_unit_email\"><a href=\"mailto:agence-paris@immovance.fr\"><i class=\"immo-icon icon-email\"><\/i><\/a><\/div><div class=\"agent_unit_phone\"><a href=\"tel:0981992759\"><i class=\"immo-icon icon-phone\"><\/i><\/a><\/div>           \n        <\/div>\n    <\/div>\n<!-- <\/div>    --><\/div><div class=\"col-md-3 listing_wrapper\">    <div class=\"agent_unit city-montpellier_34000\"  data-city=\"montpellier_34000\">\n        <div class=\"agent-unit-img-wrapper\">\n                  \n            \n            \n         \n            <img width=\"525\" height=\"700\" src=\"https:\/\/dev.as2web.fr\/immovance\/wp-content\/uploads\/2022\/03\/MARC-RAYNA.jpeg\" class=\"lazyload img-responsive wp-post-image\" alt=\"\" loading=\"lazy\" srcset=\"https:\/\/dev.as2web.fr\/immovance\/wp-content\/uploads\/2022\/03\/MARC-RAYNA.jpeg 525w, https:\/\/dev.as2web.fr\/immovance\/wp-content\/uploads\/2022\/03\/MARC-RAYNA-225x300.jpeg 225w\" sizes=\"(max-width: 525px) 100vw, 525px\" \/>        <\/div>    \n            \n\n        <p class=\"h3\"> <a href=\"https:\/\/dev.as2web.fr\/immovance\/conseiller\/marc-rayna\">Marc RAYNA<\/a><\/p>\n        <div class=\"agent_position\">54 rue Shirin Ebadi - Royal Palmeraie - B\u00e2t C - n\u00b077 , 34000 Montpellier<\/div>\n     \n       \n        <div class=\"agent_unit_social agent_list\">\n        \n               \n               <div class=\"agent_unit_btn vc_btn3-container vc_btn3-left vc_btn\"><a class=\"vc_general vc_btn3 vc_btn3-size-md vc_btn3-shape-rounded vc_btn3-style-flat vc_btn3-color-red vc_btn\" href=\"https:\/\/dev.as2web.fr\/immovance\/conseiller\/marc-rayna\">Consulter les biens<\/a><\/div><div class=\"agent_unit_email\"><a href=\"mailto:m.rayna@immovance.onmicrosoft.com\"><i class=\"immo-icon icon-email\"><\/i><\/a><\/div><div class=\"agent_unit_phone\"><a href=\"tel:0666548312\"><i class=\"immo-icon icon-phone\"><\/i><\/a><\/div>           \n        <\/div>\n    <\/div>\n<!-- <\/div>    --><\/div><div class=\"col-md-3 listing_wrapper\">    <div class=\"agent_unit city-montpellier_34000\"  data-city=\"montpellier_34000\">\n        <div class=\"agent-unit-img-wrapper\">\n                  \n            \n            \n         \n            <img width=\"525\" height=\"700\" src=\"https:\/\/dev.as2web.fr\/immovance\/wp-content\/uploads\/2022\/03\/ZINEDINE-AOUFI.jpg\" class=\"lazyload img-responsive wp-post-image\" alt=\"\" loading=\"lazy\" srcset=\"https:\/\/dev.as2web.fr\/immovance\/wp-content\/uploads\/2022\/03\/ZINEDINE-AOUFI.jpg 525w, https:\/\/dev.as2web.fr\/immovance\/wp-content\/uploads\/2022\/03\/ZINEDINE-AOUFI-225x300.jpg 225w\" sizes=\"(max-width: 525px) 100vw, 525px\" \/>        <\/div>    \n            \n\n        <p class=\"h3\"> <a href=\"https:\/\/dev.as2web.fr\/immovance\/conseiller\/zinedine-aoufi\">Zinedine AOUFI<\/a><\/p>\n        <div class=\"agent_position\">54 rue Shirin Ebadi - Royal Palmeraie - B\u00e2t C - n\u00b077 , 34000 Montpellier<\/div>\n     \n       \n        <div class=\"agent_unit_social agent_list\">\n        \n               \n               <div class=\"agent_unit_btn vc_btn3-container vc_btn3-left vc_btn\"><a class=\"vc_general vc_btn3 vc_btn3-size-md vc_btn3-shape-rounded vc_btn3-style-flat vc_btn3-color-red vc_btn\" href=\"https:\/\/dev.as2web.fr\/immovance\/conseiller\/zinedine-aoufi\">Consulter les biens<\/a><\/div><div class=\"agent_unit_email\"><a href=\"mailto:z.aoufi@immovance.fr\"><i class=\"immo-icon icon-email\"><\/i><\/a><\/div><div class=\"agent_unit_phone\"><a href=\"tel:0769471676\"><i class=\"immo-icon icon-phone\"><\/i><\/a><\/div>           \n        <\/div>\n    <\/div>\n<!-- <\/div>    --><\/div><div class=\"col-md-3 listing_wrapper\">    <div class=\"agent_unit city-fabr\u00e8gues_34690\"  data-city=\"fabr\u00e8gues_34690\">\n        <div class=\"agent-unit-img-wrapper\">\n                  \n            \n            \n         \n            <img width=\"525\" height=\"788\" src=\"https:\/\/dev.as2web.fr\/immovance\/wp-content\/uploads\/2022\/03\/MARC-GALZIN.jpg\" class=\"lazyload img-responsive wp-post-image\" alt=\"\" loading=\"lazy\" srcset=\"https:\/\/dev.as2web.fr\/immovance\/wp-content\/uploads\/2022\/03\/MARC-GALZIN.jpg 525w, https:\/\/dev.as2web.fr\/immovance\/wp-content\/uploads\/2022\/03\/MARC-GALZIN-200x300.jpg 200w\" sizes=\"(max-width: 525px) 100vw, 525px\" \/>        <\/div>    \n            \n\n        <p class=\"h3\"> <a href=\"https:\/\/dev.as2web.fr\/immovance\/conseiller\/marc-galzin\">Marc GALZIN<\/a><\/p>\n        <div class=\"agent_position\">4 place du 8 mai 1945, 34690 Fabr\u00e8gues<\/div>\n     \n       \n        <div class=\"agent_unit_social agent_list\">\n        \n               \n               <div class=\"agent_unit_btn vc_btn3-container vc_btn3-left vc_btn\"><a class=\"vc_general vc_btn3 vc_btn3-size-md vc_btn3-shape-rounded vc_btn3-style-flat vc_btn3-color-red vc_btn\" href=\"https:\/\/dev.as2web.fr\/immovance\/conseiller\/marc-galzin\">Consulter les biens<\/a><\/div><div class=\"agent_unit_email\"><a href=\"mailto:m.galzin@immovance.fr\"><i class=\"immo-icon icon-email\"><\/i><\/a><\/div><div class=\"agent_unit_phone\"><a href=\"tel:0679498447\"><i class=\"immo-icon icon-phone\"><\/i><\/a><\/div>           \n        <\/div>\n    <\/div>\n<!-- <\/div>    --><\/div><div class=\"col-md-3 listing_wrapper\">    <div class=\"agent_unit city-\"  data-city=\"\">\n        <div class=\"agent-unit-img-wrapper\">\n                  \n            \n            \n         \n            <img class=\"img-slider-agent\" src=\"https:\/\/dev.as2web.fr\/immovance\/wp-content\/themes\/wpresidence\/img\/default_user.png\" alt=\"Image utilisateur\">        <\/div>    \n            \n\n        <p class=\"h3\"> <a href=\"https:\/\/dev.as2web.fr\/immovance\/conseiller\/muriel-sarrabere\">MURIEL SARRABERE<\/a><\/p>\n        <div class=\"agent_position\"><\/div>\n     \n       \n        <div class=\"agent_unit_social agent_list\">\n        \n               \n               <div class=\"agent_unit_btn vc_btn3-container vc_btn3-left vc_btn\"><a class=\"vc_general vc_btn3 vc_btn3-size-md vc_btn3-shape-rounded vc_btn3-style-flat vc_btn3-color-red vc_btn\" href=\"https:\/\/dev.as2web.fr\/immovance\/conseiller\/muriel-sarrabere\">Consulter les biens<\/a><\/div><div class=\"agent_unit_email\"><a href=\"mailto:muriel@immovance.fr\"><i class=\"immo-icon icon-email\"><\/i><\/a><\/div><div class=\"agent_unit_phone\"><a href=\"tel:0679635332\"><i class=\"immo-icon icon-phone\"><\/i><\/a><\/div>           \n        <\/div>\n    <\/div>\n<!-- <\/div>    --><\/div><div class=\"col-md-3 listing_wrapper\">    <div class=\"agent_unit city-montpellier_34000\"  data-city=\"montpellier_34000\">\n        <div class=\"agent-unit-img-wrapper\">\n                  \n            \n            \n         \n            <img class=\"img-slider-agent\" src=\"https:\/\/dev.as2web.fr\/immovance\/wp-content\/themes\/wpresidence\/img\/default_user.png\" alt=\"Image utilisateur\">        <\/div>    \n            \n\n        <p class=\"h3\"> <a href=\"https:\/\/dev.as2web.fr\/immovance\/conseiller\/eric-gauthier\">Eric GAUTHIER<\/a><\/p>\n        <div class=\"agent_position\">7 rue Fr\u00e9d\u00e9ric Bazille, 34000 Montpellier<\/div>\n     \n       \n        <div class=\"agent_unit_social agent_list\">\n        \n               \n               <div class=\"agent_unit_btn vc_btn3-container vc_btn3-left vc_btn\"><a class=\"vc_general vc_btn3 vc_btn3-size-md vc_btn3-shape-rounded vc_btn3-style-flat vc_btn3-color-red vc_btn\" href=\"https:\/\/dev.as2web.fr\/immovance\/conseiller\/eric-gauthier\">Consulter les biens<\/a><\/div><div class=\"agent_unit_email\"><a href=\"mailto:e.gauthier@immovance.fr\"><i class=\"immo-icon icon-email\"><\/i><\/a><\/div><div class=\"agent_unit_phone\"><a href=\"tel:0619461744\"><i class=\"immo-icon icon-phone\"><\/i><\/a><\/div>           \n        <\/div>\n    <\/div>\n<!-- <\/div>    --><\/div><div class=\"col-md-3 listing_wrapper\">    <div class=\"agent_unit city-vendargues_34740\"  data-city=\"vendargues_34740\">\n        <div class=\"agent-unit-img-wrapper\">\n                  \n            \n            \n         \n            <img width=\"525\" height=\"733\" src=\"https:\/\/dev.as2web.fr\/immovance\/wp-content\/uploads\/2022\/03\/GUILLAUME-THIBAUT.jpg\" class=\"lazyload img-responsive wp-post-image\" alt=\"\" loading=\"lazy\" srcset=\"https:\/\/dev.as2web.fr\/immovance\/wp-content\/uploads\/2022\/03\/GUILLAUME-THIBAUT.jpg 525w, https:\/\/dev.as2web.fr\/immovance\/wp-content\/uploads\/2022\/03\/GUILLAUME-THIBAUT-215x300.jpg 215w\" sizes=\"(max-width: 525px) 100vw, 525px\" \/>        <\/div>    \n            \n\n        <p class=\"h3\"> <a href=\"https:\/\/dev.as2web.fr\/immovance\/conseiller\/guillaume-thibaut\">Guillaume THIBAUT<\/a><\/p>\n        <div class=\"agent_position\">19 rue du g\u00e9n\u00e9ral Berth\u00e9z\u00e8ne, 34740 Vendargues<\/div>\n     \n       \n        <div class=\"agent_unit_social agent_list\">\n        \n               \n               <div class=\"agent_unit_btn vc_btn3-container vc_btn3-left vc_btn\"><a class=\"vc_general vc_btn3 vc_btn3-size-md vc_btn3-shape-rounded vc_btn3-style-flat vc_btn3-color-red vc_btn\" href=\"https:\/\/dev.as2web.fr\/immovance\/conseiller\/guillaume-thibaut\">Consulter les biens<\/a><\/div><div class=\"agent_unit_email\"><a href=\"mailto:guillaume.thibaut@immovance.fr\"><i class=\"immo-icon icon-email\"><\/i><\/a><\/div><div class=\"agent_unit_phone\"><a href=\"tel:0681709909\"><i class=\"immo-icon icon-phone\"><\/i><\/a><\/div>           \n        <\/div>\n    <\/div>\n<!-- <\/div>    --><\/div><div class=\"col-md-3 listing_wrapper\">    <div class=\"agent_unit city-vendargues_34740\"  data-city=\"vendargues_34740\">\n        <div class=\"agent-unit-img-wrapper\">\n                  \n            \n            \n         \n            <img class=\"img-slider-agent\" src=\"https:\/\/dev.as2web.fr\/immovance\/wp-content\/themes\/wpresidence\/img\/default_user.png\" alt=\"Image utilisateur\">        <\/div>    \n            \n\n        <p class=\"h3\"> <a href=\"https:\/\/dev.as2web.fr\/immovance\/conseiller\/immovance-vendargues\">Immovance Vendargues<\/a><\/p>\n        <div class=\"agent_position\">19 rue du g\u00e9n\u00e9ral Berth\u00e9z\u00e8ne, 34740 Vendargues<\/div>\n     \n       \n        <div class=\"agent_unit_social agent_list\">\n        \n               \n               <div class=\"agent_unit_btn vc_btn3-container vc_btn3-left vc_btn\"><a class=\"vc_general vc_btn3 vc_btn3-size-md vc_btn3-shape-rounded vc_btn3-style-flat vc_btn3-color-red vc_btn\" href=\"https:\/\/dev.as2web.fr\/immovance\/conseiller\/immovance-vendargues\">Consulter les biens<\/a><\/div><div class=\"agent_unit_email\"><a href=\"mailto:sebastien.cammal@immovance.fr\"><i class=\"immo-icon icon-email\"><\/i><\/a><\/div><div class=\"agent_unit_phone\"><a href=\"tel:0467872431\"><i class=\"immo-icon icon-phone\"><\/i><\/a><\/div>           \n        <\/div>\n    <\/div>\n<!-- <\/div>    --><\/div><div class=\"col-md-3 listing_wrapper\">    <div class=\"agent_unit city-\"  data-city=\"\">\n        <div class=\"agent-unit-img-wrapper\">\n                  \n            \n            \n         \n            <img class=\"img-slider-agent\" src=\"https:\/\/dev.as2web.fr\/immovance\/wp-content\/themes\/wpresidence\/img\/default_user.png\" alt=\"Image utilisateur\">        <\/div>    \n            \n\n        <p class=\"h3\"> <a href=\"https:\/\/dev.as2web.fr\/immovance\/conseiller\/adele-immobilier\">ADELE IMMOBILIER<\/a><\/p>\n        <div class=\"agent_position\"><\/div>\n     \n       \n        <div class=\"agent_unit_social agent_list\">\n        \n               \n               <div class=\"agent_unit_btn vc_btn3-container vc_btn3-left vc_btn\"><a class=\"vc_general vc_btn3 vc_btn3-size-md vc_btn3-shape-rounded vc_btn3-style-flat vc_btn3-color-red vc_btn\" href=\"https:\/\/dev.as2web.fr\/immovance\/conseiller\/adele-immobilier\">Consulter les biens<\/a><\/div><div class=\"agent_unit_email\"><a href=\"mailto:t.duvignau@yahoo.com\"><i class=\"immo-icon icon-email\"><\/i><\/a><\/div><div class=\"agent_unit_phone\"><a href=\"tel:0769840738\"><i class=\"immo-icon icon-phone\"><\/i><\/a><\/div>           \n        <\/div>\n    <\/div>\n<!-- <\/div>    --><\/div><div class=\"col-md-3 listing_wrapper\">    <div class=\"agent_unit city-montpellier_34000\"  data-city=\"montpellier_34000\">\n        <div class=\"agent-unit-img-wrapper\">\n                  \n            \n            \n         \n            <img width=\"835\" height=\"930\" src=\"https:\/\/dev.as2web.fr\/immovance\/wp-content\/uploads\/2022\/03\/photo-1.jpg\" class=\"lazyload img-responsive wp-post-image\" alt=\"\" loading=\"lazy\" srcset=\"https:\/\/dev.as2web.fr\/immovance\/wp-content\/uploads\/2022\/03\/photo-1.jpg 835w, https:\/\/dev.as2web.fr\/immovance\/wp-content\/uploads\/2022\/03\/photo-1-269x300.jpg 269w, https:\/\/dev.as2web.fr\/immovance\/wp-content\/uploads\/2022\/03\/photo-1-768x855.jpg 768w\" sizes=\"(max-width: 835px) 100vw, 835px\" \/>        <\/div>    \n            \n\n        <p class=\"h3\"> <a href=\"https:\/\/dev.as2web.fr\/immovance\/conseiller\/nikita-lanclas\">Nikita LANCLAS<\/a><\/p>\n        <div class=\"agent_position\">7 rue Fr\u00e9d\u00e9ric Bazille, 34000 Montpellier<\/div>\n     \n       \n        <div class=\"agent_unit_social agent_list\">\n        \n               \n               <div class=\"agent_unit_btn vc_btn3-container vc_btn3-left vc_btn\"><a class=\"vc_general vc_btn3 vc_btn3-size-md vc_btn3-shape-rounded vc_btn3-style-flat vc_btn3-color-red vc_btn\" href=\"https:\/\/dev.as2web.fr\/immovance\/conseiller\/nikita-lanclas\">Consulter les biens<\/a><\/div><div class=\"agent_unit_email\"><a href=\"mailto:n.lanclas@immovance.fr\"><i class=\"immo-icon icon-email\"><\/i><\/a><\/div><div class=\"agent_unit_phone\"><a href=\"tel:0669454019\"><i class=\"immo-icon icon-phone\"><\/i><\/a><\/div>           \n        <\/div>\n    <\/div>\n<!-- <\/div>    --><\/div><div class=\"col-md-3 listing_wrapper\">    <div class=\"agent_unit city-lattes_34970\"  data-city=\"lattes_34970\">\n        <div class=\"agent-unit-img-wrapper\">\n                  \n            \n            \n         \n            <img class=\"img-slider-agent\" src=\"https:\/\/dev.as2web.fr\/immovance\/wp-content\/themes\/wpresidence\/img\/default_user.png\" alt=\"Image utilisateur\">        <\/div>    \n            \n\n        <p class=\"h3\"> <a href=\"https:\/\/dev.as2web.fr\/immovance\/conseiller\/lucas-cuartero\">Lucas CUARTERO<\/a><\/p>\n        <div class=\"agent_position\">Place d&#039;Aragon , 34970 Lattes<\/div>\n     \n       \n        <div class=\"agent_unit_social agent_list\">\n        \n               \n               <div class=\"agent_unit_btn vc_btn3-container vc_btn3-left vc_btn\"><a class=\"vc_general vc_btn3 vc_btn3-size-md vc_btn3-shape-rounded vc_btn3-style-flat vc_btn3-color-red vc_btn\" href=\"https:\/\/dev.as2web.fr\/immovance\/conseiller\/lucas-cuartero\">Consulter les biens<\/a><\/div><div class=\"agent_unit_email\"><a href=\"mailto:c-lucas@hotmail.fr\"><i class=\"immo-icon icon-email\"><\/i><\/a><\/div><div class=\"agent_unit_phone\"><a href=\"tel:0683075231\"><i class=\"immo-icon icon-phone\"><\/i><\/a><\/div>           \n        <\/div>\n    <\/div>\n<!-- <\/div>    --><\/div><div class=\"col-md-3 listing_wrapper\">    <div class=\"agent_unit city-montpellier_34000\"  data-city=\"montpellier_34000\">\n        <div class=\"agent-unit-img-wrapper\">\n                  \n            \n            \n         \n            <img class=\"img-slider-agent\" src=\"https:\/\/dev.as2web.fr\/immovance\/wp-content\/themes\/wpresidence\/img\/default_user.png\" alt=\"Image utilisateur\">        <\/div>    \n            \n\n        <p class=\"h3\"> <a href=\"https:\/\/dev.as2web.fr\/immovance\/conseiller\/romain-volle\">Romain VOLLE<\/a><\/p>\n        <div class=\"agent_position\">7 rue Fr\u00e9d\u00e9ric Bazille, 34000 Montpellier<\/div>\n     \n       \n        <div class=\"agent_unit_social agent_list\">\n        \n               \n               <div class=\"agent_unit_btn vc_btn3-container vc_btn3-left vc_btn\"><a class=\"vc_general vc_btn3 vc_btn3-size-md vc_btn3-shape-rounded vc_btn3-style-flat vc_btn3-color-red vc_btn\" href=\"https:\/\/dev.as2web.fr\/immovance\/conseiller\/romain-volle\">Consulter les biens<\/a><\/div><div class=\"agent_unit_email\"><a href=\"mailto:r.volle@immovance.fr\"><i class=\"immo-icon icon-email\"><\/i><\/a><\/div><div class=\"agent_unit_phone\"><a href=\"tel:0683428249\"><i class=\"immo-icon icon-phone\"><\/i><\/a><\/div>           \n        <\/div>\n    <\/div>\n<!-- <\/div>    --><\/div><div class=\"col-md-3 listing_wrapper\">    <div class=\"agent_unit city-montpellier_34000\"  data-city=\"montpellier_34000\">\n        <div class=\"agent-unit-img-wrapper\">\n                  \n            \n            \n         \n            <img width=\"525\" height=\"869\" src=\"https:\/\/dev.as2web.fr\/immovance\/wp-content\/uploads\/2022\/03\/LAETI-MOYON-PALACI.jpg\" class=\"lazyload img-responsive wp-post-image\" alt=\"\" loading=\"lazy\" srcset=\"https:\/\/dev.as2web.fr\/immovance\/wp-content\/uploads\/2022\/03\/LAETI-MOYON-PALACI.jpg 525w, https:\/\/dev.as2web.fr\/immovance\/wp-content\/uploads\/2022\/03\/LAETI-MOYON-PALACI-181x300.jpg 181w\" sizes=\"(max-width: 525px) 100vw, 525px\" \/>        <\/div>    \n            \n\n        <p class=\"h3\"> <a href=\"https:\/\/dev.as2web.fr\/immovance\/conseiller\/laetitia-moyon-palaci\">Laetitia MOYON-PALACI<\/a><\/p>\n        <div class=\"agent_position\">7 rue Fr\u00e9d\u00e9ric Bazille, 34000 Montpellier<\/div>\n     \n       \n        <div class=\"agent_unit_social agent_list\">\n        \n               \n               <div class=\"agent_unit_btn vc_btn3-container vc_btn3-left vc_btn\"><a class=\"vc_general vc_btn3 vc_btn3-size-md vc_btn3-shape-rounded vc_btn3-style-flat vc_btn3-color-red vc_btn\" href=\"https:\/\/dev.as2web.fr\/immovance\/conseiller\/laetitia-moyon-palaci\">Consulter les biens<\/a><\/div><div class=\"agent_unit_email\"><a href=\"mailto:l.moyonpalaci@immovance.fr\"><i class=\"immo-icon icon-email\"><\/i><\/a><\/div><div class=\"agent_unit_phone\"><a href=\"tel:0689025724\"><i class=\"immo-icon icon-phone\"><\/i><\/a><\/div>           \n        <\/div>\n    <\/div>\n<!-- <\/div>    --><\/div><div class=\"col-md-3 listing_wrapper\">    <div class=\"agent_unit city-\"  data-city=\"\">\n        <div class=\"agent-unit-img-wrapper\">\n                  \n            \n            \n         \n            <img class=\"img-slider-agent\" src=\"https:\/\/dev.as2web.fr\/immovance\/wp-content\/themes\/wpresidence\/img\/default_user.png\" alt=\"Image utilisateur\">        <\/div>    \n            \n\n        <p class=\"h3\"> <a href=\"https:\/\/dev.as2web.fr\/immovance\/conseiller\/thierry-duvignau\">THIERRY DUVIGNAU<\/a><\/p>\n        <div class=\"agent_position\"><\/div>\n     \n       \n        <div class=\"agent_unit_social agent_list\">\n        \n               \n               <div class=\"agent_unit_btn vc_btn3-container vc_btn3-left vc_btn\"><a class=\"vc_general vc_btn3 vc_btn3-size-md vc_btn3-shape-rounded vc_btn3-style-flat vc_btn3-color-red vc_btn\" href=\"https:\/\/dev.as2web.fr\/immovance\/conseiller\/thierry-duvignau\">Consulter les biens<\/a><\/div><div class=\"agent_unit_email\"><a href=\"mailto:td@immovance.fr\"><i class=\"immo-icon icon-email\"><\/i><\/a><\/div><div class=\"agent_unit_phone\"><a href=\"tel:0769840738\"><i class=\"immo-icon icon-phone\"><\/i><\/a><\/div>           \n        <\/div>\n    <\/div>\n<!-- <\/div>    --><\/div><div class=\"col-md-3 listing_wrapper\">    <div class=\"agent_unit city-saint-mathieu-de-tr\u00e9viers_34270\"  data-city=\"saint-mathieu-de-tr\u00e9viers_34270\">\n        <div class=\"agent-unit-img-wrapper\">\n                  \n            \n            \n         \n            <img class=\"img-slider-agent\" src=\"https:\/\/dev.as2web.fr\/immovance\/wp-content\/themes\/wpresidence\/img\/default_user.png\" alt=\"Image utilisateur\">        <\/div>    \n            \n\n        <p class=\"h3\"> <a href=\"https:\/\/dev.as2web.fr\/immovance\/conseiller\/christophe-le-boulanger-m-cedric-maynard\">Christophe LE BOULANGER &amp; M. C\u00e9dric MAYNARD<\/a><\/p>\n        <div class=\"agent_position\">109 avenue de Montpellier, 34270 Saint-Mathieu-de-Tr\u00e9viers<\/div>\n     \n       \n        <div class=\"agent_unit_social agent_list\">\n        \n               \n               <div class=\"agent_unit_btn vc_btn3-container vc_btn3-left vc_btn\"><a class=\"vc_general vc_btn3 vc_btn3-size-md vc_btn3-shape-rounded vc_btn3-style-flat vc_btn3-color-red vc_btn\" href=\"https:\/\/dev.as2web.fr\/immovance\/conseiller\/christophe-le-boulanger-m-cedric-maynard\">Consulter les biens<\/a><\/div><div class=\"agent_unit_email\"><a href=\"mailto:accueil-psl@immovance.fr\"><i class=\"immo-icon icon-email\"><\/i><\/a><\/div><div class=\"agent_unit_phone\"><a href=\"tel:0499676581\"><i class=\"immo-icon icon-phone\"><\/i><\/a><\/div>           \n        <\/div>\n    <\/div>\n<!-- <\/div>    --><\/div><div class=\"col-md-3 listing_wrapper\">    <div class=\"agent_unit city-castelnau-le-lez_34170\"  data-city=\"castelnau-le-lez_34170\">\n        <div class=\"agent-unit-img-wrapper\">\n                  \n            \n            \n         \n            <img width=\"525\" height=\"734\" src=\"https:\/\/dev.as2web.fr\/immovance\/wp-content\/uploads\/2022\/03\/LAURENT-BLANC.jpg\" class=\"lazyload img-responsive wp-post-image\" alt=\"\" loading=\"lazy\" srcset=\"https:\/\/dev.as2web.fr\/immovance\/wp-content\/uploads\/2022\/03\/LAURENT-BLANC.jpg 525w, https:\/\/dev.as2web.fr\/immovance\/wp-content\/uploads\/2022\/03\/LAURENT-BLANC-215x300.jpg 215w\" sizes=\"(max-width: 525px) 100vw, 525px\" \/>        <\/div>    \n            \n\n        <p class=\"h3\"> <a href=\"https:\/\/dev.as2web.fr\/immovance\/conseiller\/laurent-blanc\">LAURENT BLANC<\/a><\/p>\n        <div class=\"agent_position\">230 route de N\u00eemes, 34170 Castelnau-le-Lez<\/div>\n     \n       \n        <div class=\"agent_unit_social agent_list\">\n        \n               \n               <div class=\"agent_unit_btn vc_btn3-container vc_btn3-left vc_btn\"><a class=\"vc_general vc_btn3 vc_btn3-size-md vc_btn3-shape-rounded vc_btn3-style-flat vc_btn3-color-red vc_btn\" href=\"https:\/\/dev.as2web.fr\/immovance\/conseiller\/laurent-blanc\">Consulter les biens<\/a><\/div><div class=\"agent_unit_email\"><a href=\"mailto:neuf@immovance.fr\"><i class=\"immo-icon icon-email\"><\/i><\/a><\/div><div class=\"agent_unit_phone\"><a href=\"tel:0621164353\"><i class=\"immo-icon icon-phone\"><\/i><\/a><\/div>           \n        <\/div>\n    <\/div>\n<!-- <\/div>    --><\/div><div class=\"col-md-3 listing_wrapper\">    <div class=\"agent_unit city-castelnau-le-lez_34170\"  data-city=\"castelnau-le-lez_34170\">\n        <div class=\"agent-unit-img-wrapper\">\n                  \n            \n            \n         \n            <img class=\"img-slider-agent\" src=\"https:\/\/dev.as2web.fr\/immovance\/wp-content\/themes\/wpresidence\/img\/default_user.png\" alt=\"Image utilisateur\">        <\/div>    \n            \n\n        <p class=\"h3\"> <a href=\"https:\/\/dev.as2web.fr\/immovance\/conseiller\/julien-basaia\">Julien BASAIA<\/a><\/p>\n        <div class=\"agent_position\">230 route de N\u00eemes, 34170 Castelnau-le-Lez<\/div>\n     \n       \n        <div class=\"agent_unit_social agent_list\">\n        \n               \n               <div class=\"agent_unit_btn vc_btn3-container vc_btn3-left vc_btn\"><a class=\"vc_general vc_btn3 vc_btn3-size-md vc_btn3-shape-rounded vc_btn3-style-flat vc_btn3-color-red vc_btn\" href=\"https:\/\/dev.as2web.fr\/immovance\/conseiller\/julien-basaia\">Consulter les biens<\/a><\/div><div class=\"agent_unit_email\"><a href=\"mailto:immovance.groupe@immovance.fr\"><i class=\"immo-icon icon-email\"><\/i><\/a><\/div><div class=\"agent_unit_phone\"><a href=\"tel:0434810664\"><i class=\"immo-icon icon-phone\"><\/i><\/a><\/div>           \n        <\/div>\n    <\/div>\n<!-- <\/div>    --><\/div><div class=\"col-md-3 listing_wrapper\">    <div class=\"agent_unit city-castelnau-le-lez_34170\"  data-city=\"castelnau-le-lez_34170\">\n        <div class=\"agent-unit-img-wrapper\">\n                  \n            \n            \n         \n            <img class=\"img-slider-agent\" src=\"https:\/\/dev.as2web.fr\/immovance\/wp-content\/themes\/wpresidence\/img\/default_user.png\" alt=\"Image utilisateur\">        <\/div>    \n            \n\n        <p class=\"h3\"> <a href=\"https:\/\/dev.as2web.fr\/immovance\/conseiller\/laurence-giroud\">Laurence GIROUD<\/a><\/p>\n        <div class=\"agent_position\">230 route de N\u00eemes, 34170 Castelnau-le-Lez<\/div>\n     \n       \n        <div class=\"agent_unit_social agent_list\">\n        \n               \n               <div class=\"agent_unit_btn vc_btn3-container vc_btn3-left vc_btn\"><a class=\"vc_general vc_btn3 vc_btn3-size-md vc_btn3-shape-rounded vc_btn3-style-flat vc_btn3-color-red vc_btn\" href=\"https:\/\/dev.as2web.fr\/immovance\/conseiller\/laurence-giroud\">Consulter les biens<\/a><\/div><div class=\"agent_unit_email\"><a href=\"mailto:l.giroud@immovance.fr\"><i class=\"immo-icon icon-email\"><\/i><\/a><\/div><div class=\"agent_unit_phone\"><a href=\"tel:0620435216\"><i class=\"immo-icon icon-phone\"><\/i><\/a><\/div>           \n        <\/div>\n    <\/div>\n<!-- <\/div>    --><\/div><div class=\"col-md-3 listing_wrapper\">    <div class=\"agent_unit city-castelnau-le-lez_34170\"  data-city=\"castelnau-le-lez_34170\">\n        <div class=\"agent-unit-img-wrapper\">\n                  \n            \n            \n         \n            <img width=\"525\" height=\"700\" src=\"https:\/\/dev.as2web.fr\/immovance\/wp-content\/uploads\/2022\/03\/CYRIEL-MINARRO.jpg\" class=\"lazyload img-responsive wp-post-image\" alt=\"\" loading=\"lazy\" srcset=\"https:\/\/dev.as2web.fr\/immovance\/wp-content\/uploads\/2022\/03\/CYRIEL-MINARRO.jpg 525w, https:\/\/dev.as2web.fr\/immovance\/wp-content\/uploads\/2022\/03\/CYRIEL-MINARRO-225x300.jpg 225w\" sizes=\"(max-width: 525px) 100vw, 525px\" \/>        <\/div>    \n            \n\n        <p class=\"h3\"> <a href=\"https:\/\/dev.as2web.fr\/immovance\/conseiller\/cyriel-minarro\">CYRIEL MINARRO<\/a><\/p>\n        <div class=\"agent_position\">230 route de N\u00eemes, 34170 Castelnau-le-Lez<\/div>\n     \n       \n        <div class=\"agent_unit_social agent_list\">\n        \n               \n               <div class=\"agent_unit_btn vc_btn3-container vc_btn3-left vc_btn\"><a class=\"vc_general vc_btn3 vc_btn3-size-md vc_btn3-shape-rounded vc_btn3-style-flat vc_btn3-color-red vc_btn\" href=\"https:\/\/dev.as2web.fr\/immovance\/conseiller\/cyriel-minarro\">Consulter les biens<\/a><\/div><div class=\"agent_unit_email\"><a href=\"mailto:c.minarro@immovance.fr\"><i class=\"immo-icon icon-email\"><\/i><\/a><\/div><div class=\"agent_unit_phone\"><a href=\"tel:0631200200\"><i class=\"immo-icon icon-phone\"><\/i><\/a><\/div>           \n        <\/div>\n    <\/div>\n<!-- <\/div>    --><\/div><div class=\"col-md-3 listing_wrapper\">    <div class=\"agent_unit city-castelnau-le-lez_34170\"  data-city=\"castelnau-le-lez_34170\">\n        <div class=\"agent-unit-img-wrapper\">\n                  \n            \n            \n         \n            <img class=\"img-slider-agent\" src=\"https:\/\/dev.as2web.fr\/immovance\/wp-content\/themes\/wpresidence\/img\/default_user.png\" alt=\"Image utilisateur\">        <\/div>    \n            \n\n        <p class=\"h3\"> <a href=\"https:\/\/dev.as2web.fr\/immovance\/conseiller\/immovance-groupe\">Immovance Groupe<\/a><\/p>\n        <div class=\"agent_position\">230 route de N\u00eemes, 34170 Castelnau-le-Lez<\/div>\n     \n       \n        <div class=\"agent_unit_social agent_list\">\n        \n               \n               <div class=\"agent_unit_btn vc_btn3-container vc_btn3-left vc_btn\"><a class=\"vc_general vc_btn3 vc_btn3-size-md vc_btn3-shape-rounded vc_btn3-style-flat vc_btn3-color-red vc_btn\" href=\"https:\/\/dev.as2web.fr\/immovance\/conseiller\/immovance-groupe\">Consulter les biens<\/a><\/div><div class=\"agent_unit_email\"><a href=\"mailto:contact@immovance.fr\"><i class=\"immo-icon icon-email\"><\/i><\/a><\/div><div class=\"agent_unit_phone\"><a href=\"tel:0434810664\"><i class=\"immo-icon icon-phone\"><\/i><\/a><\/div>           \n        <\/div>\n    <\/div>\n<!-- <\/div>    --><\/div><div class=\"col-md-3 listing_wrapper\">    <div class=\"agent_unit city-castelnau-le-lez_34170\"  data-city=\"castelnau-le-lez_34170\">\n        <div class=\"agent-unit-img-wrapper\">\n                  \n            \n            \n         \n            <img width=\"240\" height=\"320\" src=\"https:\/\/dev.as2web.fr\/immovance\/wp-content\/uploads\/2022\/03\/Marie-Claire-CHAMES.jpg\" class=\"lazyload img-responsive wp-post-image\" alt=\"\" loading=\"lazy\" srcset=\"https:\/\/dev.as2web.fr\/immovance\/wp-content\/uploads\/2022\/03\/Marie-Claire-CHAMES.jpg 240w, https:\/\/dev.as2web.fr\/immovance\/wp-content\/uploads\/2022\/03\/Marie-Claire-CHAMES-225x300.jpg 225w\" sizes=\"(max-width: 240px) 100vw, 240px\" \/>        <\/div>    \n            \n\n        <p class=\"h3\"> <a href=\"https:\/\/dev.as2web.fr\/immovance\/conseiller\/marie-claire-chames\">Marie-Claire CH\u00c2MES<\/a><\/p>\n        <div class=\"agent_position\">230 route de N\u00eemes, 34170 Castelnau-le-Lez<\/div>\n     \n       \n        <div class=\"agent_unit_social agent_list\">\n        \n               \n               <div class=\"agent_unit_btn vc_btn3-container vc_btn3-left vc_btn\"><a class=\"vc_general vc_btn3 vc_btn3-size-md vc_btn3-shape-rounded vc_btn3-style-flat vc_btn3-color-red vc_btn\" href=\"https:\/\/dev.as2web.fr\/immovance\/conseiller\/marie-claire-chames\">Consulter les biens<\/a><\/div><div class=\"agent_unit_email\"><a href=\"mailto:mc.chames@immovance.fr\"><i class=\"immo-icon icon-email\"><\/i><\/a><\/div><div class=\"agent_unit_phone\"><a href=\"tel:0673088702\"><i class=\"immo-icon icon-phone\"><\/i><\/a><\/div>           \n        <\/div>\n    <\/div>\n<!-- <\/div>    --><\/div><div class=\"col-md-3 listing_wrapper\">    <div class=\"agent_unit city-paris_75000\"  data-city=\"paris_75000\">\n        <div class=\"agent-unit-img-wrapper\">\n                  \n            \n            \n         \n            <img class=\"img-slider-agent\" src=\"https:\/\/dev.as2web.fr\/immovance\/wp-content\/themes\/wpresidence\/img\/default_user.png\" alt=\"Image utilisateur\">        <\/div>    \n            \n\n        <p class=\"h3\"> <a href=\"https:\/\/dev.as2web.fr\/immovance\/conseiller\/mohamed-ali-ben-abbes\">Mohamed Ali BEN ABBES<\/a><\/p>\n        <div class=\"agent_position\">89 rue de la Jonqui\u00e8re, 75017 Paris<\/div>\n     \n       \n        <div class=\"agent_unit_social agent_list\">\n        \n               \n               <div class=\"agent_unit_btn vc_btn3-container vc_btn3-left vc_btn\"><a class=\"vc_general vc_btn3 vc_btn3-size-md vc_btn3-shape-rounded vc_btn3-style-flat vc_btn3-color-red vc_btn\" href=\"https:\/\/dev.as2web.fr\/immovance\/conseiller\/mohamed-ali-ben-abbes\">Consulter les biens<\/a><\/div><div class=\"agent_unit_email\"><a href=\"mailto:m.benabbes@immovance.fr\"><i class=\"immo-icon icon-email\"><\/i><\/a><\/div><div class=\"agent_unit_phone\"><a href=\"tel:0665139135\"><i class=\"immo-icon icon-phone\"><\/i><\/a><\/div>           \n        <\/div>\n    <\/div>\n<!-- <\/div>    --><\/div><div class=\"col-md-3 listing_wrapper\">    <div class=\"agent_unit city-paris_75000\"  data-city=\"paris_75000\">\n        <div class=\"agent-unit-img-wrapper\">\n                  \n            \n            \n         \n            <img width=\"525\" height=\"700\" src=\"https:\/\/dev.as2web.fr\/immovance\/wp-content\/uploads\/2022\/03\/RAPHAEL-BERTRAND.jpg\" class=\"lazyload img-responsive wp-post-image\" alt=\"\" loading=\"lazy\" srcset=\"https:\/\/dev.as2web.fr\/immovance\/wp-content\/uploads\/2022\/03\/RAPHAEL-BERTRAND.jpg 525w, https:\/\/dev.as2web.fr\/immovance\/wp-content\/uploads\/2022\/03\/RAPHAEL-BERTRAND-225x300.jpg 225w\" sizes=\"(max-width: 525px) 100vw, 525px\" \/>        <\/div>    \n            \n\n        <p class=\"h3\"> <a href=\"https:\/\/dev.as2web.fr\/immovance\/conseiller\/raphael-bertrand\">Rapha\u00ebl BERTRAND<\/a><\/p>\n        <div class=\"agent_position\">89 rue de la Jonqui\u00e8re, 75017 Paris<\/div>\n     \n       \n        <div class=\"agent_unit_social agent_list\">\n        \n               \n               <div class=\"agent_unit_btn vc_btn3-container vc_btn3-left vc_btn\"><a class=\"vc_general vc_btn3 vc_btn3-size-md vc_btn3-shape-rounded vc_btn3-style-flat vc_btn3-color-red vc_btn\" href=\"https:\/\/dev.as2web.fr\/immovance\/conseiller\/raphael-bertrand\">Consulter les biens<\/a><\/div><div class=\"agent_unit_email\"><a href=\"mailto:r.bertrand@immovance.fr\"><i class=\"immo-icon icon-email\"><\/i><\/a><\/div><div class=\"agent_unit_phone\"><a href=\"tel:0669501811\"><i class=\"immo-icon icon-phone\"><\/i><\/a><\/div>           \n        <\/div>\n    <\/div>\n<!-- <\/div>    --><\/div><div class=\"col-md-3 listing_wrapper\">    <div class=\"agent_unit city-paris_75000\"  data-city=\"paris_75000\">\n        <div class=\"agent-unit-img-wrapper\">\n                  \n            \n            \n         \n            <img class=\"img-slider-agent\" src=\"https:\/\/dev.as2web.fr\/immovance\/wp-content\/themes\/wpresidence\/img\/default_user.png\" alt=\"Image utilisateur\">        <\/div>    \n            \n\n        <p class=\"h3\"> <a href=\"https:\/\/dev.as2web.fr\/immovance\/conseiller\/carine-elmaleh\">Carine ELMALEH<\/a><\/p>\n        <div class=\"agent_position\">89 rue de la Jonqui\u00e8re, 75017 Paris<\/div>\n     \n       \n        <div class=\"agent_unit_social agent_list\">\n        \n               \n               <div class=\"agent_unit_btn vc_btn3-container vc_btn3-left vc_btn\"><a class=\"vc_general vc_btn3 vc_btn3-size-md vc_btn3-shape-rounded vc_btn3-style-flat vc_btn3-color-red vc_btn\" href=\"https:\/\/dev.as2web.fr\/immovance\/conseiller\/carine-elmaleh\">Consulter les biens<\/a><\/div><div class=\"agent_unit_email\"><a href=\"mailto:c.elmaleh@immovance.fr\"><i class=\"immo-icon icon-email\"><\/i><\/a><\/div><div class=\"agent_unit_phone\"><a href=\"tel:0622262719\"><i class=\"immo-icon icon-phone\"><\/i><\/a><\/div>           \n        <\/div>\n    <\/div>\n<!-- <\/div>    --><\/div><div class=\"col-md-3 listing_wrapper\">    <div class=\"agent_unit city-paris_75000\"  data-city=\"paris_75000\">\n        <div class=\"agent-unit-img-wrapper\">\n                  \n            \n            \n         \n            <img width=\"525\" height=\"933\" src=\"https:\/\/dev.as2web.fr\/immovance\/wp-content\/uploads\/2022\/03\/YANNICK-PARMENTIER.jpg\" class=\"lazyload img-responsive wp-post-image\" alt=\"\" loading=\"lazy\" srcset=\"https:\/\/dev.as2web.fr\/immovance\/wp-content\/uploads\/2022\/03\/YANNICK-PARMENTIER.jpg 525w, https:\/\/dev.as2web.fr\/immovance\/wp-content\/uploads\/2022\/03\/YANNICK-PARMENTIER-169x300.jpg 169w\" sizes=\"(max-width: 525px) 100vw, 525px\" \/>        <\/div>    \n            \n\n        <p class=\"h3\"> <a href=\"https:\/\/dev.as2web.fr\/immovance\/conseiller\/yannick-parmentier\">Yannick PARMENTIER<\/a><\/p>\n        <div class=\"agent_position\">89 rue de la Jonqui\u00e8re, 75017 Paris<\/div>\n     \n       \n        <div class=\"agent_unit_social agent_list\">\n        \n               \n               <div class=\"agent_unit_btn vc_btn3-container vc_btn3-left vc_btn\"><a class=\"vc_general vc_btn3 vc_btn3-size-md vc_btn3-shape-rounded vc_btn3-style-flat vc_btn3-color-red vc_btn\" href=\"https:\/\/dev.as2web.fr\/immovance\/conseiller\/yannick-parmentier\">Consulter les biens<\/a><\/div><div class=\"agent_unit_email\"><a href=\"mailto:y.parmentier@immovance.fr\"><i class=\"immo-icon icon-email\"><\/i><\/a><\/div><div class=\"agent_unit_phone\"><a href=\"tel:0616408622\"><i class=\"immo-icon icon-phone\"><\/i><\/a><\/div>           \n        <\/div>\n    <\/div>\n<!-- <\/div>    --><\/div><div class=\"col-md-3 listing_wrapper\">    <div class=\"agent_unit city-paris_75000\"  data-city=\"paris_75000\">\n        <div class=\"agent-unit-img-wrapper\">\n                  \n            \n            \n         \n            <img width=\"525\" height=\"725\" src=\"https:\/\/dev.as2web.fr\/immovance\/wp-content\/uploads\/2022\/03\/KARIM-AIT-ARKOUB.jpg\" class=\"lazyload img-responsive wp-post-image\" alt=\"\" loading=\"lazy\" srcset=\"https:\/\/dev.as2web.fr\/immovance\/wp-content\/uploads\/2022\/03\/KARIM-AIT-ARKOUB.jpg 525w, https:\/\/dev.as2web.fr\/immovance\/wp-content\/uploads\/2022\/03\/KARIM-AIT-ARKOUB-217x300.jpg 217w\" sizes=\"(max-width: 525px) 100vw, 525px\" \/>        <\/div>    \n            \n\n        <p class=\"h3\"> <a href=\"https:\/\/dev.as2web.fr\/immovance\/conseiller\/karim-ait-arkoub\">Karim AIT ARKOUB<\/a><\/p>\n        <div class=\"agent_position\">89 rue de la Jonqui\u00e8re, 75017 Paris<\/div>\n     \n       \n        <div class=\"agent_unit_social agent_list\">\n        \n               \n               <div class=\"agent_unit_btn vc_btn3-container vc_btn3-left vc_btn\"><a class=\"vc_general vc_btn3 vc_btn3-size-md vc_btn3-shape-rounded vc_btn3-style-flat vc_btn3-color-red vc_btn\" href=\"https:\/\/dev.as2web.fr\/immovance\/conseiller\/karim-ait-arkoub\">Consulter les biens<\/a><\/div><div class=\"agent_unit_email\"><a href=\"mailto:k.arkoub@immovance.fr\"><i class=\"immo-icon icon-email\"><\/i><\/a><\/div><div class=\"agent_unit_phone\"><a href=\"tel:0625710937\"><i class=\"immo-icon icon-phone\"><\/i><\/a><\/div>           \n        <\/div>\n    <\/div>\n<!-- <\/div>    --><\/div><div class=\"col-md-3 listing_wrapper\">    <div class=\"agent_unit city-jacou_34830\"  data-city=\"jacou_34830\">\n        <div class=\"agent-unit-img-wrapper\">\n                  \n            \n            \n         \n            <img width=\"525\" height=\"765\" src=\"https:\/\/dev.as2web.fr\/immovance\/wp-content\/uploads\/2022\/03\/CORENTIN-BIANCO-LEVRIN.jpg\" class=\"lazyload img-responsive wp-post-image\" alt=\"\" loading=\"lazy\" srcset=\"https:\/\/dev.as2web.fr\/immovance\/wp-content\/uploads\/2022\/03\/CORENTIN-BIANCO-LEVRIN.jpg 525w, https:\/\/dev.as2web.fr\/immovance\/wp-content\/uploads\/2022\/03\/CORENTIN-BIANCO-LEVRIN-206x300.jpg 206w\" sizes=\"(max-width: 525px) 100vw, 525px\" \/>        <\/div>    \n            \n\n        <p class=\"h3\"> <a href=\"https:\/\/dev.as2web.fr\/immovance\/conseiller\/corentin-bianco-levrin\">CORENTIN BIANCO-LEVRIN<\/a><\/p>\n        <div class=\"agent_position\">7 avenue de Vendargues, 34830 Jacou<\/div>\n     \n       \n        <div class=\"agent_unit_social agent_list\">\n        \n               \n               <div class=\"agent_unit_btn vc_btn3-container vc_btn3-left vc_btn\"><a class=\"vc_general vc_btn3 vc_btn3-size-md vc_btn3-shape-rounded vc_btn3-style-flat vc_btn3-color-red vc_btn\" href=\"https:\/\/dev.as2web.fr\/immovance\/conseiller\/corentin-bianco-levrin\">Consulter les biens<\/a><\/div><div class=\"agent_unit_email\"><a href=\"mailto:c.bianco@immovance.fr\"><i class=\"immo-icon icon-email\"><\/i><\/a><\/div><div class=\"agent_unit_phone\"><a href=\"tel:0660766792\"><i class=\"immo-icon icon-phone\"><\/i><\/a><\/div>           \n        <\/div>\n    <\/div>\n<!-- <\/div>    --><\/div><div class=\"col-md-3 listing_wrapper\">    <div class=\"agent_unit city-jacou_34830\"  data-city=\"jacou_34830\">\n        <div class=\"agent-unit-img-wrapper\">\n                  \n            \n            \n         \n            <img width=\"525\" height=\"702\" src=\"https:\/\/dev.as2web.fr\/immovance\/wp-content\/uploads\/2022\/03\/BENJAMIN-CLERGUE.jpg\" class=\"lazyload img-responsive wp-post-image\" alt=\"\" loading=\"lazy\" srcset=\"https:\/\/dev.as2web.fr\/immovance\/wp-content\/uploads\/2022\/03\/BENJAMIN-CLERGUE.jpg 525w, https:\/\/dev.as2web.fr\/immovance\/wp-content\/uploads\/2022\/03\/BENJAMIN-CLERGUE-224x300.jpg 224w\" sizes=\"(max-width: 525px) 100vw, 525px\" \/>        <\/div>    \n            \n\n        <p class=\"h3\"> <a href=\"https:\/\/dev.as2web.fr\/immovance\/conseiller\/benjamin-clergue\">Benjamin CLERGUE<\/a><\/p>\n        <div class=\"agent_position\">7 avenue de Vendargues, 34830 Jacou<\/div>\n     \n       \n        <div class=\"agent_unit_social agent_list\">\n        \n               \n               <div class=\"agent_unit_btn vc_btn3-container vc_btn3-left vc_btn\"><a class=\"vc_general vc_btn3 vc_btn3-size-md vc_btn3-shape-rounded vc_btn3-style-flat vc_btn3-color-red vc_btn\" href=\"https:\/\/dev.as2web.fr\/immovance\/conseiller\/benjamin-clergue\">Consulter les biens<\/a><\/div><div class=\"agent_unit_email\"><a href=\"mailto:b.clergue@immovance.fr\"><i class=\"immo-icon icon-email\"><\/i><\/a><\/div><div class=\"agent_unit_phone\"><a href=\"tel:0645550529\"><i class=\"immo-icon icon-phone\"><\/i><\/a><\/div>           \n        <\/div>\n    <\/div>\n<!-- <\/div>    --><\/div><div class=\"col-md-3 listing_wrapper\">    <div class=\"agent_unit city-jacou_34830\"  data-city=\"jacou_34830\">\n        <div class=\"agent-unit-img-wrapper\">\n                  \n            \n            \n         \n            <img width=\"525\" height=\"700\" src=\"https:\/\/dev.as2web.fr\/immovance\/wp-content\/uploads\/2022\/03\/MARGAUX-VAYSSETTES.jpg\" class=\"lazyload img-responsive wp-post-image\" alt=\"\" loading=\"lazy\" srcset=\"https:\/\/dev.as2web.fr\/immovance\/wp-content\/uploads\/2022\/03\/MARGAUX-VAYSSETTES.jpg 525w, https:\/\/dev.as2web.fr\/immovance\/wp-content\/uploads\/2022\/03\/MARGAUX-VAYSSETTES-225x300.jpg 225w\" sizes=\"(max-width: 525px) 100vw, 525px\" \/>        <\/div>    \n            \n\n        <p class=\"h3\"> <a href=\"https:\/\/dev.as2web.fr\/immovance\/conseiller\/margaux-vayssettes\">MARGAUX VAYSSETTES<\/a><\/p>\n        <div class=\"agent_position\">7 avenue de Vendargues, 34830 Jacou<\/div>\n     \n       \n        <div class=\"agent_unit_social agent_list\">\n        \n               \n               <div class=\"agent_unit_btn vc_btn3-container vc_btn3-left vc_btn\"><a class=\"vc_general vc_btn3 vc_btn3-size-md vc_btn3-shape-rounded vc_btn3-style-flat vc_btn3-color-red vc_btn\" href=\"https:\/\/dev.as2web.fr\/immovance\/conseiller\/margaux-vayssettes\">Consulter les biens<\/a><\/div><div class=\"agent_unit_email\"><a href=\"mailto:m.vayssettes@immovance.fr\"><i class=\"immo-icon icon-email\"><\/i><\/a><\/div><div class=\"agent_unit_phone\"><a href=\"tel:0695003453\"><i class=\"immo-icon icon-phone\"><\/i><\/a><\/div>           \n        <\/div>\n    <\/div>\n<!-- <\/div>    --><\/div><div class=\"col-md-3 listing_wrapper\">    <div class=\"agent_unit city-jacou_34830\"  data-city=\"jacou_34830\">\n        <div class=\"agent-unit-img-wrapper\">\n                  \n            \n            \n         \n            <img class=\"img-slider-agent\" src=\"https:\/\/dev.as2web.fr\/immovance\/wp-content\/themes\/wpresidence\/img\/default_user.png\" alt=\"Image utilisateur\">        <\/div>    \n            \n\n        <p class=\"h3\"> <a href=\"https:\/\/dev.as2web.fr\/immovance\/conseiller\/jeremie-ruiz\">J\u00e9r\u00e9mie RUIZ<\/a><\/p>\n        <div class=\"agent_position\">7 avenue de Vendargues, 34830 Jacou<\/div>\n     \n       \n        <div class=\"agent_unit_social agent_list\">\n        \n               \n               <div class=\"agent_unit_btn vc_btn3-container vc_btn3-left vc_btn\"><a class=\"vc_general vc_btn3 vc_btn3-size-md vc_btn3-shape-rounded vc_btn3-style-flat vc_btn3-color-red vc_btn\" href=\"https:\/\/dev.as2web.fr\/immovance\/conseiller\/jeremie-ruiz\">Consulter les biens<\/a><\/div><div class=\"agent_unit_email\"><a href=\"mailto:j.ruiz@immovance.fr\"><i class=\"immo-icon icon-email\"><\/i><\/a><\/div><div class=\"agent_unit_phone\"><a href=\"tel:0626270125\"><i class=\"immo-icon icon-phone\"><\/i><\/a><\/div>           \n        <\/div>\n    <\/div>\n<!-- <\/div>    --><\/div><div class=\"col-md-3 listing_wrapper\">    <div class=\"agent_unit city-jacou_34830\"  data-city=\"jacou_34830\">\n        <div class=\"agent-unit-img-wrapper\">\n                  \n            \n            \n         \n            <img width=\"525\" height=\"466\" src=\"https:\/\/dev.as2web.fr\/immovance\/wp-content\/uploads\/2022\/03\/BLAYA-CESAR.jpg\" class=\"lazyload img-responsive wp-post-image\" alt=\"\" loading=\"lazy\" srcset=\"https:\/\/dev.as2web.fr\/immovance\/wp-content\/uploads\/2022\/03\/BLAYA-CESAR.jpg 525w, https:\/\/dev.as2web.fr\/immovance\/wp-content\/uploads\/2022\/03\/BLAYA-CESAR-300x266.jpg 300w\" sizes=\"(max-width: 525px) 100vw, 525px\" \/>        <\/div>    \n            \n\n        <p class=\"h3\"> <a href=\"https:\/\/dev.as2web.fr\/immovance\/conseiller\/cesar-blaya\">CESAR BLAYA<\/a><\/p>\n        <div class=\"agent_position\">7 avenue de Vendargues, 34830 Jacou<\/div>\n     \n       \n        <div class=\"agent_unit_social agent_list\">\n        \n               \n               <div class=\"agent_unit_btn vc_btn3-container vc_btn3-left vc_btn\"><a class=\"vc_general vc_btn3 vc_btn3-size-md vc_btn3-shape-rounded vc_btn3-style-flat vc_btn3-color-red vc_btn\" href=\"https:\/\/dev.as2web.fr\/immovance\/conseiller\/cesar-blaya\">Consulter les biens<\/a><\/div><div class=\"agent_unit_email\"><a href=\"mailto:c.blaya@immovance.fr\"><i class=\"immo-icon icon-email\"><\/i><\/a><\/div><div class=\"agent_unit_phone\"><a href=\"tel:0623326483\"><i class=\"immo-icon icon-phone\"><\/i><\/a><\/div>           \n        <\/div>\n    <\/div>\n<!-- <\/div>    --><\/div><div class=\"col-md-3 listing_wrapper\">    <div class=\"agent_unit city-lattes_34970\"  data-city=\"lattes_34970\">\n        <div class=\"agent-unit-img-wrapper\">\n                  \n            \n            \n         \n            <img class=\"img-slider-agent\" src=\"https:\/\/dev.as2web.fr\/immovance\/wp-content\/themes\/wpresidence\/img\/default_user.png\" alt=\"Image utilisateur\">        <\/div>    \n            \n\n        <p class=\"h3\"> <a href=\"https:\/\/dev.as2web.fr\/immovance\/conseiller\/patrick-kubiak\">Patrick KUBIAK<\/a><\/p>\n        <div class=\"agent_position\">Place d&#039;Aragon , 34970 Lattes<\/div>\n     \n       \n        <div class=\"agent_unit_social agent_list\">\n        \n               \n               <div class=\"agent_unit_btn vc_btn3-container vc_btn3-left vc_btn\"><a class=\"vc_general vc_btn3 vc_btn3-size-md vc_btn3-shape-rounded vc_btn3-style-flat vc_btn3-color-red vc_btn\" href=\"https:\/\/dev.as2web.fr\/immovance\/conseiller\/patrick-kubiak\">Consulter les biens<\/a><\/div><div class=\"agent_unit_email\"><a href=\"mailto:p.kubiak@immovance.fr\"><i class=\"immo-icon icon-email\"><\/i><\/a><\/div><div class=\"agent_unit_phone\"><a href=\"tel:0681457068\"><i class=\"immo-icon icon-phone\"><\/i><\/a><\/div>           \n        <\/div>\n    <\/div>\n<!-- <\/div>    --><\/div><div class=\"col-md-3 listing_wrapper\">    <div class=\"agent_unit city-lattes_34970\"  data-city=\"lattes_34970\">\n        <div class=\"agent-unit-img-wrapper\">\n                  \n            \n            \n         \n            <img class=\"img-slider-agent\" src=\"https:\/\/dev.as2web.fr\/immovance\/wp-content\/themes\/wpresidence\/img\/default_user.png\" alt=\"Image utilisateur\">        <\/div>    \n            \n\n        <p class=\"h3\"> <a href=\"https:\/\/dev.as2web.fr\/immovance\/conseiller\/damien-georges\">Damien GEORGES<\/a><\/p>\n        <div class=\"agent_position\">Place d&#039;Aragon , 34970 Lattes<\/div>\n     \n       \n        <div class=\"agent_unit_social agent_list\">\n        \n               \n               <div class=\"agent_unit_btn vc_btn3-container vc_btn3-left vc_btn\"><a class=\"vc_general vc_btn3 vc_btn3-size-md vc_btn3-shape-rounded vc_btn3-style-flat vc_btn3-color-red vc_btn\" href=\"https:\/\/dev.as2web.fr\/immovance\/conseiller\/damien-georges\">Consulter les biens<\/a><\/div><div class=\"agent_unit_email\"><a href=\"mailto:d.georges.arcade@gmail.com\"><i class=\"immo-icon icon-email\"><\/i><\/a><\/div><div class=\"agent_unit_phone\"><a href=\"tel:0783872887\"><i class=\"immo-icon icon-phone\"><\/i><\/a><\/div>           \n        <\/div>\n    <\/div>\n<!-- <\/div>    --><\/div><div class=\"col-md-3 listing_wrapper\">    <div class=\"agent_unit city-montpellier_34000\"  data-city=\"montpellier_34000\">\n        <div class=\"agent-unit-img-wrapper\">\n                  \n            \n            \n         \n            <img width=\"525\" height=\"604\" src=\"https:\/\/dev.as2web.fr\/immovance\/wp-content\/uploads\/2022\/03\/AGNES-BRUIC.jpg\" class=\"lazyload img-responsive wp-post-image\" alt=\"\" loading=\"lazy\" srcset=\"https:\/\/dev.as2web.fr\/immovance\/wp-content\/uploads\/2022\/03\/AGNES-BRUIC.jpg 525w, https:\/\/dev.as2web.fr\/immovance\/wp-content\/uploads\/2022\/03\/AGNES-BRUIC-261x300.jpg 261w\" sizes=\"(max-width: 525px) 100vw, 525px\" \/>        <\/div>    \n            \n\n        <p class=\"h3\"> <a href=\"https:\/\/dev.as2web.fr\/immovance\/conseiller\/agnes-bruic\">Agnes BRUIC<\/a><\/p>\n        <div class=\"agent_position\">7 rue Fr\u00e9d\u00e9ric Bazille, 34000 Montpellier<\/div>\n     \n       \n        <div class=\"agent_unit_social agent_list\">\n        \n               \n               <div class=\"agent_unit_btn vc_btn3-container vc_btn3-left vc_btn\"><a class=\"vc_general vc_btn3 vc_btn3-size-md vc_btn3-shape-rounded vc_btn3-style-flat vc_btn3-color-red vc_btn\" href=\"https:\/\/dev.as2web.fr\/immovance\/conseiller\/agnes-bruic\">Consulter les biens<\/a><\/div><div class=\"agent_unit_email\"><a href=\"mailto:a.bruic@immovance.fr\"><i class=\"immo-icon icon-email\"><\/i><\/a><\/div><div class=\"agent_unit_phone\"><a href=\"tel:0612885365\"><i class=\"immo-icon icon-phone\"><\/i><\/a><\/div>           \n        <\/div>\n    <\/div>\n<!-- <\/div>    --><\/div><div class=\"col-md-3 listing_wrapper\">    <div class=\"agent_unit city-montpellier_34000\"  data-city=\"montpellier_34000\">\n        <div class=\"agent-unit-img-wrapper\">\n                  \n            \n            \n         \n            <img width=\"525\" height=\"525\" src=\"https:\/\/dev.as2web.fr\/immovance\/wp-content\/uploads\/2022\/03\/ANNE-BOUISSON.jpg\" class=\"lazyload img-responsive wp-post-image\" alt=\"\" loading=\"lazy\" srcset=\"https:\/\/dev.as2web.fr\/immovance\/wp-content\/uploads\/2022\/03\/ANNE-BOUISSON.jpg 525w, https:\/\/dev.as2web.fr\/immovance\/wp-content\/uploads\/2022\/03\/ANNE-BOUISSON-300x300.jpg 300w, https:\/\/dev.as2web.fr\/immovance\/wp-content\/uploads\/2022\/03\/ANNE-BOUISSON-150x150.jpg 150w, https:\/\/dev.as2web.fr\/immovance\/wp-content\/uploads\/2022\/03\/ANNE-BOUISSON-120x120.jpg 120w, https:\/\/dev.as2web.fr\/immovance\/wp-content\/uploads\/2022\/03\/ANNE-BOUISSON-45x45.jpg 45w, https:\/\/dev.as2web.fr\/immovance\/wp-content\/uploads\/2022\/03\/ANNE-BOUISSON-36x36.jpg 36w\" sizes=\"(max-width: 525px) 100vw, 525px\" \/>        <\/div>    \n            \n\n        <p class=\"h3\"> <a href=\"https:\/\/dev.as2web.fr\/immovance\/conseiller\/anne-bouisson\">Anne BOUISSON<\/a><\/p>\n        <div class=\"agent_position\">7 rue Fr\u00e9d\u00e9ric Bazille, 34000 Montpellier<\/div>\n     \n       \n        <div class=\"agent_unit_social agent_list\">\n        \n               \n               <div class=\"agent_unit_btn vc_btn3-container vc_btn3-left vc_btn\"><a class=\"vc_general vc_btn3 vc_btn3-size-md vc_btn3-shape-rounded vc_btn3-style-flat vc_btn3-color-red vc_btn\" href=\"https:\/\/dev.as2web.fr\/immovance\/conseiller\/anne-bouisson\">Consulter les biens<\/a><\/div><div class=\"agent_unit_email\"><a href=\"mailto:a.bouisson@immovance.fr\"><i class=\"immo-icon icon-email\"><\/i><\/a><\/div><div class=\"agent_unit_phone\"><a href=\"tel:0768204587\"><i class=\"immo-icon icon-phone\"><\/i><\/a><\/div>           \n        <\/div>\n    <\/div>\n<!-- <\/div>    --><\/div><div class=\"col-md-3 listing_wrapper\">    <div class=\"agent_unit city-montpellier_34000\"  data-city=\"montpellier_34000\">\n        <div class=\"agent-unit-img-wrapper\">\n                  \n            \n            \n         \n            <img width=\"525\" height=\"525\" src=\"https:\/\/dev.as2web.fr\/immovance\/wp-content\/uploads\/2022\/03\/LAURENT-PHALIPPOU.jpg\" class=\"lazyload img-responsive wp-post-image\" alt=\"\" loading=\"lazy\" srcset=\"https:\/\/dev.as2web.fr\/immovance\/wp-content\/uploads\/2022\/03\/LAURENT-PHALIPPOU.jpg 525w, https:\/\/dev.as2web.fr\/immovance\/wp-content\/uploads\/2022\/03\/LAURENT-PHALIPPOU-300x300.jpg 300w, https:\/\/dev.as2web.fr\/immovance\/wp-content\/uploads\/2022\/03\/LAURENT-PHALIPPOU-150x150.jpg 150w, https:\/\/dev.as2web.fr\/immovance\/wp-content\/uploads\/2022\/03\/LAURENT-PHALIPPOU-120x120.jpg 120w, https:\/\/dev.as2web.fr\/immovance\/wp-content\/uploads\/2022\/03\/LAURENT-PHALIPPOU-45x45.jpg 45w, https:\/\/dev.as2web.fr\/immovance\/wp-content\/uploads\/2022\/03\/LAURENT-PHALIPPOU-36x36.jpg 36w\" sizes=\"(max-width: 525px) 100vw, 525px\" \/>        <\/div>    \n            \n\n        <p class=\"h3\"> <a href=\"https:\/\/dev.as2web.fr\/immovance\/conseiller\/laurent-phalippou\">Laurent PHALIPPOU<\/a><\/p>\n        <div class=\"agent_position\">7 rue Fr\u00e9d\u00e9ric Bazille, 34000 Montpellier<\/div>\n     \n       \n        <div class=\"agent_unit_social agent_list\">\n        \n               \n               <div class=\"agent_unit_btn vc_btn3-container vc_btn3-left vc_btn\"><a class=\"vc_general vc_btn3 vc_btn3-size-md vc_btn3-shape-rounded vc_btn3-style-flat vc_btn3-color-red vc_btn\" href=\"https:\/\/dev.as2web.fr\/immovance\/conseiller\/laurent-phalippou\">Consulter les biens<\/a><\/div><div class=\"agent_unit_email\"><a href=\"mailto:l.phalippou@immovance.fr\"><i class=\"immo-icon icon-email\"><\/i><\/a><\/div><div class=\"agent_unit_phone\"><a href=\"tel:0633457910\"><i class=\"immo-icon icon-phone\"><\/i><\/a><\/div>           \n        <\/div>\n    <\/div>\n<!-- <\/div>    --><\/div><div class=\"col-md-3 listing_wrapper\">    <div class=\"agent_unit city-montpellier_34000\"  data-city=\"montpellier_34000\">\n        <div class=\"agent-unit-img-wrapper\">\n                  \n            \n            \n         \n            <img width=\"525\" height=\"525\" src=\"https:\/\/dev.as2web.fr\/immovance\/wp-content\/uploads\/2022\/03\/ELSA-AGNETTI.jpg\" class=\"lazyload img-responsive wp-post-image\" alt=\"\" loading=\"lazy\" srcset=\"https:\/\/dev.as2web.fr\/immovance\/wp-content\/uploads\/2022\/03\/ELSA-AGNETTI.jpg 525w, https:\/\/dev.as2web.fr\/immovance\/wp-content\/uploads\/2022\/03\/ELSA-AGNETTI-300x300.jpg 300w, https:\/\/dev.as2web.fr\/immovance\/wp-content\/uploads\/2022\/03\/ELSA-AGNETTI-150x150.jpg 150w, https:\/\/dev.as2web.fr\/immovance\/wp-content\/uploads\/2022\/03\/ELSA-AGNETTI-120x120.jpg 120w, https:\/\/dev.as2web.fr\/immovance\/wp-content\/uploads\/2022\/03\/ELSA-AGNETTI-45x45.jpg 45w, https:\/\/dev.as2web.fr\/immovance\/wp-content\/uploads\/2022\/03\/ELSA-AGNETTI-36x36.jpg 36w\" sizes=\"(max-width: 525px) 100vw, 525px\" \/>        <\/div>    \n            \n\n        <p class=\"h3\"> <a href=\"https:\/\/dev.as2web.fr\/immovance\/conseiller\/elsa-agnetti\">Elsa AGNETTI<\/a><\/p>\n        <div class=\"agent_position\">7 rue Fr\u00e9d\u00e9ric Bazille, 34000 Montpellier<\/div>\n     \n       \n        <div class=\"agent_unit_social agent_list\">\n        \n               \n               <div class=\"agent_unit_btn vc_btn3-container vc_btn3-left vc_btn\"><a class=\"vc_general vc_btn3 vc_btn3-size-md vc_btn3-shape-rounded vc_btn3-style-flat vc_btn3-color-red vc_btn\" href=\"https:\/\/dev.as2web.fr\/immovance\/conseiller\/elsa-agnetti\">Consulter les biens<\/a><\/div><div class=\"agent_unit_email\"><a href=\"mailto:e.agnetti@immovance.fr\"><i class=\"immo-icon icon-email\"><\/i><\/a><\/div><div class=\"agent_unit_phone\"><a href=\"tel:0646836879\"><i class=\"immo-icon icon-phone\"><\/i><\/a><\/div>           \n        <\/div>\n    <\/div>\n<!-- <\/div>    --><\/div><div class=\"col-md-3 listing_wrapper\">    <div class=\"agent_unit city-montpellier_34000\"  data-city=\"montpellier_34000\">\n        <div class=\"agent-unit-img-wrapper\">\n                  \n            \n            \n         \n            <img width=\"525\" height=\"525\" src=\"https:\/\/dev.as2web.fr\/immovance\/wp-content\/uploads\/2022\/03\/OLIVIER-LACAN.jpg\" class=\"lazyload img-responsive wp-post-image\" alt=\"\" loading=\"lazy\" srcset=\"https:\/\/dev.as2web.fr\/immovance\/wp-content\/uploads\/2022\/03\/OLIVIER-LACAN.jpg 525w, https:\/\/dev.as2web.fr\/immovance\/wp-content\/uploads\/2022\/03\/OLIVIER-LACAN-300x300.jpg 300w, https:\/\/dev.as2web.fr\/immovance\/wp-content\/uploads\/2022\/03\/OLIVIER-LACAN-150x150.jpg 150w, https:\/\/dev.as2web.fr\/immovance\/wp-content\/uploads\/2022\/03\/OLIVIER-LACAN-120x120.jpg 120w, https:\/\/dev.as2web.fr\/immovance\/wp-content\/uploads\/2022\/03\/OLIVIER-LACAN-45x45.jpg 45w, https:\/\/dev.as2web.fr\/immovance\/wp-content\/uploads\/2022\/03\/OLIVIER-LACAN-36x36.jpg 36w\" sizes=\"(max-width: 525px) 100vw, 525px\" \/>        <\/div>    \n            \n\n        <p class=\"h3\"> <a href=\"https:\/\/dev.as2web.fr\/immovance\/conseiller\/olivier-lacan\">Olivier LACAN<\/a><\/p>\n        <div class=\"agent_position\">7 rue Fr\u00e9d\u00e9ric Bazille, 34000 Montpellier<\/div>\n     \n       \n        <div class=\"agent_unit_social agent_list\">\n        \n               \n               <div class=\"agent_unit_btn vc_btn3-container vc_btn3-left vc_btn\"><a class=\"vc_general vc_btn3 vc_btn3-size-md vc_btn3-shape-rounded vc_btn3-style-flat vc_btn3-color-red vc_btn\" href=\"https:\/\/dev.as2web.fr\/immovance\/conseiller\/olivier-lacan\">Consulter les biens<\/a><\/div><div class=\"agent_unit_email\"><a href=\"mailto:o.lacan@immovance.fr\"><i class=\"immo-icon icon-email\"><\/i><\/a><\/div><div class=\"agent_unit_phone\"><a href=\"tel:0682367290\"><i class=\"immo-icon icon-phone\"><\/i><\/a><\/div>           \n        <\/div>\n    <\/div>\n<!-- <\/div>    --><\/div><div class=\"col-md-3 listing_wrapper\">    <div class=\"agent_unit city-montpellier_34000\"  data-city=\"montpellier_34000\">\n        <div class=\"agent-unit-img-wrapper\">\n                  \n            \n            \n         \n            <img width=\"525\" height=\"548\" src=\"https:\/\/dev.as2web.fr\/immovance\/wp-content\/uploads\/2022\/03\/AURELIEN-PHAN.jpg\" class=\"lazyload img-responsive wp-post-image\" alt=\"\" loading=\"lazy\" srcset=\"https:\/\/dev.as2web.fr\/immovance\/wp-content\/uploads\/2022\/03\/AURELIEN-PHAN.jpg 525w, https:\/\/dev.as2web.fr\/immovance\/wp-content\/uploads\/2022\/03\/AURELIEN-PHAN-287x300.jpg 287w\" sizes=\"(max-width: 525px) 100vw, 525px\" \/>        <\/div>    \n            \n\n        <p class=\"h3\"> <a href=\"https:\/\/dev.as2web.fr\/immovance\/conseiller\/aurelien-phan\">Aur\u00e9lien PHAN<\/a><\/p>\n        <div class=\"agent_position\">7 rue Fr\u00e9d\u00e9ric Bazille, 34000 Montpellier<\/div>\n     \n       \n        <div class=\"agent_unit_social agent_list\">\n        \n               \n               <div class=\"agent_unit_btn vc_btn3-container vc_btn3-left vc_btn\"><a class=\"vc_general vc_btn3 vc_btn3-size-md vc_btn3-shape-rounded vc_btn3-style-flat vc_btn3-color-red vc_btn\" href=\"https:\/\/dev.as2web.fr\/immovance\/conseiller\/aurelien-phan\">Consulter les biens<\/a><\/div><div class=\"agent_unit_email\"><a href=\"mailto:a.phan@immovance.fr\"><i class=\"immo-icon icon-email\"><\/i><\/a><\/div><div class=\"agent_unit_phone\"><a href=\"tel:0671202569\"><i class=\"immo-icon icon-phone\"><\/i><\/a><\/div>           \n        <\/div>\n    <\/div>\n<!-- <\/div>    --><\/div><div class=\"col-md-3 listing_wrapper\">    <div class=\"agent_unit city-montpellier_34000\"  data-city=\"montpellier_34000\">\n        <div class=\"agent-unit-img-wrapper\">\n                  \n            \n            \n         \n            <img width=\"525\" height=\"295\" src=\"https:\/\/dev.as2web.fr\/immovance\/wp-content\/uploads\/2022\/03\/MARINE-GOMEZ.jpeg\" class=\"lazyload img-responsive wp-post-image\" alt=\"\" loading=\"lazy\" srcset=\"https:\/\/dev.as2web.fr\/immovance\/wp-content\/uploads\/2022\/03\/MARINE-GOMEZ.jpeg 525w, https:\/\/dev.as2web.fr\/immovance\/wp-content\/uploads\/2022\/03\/MARINE-GOMEZ-300x169.jpeg 300w, https:\/\/dev.as2web.fr\/immovance\/wp-content\/uploads\/2022\/03\/MARINE-GOMEZ-255x143.jpeg 255w\" sizes=\"(max-width: 525px) 100vw, 525px\" \/>        <\/div>    \n            \n\n        <p class=\"h3\"> <a href=\"https:\/\/dev.as2web.fr\/immovance\/conseiller\/marine-gomez\">Marine GOMEZ<\/a><\/p>\n        <div class=\"agent_position\">7 rue Fr\u00e9d\u00e9ric Bazille, 34000 Montpellier<\/div>\n     \n       \n        <div class=\"agent_unit_social agent_list\">\n        \n               \n               <div class=\"agent_unit_btn vc_btn3-container vc_btn3-left vc_btn\"><a class=\"vc_general vc_btn3 vc_btn3-size-md vc_btn3-shape-rounded vc_btn3-style-flat vc_btn3-color-red vc_btn\" href=\"https:\/\/dev.as2web.fr\/immovance\/conseiller\/marine-gomez\">Consulter les biens<\/a><\/div><div class=\"agent_unit_email\"><a href=\"mailto:m.gomez@immovance.fr\"><i class=\"immo-icon icon-email\"><\/i><\/a><\/div><div class=\"agent_unit_phone\"><a href=\"tel:0750982721\"><i class=\"immo-icon icon-phone\"><\/i><\/a><\/div>           \n        <\/div>\n    <\/div>\n<!-- <\/div>    --><\/div><div class=\"col-md-3 listing_wrapper\">    <div class=\"agent_unit city-montpellier_34000\"  data-city=\"montpellier_34000\">\n        <div class=\"agent-unit-img-wrapper\">\n                  \n            \n            \n         \n            <img width=\"525\" height=\"295\" src=\"https:\/\/dev.as2web.fr\/immovance\/wp-content\/uploads\/2022\/03\/MICHEL-DUMONT.jpg\" class=\"lazyload img-responsive wp-post-image\" alt=\"\" loading=\"lazy\" srcset=\"https:\/\/dev.as2web.fr\/immovance\/wp-content\/uploads\/2022\/03\/MICHEL-DUMONT.jpg 525w, https:\/\/dev.as2web.fr\/immovance\/wp-content\/uploads\/2022\/03\/MICHEL-DUMONT-300x169.jpg 300w, https:\/\/dev.as2web.fr\/immovance\/wp-content\/uploads\/2022\/03\/MICHEL-DUMONT-255x143.jpg 255w\" sizes=\"(max-width: 525px) 100vw, 525px\" \/>        <\/div>    \n            \n\n        <p class=\"h3\"> <a href=\"https:\/\/dev.as2web.fr\/immovance\/conseiller\/michel-dumont\">Michel DUMONT<\/a><\/p>\n        <div class=\"agent_position\">7 rue Fr\u00e9d\u00e9ric Bazille, 34000 Montpellier<\/div>\n     \n       \n        <div class=\"agent_unit_social agent_list\">\n        \n               \n               <div class=\"agent_unit_btn vc_btn3-container vc_btn3-left vc_btn\"><a class=\"vc_general vc_btn3 vc_btn3-size-md vc_btn3-shape-rounded vc_btn3-style-flat vc_btn3-color-red vc_btn\" href=\"https:\/\/dev.as2web.fr\/immovance\/conseiller\/michel-dumont\">Consulter les biens<\/a><\/div><div class=\"agent_unit_email\"><a href=\"mailto:m.dumont@immovance.fr\"><i class=\"immo-icon icon-email\"><\/i><\/a><\/div><div class=\"agent_unit_phone\"><a href=\"tel:0650192960\"><i class=\"immo-icon icon-phone\"><\/i><\/a><\/div>           \n        <\/div>\n    <\/div>\n<!-- <\/div>    --><\/div><div class=\"col-md-3 listing_wrapper\">    <div class=\"agent_unit city-montpellier_34000\"  data-city=\"montpellier_34000\">\n        <div class=\"agent-unit-img-wrapper\">\n                  \n            \n            \n         \n            <img width=\"525\" height=\"295\" src=\"https:\/\/dev.as2web.fr\/immovance\/wp-content\/uploads\/2022\/03\/GUILHEM-SORO.jpg\" class=\"lazyload img-responsive wp-post-image\" alt=\"\" loading=\"lazy\" srcset=\"https:\/\/dev.as2web.fr\/immovance\/wp-content\/uploads\/2022\/03\/GUILHEM-SORO.jpg 525w, https:\/\/dev.as2web.fr\/immovance\/wp-content\/uploads\/2022\/03\/GUILHEM-SORO-300x169.jpg 300w, https:\/\/dev.as2web.fr\/immovance\/wp-content\/uploads\/2022\/03\/GUILHEM-SORO-255x143.jpg 255w\" sizes=\"(max-width: 525px) 100vw, 525px\" \/>        <\/div>    \n            \n\n        <p class=\"h3\"> <a href=\"https:\/\/dev.as2web.fr\/immovance\/conseiller\/guilhem-soro\">Guilhem SORO<\/a><\/p>\n        <div class=\"agent_position\">7 rue Fr\u00e9d\u00e9ric Bazille, 34000 Montpellier<\/div>\n     \n       \n        <div class=\"agent_unit_social agent_list\">\n        \n               \n               <div class=\"agent_unit_btn vc_btn3-container vc_btn3-left vc_btn\"><a class=\"vc_general vc_btn3 vc_btn3-size-md vc_btn3-shape-rounded vc_btn3-style-flat vc_btn3-color-red vc_btn\" href=\"https:\/\/dev.as2web.fr\/immovance\/conseiller\/guilhem-soro\">Consulter les biens<\/a><\/div><div class=\"agent_unit_email\"><a href=\"mailto:g.soro@immovance.fr\"><i class=\"immo-icon icon-email\"><\/i><\/a><\/div><div class=\"agent_unit_phone\"><a href=\"tel:0675747414\"><i class=\"immo-icon icon-phone\"><\/i><\/a><\/div>           \n        <\/div>\n    <\/div>\n<!-- <\/div>    --><\/div><div class=\"col-md-3 listing_wrapper\">    <div class=\"agent_unit city-montpellier_34000\"  data-city=\"montpellier_34000\">\n        <div class=\"agent-unit-img-wrapper\">\n                  \n            \n            \n         \n            <img width=\"525\" height=\"525\" src=\"https:\/\/dev.as2web.fr\/immovance\/wp-content\/uploads\/2022\/03\/HUGO-GENOYER.jpeg\" class=\"lazyload img-responsive wp-post-image\" alt=\"\" loading=\"lazy\" srcset=\"https:\/\/dev.as2web.fr\/immovance\/wp-content\/uploads\/2022\/03\/HUGO-GENOYER.jpeg 525w, https:\/\/dev.as2web.fr\/immovance\/wp-content\/uploads\/2022\/03\/HUGO-GENOYER-300x300.jpeg 300w, https:\/\/dev.as2web.fr\/immovance\/wp-content\/uploads\/2022\/03\/HUGO-GENOYER-150x150.jpeg 150w, https:\/\/dev.as2web.fr\/immovance\/wp-content\/uploads\/2022\/03\/HUGO-GENOYER-120x120.jpeg 120w, https:\/\/dev.as2web.fr\/immovance\/wp-content\/uploads\/2022\/03\/HUGO-GENOYER-45x45.jpeg 45w, https:\/\/dev.as2web.fr\/immovance\/wp-content\/uploads\/2022\/03\/HUGO-GENOYER-36x36.jpeg 36w\" sizes=\"(max-width: 525px) 100vw, 525px\" \/>        <\/div>    \n            \n\n        <p class=\"h3\"> <a href=\"https:\/\/dev.as2web.fr\/immovance\/conseiller\/hugo-genoyer\">Hugo GENOYER<\/a><\/p>\n        <div class=\"agent_position\">7 rue Fr\u00e9d\u00e9ric Bazille, 34000 Montpellier<\/div>\n     \n       \n        <div class=\"agent_unit_social agent_list\">\n        \n               \n               <div class=\"agent_unit_btn vc_btn3-container vc_btn3-left vc_btn\"><a class=\"vc_general vc_btn3 vc_btn3-size-md vc_btn3-shape-rounded vc_btn3-style-flat vc_btn3-color-red vc_btn\" href=\"https:\/\/dev.as2web.fr\/immovance\/conseiller\/hugo-genoyer\">Consulter les biens<\/a><\/div><div class=\"agent_unit_email\"><a href=\"mailto:h.genoyer@immovance.fr\"><i class=\"immo-icon icon-email\"><\/i><\/a><\/div><div class=\"agent_unit_phone\"><a href=\"tel:0665538649\"><i class=\"immo-icon icon-phone\"><\/i><\/a><\/div>           \n        <\/div>\n    <\/div>\n<!-- <\/div>    --><\/div><div class=\"col-md-3 listing_wrapper\">    <div class=\"agent_unit city-montpellier_34000\"  data-city=\"montpellier_34000\">\n        <div class=\"agent-unit-img-wrapper\">\n                  \n            \n            \n         \n            <img width=\"525\" height=\"901\" src=\"https:\/\/dev.as2web.fr\/immovance\/wp-content\/uploads\/2022\/03\/DORIAN-CASTET.jpg\" class=\"lazyload img-responsive wp-post-image\" alt=\"\" loading=\"lazy\" srcset=\"https:\/\/dev.as2web.fr\/immovance\/wp-content\/uploads\/2022\/03\/DORIAN-CASTET.jpg 525w, https:\/\/dev.as2web.fr\/immovance\/wp-content\/uploads\/2022\/03\/DORIAN-CASTET-175x300.jpg 175w\" sizes=\"(max-width: 525px) 100vw, 525px\" \/>        <\/div>    \n            \n\n        <p class=\"h3\"> <a href=\"https:\/\/dev.as2web.fr\/immovance\/conseiller\/dorian-castet\">Dorian CASTET<\/a><\/p>\n        <div class=\"agent_position\">7 rue Fr\u00e9d\u00e9ric Bazille, 34000 Montpellier<\/div>\n     \n       \n        <div class=\"agent_unit_social agent_list\">\n        \n               \n               <div class=\"agent_unit_btn vc_btn3-container vc_btn3-left vc_btn\"><a class=\"vc_general vc_btn3 vc_btn3-size-md vc_btn3-shape-rounded vc_btn3-style-flat vc_btn3-color-red vc_btn\" href=\"https:\/\/dev.as2web.fr\/immovance\/conseiller\/dorian-castet\">Consulter les biens<\/a><\/div><div class=\"agent_unit_email\"><a href=\"mailto:dorian.castet@immovance.fr\"><i class=\"immo-icon icon-email\"><\/i><\/a><\/div><div class=\"agent_unit_phone\"><a href=\"tel:0627511860\"><i class=\"immo-icon icon-phone\"><\/i><\/a><\/div>           \n        <\/div>\n    <\/div>\n<!-- <\/div>    --><\/div><div class=\"col-md-3 listing_wrapper\">    <div class=\"agent_unit city-montpellier_34000\"  data-city=\"montpellier_34000\">\n        <div class=\"agent-unit-img-wrapper\">\n                  \n            \n            \n         \n            <img class=\"img-slider-agent\" src=\"https:\/\/dev.as2web.fr\/immovance\/wp-content\/themes\/wpresidence\/img\/default_user.png\" alt=\"Image utilisateur\">        <\/div>    \n            \n\n        <p class=\"h3\"> <a href=\"https:\/\/dev.as2web.fr\/immovance\/conseiller\/sarah-pineau\">Sarah PINEAU<\/a><\/p>\n        <div class=\"agent_position\">54 rue Shirin Ebadi - Royal Palmeraie - B\u00e2t C - n\u00b077 , 34000 Montpellier<\/div>\n     \n       \n        <div class=\"agent_unit_social agent_list\">\n        \n               \n               <div class=\"agent_unit_btn vc_btn3-container vc_btn3-left vc_btn\"><a class=\"vc_general vc_btn3 vc_btn3-size-md vc_btn3-shape-rounded vc_btn3-style-flat vc_btn3-color-red vc_btn\" href=\"https:\/\/dev.as2web.fr\/immovance\/conseiller\/sarah-pineau\">Consulter les biens<\/a><\/div><div class=\"agent_unit_email\"><a href=\"mailto:p.marianne@immovance.fr\"><i class=\"immo-icon icon-email\"><\/i><\/a><\/div><div class=\"agent_unit_phone\"><a href=\"tel:0620871107\"><i class=\"immo-icon icon-phone\"><\/i><\/a><\/div>           \n        <\/div>\n    <\/div>\n<!-- <\/div>    --><\/div><div class=\"col-md-3 listing_wrapper\">    <div class=\"agent_unit city-saint-mathieu-de-tr\u00e9viers_34270\"  data-city=\"saint-mathieu-de-tr\u00e9viers_34270\">\n        <div class=\"agent-unit-img-wrapper\">\n                  \n            \n            \n         \n            <img width=\"525\" height=\"700\" src=\"https:\/\/dev.as2web.fr\/immovance\/wp-content\/uploads\/2022\/03\/SONIA-TREBERN.jpg\" class=\"lazyload img-responsive wp-post-image\" alt=\"\" loading=\"lazy\" srcset=\"https:\/\/dev.as2web.fr\/immovance\/wp-content\/uploads\/2022\/03\/SONIA-TREBERN.jpg 525w, https:\/\/dev.as2web.fr\/immovance\/wp-content\/uploads\/2022\/03\/SONIA-TREBERN-225x300.jpg 225w\" sizes=\"(max-width: 525px) 100vw, 525px\" \/>        <\/div>    \n            \n\n        <p class=\"h3\"> <a href=\"https:\/\/dev.as2web.fr\/immovance\/conseiller\/sonia-trebern\">Sonia TREBERN<\/a><\/p>\n        <div class=\"agent_position\">109 avenue de Montpellier, 34270 Saint-Mathieu-de-Tr\u00e9viers<\/div>\n     \n       \n        <div class=\"agent_unit_social agent_list\">\n        \n               \n               <div class=\"agent_unit_btn vc_btn3-container vc_btn3-left vc_btn\"><a class=\"vc_general vc_btn3 vc_btn3-size-md vc_btn3-shape-rounded vc_btn3-style-flat vc_btn3-color-red vc_btn\" href=\"https:\/\/dev.as2web.fr\/immovance\/conseiller\/sonia-trebern\">Consulter les biens<\/a><\/div><div class=\"agent_unit_email\"><a href=\"mailto:agence-psl@immovance.fr\"><i class=\"immo-icon icon-email\"><\/i><\/a><\/div><div class=\"agent_unit_phone\"><a href=\"tel:0661939913\"><i class=\"immo-icon icon-phone\"><\/i><\/a><\/div>           \n        <\/div>\n    <\/div>\n<!-- <\/div>    --><\/div><div class=\"col-md-3 listing_wrapper\">    <div class=\"agent_unit city-saint-mathieu-de-tr\u00e9viers_34270\"  data-city=\"saint-mathieu-de-tr\u00e9viers_34270\">\n        <div class=\"agent-unit-img-wrapper\">\n                  \n            \n            \n         \n            <img width=\"525\" height=\"700\" src=\"https:\/\/dev.as2web.fr\/immovance\/wp-content\/uploads\/2022\/03\/ERWAN-TREBERN.jpg\" class=\"lazyload img-responsive wp-post-image\" alt=\"\" loading=\"lazy\" srcset=\"https:\/\/dev.as2web.fr\/immovance\/wp-content\/uploads\/2022\/03\/ERWAN-TREBERN.jpg 525w, https:\/\/dev.as2web.fr\/immovance\/wp-content\/uploads\/2022\/03\/ERWAN-TREBERN-225x300.jpg 225w\" sizes=\"(max-width: 525px) 100vw, 525px\" \/>        <\/div>    \n            \n\n        <p class=\"h3\"> <a href=\"https:\/\/dev.as2web.fr\/immovance\/conseiller\/erwan-trebern\">Erwan TREBERN<\/a><\/p>\n        <div class=\"agent_position\">109 avenue de Montpellier, 34270 Saint-Mathieu-de-Tr\u00e9viers<\/div>\n     \n       \n        <div class=\"agent_unit_social agent_list\">\n        \n               \n               <div class=\"agent_unit_btn vc_btn3-container vc_btn3-left vc_btn\"><a class=\"vc_general vc_btn3 vc_btn3-size-md vc_btn3-shape-rounded vc_btn3-style-flat vc_btn3-color-red vc_btn\" href=\"https:\/\/dev.as2web.fr\/immovance\/conseiller\/erwan-trebern\">Consulter les biens<\/a><\/div><div class=\"agent_unit_email\"><a href=\"mailto:e.trebern@immovance.fr\"><i class=\"immo-icon icon-email\"><\/i><\/a><\/div><div class=\"agent_unit_phone\"><a href=\"tel:0768100354\"><i class=\"immo-icon icon-phone\"><\/i><\/a><\/div>           \n        <\/div>\n    <\/div>\n<!-- <\/div>    --><\/div><div class=\"col-md-3 listing_wrapper\">    <div class=\"agent_unit city-vendargues_34740\"  data-city=\"vendargues_34740\">\n        <div class=\"agent-unit-img-wrapper\">\n                  \n            \n            \n         \n            <img width=\"525\" height=\"630\" src=\"https:\/\/dev.as2web.fr\/immovance\/wp-content\/uploads\/2022\/03\/KRISTY-TERRES.jpg\" class=\"lazyload img-responsive wp-post-image\" alt=\"\" loading=\"lazy\" srcset=\"https:\/\/dev.as2web.fr\/immovance\/wp-content\/uploads\/2022\/03\/KRISTY-TERRES.jpg 525w, https:\/\/dev.as2web.fr\/immovance\/wp-content\/uploads\/2022\/03\/KRISTY-TERRES-250x300.jpg 250w\" sizes=\"(max-width: 525px) 100vw, 525px\" \/>        <\/div>    \n            \n\n        <p class=\"h3\"> <a href=\"https:\/\/dev.as2web.fr\/immovance\/conseiller\/kristy-terres\">Kristy TERR\u00c9S<\/a><\/p>\n        <div class=\"agent_position\">19 rue du g\u00e9n\u00e9ral Berth\u00e9z\u00e8ne, 34740 Vendargues<\/div>\n     \n       \n        <div class=\"agent_unit_social agent_list\">\n        \n               \n               <div class=\"agent_unit_btn vc_btn3-container vc_btn3-left vc_btn\"><a class=\"vc_general vc_btn3 vc_btn3-size-md vc_btn3-shape-rounded vc_btn3-style-flat vc_btn3-color-red vc_btn\" href=\"https:\/\/dev.as2web.fr\/immovance\/conseiller\/kristy-terres\">Consulter les biens<\/a><\/div><div class=\"agent_unit_email\"><a href=\"mailto:k.terres@immovance.fr\"><i class=\"immo-icon icon-email\"><\/i><\/a><\/div><div class=\"agent_unit_phone\"><a href=\"tel:0689336611\"><i class=\"immo-icon icon-phone\"><\/i><\/a><\/div>           \n        <\/div>\n    <\/div>\n<!-- <\/div>    --><\/div><div class=\"col-md-3 listing_wrapper\">    <div class=\"agent_unit city-vendargues_34740\"  data-city=\"vendargues_34740\">\n        <div class=\"agent-unit-img-wrapper\">\n                  \n            \n            \n         \n            <img class=\"img-slider-agent\" src=\"https:\/\/dev.as2web.fr\/immovance\/wp-content\/themes\/wpresidence\/img\/default_user.png\" alt=\"Image utilisateur\">        <\/div>    \n            \n\n        <p class=\"h3\"> <a href=\"https:\/\/dev.as2web.fr\/immovance\/conseiller\/sebastien-cammal\">S\u00e9bastien CAMMAL<\/a><\/p>\n        <div class=\"agent_position\">19 rue du g\u00e9n\u00e9ral Berth\u00e9z\u00e8ne, 34740 Vendargues<\/div>\n     \n       \n        <div class=\"agent_unit_social agent_list\">\n        \n               \n               <div class=\"agent_unit_btn vc_btn3-container vc_btn3-left vc_btn\"><a class=\"vc_general vc_btn3 vc_btn3-size-md vc_btn3-shape-rounded vc_btn3-style-flat vc_btn3-color-red vc_btn\" href=\"https:\/\/dev.as2web.fr\/immovance\/conseiller\/sebastien-cammal\">Consulter les biens<\/a><\/div><div class=\"agent_unit_email\"><a href=\"mailto:sebastien.cammal@immovance.fr\"><i class=\"immo-icon icon-email\"><\/i><\/a><\/div><div class=\"agent_unit_phone\"><a href=\"tel:0607982511\"><i class=\"immo-icon icon-phone\"><\/i><\/a><\/div>           \n        <\/div>\n    <\/div>\n<!-- <\/div>    --><\/div><\/div>[\/vc_column][\/vc_row]<\/p>\n","protected":false},"excerpt":{"rendered":"<p>[vc_row full_width=\u00a0\u00bbstretch_row\u00a0\u00bb css=\u00a0\u00bb.vc_custom_1637685741177{margin-top: 5px !important;margin-bottom: 5px !important;padding-top: 60px !important;padding-bottom: 60px !important;background-image: url(https:\/\/dev.as2web.fr\/immovance\/wp-content\/uploads\/2021\/11\/bg-search.jpg?id=29552) !important;background-position: center !important;background-repeat: no-repeat !important;background-size: cover !important;}\u00a0\u00bb][vc_column][vc_custom_heading text=\u00a0\u00bbTrouver un conseiller Immovance\u00a0\u00bb font_container=\u00a0\u00bbtag:h1|text_align:center|color:%23ffffff\u00a0\u00bb use_theme_fonts=\u00a0\u00bbyes\u00a0\u00bb css=\u00a0\u00bb.vc_custom_1644936431765{margin-bottom: 10px !important;}\u00a0\u00bb][vc_column_text el_class=\u00a0\u00bbsubtitle-page\u00a0\u00bb] Ils sont l\u00e0 pour vous aider [\/vc_column_text][\/vc_column][\/vc_row][vc_row full_width=\u00a0\u00bbstretch_row\u00a0\u00bb css=\u00a0\u00bb.vc_custom_1644937537304{padding-top: 40px !important;padding-bottom: 40px !important;background-color: #ffffff !important;}\u00a0\u00bb][vc_column][vc_custom_heading text=\u00a0\u00bbLes conseillers du r\u00e9seau Immovance sont \u00e0 votre \u00e9coute dans l\u2019H\u00e9rault et la r\u00e9gion parisienne\u00a0\u00bb font_container=\u00a0\u00bbtag:h2|text_align:center\u00a0\u00bb use_theme_fonts=\u00a0\u00bbyes\u00a0\u00bb css=\u00a0\u00bb.vc_custom_1644937805971{margin-bottom: 15px !important;}\u00a0\u00bb][vc_column_text &#8230;<\/p>\n","protected":false},"author":1,"featured_media":0,"parent":0,"menu_order":0,"comment_status":"closed","ping_status":"closed","template":"","meta":{"loftloader_page_shortcode":""},"yoast_head":"<!-- This site is optimized with the Yoast SEO plugin v18.9 - https:\/\/yoast.com\/wordpress\/plugins\/seo\/ -->\n<title>Trouver un conseiller - Immovance<\/title>\n<meta name=\"robots\" content=\"noindex, follow, max-snippet:-1, max-image-preview:large, max-video-preview:-1\" \/>\n<meta property=\"og:locale\" content=\"fr_FR\" \/>\n<meta property=\"og:type\" content=\"article\" \/>\n<meta property=\"og:title\" content=\"Trouver un conseiller - Immovance\" \/>\n<meta property=\"og:description\" content=\"[vc_row full_width=\u00a0\u00bbstretch_row\u00a0\u00bb css=\u00a0\u00bb.vc_custom_1637685741177{margin-top: 5px !important;margin-bottom: 5px !important;padding-top: 60px !important;padding-bottom: 60px !important;background-image: url(https:\/\/dev.as2web.fr\/immovance\/wp-content\/uploads\/2021\/11\/bg-search.jpg?id=29552) !important;background-position: center !important;background-repeat: no-repeat !important;background-size: cover !important;}\u00a0\u00bb][vc_column][vc_custom_heading text=\u00a0\u00bbTrouver un conseiller Immovance\u00a0\u00bb font_container=\u00a0\u00bbtag:h1|text_align:center|color:%23ffffff\u00a0\u00bb use_theme_fonts=\u00a0\u00bbyes\u00a0\u00bb css=\u00a0\u00bb.vc_custom_1644936431765{margin-bottom: 10px !important;}\u00a0\u00bb][vc_column_text el_class=\u00a0\u00bbsubtitle-page\u00a0\u00bb] Ils sont l\u00e0 pour vous aider [\/vc_column_text][\/vc_column][\/vc_row][vc_row full_width=\u00a0\u00bbstretch_row\u00a0\u00bb css=\u00a0\u00bb.vc_custom_1644937537304{padding-top: 40px !important;padding-bottom: 40px !important;background-color: #ffffff !important;}\u00a0\u00bb][vc_column][vc_custom_heading text=\u00a0\u00bbLes conseillers du r\u00e9seau Immovance sont \u00e0 votre \u00e9coute dans l\u2019H\u00e9rault et la r\u00e9gion parisienne\u00a0\u00bb font_container=\u00a0\u00bbtag:h2|text_align:center\u00a0\u00bb use_theme_fonts=\u00a0\u00bbyes\u00a0\u00bb css=\u00a0\u00bb.vc_custom_1644937805971{margin-bottom: 15px !important;}\u00a0\u00bb][vc_column_text ...\" \/>\n<meta property=\"og:url\" content=\"https:\/\/dev.as2web.fr\/immovance\/trouver-un-conseiller\" \/>\n<meta property=\"og:site_name\" content=\"Immovance\" \/>\n<meta property=\"article:modified_time\" content=\"2022-04-01T14:31:49+00:00\" \/>\n<meta property=\"og:image\" content=\"https:\/\/dev.as2web.fr\/immovance\/wp-content\/uploads\/2022\/03\/modalback.jpg\" \/>\n\t<meta property=\"og:image:width\" content=\"640\" \/>\n\t<meta property=\"og:image:height\" content=\"480\" \/>\n\t<meta property=\"og:image:type\" content=\"image\/jpeg\" \/>\n<meta name=\"twitter:card\" content=\"summary_large_image\" \/>\n<meta name=\"twitter:label1\" content=\"Dur\u00e9e de lecture estim\u00e9e\" \/>\n\t<meta name=\"twitter:data1\" content=\"2 minutes\" \/>\n<script type=\"application\/ld+json\" class=\"yoast-schema-graph\">{\"@context\":\"https:\/\/schema.org\",\"@graph\":[{\"@type\":\"Organization\",\"@id\":\"https:\/\/dev.as2web.fr\/immovance\/#organization\",\"name\":\"Immovance Immobilier\",\"url\":\"https:\/\/dev.as2web.fr\/immovance\/\",\"sameAs\":[],\"logo\":{\"@type\":\"ImageObject\",\"inLanguage\":\"fr-FR\",\"@id\":\"https:\/\/dev.as2web.fr\/immovance\/#\/schema\/logo\/image\/\",\"url\":\"https:\/\/dev.as2web.fr\/immovance\/wp-content\/uploads\/2022\/03\/modalback.jpg\",\"contentUrl\":\"https:\/\/dev.as2web.fr\/immovance\/wp-content\/uploads\/2022\/03\/modalback.jpg\",\"width\":640,\"height\":480,\"caption\":\"Immovance Immobilier\"},\"image\":{\"@id\":\"https:\/\/dev.as2web.fr\/immovance\/#\/schema\/logo\/image\/\"}},{\"@type\":\"WebSite\",\"@id\":\"https:\/\/dev.as2web.fr\/immovance\/#website\",\"url\":\"https:\/\/dev.as2web.fr\/immovance\/\",\"name\":\"Immovance\",\"description\":\"\",\"publisher\":{\"@id\":\"https:\/\/dev.as2web.fr\/immovance\/#organization\"},\"potentialAction\":[{\"@type\":\"SearchAction\",\"target\":{\"@type\":\"EntryPoint\",\"urlTemplate\":\"https:\/\/dev.as2web.fr\/immovance\/?s={search_term_string}\"},\"query-input\":\"required name=search_term_string\"}],\"inLanguage\":\"fr-FR\"},{\"@type\":\"WebPage\",\"@id\":\"https:\/\/dev.as2web.fr\/immovance\/trouver-un-conseiller#webpage\",\"url\":\"https:\/\/dev.as2web.fr\/immovance\/trouver-un-conseiller\",\"name\":\"Trouver un conseiller - Immovance\",\"isPartOf\":{\"@id\":\"https:\/\/dev.as2web.fr\/immovance\/#website\"},\"datePublished\":\"2022-01-12T08:59:51+00:00\",\"dateModified\":\"2022-04-01T14:31:49+00:00\",\"breadcrumb\":{\"@id\":\"https:\/\/dev.as2web.fr\/immovance\/trouver-un-conseiller#breadcrumb\"},\"inLanguage\":\"fr-FR\",\"potentialAction\":[{\"@type\":\"ReadAction\",\"target\":[\"https:\/\/dev.as2web.fr\/immovance\/trouver-un-conseiller\"]}]},{\"@type\":\"BreadcrumbList\",\"@id\":\"https:\/\/dev.as2web.fr\/immovance\/trouver-un-conseiller#breadcrumb\",\"itemListElement\":[{\"@type\":\"ListItem\",\"position\":1,\"name\":\"Accueil\",\"item\":\"https:\/\/dev.as2web.fr\/immovance\/\"},{\"@type\":\"ListItem\",\"position\":2,\"name\":\"Trouver un conseiller\"}]}]}<\/script>\n<!-- \/ Yoast SEO plugin. -->","yoast_head_json":{"title":"Trouver un conseiller - Immovance","robots":{"index":"noindex","follow":"follow","max-snippet":"max-snippet:-1","max-image-preview":"max-image-preview:large","max-video-preview":"max-video-preview:-1"},"og_locale":"fr_FR","og_type":"article","og_title":"Trouver un conseiller - Immovance","og_description":"[vc_row full_width=\u00a0\u00bbstretch_row\u00a0\u00bb css=\u00a0\u00bb.vc_custom_1637685741177{margin-top: 5px !important;margin-bottom: 5px !important;padding-top: 60px !important;padding-bottom: 60px !important;background-image: url(https:\/\/dev.as2web.fr\/immovance\/wp-content\/uploads\/2021\/11\/bg-search.jpg?id=29552) !important;background-position: center !important;background-repeat: no-repeat !important;background-size: cover !important;}\u00a0\u00bb][vc_column][vc_custom_heading text=\u00a0\u00bbTrouver un conseiller Immovance\u00a0\u00bb font_container=\u00a0\u00bbtag:h1|text_align:center|color:%23ffffff\u00a0\u00bb use_theme_fonts=\u00a0\u00bbyes\u00a0\u00bb css=\u00a0\u00bb.vc_custom_1644936431765{margin-bottom: 10px !important;}\u00a0\u00bb][vc_column_text el_class=\u00a0\u00bbsubtitle-page\u00a0\u00bb] Ils sont l\u00e0 pour vous aider [\/vc_column_text][\/vc_column][\/vc_row][vc_row full_width=\u00a0\u00bbstretch_row\u00a0\u00bb css=\u00a0\u00bb.vc_custom_1644937537304{padding-top: 40px !important;padding-bottom: 40px !important;background-color: #ffffff !important;}\u00a0\u00bb][vc_column][vc_custom_heading text=\u00a0\u00bbLes conseillers du r\u00e9seau Immovance sont \u00e0 votre \u00e9coute dans l\u2019H\u00e9rault et la r\u00e9gion parisienne\u00a0\u00bb font_container=\u00a0\u00bbtag:h2|text_align:center\u00a0\u00bb use_theme_fonts=\u00a0\u00bbyes\u00a0\u00bb css=\u00a0\u00bb.vc_custom_1644937805971{margin-bottom: 15px !important;}\u00a0\u00bb][vc_column_text ...","og_url":"https:\/\/dev.as2web.fr\/immovance\/trouver-un-conseiller","og_site_name":"Immovance","article_modified_time":"2022-04-01T14:31:49+00:00","og_image":[{"width":640,"height":480,"url":"https:\/\/dev.as2web.fr\/immovance\/wp-content\/uploads\/2022\/03\/modalback.jpg","type":"image\/jpeg"}],"twitter_card":"summary_large_image","twitter_misc":{"Dur\u00e9e de lecture estim\u00e9e":"2 minutes"},"schema":{"@context":"https:\/\/schema.org","@graph":[{"@type":"Organization","@id":"https:\/\/dev.as2web.fr\/immovance\/#organization","name":"Immovance Immobilier","url":"https:\/\/dev.as2web.fr\/immovance\/","sameAs":[],"logo":{"@type":"ImageObject","inLanguage":"fr-FR","@id":"https:\/\/dev.as2web.fr\/immovance\/#\/schema\/logo\/image\/","url":"https:\/\/dev.as2web.fr\/immovance\/wp-content\/uploads\/2022\/03\/modalback.jpg","contentUrl":"https:\/\/dev.as2web.fr\/immovance\/wp-content\/uploads\/2022\/03\/modalback.jpg","width":640,"height":480,"caption":"Immovance Immobilier"},"image":{"@id":"https:\/\/dev.as2web.fr\/immovance\/#\/schema\/logo\/image\/"}},{"@type":"WebSite","@id":"https:\/\/dev.as2web.fr\/immovance\/#website","url":"https:\/\/dev.as2web.fr\/immovance\/","name":"Immovance","description":"","publisher":{"@id":"https:\/\/dev.as2web.fr\/immovance\/#organization"},"potentialAction":[{"@type":"SearchAction","target":{"@type":"EntryPoint","urlTemplate":"https:\/\/dev.as2web.fr\/immovance\/?s={search_term_string}"},"query-input":"required name=search_term_string"}],"inLanguage":"fr-FR"},{"@type":"WebPage","@id":"https:\/\/dev.as2web.fr\/immovance\/trouver-un-conseiller#webpage","url":"https:\/\/dev.as2web.fr\/immovance\/trouver-un-conseiller","name":"Trouver un conseiller - Immovance","isPartOf":{"@id":"https:\/\/dev.as2web.fr\/immovance\/#website"},"datePublished":"2022-01-12T08:59:51+00:00","dateModified":"2022-04-01T14:31:49+00:00","breadcrumb":{"@id":"https:\/\/dev.as2web.fr\/immovance\/trouver-un-conseiller#breadcrumb"},"inLanguage":"fr-FR","potentialAction":[{"@type":"ReadAction","target":["https:\/\/dev.as2web.fr\/immovance\/trouver-un-conseiller"]}]},{"@type":"BreadcrumbList","@id":"https:\/\/dev.as2web.fr\/immovance\/trouver-un-conseiller#breadcrumb","itemListElement":[{"@type":"ListItem","position":1,"name":"Accueil","item":"https:\/\/dev.as2web.fr\/immovance\/"},{"@type":"ListItem","position":2,"name":"Trouver un conseiller"}]}]}},"_links":{"self":[{"href":"https:\/\/dev.as2web.fr\/immovance\/wp-json\/wp\/v2\/pages\/50473"}],"collection":[{"href":"https:\/\/dev.as2web.fr\/immovance\/wp-json\/wp\/v2\/pages"}],"about":[{"href":"https:\/\/dev.as2web.fr\/immovance\/wp-json\/wp\/v2\/types\/page"}],"author":[{"embeddable":true,"href":"https:\/\/dev.as2web.fr\/immovance\/wp-json\/wp\/v2\/users\/1"}],"replies":[{"embeddable":true,"href":"https:\/\/dev.as2web.fr\/immovance\/wp-json\/wp\/v2\/comments?post=50473"}],"version-history":[{"count":3,"href":"https:\/\/dev.as2web.fr\/immovance\/wp-json\/wp\/v2\/pages\/50473\/revisions"}],"predecessor-version":[{"id":54998,"href":"https:\/\/dev.as2web.fr\/immovance\/wp-json\/wp\/v2\/pages\/50473\/revisions\/54998"}],"wp:attachment":[{"href":"https:\/\/dev.as2web.fr\/immovance\/wp-json\/wp\/v2\/media?parent=50473"}],"curies":[{"name":"wp","href":"https:\/\/api.w.org\/{rel}","templated":true}]}}