{"id":50189,"date":"2022-01-10T11:48:10","date_gmt":"2022-01-10T10:48:10","guid":{"rendered":"https:\/\/dev.as2web.fr\/immovance\/?page_id=50189"},"modified":"2022-06-09T16:36:36","modified_gmt":"2022-06-09T14:36:36","slug":"location-saisonniere","status":"publish","type":"page","link":"https:\/\/dev.as2web.fr\/immovance\/location-saisonniere","title":{"rendered":"Location"},"content":{"rendered":"<p>[vc_row full_width=\u00a0\u00bbstretch_row\u00a0\u00bb css=\u00a0\u00bb.vc_custom_1637685741177{margin-top: 5px !important;margin-bottom: 5px !important;padding-top: 60px !important;padding-bottom: 60px !important;background-image: url(https:\/\/dev.as2web.fr\/immovance\/wp-content\/uploads\/2021\/11\/bg-search.jpg?id=29552) !important;background-position: center !important;background-repeat: no-repeat !important;background-size: cover !important;}\u00a0\u00bb][vc_column][vc_custom_heading source=\u00a0\u00bbpost_title\u00a0\u00bb font_container=\u00a0\u00bbtag:h1|text_align:center|color:%23ffffff\u00a0\u00bb use_theme_fonts=\u00a0\u00bbyes\u00a0\u00bb][\/vc_column][\/vc_row][vc_row full_width=\u00a0\u00bbstretch_row\u00a0\u00bb full_height=\u00a0\u00bbyes\u00a0\u00bb equal_height=\u00a0\u00bbyes\u00a0\u00bb content_placement=\u00a0\u00bbmiddle\u00a0\u00bb css=\u00a0\u00bb.vc_custom_1641812125576{padding-top: 33px !important;padding-bottom: 33px !important;background-color: #666766 !important;background-position: center !important;background-repeat: no-repeat !important;background-size: cover !important;}\u00a0\u00bb el_id=\u00a0\u00bbsimulateurs\u00a0\u00bb el_class=\u00a0\u00bblocation-saisonniere\u00a0\u00bb][vc_column][vc_row_inner el_class=\u00a0\u00bbcard-info\u00a0\u00bb][vc_column_inner width=\u00a0\u00bb1\/2&Prime;][vc_single_image image=\u00a0\u00bb32468&Prime; img_size=\u00a0\u00bbfull\u00a0\u00bb alignment=\u00a0\u00bbcenter\u00a0\u00bb][vc_custom_heading text=\u00a0\u00bbVous cherchez une location\u00a0\u00bb font_container=\u00a0\u00bbtag:h3|text_align:left\u00a0\u00bb use_theme_fonts=\u00a0\u00bbyes\u00a0\u00bb link=\u00a0\u00bburl:https%3A%2F%2Fdev.as2web.fr%2Fimmovance%2Frecherche-de-biens%3Ffilter_search_action%255B%255D%3Dlocation-saisonniere\u00a0\u00bb][\/vc_column_inner][vc_column_inner width=\u00a0\u00bb1\/2&Prime;][vc_single_image image=\u00a0\u00bb32463&Prime; img_size=\u00a0\u00bbfull\u00a0\u00bb alignment=\u00a0\u00bbcenter\u00a0\u00bb][vc_custom_heading text=\u00a0\u00bbVous \u00eates propri\u00e9taire et<br \/>\nsouhaitez d\u00e9couvrir nos offres\u00a0\u00bb font_container=\u00a0\u00bbtag:h3|text_align:left\u00a0\u00bb use_theme_fonts=\u00a0\u00bbyes\u00a0\u00bb link=\u00a0\u00bburl:https%3A%2F%2Fdev.as2web.fr%2Fimmovance%2Fproprietaire-locsaison|title:Location%20saisonni%C3%A8re%20%E2%80%93%20Propri%C3%A9taire\u00a0\u00bb][\/vc_column_inner][\/vc_row_inner][\/vc_column][\/vc_row]<\/p>\n","protected":false},"excerpt":{"rendered":"<p>[vc_row full_width=\u00a0\u00bbstretch_row\u00a0\u00bb css=\u00a0\u00bb.vc_custom_1637685741177{margin-top: 5px !important;margin-bottom: 5px !important;padding-top: 60px !important;padding-bottom: 60px !important;background-image: url(https:\/\/dev.as2web.fr\/immovance\/wp-content\/uploads\/2021\/11\/bg-search.jpg?id=29552) !important;background-position: center !important;background-repeat: no-repeat !important;background-size: cover !important;}\u00a0\u00bb][vc_column][vc_custom_heading source=\u00a0\u00bbpost_title\u00a0\u00bb font_container=\u00a0\u00bbtag:h1|text_align:center|color:%23ffffff\u00a0\u00bb use_theme_fonts=\u00a0\u00bbyes\u00a0\u00bb][\/vc_column][\/vc_row][vc_row full_width=\u00a0\u00bbstretch_row\u00a0\u00bb full_height=\u00a0\u00bbyes\u00a0\u00bb equal_height=\u00a0\u00bbyes\u00a0\u00bb content_placement=\u00a0\u00bbmiddle\u00a0\u00bb css=\u00a0\u00bb.vc_custom_1641812125576{padding-top: 33px !important;padding-bottom: 33px !important;background-color: #666766 !important;background-position: center !important;background-repeat: no-repeat !important;background-size: cover !important;}\u00a0\u00bb el_id=\u00a0\u00bbsimulateurs\u00a0\u00bb el_class=\u00a0\u00bblocation-saisonniere\u00a0\u00bb][vc_column][vc_row_inner el_class=\u00a0\u00bbcard-info\u00a0\u00bb][vc_column_inner width=\u00a0\u00bb1\/2&Prime;][vc_single_image image=\u00a0\u00bb32468&Prime; img_size=\u00a0\u00bbfull\u00a0\u00bb alignment=\u00a0\u00bbcenter\u00a0\u00bb][vc_custom_heading text=\u00a0\u00bbVous cherchez une location\u00a0\u00bb font_container=\u00a0\u00bbtag:h3|text_align:left\u00a0\u00bb use_theme_fonts=\u00a0\u00bbyes\u00a0\u00bb link=\u00a0\u00bburl:https%3A%2F%2Fdev.as2web.fr%2Fimmovance%2Frecherche-de-biens%3Ffilter_search_action%255B%255D%3Dlocation-saisonniere\u00a0\u00bb][\/vc_column_inner][vc_column_inner width=\u00a0\u00bb1\/2&Prime;][vc_single_image image=\u00a0\u00bb32463&Prime; img_size=\u00a0\u00bbfull\u00a0\u00bb alignment=\u00a0\u00bbcenter\u00a0\u00bb][vc_custom_heading text=\u00a0\u00bbVous \u00eates propri\u00e9taire et souhaitez d\u00e9couvrir nos &#8230;<\/p>\n","protected":false},"author":1,"featured_media":0,"parent":0,"menu_order":0,"comment_status":"closed","ping_status":"closed","template":"","meta":{"loftloader_page_shortcode":""},"yoast_head":"<!-- This site is optimized with the Yoast SEO plugin v18.9 - https:\/\/yoast.com\/wordpress\/plugins\/seo\/ -->\n<title>Location saisonni\u00e8re, location de vacances - Immovance<\/title>\n<meta name=\"description\" content=\"Retrouvez une s\u00e9lection de logements en location saisonni\u00e8re pour vos prochaines vacances. Trouvez la propri\u00e9t\u00e9 id\u00e9ale selon vos crit\u00e8res sur Immovance. Profitez de vacances proche de la mer dans l\u2019H\u00e9rault.\" \/>\n<meta name=\"robots\" content=\"noindex, follow, max-snippet:-1, max-image-preview:large, max-video-preview:-1\" \/>\n<meta property=\"og:locale\" content=\"fr_FR\" \/>\n<meta property=\"og:type\" content=\"article\" \/>\n<meta property=\"og:title\" content=\"Location saisonni\u00e8re, location de vacances - Immovance\" \/>\n<meta property=\"og:description\" content=\"Retrouvez une s\u00e9lection de logements en location saisonni\u00e8re pour vos prochaines vacances. Trouvez la propri\u00e9t\u00e9 id\u00e9ale selon vos crit\u00e8res sur Immovance. Profitez de vacances proche de la mer dans l\u2019H\u00e9rault.\" \/>\n<meta property=\"og:url\" content=\"https:\/\/dev.as2web.fr\/immovance\/location-saisonniere\" \/>\n<meta property=\"og:site_name\" content=\"Immovance\" \/>\n<meta property=\"article:modified_time\" content=\"2022-06-09T14:36:36+00:00\" \/>\n<meta property=\"og:image\" content=\"https:\/\/dev.as2web.fr\/immovance\/wp-content\/uploads\/2022\/03\/modalback.jpg\" \/>\n\t<meta property=\"og:image:width\" content=\"640\" \/>\n\t<meta property=\"og:image:height\" content=\"480\" \/>\n\t<meta property=\"og:image:type\" content=\"image\/jpeg\" \/>\n<meta name=\"twitter:card\" content=\"summary_large_image\" \/>\n<meta name=\"twitter:label1\" content=\"Dur\u00e9e de lecture estim\u00e9e\" \/>\n\t<meta name=\"twitter:data1\" content=\"1 minute\" \/>\n<script type=\"application\/ld+json\" class=\"yoast-schema-graph\">{\"@context\":\"https:\/\/schema.org\",\"@graph\":[{\"@type\":\"Organization\",\"@id\":\"https:\/\/dev.as2web.fr\/immovance\/#organization\",\"name\":\"Immovance Immobilier\",\"url\":\"https:\/\/dev.as2web.fr\/immovance\/\",\"sameAs\":[],\"logo\":{\"@type\":\"ImageObject\",\"inLanguage\":\"fr-FR\",\"@id\":\"https:\/\/dev.as2web.fr\/immovance\/#\/schema\/logo\/image\/\",\"url\":\"https:\/\/dev.as2web.fr\/immovance\/wp-content\/uploads\/2022\/03\/modalback.jpg\",\"contentUrl\":\"https:\/\/dev.as2web.fr\/immovance\/wp-content\/uploads\/2022\/03\/modalback.jpg\",\"width\":640,\"height\":480,\"caption\":\"Immovance Immobilier\"},\"image\":{\"@id\":\"https:\/\/dev.as2web.fr\/immovance\/#\/schema\/logo\/image\/\"}},{\"@type\":\"WebSite\",\"@id\":\"https:\/\/dev.as2web.fr\/immovance\/#website\",\"url\":\"https:\/\/dev.as2web.fr\/immovance\/\",\"name\":\"Immovance\",\"description\":\"\",\"publisher\":{\"@id\":\"https:\/\/dev.as2web.fr\/immovance\/#organization\"},\"potentialAction\":[{\"@type\":\"SearchAction\",\"target\":{\"@type\":\"EntryPoint\",\"urlTemplate\":\"https:\/\/dev.as2web.fr\/immovance\/?s={search_term_string}\"},\"query-input\":\"required name=search_term_string\"}],\"inLanguage\":\"fr-FR\"},{\"@type\":\"WebPage\",\"@id\":\"https:\/\/dev.as2web.fr\/immovance\/location-saisonniere#webpage\",\"url\":\"https:\/\/dev.as2web.fr\/immovance\/location-saisonniere\",\"name\":\"Location saisonni\u00e8re, location de vacances - Immovance\",\"isPartOf\":{\"@id\":\"https:\/\/dev.as2web.fr\/immovance\/#website\"},\"datePublished\":\"2022-01-10T10:48:10+00:00\",\"dateModified\":\"2022-06-09T14:36:36+00:00\",\"description\":\"Retrouvez une s\u00e9lection de logements en location saisonni\u00e8re pour vos prochaines vacances. Trouvez la propri\u00e9t\u00e9 id\u00e9ale selon vos crit\u00e8res sur Immovance. Profitez de vacances proche de la mer dans l\u2019H\u00e9rault.\",\"breadcrumb\":{\"@id\":\"https:\/\/dev.as2web.fr\/immovance\/location-saisonniere#breadcrumb\"},\"inLanguage\":\"fr-FR\",\"potentialAction\":[{\"@type\":\"ReadAction\",\"target\":[\"https:\/\/dev.as2web.fr\/immovance\/location-saisonniere\"]}]},{\"@type\":\"BreadcrumbList\",\"@id\":\"https:\/\/dev.as2web.fr\/immovance\/location-saisonniere#breadcrumb\",\"itemListElement\":[{\"@type\":\"ListItem\",\"position\":1,\"name\":\"Accueil\",\"item\":\"https:\/\/dev.as2web.fr\/immovance\/\"},{\"@type\":\"ListItem\",\"position\":2,\"name\":\"Location\"}]}]}<\/script>\n<!-- \/ Yoast SEO plugin. -->","yoast_head_json":{"title":"Location saisonni\u00e8re, location de vacances - Immovance","description":"Retrouvez une s\u00e9lection de logements en location saisonni\u00e8re pour vos prochaines vacances. Trouvez la propri\u00e9t\u00e9 id\u00e9ale selon vos crit\u00e8res sur Immovance. Profitez de vacances proche de la mer dans l\u2019H\u00e9rault.","robots":{"index":"noindex","follow":"follow","max-snippet":"max-snippet:-1","max-image-preview":"max-image-preview:large","max-video-preview":"max-video-preview:-1"},"og_locale":"fr_FR","og_type":"article","og_title":"Location saisonni\u00e8re, location de vacances - Immovance","og_description":"Retrouvez une s\u00e9lection de logements en location saisonni\u00e8re pour vos prochaines vacances. Trouvez la propri\u00e9t\u00e9 id\u00e9ale selon vos crit\u00e8res sur Immovance. Profitez de vacances proche de la mer dans l\u2019H\u00e9rault.","og_url":"https:\/\/dev.as2web.fr\/immovance\/location-saisonniere","og_site_name":"Immovance","article_modified_time":"2022-06-09T14:36:36+00:00","og_image":[{"width":640,"height":480,"url":"https:\/\/dev.as2web.fr\/immovance\/wp-content\/uploads\/2022\/03\/modalback.jpg","type":"image\/jpeg"}],"twitter_card":"summary_large_image","twitter_misc":{"Dur\u00e9e de lecture estim\u00e9e":"1 minute"},"schema":{"@context":"https:\/\/schema.org","@graph":[{"@type":"Organization","@id":"https:\/\/dev.as2web.fr\/immovance\/#organization","name":"Immovance Immobilier","url":"https:\/\/dev.as2web.fr\/immovance\/","sameAs":[],"logo":{"@type":"ImageObject","inLanguage":"fr-FR","@id":"https:\/\/dev.as2web.fr\/immovance\/#\/schema\/logo\/image\/","url":"https:\/\/dev.as2web.fr\/immovance\/wp-content\/uploads\/2022\/03\/modalback.jpg","contentUrl":"https:\/\/dev.as2web.fr\/immovance\/wp-content\/uploads\/2022\/03\/modalback.jpg","width":640,"height":480,"caption":"Immovance Immobilier"},"image":{"@id":"https:\/\/dev.as2web.fr\/immovance\/#\/schema\/logo\/image\/"}},{"@type":"WebSite","@id":"https:\/\/dev.as2web.fr\/immovance\/#website","url":"https:\/\/dev.as2web.fr\/immovance\/","name":"Immovance","description":"","publisher":{"@id":"https:\/\/dev.as2web.fr\/immovance\/#organization"},"potentialAction":[{"@type":"SearchAction","target":{"@type":"EntryPoint","urlTemplate":"https:\/\/dev.as2web.fr\/immovance\/?s={search_term_string}"},"query-input":"required name=search_term_string"}],"inLanguage":"fr-FR"},{"@type":"WebPage","@id":"https:\/\/dev.as2web.fr\/immovance\/location-saisonniere#webpage","url":"https:\/\/dev.as2web.fr\/immovance\/location-saisonniere","name":"Location saisonni\u00e8re, location de vacances - Immovance","isPartOf":{"@id":"https:\/\/dev.as2web.fr\/immovance\/#website"},"datePublished":"2022-01-10T10:48:10+00:00","dateModified":"2022-06-09T14:36:36+00:00","description":"Retrouvez une s\u00e9lection de logements en location saisonni\u00e8re pour vos prochaines vacances. Trouvez la propri\u00e9t\u00e9 id\u00e9ale selon vos crit\u00e8res sur Immovance. Profitez de vacances proche de la mer dans l\u2019H\u00e9rault.","breadcrumb":{"@id":"https:\/\/dev.as2web.fr\/immovance\/location-saisonniere#breadcrumb"},"inLanguage":"fr-FR","potentialAction":[{"@type":"ReadAction","target":["https:\/\/dev.as2web.fr\/immovance\/location-saisonniere"]}]},{"@type":"BreadcrumbList","@id":"https:\/\/dev.as2web.fr\/immovance\/location-saisonniere#breadcrumb","itemListElement":[{"@type":"ListItem","position":1,"name":"Accueil","item":"https:\/\/dev.as2web.fr\/immovance\/"},{"@type":"ListItem","position":2,"name":"Location"}]}]}},"_links":{"self":[{"href":"https:\/\/dev.as2web.fr\/immovance\/wp-json\/wp\/v2\/pages\/50189"}],"collection":[{"href":"https:\/\/dev.as2web.fr\/immovance\/wp-json\/wp\/v2\/pages"}],"about":[{"href":"https:\/\/dev.as2web.fr\/immovance\/wp-json\/wp\/v2\/types\/page"}],"author":[{"embeddable":true,"href":"https:\/\/dev.as2web.fr\/immovance\/wp-json\/wp\/v2\/users\/1"}],"replies":[{"embeddable":true,"href":"https:\/\/dev.as2web.fr\/immovance\/wp-json\/wp\/v2\/comments?post=50189"}],"version-history":[{"count":1,"href":"https:\/\/dev.as2web.fr\/immovance\/wp-json\/wp\/v2\/pages\/50189\/revisions"}],"predecessor-version":[{"id":59152,"href":"https:\/\/dev.as2web.fr\/immovance\/wp-json\/wp\/v2\/pages\/50189\/revisions\/59152"}],"wp:attachment":[{"href":"https:\/\/dev.as2web.fr\/immovance\/wp-json\/wp\/v2\/media?parent=50189"}],"curies":[{"name":"wp","href":"https:\/\/api.w.org\/{rel}","templated":true}]}}