{"id":29163,"date":"2021-10-19T16:15:29","date_gmt":"2021-10-19T14:15:29","guid":{"rendered":"https:\/\/dev.as2web.fr\/immovance\/?page_id=29163"},"modified":"2022-06-09T15:46:16","modified_gmt":"2022-06-09T13:46:16","slug":"gestion","status":"publish","type":"page","link":"https:\/\/dev.as2web.fr\/immovance\/gestion","title":{"rendered":"Gestion locative"},"content":{"rendered":"<p>[vc_row full_width=\u00a0\u00bbstretch_row\u00a0\u00bb css=\u00a0\u00bb.vc_custom_1646038841512{margin-top: 5px !important;margin-bottom: 5px !important;padding-top: 60px !important;padding-bottom: 60px !important;background-image: url(https:\/\/dev.as2web.fr\/immovance\/wp-content\/uploads\/2022\/02\/bg-partner.jpg?id=52534) !important;background-position: center !important;background-repeat: no-repeat !important;background-size: cover !important;}\u00a0\u00bb][vc_column][vc_custom_heading text=\u00a0\u00bbFaire g\u00e9rer votre bien\u00a0\u00bb font_container=\u00a0\u00bbtag:h1|text_align:center|color:%23ffffff\u00a0\u00bb use_theme_fonts=\u00a0\u00bbyes\u00a0\u00bb css_animation=\u00a0\u00bbfadeInLeft\u00a0\u00bb css=\u00a0\u00bb.vc_custom_1647533592688{margin-bottom: 10px !important;}\u00a0\u00bb][vc_column_text el_class=\u00a0\u00bbsubtitle-page\u00a0\u00bb]<\/p>\n<p style=\"text-align: center;\">avec Immovance<\/p>\n<p>[\/vc_column_text][\/vc_column][\/vc_row][vc_row full_width=\u00a0\u00bbstretch_row\u00a0\u00bb css=\u00a0\u00bb.vc_custom_1646039214844{padding-top: 60px !important;padding-bottom: 60px !important;background-color: #ffffff !important;}\u00a0\u00bb][vc_column][vc_row_inner equal_height=\u00a0\u00bbyes\u00a0\u00bb content_placement=\u00a0\u00bbmiddle\u00a0\u00bb css=\u00a0\u00bb.vc_custom_1646039707855{margin-bottom: 30px !important;}\u00a0\u00bb][vc_column_inner width=\u00a0\u00bb2\/3&Prime; css=\u00a0\u00bb.vc_custom_1646039314740{padding-top: 40px !important;padding-right: 40px !important;padding-bottom: 40px !important;padding-left: 40px !important;background-color: #f7f7f7 !important;}\u00a0\u00bb][vc_custom_heading text=\u00a0\u00bb\u00a0\u00bb use_theme_fonts=\u00a0\u00bbyes\u00a0\u00bb][vc_column_text]Vous \u00eates propri\u00e9taire, la gestion de votre patrimoine locatif doit \u00eatre une affaire sereine et p\u00e9renne.<\/p>\n<p>Trouver des locataires n\u2019est pas toujours ais\u00e9. Le recours \u00e0 un administrateur de bien \u00e9vite bien des d\u00e9ceptions.<\/p>\n<p>Nous nous engageons dans le choix de bons locataires, g\u00e9rer le bail dans son ensemble, \u00eatre votre interlocuteur privil\u00e9gi\u00e9, vous \u00eates inform\u00e9 de tout \u00e9v\u00e8nement.<\/p>\n<p>Les honoraires de gestion sont d\u00e9ductibles de vos revenus fonciers.<\/p>\n<p>Nos r\u00e9f\u00e9rences ont d\u00e9j\u00e0 convaincu de nombreux propri\u00e9taires et investisseurs et nous font confiance dans la gestion de leur patrimoine immobilier.<\/p>\n<p>Nous restons \u00e0 votre disposition et \u00e0 votre \u00e9coute pour tous renseignements souhait\u00e9s.[\/vc_column_text][vc_btn title=\u00a0\u00bbBar\u00e8me d&rsquo;honoraires\u00a0\u00bb style=\u00a0\u00bbflat\u00a0\u00bb color=\u00a0\u00bbwhite\u00a0\u00bb align=\u00a0\u00bbleft\u00a0\u00bb link=\u00a0\u00bburl:https%3A%2F%2Fdev.as2web.fr%2Fimmovance%2Fwp-content%2Fuploads%2F2022%2F06%2FBAREME-AGENCE-2022-GESTION-LOCATIVE.pdf|target:_blank\u00a0\u00bb el_class=\u00a0\u00bbbtn-clipboard\u00a0\u00bb][\/vc_column_inner][vc_column_inner width=\u00a0\u00bb1\/3&Prime; css=\u00a0\u00bb.vc_custom_1646039692640{background-image: url(https:\/\/dev.as2web.fr\/immovance\/wp-content\/uploads\/2022\/02\/faire-gerer-2.jpg?id=52974) !important;background-position: center !important;background-repeat: no-repeat !important;background-size: cover !important;}\u00a0\u00bb][\/vc_column_inner][\/vc_row_inner][vc_row_inner equal_height=\u00a0\u00bbyes\u00a0\u00bb content_placement=\u00a0\u00bbmiddle\u00a0\u00bb][vc_column_inner width=\u00a0\u00bb1\/3&Prime; css=\u00a0\u00bb.vc_custom_1646039349881{background-image: url(https:\/\/dev.as2web.fr\/immovance\/wp-content\/uploads\/2021\/10\/faire-gerer.jpg?id=29182) !important;background-position: center !important;background-repeat: no-repeat !important;background-size: cover !important;}\u00a0\u00bb][\/vc_column_inner][vc_column_inner width=\u00a0\u00bb2\/3&Prime; css=\u00a0\u00bb.vc_custom_1646039314740{padding-top: 40px !important;padding-right: 40px !important;padding-bottom: 40px !important;padding-left: 40px !important;background-color: #f7f7f7 !important;}\u00a0\u00bb][vc_custom_heading text=\u00a0\u00bbImmovance Syndic Gestion de copropri\u00e9t\u00e9\u00a0\u00bb use_theme_fonts=\u00a0\u00bbyes\u00a0\u00bb][vc_column_text]<\/p>\n<ul>\n<li>Immovance vous accompagne pour la gestion de votre copropri\u00e9t\u00e9<\/li>\n<li>Un syndic a taille humaine<\/li>\n<li>La maitrise des charges de copropri\u00e9t\u00e9<\/li>\n<li>Une gestion proche des copropri\u00e9taires<\/li>\n<li>La valorisation de votre patrimoine<\/li>\n<li>Une comptabilit\u00e9 rigoureuse<\/li>\n<\/ul>\n<p>Votre syndic \u00e0 nos c\u00f4t\u00e9s[\/vc_column_text][vc_btn title=\u00a0\u00bbExtranet copropri\u00e9t\u00e9\u00a0\u00bb style=\u00a0\u00bbflat\u00a0\u00bb color=\u00a0\u00bbwhite\u00a0\u00bb align=\u00a0\u00bbleft\u00a0\u00bb link=\u00a0\u00bburl:https%3A%2F%2Fimmovance.crypto-extranet.com%2Fconnexion%2F|target:_blank\u00a0\u00bb el_class=\u00a0\u00bbbtn-clipboard\u00a0\u00bb][\/vc_column_inner][\/vc_row_inner][\/vc_column][\/vc_row][vc_row css=\u00a0\u00bb.vc_custom_1646039210807{padding-top: 40px !important;padding-bottom: 40px !important;}\u00a0\u00bb][vc_column][vc_custom_heading text=\u00a0\u00bbNous contacter\u00a0\u00bb font_container=\u00a0\u00bbtag:h2|text_align:center\u00a0\u00bb use_theme_fonts=\u00a0\u00bbyes\u00a0\u00bb css=\u00a0\u00bb.vc_custom_1646039858739{margin-bottom: 10px !important;}\u00a0\u00bb][vc_column_text el_class=\u00a0\u00bbsubtitle\u00a0\u00bb css=\u00a0\u00bb.vc_custom_1647533341589{margin-bottom: 40px !important;}\u00a0\u00bb]<\/p>\n<p style=\"text-align: center;\">Un conseiller vous r\u00e9pondra dans les plus brefs d\u00e9lais<\/p>\n<p>[\/vc_column_text][vc_row_inner][vc_column_inner width=\u00a0\u00bb1\/2&Prime;][vc_column_text]<\/p>\n<h3>Gestion locative<\/h3>\n<p><strong>GROUPE\/SI\u00c8GE<\/strong><br \/>\n04.67.65.48.89 \/ gestion@immovance.fr<br \/>\n04.67.02.61.41 \/ gestion@immovance.fr<\/p>\n<p><strong>ST ROCH\/BOUTONNET\/LES AUBES<\/strong><br \/>\n04.67.68.56.05 \/ gestionmontpellier@immovance.fr[\/vc_column_text][\/vc_column_inner][vc_column_inner width=\u00a0\u00bb1\/2&Prime;][vc_column_text]<\/p>\n<h3>Syndic<\/h3>\n<p><strong>GROUPE\/SI\u00c8GE<\/strong><br \/>\n04.34.81.06.64 \/ syndic@immovance.fr[\/vc_column_text][\/vc_column_inner][\/vc_row_inner][\/vc_column][\/vc_row]<\/p>\n","protected":false},"excerpt":{"rendered":"<p>[vc_row full_width=\u00a0\u00bbstretch_row\u00a0\u00bb css=\u00a0\u00bb.vc_custom_1646038841512{margin-top: 5px !important;margin-bottom: 5px !important;padding-top: 60px !important;padding-bottom: 60px !important;background-image: url(https:\/\/dev.as2web.fr\/immovance\/wp-content\/uploads\/2022\/02\/bg-partner.jpg?id=52534) !important;background-position: center !important;background-repeat: no-repeat !important;background-size: cover !important;}\u00a0\u00bb][vc_column][vc_custom_heading text=\u00a0\u00bbFaire g\u00e9rer votre bien\u00a0\u00bb font_container=\u00a0\u00bbtag:h1|text_align:center|color:%23ffffff\u00a0\u00bb use_theme_fonts=\u00a0\u00bbyes\u00a0\u00bb css_animation=\u00a0\u00bbfadeInLeft\u00a0\u00bb css=\u00a0\u00bb.vc_custom_1647533592688{margin-bottom: 10px !important;}\u00a0\u00bb][vc_column_text el_class=\u00a0\u00bbsubtitle-page\u00a0\u00bb] avec Immovance [\/vc_column_text][\/vc_column][\/vc_row][vc_row full_width=\u00a0\u00bbstretch_row\u00a0\u00bb css=\u00a0\u00bb.vc_custom_1646039214844{padding-top: 60px !important;padding-bottom: 60px !important;background-color: #ffffff !important;}\u00a0\u00bb][vc_column][vc_row_inner equal_height=\u00a0\u00bbyes\u00a0\u00bb content_placement=\u00a0\u00bbmiddle\u00a0\u00bb css=\u00a0\u00bb.vc_custom_1646039707855{margin-bottom: 30px !important;}\u00a0\u00bb][vc_column_inner width=\u00a0\u00bb2\/3&Prime; css=\u00a0\u00bb.vc_custom_1646039314740{padding-top: 40px !important;padding-right: 40px !important;padding-bottom: 40px !important;padding-left: 40px !important;background-color: #f7f7f7 !important;}\u00a0\u00bb][vc_custom_heading text=\u00a0\u00bb\u00a0\u00bb use_theme_fonts=\u00a0\u00bbyes\u00a0\u00bb][vc_column_text]Vous \u00eates propri\u00e9taire, la gestion &#8230;<\/p>\n","protected":false},"author":1,"featured_media":29182,"parent":0,"menu_order":0,"comment_status":"closed","ping_status":"closed","template":"","meta":{"loftloader_page_shortcode":""},"yoast_head":"<!-- This site is optimized with the Yoast SEO plugin v18.9 - https:\/\/yoast.com\/wordpress\/plugins\/seo\/ -->\n<title>Gestion locative - Immovance<\/title>\n<meta name=\"robots\" content=\"noindex, follow, max-snippet:-1, max-image-preview:large, max-video-preview:-1\" \/>\n<meta property=\"og:locale\" content=\"fr_FR\" \/>\n<meta property=\"og:type\" content=\"article\" \/>\n<meta property=\"og:title\" content=\"Gestion locative - Immovance\" \/>\n<meta property=\"og:description\" content=\"[vc_row full_width=\u00a0\u00bbstretch_row\u00a0\u00bb css=\u00a0\u00bb.vc_custom_1646038841512{margin-top: 5px !important;margin-bottom: 5px !important;padding-top: 60px !important;padding-bottom: 60px !important;background-image: url(https:\/\/dev.as2web.fr\/immovance\/wp-content\/uploads\/2022\/02\/bg-partner.jpg?id=52534) !important;background-position: center !important;background-repeat: no-repeat !important;background-size: cover !important;}\u00a0\u00bb][vc_column][vc_custom_heading text=\u00a0\u00bbFaire g\u00e9rer votre bien\u00a0\u00bb font_container=\u00a0\u00bbtag:h1|text_align:center|color:%23ffffff\u00a0\u00bb use_theme_fonts=\u00a0\u00bbyes\u00a0\u00bb css_animation=\u00a0\u00bbfadeInLeft\u00a0\u00bb css=\u00a0\u00bb.vc_custom_1647533592688{margin-bottom: 10px !important;}\u00a0\u00bb][vc_column_text el_class=\u00a0\u00bbsubtitle-page\u00a0\u00bb] avec Immovance [\/vc_column_text][\/vc_column][\/vc_row][vc_row full_width=\u00a0\u00bbstretch_row\u00a0\u00bb css=\u00a0\u00bb.vc_custom_1646039214844{padding-top: 60px !important;padding-bottom: 60px !important;background-color: #ffffff !important;}\u00a0\u00bb][vc_column][vc_row_inner equal_height=\u00a0\u00bbyes\u00a0\u00bb content_placement=\u00a0\u00bbmiddle\u00a0\u00bb css=\u00a0\u00bb.vc_custom_1646039707855{margin-bottom: 30px !important;}\u00a0\u00bb][vc_column_inner width=\u00a0\u00bb2\/3&Prime; css=\u00a0\u00bb.vc_custom_1646039314740{padding-top: 40px !important;padding-right: 40px !important;padding-bottom: 40px !important;padding-left: 40px !important;background-color: #f7f7f7 !important;}\u00a0\u00bb][vc_custom_heading text=\u00a0\u00bb\u00a0\u00bb use_theme_fonts=\u00a0\u00bbyes\u00a0\u00bb][vc_column_text]Vous \u00eates propri\u00e9taire, la gestion ...\" \/>\n<meta property=\"og:url\" content=\"https:\/\/dev.as2web.fr\/immovance\/gestion\" \/>\n<meta property=\"og:site_name\" content=\"Immovance\" \/>\n<meta property=\"article:modified_time\" content=\"2022-06-09T13:46:16+00:00\" \/>\n<meta property=\"og:image\" content=\"https:\/\/dev.as2web.fr\/immovance\/wp-content\/uploads\/2021\/10\/faire-gerer.jpg\" \/>\n\t<meta property=\"og:image:width\" content=\"285\" \/>\n\t<meta property=\"og:image:height\" content=\"285\" \/>\n\t<meta property=\"og:image:type\" content=\"image\/jpeg\" \/>\n<meta name=\"twitter:card\" content=\"summary_large_image\" \/>\n<meta name=\"twitter:label1\" content=\"Dur\u00e9e de lecture estim\u00e9e\" \/>\n\t<meta name=\"twitter:data1\" content=\"2 minutes\" \/>\n<script type=\"application\/ld+json\" class=\"yoast-schema-graph\">{\"@context\":\"https:\/\/schema.org\",\"@graph\":[{\"@type\":\"Organization\",\"@id\":\"https:\/\/dev.as2web.fr\/immovance\/#organization\",\"name\":\"Immovance Immobilier\",\"url\":\"https:\/\/dev.as2web.fr\/immovance\/\",\"sameAs\":[],\"logo\":{\"@type\":\"ImageObject\",\"inLanguage\":\"fr-FR\",\"@id\":\"https:\/\/dev.as2web.fr\/immovance\/#\/schema\/logo\/image\/\",\"url\":\"https:\/\/dev.as2web.fr\/immovance\/wp-content\/uploads\/2022\/03\/modalback.jpg\",\"contentUrl\":\"https:\/\/dev.as2web.fr\/immovance\/wp-content\/uploads\/2022\/03\/modalback.jpg\",\"width\":640,\"height\":480,\"caption\":\"Immovance Immobilier\"},\"image\":{\"@id\":\"https:\/\/dev.as2web.fr\/immovance\/#\/schema\/logo\/image\/\"}},{\"@type\":\"WebSite\",\"@id\":\"https:\/\/dev.as2web.fr\/immovance\/#website\",\"url\":\"https:\/\/dev.as2web.fr\/immovance\/\",\"name\":\"Immovance\",\"description\":\"\",\"publisher\":{\"@id\":\"https:\/\/dev.as2web.fr\/immovance\/#organization\"},\"potentialAction\":[{\"@type\":\"SearchAction\",\"target\":{\"@type\":\"EntryPoint\",\"urlTemplate\":\"https:\/\/dev.as2web.fr\/immovance\/?s={search_term_string}\"},\"query-input\":\"required name=search_term_string\"}],\"inLanguage\":\"fr-FR\"},{\"@type\":\"ImageObject\",\"inLanguage\":\"fr-FR\",\"@id\":\"https:\/\/dev.as2web.fr\/immovance\/gestion#primaryimage\",\"url\":\"https:\/\/dev.as2web.fr\/immovance\/wp-content\/uploads\/2021\/10\/faire-gerer.jpg\",\"contentUrl\":\"https:\/\/dev.as2web.fr\/immovance\/wp-content\/uploads\/2021\/10\/faire-gerer.jpg\",\"width\":285,\"height\":285},{\"@type\":\"WebPage\",\"@id\":\"https:\/\/dev.as2web.fr\/immovance\/gestion#webpage\",\"url\":\"https:\/\/dev.as2web.fr\/immovance\/gestion\",\"name\":\"Gestion locative - Immovance\",\"isPartOf\":{\"@id\":\"https:\/\/dev.as2web.fr\/immovance\/#website\"},\"primaryImageOfPage\":{\"@id\":\"https:\/\/dev.as2web.fr\/immovance\/gestion#primaryimage\"},\"datePublished\":\"2021-10-19T14:15:29+00:00\",\"dateModified\":\"2022-06-09T13:46:16+00:00\",\"breadcrumb\":{\"@id\":\"https:\/\/dev.as2web.fr\/immovance\/gestion#breadcrumb\"},\"inLanguage\":\"fr-FR\",\"potentialAction\":[{\"@type\":\"ReadAction\",\"target\":[\"https:\/\/dev.as2web.fr\/immovance\/gestion\"]}]},{\"@type\":\"BreadcrumbList\",\"@id\":\"https:\/\/dev.as2web.fr\/immovance\/gestion#breadcrumb\",\"itemListElement\":[{\"@type\":\"ListItem\",\"position\":1,\"name\":\"Accueil\",\"item\":\"https:\/\/dev.as2web.fr\/immovance\/\"},{\"@type\":\"ListItem\",\"position\":2,\"name\":\"Gestion locative\"}]}]}<\/script>\n<!-- \/ Yoast SEO plugin. -->","yoast_head_json":{"title":"Gestion locative - Immovance","robots":{"index":"noindex","follow":"follow","max-snippet":"max-snippet:-1","max-image-preview":"max-image-preview:large","max-video-preview":"max-video-preview:-1"},"og_locale":"fr_FR","og_type":"article","og_title":"Gestion locative - Immovance","og_description":"[vc_row full_width=\u00a0\u00bbstretch_row\u00a0\u00bb css=\u00a0\u00bb.vc_custom_1646038841512{margin-top: 5px !important;margin-bottom: 5px !important;padding-top: 60px !important;padding-bottom: 60px !important;background-image: url(https:\/\/dev.as2web.fr\/immovance\/wp-content\/uploads\/2022\/02\/bg-partner.jpg?id=52534) !important;background-position: center !important;background-repeat: no-repeat !important;background-size: cover !important;}\u00a0\u00bb][vc_column][vc_custom_heading text=\u00a0\u00bbFaire g\u00e9rer votre bien\u00a0\u00bb font_container=\u00a0\u00bbtag:h1|text_align:center|color:%23ffffff\u00a0\u00bb use_theme_fonts=\u00a0\u00bbyes\u00a0\u00bb css_animation=\u00a0\u00bbfadeInLeft\u00a0\u00bb css=\u00a0\u00bb.vc_custom_1647533592688{margin-bottom: 10px !important;}\u00a0\u00bb][vc_column_text el_class=\u00a0\u00bbsubtitle-page\u00a0\u00bb] avec Immovance [\/vc_column_text][\/vc_column][\/vc_row][vc_row full_width=\u00a0\u00bbstretch_row\u00a0\u00bb css=\u00a0\u00bb.vc_custom_1646039214844{padding-top: 60px !important;padding-bottom: 60px !important;background-color: #ffffff !important;}\u00a0\u00bb][vc_column][vc_row_inner equal_height=\u00a0\u00bbyes\u00a0\u00bb content_placement=\u00a0\u00bbmiddle\u00a0\u00bb css=\u00a0\u00bb.vc_custom_1646039707855{margin-bottom: 30px !important;}\u00a0\u00bb][vc_column_inner width=\u00a0\u00bb2\/3&Prime; css=\u00a0\u00bb.vc_custom_1646039314740{padding-top: 40px !important;padding-right: 40px !important;padding-bottom: 40px !important;padding-left: 40px !important;background-color: #f7f7f7 !important;}\u00a0\u00bb][vc_custom_heading text=\u00a0\u00bb\u00a0\u00bb use_theme_fonts=\u00a0\u00bbyes\u00a0\u00bb][vc_column_text]Vous \u00eates propri\u00e9taire, la gestion ...","og_url":"https:\/\/dev.as2web.fr\/immovance\/gestion","og_site_name":"Immovance","article_modified_time":"2022-06-09T13:46:16+00:00","og_image":[{"width":285,"height":285,"url":"https:\/\/dev.as2web.fr\/immovance\/wp-content\/uploads\/2021\/10\/faire-gerer.jpg","type":"image\/jpeg"}],"twitter_card":"summary_large_image","twitter_misc":{"Dur\u00e9e de lecture estim\u00e9e":"2 minutes"},"schema":{"@context":"https:\/\/schema.org","@graph":[{"@type":"Organization","@id":"https:\/\/dev.as2web.fr\/immovance\/#organization","name":"Immovance Immobilier","url":"https:\/\/dev.as2web.fr\/immovance\/","sameAs":[],"logo":{"@type":"ImageObject","inLanguage":"fr-FR","@id":"https:\/\/dev.as2web.fr\/immovance\/#\/schema\/logo\/image\/","url":"https:\/\/dev.as2web.fr\/immovance\/wp-content\/uploads\/2022\/03\/modalback.jpg","contentUrl":"https:\/\/dev.as2web.fr\/immovance\/wp-content\/uploads\/2022\/03\/modalback.jpg","width":640,"height":480,"caption":"Immovance Immobilier"},"image":{"@id":"https:\/\/dev.as2web.fr\/immovance\/#\/schema\/logo\/image\/"}},{"@type":"WebSite","@id":"https:\/\/dev.as2web.fr\/immovance\/#website","url":"https:\/\/dev.as2web.fr\/immovance\/","name":"Immovance","description":"","publisher":{"@id":"https:\/\/dev.as2web.fr\/immovance\/#organization"},"potentialAction":[{"@type":"SearchAction","target":{"@type":"EntryPoint","urlTemplate":"https:\/\/dev.as2web.fr\/immovance\/?s={search_term_string}"},"query-input":"required name=search_term_string"}],"inLanguage":"fr-FR"},{"@type":"ImageObject","inLanguage":"fr-FR","@id":"https:\/\/dev.as2web.fr\/immovance\/gestion#primaryimage","url":"https:\/\/dev.as2web.fr\/immovance\/wp-content\/uploads\/2021\/10\/faire-gerer.jpg","contentUrl":"https:\/\/dev.as2web.fr\/immovance\/wp-content\/uploads\/2021\/10\/faire-gerer.jpg","width":285,"height":285},{"@type":"WebPage","@id":"https:\/\/dev.as2web.fr\/immovance\/gestion#webpage","url":"https:\/\/dev.as2web.fr\/immovance\/gestion","name":"Gestion locative - Immovance","isPartOf":{"@id":"https:\/\/dev.as2web.fr\/immovance\/#website"},"primaryImageOfPage":{"@id":"https:\/\/dev.as2web.fr\/immovance\/gestion#primaryimage"},"datePublished":"2021-10-19T14:15:29+00:00","dateModified":"2022-06-09T13:46:16+00:00","breadcrumb":{"@id":"https:\/\/dev.as2web.fr\/immovance\/gestion#breadcrumb"},"inLanguage":"fr-FR","potentialAction":[{"@type":"ReadAction","target":["https:\/\/dev.as2web.fr\/immovance\/gestion"]}]},{"@type":"BreadcrumbList","@id":"https:\/\/dev.as2web.fr\/immovance\/gestion#breadcrumb","itemListElement":[{"@type":"ListItem","position":1,"name":"Accueil","item":"https:\/\/dev.as2web.fr\/immovance\/"},{"@type":"ListItem","position":2,"name":"Gestion locative"}]}]}},"_links":{"self":[{"href":"https:\/\/dev.as2web.fr\/immovance\/wp-json\/wp\/v2\/pages\/29163"}],"collection":[{"href":"https:\/\/dev.as2web.fr\/immovance\/wp-json\/wp\/v2\/pages"}],"about":[{"href":"https:\/\/dev.as2web.fr\/immovance\/wp-json\/wp\/v2\/types\/page"}],"author":[{"embeddable":true,"href":"https:\/\/dev.as2web.fr\/immovance\/wp-json\/wp\/v2\/users\/1"}],"replies":[{"embeddable":true,"href":"https:\/\/dev.as2web.fr\/immovance\/wp-json\/wp\/v2\/comments?post=29163"}],"version-history":[{"count":11,"href":"https:\/\/dev.as2web.fr\/immovance\/wp-json\/wp\/v2\/pages\/29163\/revisions"}],"predecessor-version":[{"id":54176,"href":"https:\/\/dev.as2web.fr\/immovance\/wp-json\/wp\/v2\/pages\/29163\/revisions\/54176"}],"wp:featuredmedia":[{"embeddable":true,"href":"https:\/\/dev.as2web.fr\/immovance\/wp-json\/wp\/v2\/media\/29182"}],"wp:attachment":[{"href":"https:\/\/dev.as2web.fr\/immovance\/wp-json\/wp\/v2\/media?parent=29163"}],"curies":[{"name":"wp","href":"https:\/\/api.w.org\/{rel}","templated":true}]}}