{"id":20206,"date":"2016-11-16T10:51:13","date_gmt":"2016-11-16T10:51:13","guid":{"rendered":"http:\/\/wpresidence.net\/?page_id=20206"},"modified":"2022-06-09T16:02:30","modified_gmt":"2022-06-09T14:02:30","slug":"home-page-2016","status":"publish","type":"page","link":"https:\/\/dev.as2web.fr\/immovance\/","title":{"rendered":"Accueil"},"content":{"rendered":"<p>[vc_row full_width=\u00a0\u00bbstretch_row_content_no_spaces\u00a0\u00bb equal_height=\u00a0\u00bbyes\u00a0\u00bb content_placement=\u00a0\u00bbmiddle\u00a0\u00bb el_id=\u00a0\u00bbhome-img-nav\u00a0\u00bb][vc_column width=\u00a0\u00bb1\/6&Prime; css=\u00a0\u00bb.vc_custom_1646666924621{background-image: url(https:\/\/dev.as2web.fr\/immovance\/wp-content\/uploads\/2021\/10\/acheter.jpg?id=29181) !important;background-position: center !important;background-repeat: no-repeat !important;background-size: cover !important;}\u00a0\u00bb][vc_custom_heading text=\u00a0\u00bbAcheter\u00a0\u00bb font_container=\u00a0\u00bbtag:p|text_align:center\u00a0\u00bb use_theme_fonts=\u00a0\u00bbyes\u00a0\u00bb link=\u00a0\u00bburl:https%3A%2F%2Fdev.as2web.fr%2Fimmovance%2Frecherche-de-biens%3Ffilter_search_action%255B%255D%3Da-acheter%26filter_search_type%255B%255D%3Dall|title:Acheter\u00a0\u00bb][\/vc_column][vc_column width=\u00a0\u00bb1\/6&Prime; css=\u00a0\u00bb.vc_custom_1646666956867{background-image: url(https:\/\/dev.as2web.fr\/immovance\/wp-content\/uploads\/2021\/10\/louer.jpg?id=29183) !important;background-position: center !important;background-repeat: no-repeat !important;background-size: cover !important;}\u00a0\u00bb][vc_custom_heading text=\u00a0\u00bbLouer\u00a0\u00bb font_container=\u00a0\u00bbtag:p|text_align:center\u00a0\u00bb use_theme_fonts=\u00a0\u00bbyes\u00a0\u00bb link=\u00a0\u00bburl:https%3A%2F%2Fdev.as2web.fr%2Fimmovance%2Frecherche-de-biens%3Ffilter_search_action%255B%255D%3Da-louer%26filter_search_type%255B%255D%3Dall|title:Acheter\u00a0\u00bb][\/vc_column][vc_column width=\u00a0\u00bb1\/6&Prime; css=\u00a0\u00bb.vc_custom_1646731858419{background-image: url(https:\/\/dev.as2web.fr\/immovance\/wp-content\/uploads\/2021\/10\/vendre.jpg?id=29185) !important;background-position: center !important;background-repeat: no-repeat !important;background-size: cover !important;}\u00a0\u00bb][vc_custom_heading text=\u00a0\u00bbVendre\u00a0\u00bb font_container=\u00a0\u00bbtag:p|text_align:center\u00a0\u00bb use_theme_fonts=\u00a0\u00bbyes\u00a0\u00bb link=\u00a0\u00bburl:https%3A%2F%2Fdev.as2web.fr%2Fimmovance%2Fvendre|title:Acheter\u00a0\u00bb][\/vc_column][vc_column width=\u00a0\u00bb1\/6&Prime; css=\u00a0\u00bb.vc_custom_1646667003347{background-image: url(https:\/\/dev.as2web.fr\/immovance\/wp-content\/uploads\/2021\/10\/prog-neufs.jpg?id=29184) !important;background-position: center !important;background-repeat: no-repeat !important;background-size: cover !important;}\u00a0\u00bb][vc_custom_heading text=\u00a0\u00bbProgrammes<br \/>\nNeufs\u00a0\u00bb font_container=\u00a0\u00bbtag:p|text_align:center\u00a0\u00bb use_theme_fonts=\u00a0\u00bbyes\u00a0\u00bb link=\u00a0\u00bburl:https%3A%2F%2Fdev.as2web.fr%2Fimmovance%2Fprogrammes-neufs|title:Acheter\u00a0\u00bb][\/vc_column][vc_column width=\u00a0\u00bb1\/6&Prime; css=\u00a0\u00bb.vc_custom_1646667017026{background-image: url(https:\/\/dev.as2web.fr\/immovance\/wp-content\/uploads\/2021\/10\/faire-gerer.jpg?id=29182) !important;background-position: center !important;background-repeat: no-repeat !important;background-size: cover !important;}\u00a0\u00bb][vc_custom_heading text=\u00a0\u00bbGestion<br \/>\nLocative\u00a0\u00bb font_container=\u00a0\u00bbtag:p|text_align:center\u00a0\u00bb use_theme_fonts=\u00a0\u00bbyes\u00a0\u00bb link=\u00a0\u00bburl:https%3A%2F%2Fdev.as2web.fr%2Fimmovance%2Fgestion|title:Acheter\u00a0\u00bb][\/vc_column][vc_column width=\u00a0\u00bb1\/6&Prime; css=\u00a0\u00bb.vc_custom_1646667037275{background-image: url(https:\/\/dev.as2web.fr\/immovance\/wp-content\/uploads\/2021\/10\/services.jpg?id=29180) !important;background-position: center !important;background-repeat: no-repeat !important;background-size: cover !important;}\u00a0\u00bb][vc_custom_heading text=\u00a0\u00bbSyndic\u00a0\u00bb font_container=\u00a0\u00bbtag:p|text_align:center\u00a0\u00bb use_theme_fonts=\u00a0\u00bbyes\u00a0\u00bb link=\u00a0\u00bburl:https%3A%2F%2Fdev.as2web.fr%2Fimmovance%2Fsyndic|title:Acheter\u00a0\u00bb][\/vc_column][\/vc_row][vc_row full_width=\u00a0\u00bbstretch_row\u00a0\u00bb equal_height=\u00a0\u00bbyes\u00a0\u00bb content_placement=\u00a0\u00bbmiddle\u00a0\u00bb el_id=\u00a0\u00bbsearch-estimate\u00a0\u00bb css=\u00a0\u00bb.vc_custom_1637847870954{padding-top: 220px !important;padding-bottom: 220px !important;background: #f7f7f7 url(https:\/\/dev.as2web.fr\/immovance\/wp-content\/uploads\/2021\/11\/bg-search-home.jpg?id=29607) !important;background-position: center !important;background-repeat: no-repeat !important;background-size: cover !important;}\u00a0\u00bb][vc_column el_id=\u00a0\u00bbcontent-search-id\u00a0\u00bb][vc_custom_heading text=\u00a0\u00bbL\u2019immobilier au service des particuliers\u00a0\u00bb font_container=\u00a0\u00bbtag:h1|text_align:center|color:%23ffffff\u00a0\u00bb use_theme_fonts=\u00a0\u00bbyes\u00a0\u00bb][vc_column_text]<div id=\"search-home\">\n    <div class=\"tab-transac\">\n        <input type=\"hidden\" id=\"transac\" name=\"transac\" value=\"a-acheter\">\n        <div class=\"acheter active\" data-value=\"a-acheter\">\n            <p>Acheter<\/p>\n        <\/div>\n        <div class=\"louer\" data-value=\"a-louer\">\n            <p>Louer<\/p>\n        <\/div>\n    <\/div>\n    <div class=\"form-search\">\n        <div class=\"location\">\n            <input type=\"text\" id=\"geolocation_search_home\" name=\"geolocation_search_home\" placeholder=\"Localisation\" value=\"\" autocomplete=\"off\">\n            <input type=\"hidden\" id=\"location_search\" name=\"location_search\" placeholder=\"Localisation\" value=\"\" autocomplete=\"off\">\n            <div class=\"alert-form\" style=\"display:none\">Veuillez renseigner une localisation<\/div>\n        <\/div>\n        <div class=\"type\">\n            <select name=\"type\" id=\"type\">\n            <option value=\"all\" id=\"all\">Type de bien<\/option><option value=\"maison-villa\">Maison\/villa<\/option>\n<option value=\"appartement\">Appartement<\/option>\n<option value=\"terrain\">Terrain<\/option>\n<option value=\"immeuble\">Immeuble<\/option>\n<option value=\"bureaux\">Bureaux<\/option>\n<option value=\"boutique\">Boutique<\/option>\n<option value=\"local\">Local<\/option>\n<option value=\"parking-box\">Parking\/box<\/option>\n<option value=\"inconnu\">Inconnu<\/option><\/select>\n        <\/div>\n        <div class=\"price\">\n            <input type=\"number\" name=\"price_low\" id=\"price_low\" min=\"0\" placeholder=\"Prix min\" autocomplete=\"off\">\n            <input type=\"number\" name=\"price_max\" id=\"price_max\" min=\"0\" placeholder=\"Prix max\" autocomplete=\"off\">\n        <\/div>\n        <div class=\"submit\">\n            <input name=\"submit\" type=\"submit\" class=\"wpresidence_button submit-search-home\" value=\"Chercher\">\n        <\/div>\n    <\/div>\n<\/div>[\/vc_column_text][\/vc_column][\/vc_row][vc_row full_width=\u00a0\u00bbstretch_row_content\u00a0\u00bb equal_height=\u00a0\u00bbyes\u00a0\u00bb content_placement=\u00a0\u00bbmiddle\u00a0\u00bb css=\u00a0\u00bb.vc_custom_1644854853354{background-position: center !important;background-repeat: no-repeat !important;background-size: cover !important;}\u00a0\u00bb][vc_column width=\u00a0\u00bb1\/2&Prime; el_class=\u00a0\u00bbestime-left\u00a0\u00bb css=\u00a0\u00bb.vc_custom_1644855168494{border-top-width: 16px !important;border-right-width: 8px !important;border-bottom-width: 16px !important;border-left-width: 16px !important;padding-top: 60px !important;padding-bottom: 60px !important;background-image: url(https:\/\/dev.as2web.fr\/immovance\/wp-content\/uploads\/2022\/02\/home-estimation.jpg?id=52205) !important;background-position: center !important;background-repeat: no-repeat !important;background-size: cover !important;border-left-color: #ffffff !important;border-left-style: solid !important;border-right-color: #ffffff !important;border-right-style: solid !important;border-top-color: #ffffff !important;border-top-style: solid !important;border-bottom-color: #ffffff !important;border-bottom-style: solid !important;}\u00a0\u00bb][vc_custom_heading text=\u00a0\u00bbEstimez la valeur de votre bien\u00a0\u00bb use_theme_fonts=\u00a0\u00bbyes\u00a0\u00bb css=\u00a0\u00bb.vc_custom_1639148570113{margin-bottom: 15px !important;}\u00a0\u00bb][vc_column_text css=\u00a0\u00bb.vc_custom_1644855212262{margin-bottom: 15px !important;}\u00a0\u00bb]<\/p>\n<p style=\"text-align: left;\">Vendez-le \u00e0 sa juste valeur<\/p>\n<p>[\/vc_column_text][vc_column_text el_class=\u00a0\u00bbanimated-list\u00a0\u00bb]Entre<\/p>\n<ul>\n<li>152 068 \u20ac<\/li>\n<li>365 795 \u20ac<\/li>\n<li>287 752 \u20ac<\/li>\n<li>318 068 \u20ac<\/li>\n<\/ul>\n<p>et<\/p>\n<ul>\n<li>491 763 \u20ac<\/li>\n<li>463 268 \u20ac<\/li>\n<li>538 419 \u20ac<\/li>\n<li>546 618 \u20ac<\/li>\n<\/ul>\n<p>[\/vc_column_text][vc_btn title=\u00a0\u00bbFaire une estimation\u00a0\u00bb style=\u00a0\u00bbflat\u00a0\u00bb color=\u00a0\u00bbwhite\u00a0\u00bb align=\u00a0\u00bbleft\u00a0\u00bb link=\u00a0\u00bburl:https%3A%2F%2Fdev.as2web.fr%2Fimmovance%2Festimez-la-valeur-de-votre-bien|title:Estimez%20la%20valeur%20de%20votre%20bien\u00a0\u00bb el_class=\u00a0\u00bbbtn-clipboard\u00a0\u00bb][\/vc_column][vc_column width=\u00a0\u00bb1\/2&Prime; offset=\u00a0\u00bbvc_col-sm-offset-0&Prime; el_class=\u00a0\u00bbclipboard\u00a0\u00bb css=\u00a0\u00bb.vc_custom_1644854944009{border-top-width: 16px !important;border-right-width: 16px !important;border-bottom-width: 16px !important;border-left-width: 8px !important;background-image: url(https:\/\/dev.as2web.fr\/immovance\/wp-content\/uploads\/2021\/12\/vente-home.jpg?id=32007) !important;background-position: center !important;background-repeat: no-repeat !important;background-size: cover !important;border-left-color: #ffffff !important;border-left-style: solid !important;border-right-color: #ffffff !important;border-right-style: solid !important;border-top-color: #ffffff !important;border-top-style: solid !important;border-bottom-color: #ffffff !important;border-bottom-style: solid !important;}\u00a0\u00bb][vc_row_inner el_class=\u00a0\u00bbcard-red\u00a0\u00bb css=\u00a0\u00bb.vc_custom_1639147090859{margin-top: 128px !important;margin-bottom: 128px !important;}\u00a0\u00bb][vc_column_inner][vc_custom_heading text=\u00a0\u00bbVous souhaitez<br \/>\nvendre votre bien\u00a0\u00bb font_container=\u00a0\u00bbtag:h2|text_align:center|color:%23ffffff\u00a0\u00bb use_theme_fonts=\u00a0\u00bbyes\u00a0\u00bb css=\u00a0\u00bb.vc_custom_1639148273684{margin-bottom: 15px !important;}\u00a0\u00bb][vc_column_text el_class=\u00a0\u00bbtxt-white\u00a0\u00bb css=\u00a0\u00bb.vc_custom_1639148283338{margin-bottom: 20px !important;}\u00a0\u00bb]<\/p>\n<p style=\"text-align: center;\">Immovance s\u2019occupe de tout<\/p>\n<p>[\/vc_column_text][vc_btn title=\u00a0\u00bbFaire appel \u00e0 nos services\u00a0\u00bb style=\u00a0\u00bbflat\u00a0\u00bb color=\u00a0\u00bbwhite\u00a0\u00bb align=\u00a0\u00bbcenter\u00a0\u00bb link=\u00a0\u00bburl:https%3A%2F%2Fdev.as2web.fr%2Fimmovance%2Fvendre|title:Vendre\u00a0\u00bb el_class=\u00a0\u00bbbtn-clipboard\u00a0\u00bb][\/vc_column_inner][\/vc_row_inner][\/vc_column][\/vc_row][vc_row full_width=\u00a0\u00bbstretch_row\u00a0\u00bb css=\u00a0\u00bb.vc_custom_1637576446379{padding-top: 60px !important;background-color: #ffffff !important;}\u00a0\u00bb el_id=\u00a0\u00bbcontent-housebefore-id\u00a0\u00bb][vc_column][vc_row_inner][vc_column_inner width=\u00a0\u00bb1\/4&Prime;][\/vc_column_inner][vc_column_inner width=\u00a0\u00bb1\/2&Prime; el_id=\u00a0\u00bbcontent-housepres-id\u00a0\u00bb][vc_custom_heading text=\u00a0\u00bbA la recherche d\u2019un bien ?\u00a0\u00bb font_container=\u00a0\u00bbtag:h2|text_align:center\u00a0\u00bb use_theme_fonts=\u00a0\u00bbyes\u00a0\u00bb css=\u00a0\u00bb.vc_custom_1647622847859{margin-bottom: 10px !important;}\u00a0\u00bb][vc_column_text el_class=\u00a0\u00bbsubtitle\u00a0\u00bb]<\/p>\n<p style=\"text-align: center;\">Nos toutes derni\u00e8res offres<\/p>\n<p>[\/vc_column_text][\/vc_column_inner][vc_column_inner width=\u00a0\u00bb1\/4&Prime;][\/vc_column_inner][\/vc_row_inner][\/vc_column][\/vc_row][vc_row full_width=\u00a0\u00bbstretch_row_content\u00a0\u00bb css=\u00a0\u00bb.vc_custom_1639574659413{padding-bottom: 60px !important;background-color: #ffffff !important;}\u00a0\u00bb el_id=\u00a0\u00bbcontent-house-id\u00a0\u00bb][vc_column][vc_row_inner el_id=\u00a0\u00bbfilter-search-home\u00a0\u00bb][vc_column_inner][vc_btn title=\u00a0\u00bbAppartement\u00a0\u00bb style=\u00a0\u00bbflat\u00a0\u00bb color=\u00a0\u00bbwhite\u00a0\u00bb align=\u00a0\u00bbleft\u00a0\u00bb link=\u00a0\u00bburl:https%3A%2F%2Fdev.as2web.fr%2Fimmovance%2Frecherche-de-biens%3Ffilter_search_action%255B%255D%3Dall%26filter_search_type%255B%255D%3Dappartement\u00a0\u00bb][vc_btn title=\u00a0\u00bbMaison, Villa\u00a0\u00bb style=\u00a0\u00bbflat\u00a0\u00bb color=\u00a0\u00bbwhite\u00a0\u00bb align=\u00a0\u00bbleft\u00a0\u00bb link=\u00a0\u00bburl:https%3A%2F%2Fdev.as2web.fr%2Fimmovance%2Frecherche-de-biens%3Ffilter_search_action%255B%255D%3Dall%26filter_search_type%255B%255D%3Dmaison-villa\u00a0\u00bb][vc_btn title=\u00a0\u00bbTerrain\u00a0\u00bb style=\u00a0\u00bbflat\u00a0\u00bb color=\u00a0\u00bbwhite\u00a0\u00bb align=\u00a0\u00bbleft\u00a0\u00bb link=\u00a0\u00bburl:https%3A%2F%2Fdev.as2web.fr%2Fimmovance%2Frecherche-de-biens%3Ffilter_search_action%255B%255D%3Dall%26filter_search_type%255B%255D%3Dterrain\u00a0\u00bb][vc_btn title=\u00a0\u00bbImmeuble\u00a0\u00bb style=\u00a0\u00bbflat\u00a0\u00bb color=\u00a0\u00bbwhite\u00a0\u00bb align=\u00a0\u00bbleft\u00a0\u00bb link=\u00a0\u00bburl:https%3A%2F%2Fdev.as2web.fr%2Fimmovance%2Frecherche-de-biens%3Ffilter_search_action%255B%255D%3Dall%26filter_search_type%255B%255D%3Dimmeuble\u00a0\u00bb][vc_btn title=\u00a0\u00bbCommerce\u00a0\u00bb style=\u00a0\u00bbflat\u00a0\u00bb color=\u00a0\u00bbwhite\u00a0\u00bb align=\u00a0\u00bbleft\u00a0\u00bb link=\u00a0\u00bburl:https%3A%2F%2Fdev.as2web.fr%2Fimmovance%2Frecherche-de-biens%3Ffilter_search_action%255B%255D%3Dall%26filter_search_type%255B%255D%3Dboutique\u00a0\u00bb][vc_btn title=\u00a0\u00bbPrestige\u00a0\u00bb style=\u00a0\u00bbflat\u00a0\u00bb color=\u00a0\u00bbwhite\u00a0\u00bb align=\u00a0\u00bbleft\u00a0\u00bb link=\u00a0\u00bburl:https%3A%2F%2Fdev.as2web.fr%2Fimmovance%2Frecherche-de-biens%3Ffilter_search_action%255B%255D%3Dall%26filter_search_type%255B%255D%3Dprestige\u00a0\u00bb el_class=\u00a0\u00bbhide\u00a0\u00bb][\/vc_column_inner][\/vc_row_inner][vc_row_inner el_id=\u00a0\u00bbnav-slider-property\u00a0\u00bb css=\u00a0\u00bb.vc_custom_1647871319962{margin-bottom: 0px !important;}\u00a0\u00bb][vc_column_inner][vc_single_image image=\u00a0\u00bb54220&Prime; img_size=\u00a0\u00bbfull\u00a0\u00bb el_class=\u00a0\u00bbprev-slider-property\u00a0\u00bb css=\u00a0\u00bb.vc_custom_1647871559133{margin-bottom: 0px !important;}\u00a0\u00bb][vc_single_image image=\u00a0\u00bb54219&Prime; img_size=\u00a0\u00bbfull\u00a0\u00bb el_class=\u00a0\u00bbnext-slider-property\u00a0\u00bb css=\u00a0\u00bb.vc_custom_1647871566886{margin-bottom: 0px !important;}\u00a0\u00bb][\/vc_column_inner][\/vc_row_inner]<div id=\"wpestate_sh_anime_761\" class=\"article_container wpestate_anime wpestate_latest_listings_sh bottom-estate_property \"  data-type=\"estate_property\" data-category_ids=\"\" data-action_ids=\"\" data-city_ids=\"\" data-area_ids=\"\" data-state_ids=\"\" data-status_ids=\"\" data-number=\"9\" data-row-number=\"3\" data-card-version=\"\" data-align=\"vertical\" data-show_featured_only=\"no\"  data-random_pick=\"no\"  data-featured_first=\"no\" data-sort-by=\"3\"data-page=\"1\" >\n<div class=\"col-md-4 shortcode-col listing_wrapper \"\n    data-org=\"6\"\n    data-main-modal=\"https:\/\/dev.as2web.fr\/immovance\/wp-content\/uploads\/2022\/06\/photo_b421bae9ceaca6878b2b5a88ef51a928-59259-835x467.jpg\"\n    data-modal-title=\"Studio 26 m2 avec mezzanine de 17 m2\"\n    data-modal-link=\"https:\/\/dev.as2web.fr\/immovance\/bien\/studio-26-m2-avec-mezzanine-de-17-m2\"\n    data-listid=\"59259\"\n    data-price=\"99900\" >\n\n\n    <div class=\"property_listing  property_card_default  \"\n         data-link=\"https:\/\/dev.as2web.fr\/immovance\/bien\/studio-26-m2-avec-mezzanine-de-17-m2\">\n\n        \n\n                <div class=\"listing-unit-img-wrapper\">\n                    <div class=\"prop_new_details\">\n                        <div class=\"prop_new_details_back\"><\/div>\n                        <div class=\"property_media\">\n                    \n                    \n   <i class=\"fas fa-camera\"><\/i> 7<\/div>                        <div class=\"property_location_image\"> \n        <span class=\"property_marker\"><\/span><a href=\"https:\/\/dev.as2web.fr\/immovance\/zone\/occitanie\" rel=\"tag\">Occitanie<\/a>, <a href=\"https:\/\/dev.as2web.fr\/immovance\/ville\/fabregues\" rel=\"tag\">Fabregues<\/a><\/div>                        <div class=\"featured_gradient\"><\/div>\n                    <\/div>\n\n                    <a href=\"https:\/\/dev.as2web.fr\/immovance\/bien\/studio-26-m2-avec-mezzanine-de-17-m2\" target=\"_self\" ><img width=\"525\" height=\"328\" src=\"https:\/\/dev.as2web.fr\/immovance\/wp-content\/uploads\/2022\/06\/photo_b421bae9ceaca6878b2b5a88ef51a928-59259-525x328.jpg\" class=\"lazyload img-responsive wp-post-image\" alt=\"\" data-original=\"https:\/\/dev.as2web.fr\/immovance\/wp-content\/uploads\/2022\/06\/photo_b421bae9ceaca6878b2b5a88ef51a928-59259-525x328.jpg\" loading=\"lazy\" \/><\/a>                    <div class=\"tag-wrapper\">  \n    \n    <div class=\"status-wrapper\">\n    <div class=\"action_tag_wrapper a-acheter \">\u00c0 acheter<\/div> \n<\/div>     \n<\/div>\n\n                <\/div>\n\n\n\n                <div class=\"property-unit-information-wrapper\">\n                  <p>  \n    <a href=\"https:\/\/dev.as2web.fr\/immovance\/bien\/studio-26-m2-avec-mezzanine-de-17-m2\">\nStudio 26 m2 avec mezzanine de 17 m2    <\/a> \n<\/p>\n                  <div class=\"listing_unit_price_wrapper\">\n    99 900 \u20ac <span class=\"price_label\"><\/span><\/div>\n                  \n    <div class=\"listing_details the_grid_view\">\n        Rare sur la commune de Fabr\u00e8gues !!! Vous voulez investir dans un bien avec bonne rentabil <a href=\"https:\/\/dev.as2web.fr\/immovance\/bien\/studio-26-m2-avec-mezzanine-de-17-m2\" class=\"unit_more_x\">\u2026<\/a>    <\/div>\n\n    <div class=\"listing_details the_list_view\">\n        Rare sur la commune de Fabr\u00e8gues !!! Vous voulez investir dans un bien avec bonne rentabilit\u00e9 ou simplement avoir u <a href=\"https:\/\/dev.as2web.fr\/immovance\/bien\/studio-26-m2-avec-mezzanine-de-17-m2\" class=\"unit_more_x\">\u2026<\/a>    <\/div>\n                     <div class=\"property_listing_details\">\n<div class=\"property_icon_details\">\n     <span class=\"infosize\">\n            <svg xmlns=\"http:\/\/www.w3.org\/2000\/svg\" width=\"38.416\" height=\"37.804\" viewBox=\"0 0 38.416 37.804\">\n    <defs>\n        <style>\n            .cls-1{fill:none;stroke:#666766;stroke-miterlimit:10;stroke-width:1.25px}\n        <\/style>\n    <\/defs>\n    <g id=\"Groupe_149\" data-name=\"Groupe 149\" transform=\"translate(-1446.875 -1635.335)\">\n        <path id=\"Trac\u00e9_12042\" data-name=\"Trac\u00e9 12042\" class=\"cls-1\" d=\"M1470.868 1666.36h-14.429a2.191 2.191 0 0 1-2.191-2.191v-14.233a1.318 1.318 0 0 1 2.237-.945l15.371 14.933a1.419 1.419 0 0 1-.988 2.436z\"\/>\n        <path id=\"Trac\u00e9_12043\" data-name=\"Trac\u00e9 12043\" class=\"cls-1\" d=\"M1481.7 1672.514h-29.691a4.508 4.508 0 0 1-4.508-4.508v-29.288a2.712 2.712 0 0 1 4.6-1.946l31.631 30.73a2.919 2.919 0 0 1-2.032 5.012z\"\/>\n        <path id=\"Ligne_204\" data-name=\"Ligne 204\" class=\"cls-1\" transform=\"translate(1447.5 1644.589)\" d=\"M0 0h2.983\"\/>\n        <path id=\"Ligne_205\" data-name=\"Ligne 205\" class=\"cls-1\" transform=\"translate(1447.5 1648.412)\" d=\"M0 0h2.983\"\/>\n        <path id=\"Ligne_206\" data-name=\"Ligne 206\" class=\"cls-1\" transform=\"translate(1447.5 1652.236)\" d=\"M0 0h2.983\"\/>\n        <path id=\"Ligne_207\" data-name=\"Ligne 207\" class=\"cls-1\" transform=\"translate(1447.5 1656.06)\" d=\"M0 0h2.983\"\/>\n        <path id=\"Ligne_208\" data-name=\"Ligne 208\" class=\"cls-1\" transform=\"translate(1447.5 1659.884)\" d=\"M0 0h2.983\"\/>\n        <path id=\"Ligne_209\" data-name=\"Ligne 209\" class=\"cls-1\" transform=\"translate(1447.5 1663.707)\" d=\"M0 0h2.983\"\/>\n        <path id=\"Ligne_210\" data-name=\"Ligne 210\" class=\"cls-1\" transform=\"translate(1474.729 1669.569)\" d=\"M0 0v2.983\"\/>\n        <path id=\"Ligne_211\" data-name=\"Ligne 211\" class=\"cls-1\" transform=\"translate(1470.905 1669.569)\" d=\"M0 0v2.983\"\/>\n        <path id=\"Ligne_212\" data-name=\"Ligne 212\" class=\"cls-1\" transform=\"translate(1467.081 1669.569)\" d=\"M0 0v2.983\"\/>\n        <path id=\"Ligne_213\" data-name=\"Ligne 213\" class=\"cls-1\" transform=\"translate(1463.257 1669.569)\" d=\"M0 0v2.983\"\/>\n        <path id=\"Ligne_214\" data-name=\"Ligne 214\" class=\"cls-1\" transform=\"translate(1459.434 1669.569)\" d=\"M0 0v2.983\"\/>\n        <path id=\"Ligne_215\" data-name=\"Ligne 215\" class=\"cls-1\" transform=\"translate(1455.61 1669.569)\" d=\"M0 0v2.983\"\/>\n    <\/g>\n<\/svg>27 m<sup>2<\/sup><\/span><\/div><a href=\"https:\/\/dev.as2web.fr\/immovance\/bien\/studio-26-m2-avec-mezzanine-de-17-m2\" target=\"_self\"  class=\"unit_details_x\">Consulter<\/a><\/div>\n                                  <\/div>\n                    <\/div>\n    <\/div>\n\n<div class=\"col-md-4 shortcode-col listing_wrapper \"\n    data-org=\"6\"\n    data-main-modal=\"https:\/\/dev.as2web.fr\/immovance\/wp-content\/uploads\/2022\/06\/photo_b40d0d328d8c85a50e6862358857442b-59248-835x467.jpg\"\n    data-modal-title=\"Maison 116m2 Cournonterral\"\n    data-modal-link=\"https:\/\/dev.as2web.fr\/immovance\/bien\/maison-116m2-cournonterral\"\n    data-listid=\"59248\"\n    data-price=\"489000\" >\n\n\n    <div class=\"property_listing  property_card_default  \"\n         data-link=\"https:\/\/dev.as2web.fr\/immovance\/bien\/maison-116m2-cournonterral\">\n\n        \n\n                <div class=\"listing-unit-img-wrapper\">\n                    <div class=\"prop_new_details\">\n                        <div class=\"prop_new_details_back\"><\/div>\n                        <div class=\"property_media\">\n                    \n                    \n   <i class=\"fas fa-camera\"><\/i> 9<\/div>                        <div class=\"property_location_image\"> \n        <span class=\"property_marker\"><\/span><a href=\"https:\/\/dev.as2web.fr\/immovance\/zone\/occitanie\" rel=\"tag\">Occitanie<\/a>, <a href=\"https:\/\/dev.as2web.fr\/immovance\/ville\/cournonterral\" rel=\"tag\">Cournonterral<\/a><\/div>                        <div class=\"featured_gradient\"><\/div>\n                    <\/div>\n\n                    <a href=\"https:\/\/dev.as2web.fr\/immovance\/bien\/maison-116m2-cournonterral\" target=\"_self\" ><img width=\"525\" height=\"328\" src=\"https:\/\/dev.as2web.fr\/immovance\/wp-content\/uploads\/2022\/06\/photo_b40d0d328d8c85a50e6862358857442b-59248-525x328.jpg\" class=\"lazyload img-responsive wp-post-image\" alt=\"\" data-original=\"https:\/\/dev.as2web.fr\/immovance\/wp-content\/uploads\/2022\/06\/photo_b40d0d328d8c85a50e6862358857442b-59248-525x328.jpg\" loading=\"lazy\" \/><\/a>                    <div class=\"tag-wrapper\">  \n    \n    <div class=\"status-wrapper\">\n    <div class=\"action_tag_wrapper a-acheter \">\u00c0 acheter<\/div> \n<\/div>     \n<\/div>\n\n                <\/div>\n\n\n\n                <div class=\"property-unit-information-wrapper\">\n                  <p>  \n    <a href=\"https:\/\/dev.as2web.fr\/immovance\/bien\/maison-116m2-cournonterral\">\nMaison 116m2 Cournonterral    <\/a> \n<\/p>\n                  <div class=\"listing_unit_price_wrapper\">\n    489 000 \u20ac <span class=\"price_label\"><\/span><\/div>\n                  \n    <div class=\"listing_details the_grid_view\">\n        Faites l&rsquo;acquisition d&rsquo;une maison de type T5 sur la commune de Cournonterral.  <a href=\"https:\/\/dev.as2web.fr\/immovance\/bien\/maison-116m2-cournonterral\" class=\"unit_more_x\">\u2026<\/a>    <\/div>\n\n    <div class=\"listing_details the_list_view\">\n        Faites l&rsquo;acquisition d&rsquo;une maison de type T5 sur la commune de Cournonterral. Dans 116m2 sur 617m2 de t <a href=\"https:\/\/dev.as2web.fr\/immovance\/bien\/maison-116m2-cournonterral\" class=\"unit_more_x\">\u2026<\/a>    <\/div>\n                     <div class=\"property_listing_details\">\n<div class=\"property_icon_details\">\n    <span class=\"inforoom\">\n            <svg xmlns=\"http:\/\/www.w3.org\/2000\/svg\" width=\"36.088\" height=\"30.756\" viewBox=\"0 0 36.088 30.756\">\n    <defs>\n        <style>\n            .cls-1{fill:none;stroke:#666766;stroke-miterlimit:10;stroke-width:1.25px}\n        <\/style>\n    <\/defs>\n    <g id=\"Groupe_139\" data-name=\"Groupe 139\" transform=\"translate(-1304.177 -1638.875)\">\n        <path id=\"Trac\u00e9_12035\" data-name=\"Trac\u00e9 12035\" class=\"cls-1\" d=\"M1333.924 1669.006h2.2a3.512 3.512 0 0 0 3.512-3.512v-12.633a3.511 3.511 0 0 0-3.512-3.511h-27.814a3.511 3.511 0 0 0-3.512 3.511v12.633a3.512 3.512 0 0 0 3.512 3.512h2.355v-3.354h23.255z\"\/>\n        <path id=\"Trac\u00e9_12036\" data-name=\"Trac\u00e9 12036\" class=\"cls-1\" d=\"M1335.9 1649.5v-7.241a2.757 2.757 0 0 0-2.757-2.758H1311.3a2.758 2.758 0 0 0-2.758 2.758v7.241\"\/>\n        <path id=\"Trac\u00e9_12037\" data-name=\"Trac\u00e9 12037\" class=\"cls-1\" d=\"M1322.018 1649.5v-4.69a1.021 1.021 0 0 0-1.02-1.021h-8.086a1.021 1.021 0 0 0-1.021 1.021v4.69\"\/>\n        <path id=\"Trac\u00e9_12038\" data-name=\"Trac\u00e9 12038\" class=\"cls-1\" d=\"M1332.068 1649.5v-4.69a1.021 1.021 0 0 0-1.021-1.021h-8.086a1.021 1.021 0 0 0-1.021 1.021v4.69\"\/>\n        <path id=\"Ligne_187\" data-name=\"Ligne 187\" class=\"cls-1\" transform=\"translate(1304.802 1660.216)\" d=\"M0 0h34.838\"\/>\n    <\/g>\n<\/svg>4<\/span><span class=\"infobath\">\n            <svg xmlns=\"http:\/\/www.w3.org\/2000\/svg\" width=\"39.598\" height=\"39.397\" viewBox=\"0 0 39.598 39.397\">\n    <defs>\n        <style>\n            .cls-1{fill:none;stroke:#666766;stroke-miterlimit:10;stroke-width:1.25px}\n        <\/style>\n    <\/defs>\n    <g id=\"Groupe_148\" data-name=\"Groupe 148\" transform=\"translate(-1373.527 -1631.875)\">\n        <path id=\"Trac\u00e9_12039\" data-name=\"Trac\u00e9 12039\" class=\"cls-1\" d=\"m1377.674 1652.458 2.347-5.366c1.09-2.642 1.837-4.1 4.1-4.1h18.4c2.266 0 2.844 1.46 4.1 4.1l2.348 5.366\"\/>\n        <rect id=\"Rectangle_72\" data-name=\"Rectangle 72\" class=\"cls-1\" width=\"38.348\" height=\"4.696\" rx=\"2.348\" transform=\"translate(1374.152 1652.276)\"\/>\n        <path id=\"Trac\u00e9_12040\" data-name=\"Trac\u00e9 12040\" class=\"cls-1\" d=\"M1388.63 1642.885v-3.13h9.391v3.13\"\/>\n        <path id=\"Trac\u00e9_12041\" data-name=\"Trac\u00e9 12041\" class=\"cls-1\" d=\"M1391.369 1639.754v-7.254h3.913v7.254\"\/>\n        <g id=\"Groupe_140\" data-name=\"Groupe 140\">\n            <path id=\"Ligne_188\" data-name=\"Ligne 188\" class=\"cls-1\" transform=\"translate(1379.511 1659.32)\" d=\"M0 0v3.205\"\/>\n            <path id=\"Ligne_189\" data-name=\"Ligne 189\" class=\"cls-1\" transform=\"translate(1379.511 1664.422)\" d=\"M0 0v6.85\"\/>\n        <\/g>\n        <g id=\"Groupe_141\" data-name=\"Groupe 141\">\n            <path id=\"Ligne_190\" data-name=\"Ligne 190\" class=\"cls-1\" transform=\"translate(1383.313 1668.067)\" d=\"M0 3.205V0\"\/>\n            <path id=\"Ligne_191\" data-name=\"Ligne 191\" class=\"cls-1\" transform=\"translate(1383.313 1659.32)\" d=\"M0 6.85V0\"\/>\n        <\/g>\n        <g id=\"Groupe_142\" data-name=\"Groupe 142\">\n            <path id=\"Ligne_192\" data-name=\"Ligne 192\" class=\"cls-1\" transform=\"translate(1387.114 1659.32)\" d=\"M0 0v3.205\"\/>\n            <path id=\"Ligne_193\" data-name=\"Ligne 193\" class=\"cls-1\" transform=\"translate(1387.114 1664.422)\" d=\"M0 0v6.85\"\/>\n        <\/g>\n        <g id=\"Groupe_143\" data-name=\"Groupe 143\">\n            <path id=\"Ligne_194\" data-name=\"Ligne 194\" class=\"cls-1\" transform=\"translate(1390.915 1668.067)\" d=\"M0 3.205V0\"\/>\n            <path id=\"Ligne_195\" data-name=\"Ligne 195\" class=\"cls-1\" transform=\"translate(1390.915 1659.32)\" d=\"M0 6.85V0\"\/>\n        <\/g>\n        <g id=\"Groupe_144\" data-name=\"Groupe 144\">\n            <path id=\"Ligne_196\" data-name=\"Ligne 196\" class=\"cls-1\" transform=\"translate(1394.716 1659.32)\" d=\"M0 0v3.205\"\/>\n            <path id=\"Ligne_197\" data-name=\"Ligne 197\" class=\"cls-1\" transform=\"translate(1394.716 1664.422)\" d=\"M0 0v6.85\"\/>\n        <\/g>\n        <g id=\"Groupe_145\" data-name=\"Groupe 145\">\n            <path id=\"Ligne_198\" data-name=\"Ligne 198\" class=\"cls-1\" transform=\"translate(1398.518 1668.067)\" d=\"M0 3.205V0\"\/>\n            <path id=\"Ligne_199\" data-name=\"Ligne 199\" class=\"cls-1\" transform=\"translate(1398.518 1659.32)\" d=\"M0 6.85V0\"\/>\n        <\/g>\n        <g id=\"Groupe_146\" data-name=\"Groupe 146\">\n            <path id=\"Ligne_200\" data-name=\"Ligne 200\" class=\"cls-1\" transform=\"translate(1402.319 1659.32)\" d=\"M0 0v3.205\"\/>\n            <path id=\"Ligne_201\" data-name=\"Ligne 201\" class=\"cls-1\" transform=\"translate(1402.319 1664.422)\" d=\"M0 0v6.85\"\/>\n        <\/g>\n        <g id=\"Groupe_147\" data-name=\"Groupe 147\">\n            <path id=\"Ligne_202\" data-name=\"Ligne 202\" class=\"cls-1\" transform=\"translate(1406.12 1668.067)\" d=\"M0 3.205V0\"\/>\n            <path id=\"Ligne_203\" data-name=\"Ligne 203\" class=\"cls-1\" transform=\"translate(1406.12 1659.32)\" d=\"M0 6.85V0\"\/>\n        <\/g>\n    <\/g>\n<\/svg>2<\/span> <span class=\"infosize\">\n            <svg xmlns=\"http:\/\/www.w3.org\/2000\/svg\" width=\"38.416\" height=\"37.804\" viewBox=\"0 0 38.416 37.804\">\n    <defs>\n        <style>\n            .cls-1{fill:none;stroke:#666766;stroke-miterlimit:10;stroke-width:1.25px}\n        <\/style>\n    <\/defs>\n    <g id=\"Groupe_149\" data-name=\"Groupe 149\" transform=\"translate(-1446.875 -1635.335)\">\n        <path id=\"Trac\u00e9_12042\" data-name=\"Trac\u00e9 12042\" class=\"cls-1\" d=\"M1470.868 1666.36h-14.429a2.191 2.191 0 0 1-2.191-2.191v-14.233a1.318 1.318 0 0 1 2.237-.945l15.371 14.933a1.419 1.419 0 0 1-.988 2.436z\"\/>\n        <path id=\"Trac\u00e9_12043\" data-name=\"Trac\u00e9 12043\" class=\"cls-1\" d=\"M1481.7 1672.514h-29.691a4.508 4.508 0 0 1-4.508-4.508v-29.288a2.712 2.712 0 0 1 4.6-1.946l31.631 30.73a2.919 2.919 0 0 1-2.032 5.012z\"\/>\n        <path id=\"Ligne_204\" data-name=\"Ligne 204\" class=\"cls-1\" transform=\"translate(1447.5 1644.589)\" d=\"M0 0h2.983\"\/>\n        <path id=\"Ligne_205\" data-name=\"Ligne 205\" class=\"cls-1\" transform=\"translate(1447.5 1648.412)\" d=\"M0 0h2.983\"\/>\n        <path id=\"Ligne_206\" data-name=\"Ligne 206\" class=\"cls-1\" transform=\"translate(1447.5 1652.236)\" d=\"M0 0h2.983\"\/>\n        <path id=\"Ligne_207\" data-name=\"Ligne 207\" class=\"cls-1\" transform=\"translate(1447.5 1656.06)\" d=\"M0 0h2.983\"\/>\n        <path id=\"Ligne_208\" data-name=\"Ligne 208\" class=\"cls-1\" transform=\"translate(1447.5 1659.884)\" d=\"M0 0h2.983\"\/>\n        <path id=\"Ligne_209\" data-name=\"Ligne 209\" class=\"cls-1\" transform=\"translate(1447.5 1663.707)\" d=\"M0 0h2.983\"\/>\n        <path id=\"Ligne_210\" data-name=\"Ligne 210\" class=\"cls-1\" transform=\"translate(1474.729 1669.569)\" d=\"M0 0v2.983\"\/>\n        <path id=\"Ligne_211\" data-name=\"Ligne 211\" class=\"cls-1\" transform=\"translate(1470.905 1669.569)\" d=\"M0 0v2.983\"\/>\n        <path id=\"Ligne_212\" data-name=\"Ligne 212\" class=\"cls-1\" transform=\"translate(1467.081 1669.569)\" d=\"M0 0v2.983\"\/>\n        <path id=\"Ligne_213\" data-name=\"Ligne 213\" class=\"cls-1\" transform=\"translate(1463.257 1669.569)\" d=\"M0 0v2.983\"\/>\n        <path id=\"Ligne_214\" data-name=\"Ligne 214\" class=\"cls-1\" transform=\"translate(1459.434 1669.569)\" d=\"M0 0v2.983\"\/>\n        <path id=\"Ligne_215\" data-name=\"Ligne 215\" class=\"cls-1\" transform=\"translate(1455.61 1669.569)\" d=\"M0 0v2.983\"\/>\n    <\/g>\n<\/svg>116 m<sup>2<\/sup><\/span><\/div><a href=\"https:\/\/dev.as2web.fr\/immovance\/bien\/maison-116m2-cournonterral\" target=\"_self\"  class=\"unit_details_x\">Consulter<\/a><\/div>\n                                  <\/div>\n                    <\/div>\n    <\/div>\n\n<div class=\"col-md-4 shortcode-col listing_wrapper \"\n    data-org=\"6\"\n    data-main-modal=\"https:\/\/dev.as2web.fr\/immovance\/wp-content\/uploads\/2022\/06\/photo_a70d7deec363b6eb1ade3263e864f282_Inc_0-59238-835x467.jpg\"\n    data-modal-title=\"MAISON COEUR DE VILLE,  115 m2 , 4\/5 CHAMBRES\"\n    data-modal-link=\"https:\/\/dev.as2web.fr\/immovance\/bien\/maison-coeur-de-ville-115-m2-4-5-chambres\"\n    data-listid=\"59238\"\n    data-price=\"344000\" >\n\n\n    <div class=\"property_listing  property_card_default  \"\n         data-link=\"https:\/\/dev.as2web.fr\/immovance\/bien\/maison-coeur-de-ville-115-m2-4-5-chambres\">\n\n        \n\n                <div class=\"listing-unit-img-wrapper\">\n                    <div class=\"prop_new_details\">\n                        <div class=\"prop_new_details_back\"><\/div>\n                        <div class=\"property_media\">\n                    \n                    \n   <i class=\"fas fa-camera\"><\/i> 9<\/div>                        <div class=\"property_location_image\"> \n        <span class=\"property_marker\"><\/span><a href=\"https:\/\/dev.as2web.fr\/immovance\/zone\/ile-de-france\" rel=\"tag\">\u00cele-de-France<\/a>, <a href=\"https:\/\/dev.as2web.fr\/immovance\/ville\/st-brice-sous-foret\" rel=\"tag\">St brice sous foret<\/a><\/div>                        <div class=\"featured_gradient\"><\/div>\n                    <\/div>\n\n                    <a href=\"https:\/\/dev.as2web.fr\/immovance\/bien\/maison-coeur-de-ville-115-m2-4-5-chambres\" target=\"_self\" ><img width=\"525\" height=\"328\" src=\"https:\/\/dev.as2web.fr\/immovance\/wp-content\/uploads\/2022\/06\/photo_a70d7deec363b6eb1ade3263e864f282_Inc_0-59238-525x328.jpg\" class=\"lazyload img-responsive wp-post-image\" alt=\"\" data-original=\"https:\/\/dev.as2web.fr\/immovance\/wp-content\/uploads\/2022\/06\/photo_a70d7deec363b6eb1ade3263e864f282_Inc_0-59238-525x328.jpg\" loading=\"lazy\" \/><\/a>                    <div class=\"tag-wrapper\">  \n    \n    <div class=\"status-wrapper\">\n    <div class=\"action_tag_wrapper a-acheter \">\u00c0 acheter<\/div> \n<\/div>     \n<\/div>\n\n                <\/div>\n\n\n\n                <div class=\"property-unit-information-wrapper\">\n                  <p>  \n    <a href=\"https:\/\/dev.as2web.fr\/immovance\/bien\/maison-coeur-de-ville-115-m2-4-5-chambres\">\nMAISON COEUR DE VILLE,  115 m2 , 4\/5 CHAMBRES    <\/a> \n<\/p>\n                  <div class=\"listing_unit_price_wrapper\">\n    344 000 \u20ac <span class=\"price_label\"><\/span><\/div>\n                  \n    <div class=\"listing_details the_grid_view\">\n        IMMOVANCE Paris vous propose cette ravissante maison en plein centre-ville \u00e0 proximit\u00e9 de  <a href=\"https:\/\/dev.as2web.fr\/immovance\/bien\/maison-coeur-de-ville-115-m2-4-5-chambres\" class=\"unit_more_x\">\u2026<\/a>    <\/div>\n\n    <div class=\"listing_details the_list_view\">\n        IMMOVANCE Paris vous propose cette ravissante maison en plein centre-ville \u00e0 proximit\u00e9 de toutes ses commodit\u00e9s (ma <a href=\"https:\/\/dev.as2web.fr\/immovance\/bien\/maison-coeur-de-ville-115-m2-4-5-chambres\" class=\"unit_more_x\">\u2026<\/a>    <\/div>\n                     <div class=\"property_listing_details\">\n<div class=\"property_icon_details\">\n    <span class=\"inforoom\">\n            <svg xmlns=\"http:\/\/www.w3.org\/2000\/svg\" width=\"36.088\" height=\"30.756\" viewBox=\"0 0 36.088 30.756\">\n    <defs>\n        <style>\n            .cls-1{fill:none;stroke:#666766;stroke-miterlimit:10;stroke-width:1.25px}\n        <\/style>\n    <\/defs>\n    <g id=\"Groupe_139\" data-name=\"Groupe 139\" transform=\"translate(-1304.177 -1638.875)\">\n        <path id=\"Trac\u00e9_12035\" data-name=\"Trac\u00e9 12035\" class=\"cls-1\" d=\"M1333.924 1669.006h2.2a3.512 3.512 0 0 0 3.512-3.512v-12.633a3.511 3.511 0 0 0-3.512-3.511h-27.814a3.511 3.511 0 0 0-3.512 3.511v12.633a3.512 3.512 0 0 0 3.512 3.512h2.355v-3.354h23.255z\"\/>\n        <path id=\"Trac\u00e9_12036\" data-name=\"Trac\u00e9 12036\" class=\"cls-1\" d=\"M1335.9 1649.5v-7.241a2.757 2.757 0 0 0-2.757-2.758H1311.3a2.758 2.758 0 0 0-2.758 2.758v7.241\"\/>\n        <path id=\"Trac\u00e9_12037\" data-name=\"Trac\u00e9 12037\" class=\"cls-1\" d=\"M1322.018 1649.5v-4.69a1.021 1.021 0 0 0-1.02-1.021h-8.086a1.021 1.021 0 0 0-1.021 1.021v4.69\"\/>\n        <path id=\"Trac\u00e9_12038\" data-name=\"Trac\u00e9 12038\" class=\"cls-1\" d=\"M1332.068 1649.5v-4.69a1.021 1.021 0 0 0-1.021-1.021h-8.086a1.021 1.021 0 0 0-1.021 1.021v4.69\"\/>\n        <path id=\"Ligne_187\" data-name=\"Ligne 187\" class=\"cls-1\" transform=\"translate(1304.802 1660.216)\" d=\"M0 0h34.838\"\/>\n    <\/g>\n<\/svg>5<\/span><span class=\"infobath\">\n            <svg xmlns=\"http:\/\/www.w3.org\/2000\/svg\" width=\"39.598\" height=\"39.397\" viewBox=\"0 0 39.598 39.397\">\n    <defs>\n        <style>\n            .cls-1{fill:none;stroke:#666766;stroke-miterlimit:10;stroke-width:1.25px}\n        <\/style>\n    <\/defs>\n    <g id=\"Groupe_148\" data-name=\"Groupe 148\" transform=\"translate(-1373.527 -1631.875)\">\n        <path id=\"Trac\u00e9_12039\" data-name=\"Trac\u00e9 12039\" class=\"cls-1\" d=\"m1377.674 1652.458 2.347-5.366c1.09-2.642 1.837-4.1 4.1-4.1h18.4c2.266 0 2.844 1.46 4.1 4.1l2.348 5.366\"\/>\n        <rect id=\"Rectangle_72\" data-name=\"Rectangle 72\" class=\"cls-1\" width=\"38.348\" height=\"4.696\" rx=\"2.348\" transform=\"translate(1374.152 1652.276)\"\/>\n        <path id=\"Trac\u00e9_12040\" data-name=\"Trac\u00e9 12040\" class=\"cls-1\" d=\"M1388.63 1642.885v-3.13h9.391v3.13\"\/>\n        <path id=\"Trac\u00e9_12041\" data-name=\"Trac\u00e9 12041\" class=\"cls-1\" d=\"M1391.369 1639.754v-7.254h3.913v7.254\"\/>\n        <g id=\"Groupe_140\" data-name=\"Groupe 140\">\n            <path id=\"Ligne_188\" data-name=\"Ligne 188\" class=\"cls-1\" transform=\"translate(1379.511 1659.32)\" d=\"M0 0v3.205\"\/>\n            <path id=\"Ligne_189\" data-name=\"Ligne 189\" class=\"cls-1\" transform=\"translate(1379.511 1664.422)\" d=\"M0 0v6.85\"\/>\n        <\/g>\n        <g id=\"Groupe_141\" data-name=\"Groupe 141\">\n            <path id=\"Ligne_190\" data-name=\"Ligne 190\" class=\"cls-1\" transform=\"translate(1383.313 1668.067)\" d=\"M0 3.205V0\"\/>\n            <path id=\"Ligne_191\" data-name=\"Ligne 191\" class=\"cls-1\" transform=\"translate(1383.313 1659.32)\" d=\"M0 6.85V0\"\/>\n        <\/g>\n        <g id=\"Groupe_142\" data-name=\"Groupe 142\">\n            <path id=\"Ligne_192\" data-name=\"Ligne 192\" class=\"cls-1\" transform=\"translate(1387.114 1659.32)\" d=\"M0 0v3.205\"\/>\n            <path id=\"Ligne_193\" data-name=\"Ligne 193\" class=\"cls-1\" transform=\"translate(1387.114 1664.422)\" d=\"M0 0v6.85\"\/>\n        <\/g>\n        <g id=\"Groupe_143\" data-name=\"Groupe 143\">\n            <path id=\"Ligne_194\" data-name=\"Ligne 194\" class=\"cls-1\" transform=\"translate(1390.915 1668.067)\" d=\"M0 3.205V0\"\/>\n            <path id=\"Ligne_195\" data-name=\"Ligne 195\" class=\"cls-1\" transform=\"translate(1390.915 1659.32)\" d=\"M0 6.85V0\"\/>\n        <\/g>\n        <g id=\"Groupe_144\" data-name=\"Groupe 144\">\n            <path id=\"Ligne_196\" data-name=\"Ligne 196\" class=\"cls-1\" transform=\"translate(1394.716 1659.32)\" d=\"M0 0v3.205\"\/>\n            <path id=\"Ligne_197\" data-name=\"Ligne 197\" class=\"cls-1\" transform=\"translate(1394.716 1664.422)\" d=\"M0 0v6.85\"\/>\n        <\/g>\n        <g id=\"Groupe_145\" data-name=\"Groupe 145\">\n            <path id=\"Ligne_198\" data-name=\"Ligne 198\" class=\"cls-1\" transform=\"translate(1398.518 1668.067)\" d=\"M0 3.205V0\"\/>\n            <path id=\"Ligne_199\" data-name=\"Ligne 199\" class=\"cls-1\" transform=\"translate(1398.518 1659.32)\" d=\"M0 6.85V0\"\/>\n        <\/g>\n        <g id=\"Groupe_146\" data-name=\"Groupe 146\">\n            <path id=\"Ligne_200\" data-name=\"Ligne 200\" class=\"cls-1\" transform=\"translate(1402.319 1659.32)\" d=\"M0 0v3.205\"\/>\n            <path id=\"Ligne_201\" data-name=\"Ligne 201\" class=\"cls-1\" transform=\"translate(1402.319 1664.422)\" d=\"M0 0v6.85\"\/>\n        <\/g>\n        <g id=\"Groupe_147\" data-name=\"Groupe 147\">\n            <path id=\"Ligne_202\" data-name=\"Ligne 202\" class=\"cls-1\" transform=\"translate(1406.12 1668.067)\" d=\"M0 3.205V0\"\/>\n            <path id=\"Ligne_203\" data-name=\"Ligne 203\" class=\"cls-1\" transform=\"translate(1406.12 1659.32)\" d=\"M0 6.85V0\"\/>\n        <\/g>\n    <\/g>\n<\/svg>1<\/span> <span class=\"infosize\">\n            <svg xmlns=\"http:\/\/www.w3.org\/2000\/svg\" width=\"38.416\" height=\"37.804\" viewBox=\"0 0 38.416 37.804\">\n    <defs>\n        <style>\n            .cls-1{fill:none;stroke:#666766;stroke-miterlimit:10;stroke-width:1.25px}\n        <\/style>\n    <\/defs>\n    <g id=\"Groupe_149\" data-name=\"Groupe 149\" transform=\"translate(-1446.875 -1635.335)\">\n        <path id=\"Trac\u00e9_12042\" data-name=\"Trac\u00e9 12042\" class=\"cls-1\" d=\"M1470.868 1666.36h-14.429a2.191 2.191 0 0 1-2.191-2.191v-14.233a1.318 1.318 0 0 1 2.237-.945l15.371 14.933a1.419 1.419 0 0 1-.988 2.436z\"\/>\n        <path id=\"Trac\u00e9_12043\" data-name=\"Trac\u00e9 12043\" class=\"cls-1\" d=\"M1481.7 1672.514h-29.691a4.508 4.508 0 0 1-4.508-4.508v-29.288a2.712 2.712 0 0 1 4.6-1.946l31.631 30.73a2.919 2.919 0 0 1-2.032 5.012z\"\/>\n        <path id=\"Ligne_204\" data-name=\"Ligne 204\" class=\"cls-1\" transform=\"translate(1447.5 1644.589)\" d=\"M0 0h2.983\"\/>\n        <path id=\"Ligne_205\" data-name=\"Ligne 205\" class=\"cls-1\" transform=\"translate(1447.5 1648.412)\" d=\"M0 0h2.983\"\/>\n        <path id=\"Ligne_206\" data-name=\"Ligne 206\" class=\"cls-1\" transform=\"translate(1447.5 1652.236)\" d=\"M0 0h2.983\"\/>\n        <path id=\"Ligne_207\" data-name=\"Ligne 207\" class=\"cls-1\" transform=\"translate(1447.5 1656.06)\" d=\"M0 0h2.983\"\/>\n        <path id=\"Ligne_208\" data-name=\"Ligne 208\" class=\"cls-1\" transform=\"translate(1447.5 1659.884)\" d=\"M0 0h2.983\"\/>\n        <path id=\"Ligne_209\" data-name=\"Ligne 209\" class=\"cls-1\" transform=\"translate(1447.5 1663.707)\" d=\"M0 0h2.983\"\/>\n        <path id=\"Ligne_210\" data-name=\"Ligne 210\" class=\"cls-1\" transform=\"translate(1474.729 1669.569)\" d=\"M0 0v2.983\"\/>\n        <path id=\"Ligne_211\" data-name=\"Ligne 211\" class=\"cls-1\" transform=\"translate(1470.905 1669.569)\" d=\"M0 0v2.983\"\/>\n        <path id=\"Ligne_212\" data-name=\"Ligne 212\" class=\"cls-1\" transform=\"translate(1467.081 1669.569)\" d=\"M0 0v2.983\"\/>\n        <path id=\"Ligne_213\" data-name=\"Ligne 213\" class=\"cls-1\" transform=\"translate(1463.257 1669.569)\" d=\"M0 0v2.983\"\/>\n        <path id=\"Ligne_214\" data-name=\"Ligne 214\" class=\"cls-1\" transform=\"translate(1459.434 1669.569)\" d=\"M0 0v2.983\"\/>\n        <path id=\"Ligne_215\" data-name=\"Ligne 215\" class=\"cls-1\" transform=\"translate(1455.61 1669.569)\" d=\"M0 0v2.983\"\/>\n    <\/g>\n<\/svg>120 m<sup>2<\/sup><\/span><\/div><a href=\"https:\/\/dev.as2web.fr\/immovance\/bien\/maison-coeur-de-ville-115-m2-4-5-chambres\" target=\"_self\"  class=\"unit_details_x\">Consulter<\/a><\/div>\n                                  <\/div>\n                    <\/div>\n    <\/div>\n\n<div class=\"col-md-4 shortcode-col listing_wrapper \"\n    data-org=\"6\"\n    data-main-modal=\"https:\/\/dev.as2web.fr\/immovance\/wp-content\/uploads\/2022\/06\/photo_26d872a0717fabc0536401f95671534e-59223-835x467.jpg\"\n    data-modal-title=\"Maison 180m2 ASSAS\"\n    data-modal-link=\"https:\/\/dev.as2web.fr\/immovance\/bien\/maison-180m2-assas\"\n    data-listid=\"59223\"\n    data-price=\"790000\" >\n\n\n    <div class=\"property_listing  property_card_default  \"\n         data-link=\"https:\/\/dev.as2web.fr\/immovance\/bien\/maison-180m2-assas\">\n\n        \n\n                <div class=\"listing-unit-img-wrapper\">\n                    <div class=\"prop_new_details\">\n                        <div class=\"prop_new_details_back\"><\/div>\n                        <div class=\"property_media\">\n                    \n                    \n   <i class=\"fas fa-camera\"><\/i> 14<\/div>                        <div class=\"property_location_image\"> \n        <span class=\"property_marker\"><\/span><a href=\"https:\/\/dev.as2web.fr\/immovance\/zone\/occitanie\" rel=\"tag\">Occitanie<\/a>, <a href=\"https:\/\/dev.as2web.fr\/immovance\/ville\/assas\" rel=\"tag\">Assas<\/a><\/div>                        <div class=\"featured_gradient\"><\/div>\n                    <\/div>\n\n                    <a href=\"https:\/\/dev.as2web.fr\/immovance\/bien\/maison-180m2-assas\" target=\"_self\" ><img width=\"525\" height=\"328\" src=\"https:\/\/dev.as2web.fr\/immovance\/wp-content\/uploads\/2022\/06\/photo_26d872a0717fabc0536401f95671534e-59223-525x328.jpg\" class=\"lazyload img-responsive wp-post-image\" alt=\"\" data-original=\"https:\/\/dev.as2web.fr\/immovance\/wp-content\/uploads\/2022\/06\/photo_26d872a0717fabc0536401f95671534e-59223-525x328.jpg\" loading=\"lazy\" \/><\/a>                    <div class=\"tag-wrapper\">  \n    \n    <div class=\"status-wrapper\">\n    <div class=\"action_tag_wrapper a-acheter \">\u00c0 acheter<\/div> \n<\/div>     \n<\/div>\n\n                <\/div>\n\n\n\n                <div class=\"property-unit-information-wrapper\">\n                  <p>  \n    <a href=\"https:\/\/dev.as2web.fr\/immovance\/bien\/maison-180m2-assas\">\nMaison 180m2 ASSAS    <\/a> \n<\/p>\n                  <div class=\"listing_unit_price_wrapper\">\n    790 000 \u20ac <span class=\"price_label\"><\/span><\/div>\n                  \n    <div class=\"listing_details the_grid_view\">\n        ASSAS &#8211; Situ\u00e9e dans un environnement calme et bois\u00e9 avec vue d\u00e9gag\u00e9e. Vente d&rsquo; <a href=\"https:\/\/dev.as2web.fr\/immovance\/bien\/maison-180m2-assas\" class=\"unit_more_x\">\u2026<\/a>    <\/div>\n\n    <div class=\"listing_details the_list_view\">\n        ASSAS &#8211; Situ\u00e9e dans un environnement calme et bois\u00e9 avec vue d\u00e9gag\u00e9e. Vente d&rsquo;une maison d&rsquo;enviro <a href=\"https:\/\/dev.as2web.fr\/immovance\/bien\/maison-180m2-assas\" class=\"unit_more_x\">\u2026<\/a>    <\/div>\n                     <div class=\"property_listing_details\">\n<div class=\"property_icon_details\">\n    <span class=\"inforoom\">\n            <svg xmlns=\"http:\/\/www.w3.org\/2000\/svg\" width=\"36.088\" height=\"30.756\" viewBox=\"0 0 36.088 30.756\">\n    <defs>\n        <style>\n            .cls-1{fill:none;stroke:#666766;stroke-miterlimit:10;stroke-width:1.25px}\n        <\/style>\n    <\/defs>\n    <g id=\"Groupe_139\" data-name=\"Groupe 139\" transform=\"translate(-1304.177 -1638.875)\">\n        <path id=\"Trac\u00e9_12035\" data-name=\"Trac\u00e9 12035\" class=\"cls-1\" d=\"M1333.924 1669.006h2.2a3.512 3.512 0 0 0 3.512-3.512v-12.633a3.511 3.511 0 0 0-3.512-3.511h-27.814a3.511 3.511 0 0 0-3.512 3.511v12.633a3.512 3.512 0 0 0 3.512 3.512h2.355v-3.354h23.255z\"\/>\n        <path id=\"Trac\u00e9_12036\" data-name=\"Trac\u00e9 12036\" class=\"cls-1\" d=\"M1335.9 1649.5v-7.241a2.757 2.757 0 0 0-2.757-2.758H1311.3a2.758 2.758 0 0 0-2.758 2.758v7.241\"\/>\n        <path id=\"Trac\u00e9_12037\" data-name=\"Trac\u00e9 12037\" class=\"cls-1\" d=\"M1322.018 1649.5v-4.69a1.021 1.021 0 0 0-1.02-1.021h-8.086a1.021 1.021 0 0 0-1.021 1.021v4.69\"\/>\n        <path id=\"Trac\u00e9_12038\" data-name=\"Trac\u00e9 12038\" class=\"cls-1\" d=\"M1332.068 1649.5v-4.69a1.021 1.021 0 0 0-1.021-1.021h-8.086a1.021 1.021 0 0 0-1.021 1.021v4.69\"\/>\n        <path id=\"Ligne_187\" data-name=\"Ligne 187\" class=\"cls-1\" transform=\"translate(1304.802 1660.216)\" d=\"M0 0h34.838\"\/>\n    <\/g>\n<\/svg>4<\/span> <span class=\"infosize\">\n            <svg xmlns=\"http:\/\/www.w3.org\/2000\/svg\" width=\"38.416\" height=\"37.804\" viewBox=\"0 0 38.416 37.804\">\n    <defs>\n        <style>\n            .cls-1{fill:none;stroke:#666766;stroke-miterlimit:10;stroke-width:1.25px}\n        <\/style>\n    <\/defs>\n    <g id=\"Groupe_149\" data-name=\"Groupe 149\" transform=\"translate(-1446.875 -1635.335)\">\n        <path id=\"Trac\u00e9_12042\" data-name=\"Trac\u00e9 12042\" class=\"cls-1\" d=\"M1470.868 1666.36h-14.429a2.191 2.191 0 0 1-2.191-2.191v-14.233a1.318 1.318 0 0 1 2.237-.945l15.371 14.933a1.419 1.419 0 0 1-.988 2.436z\"\/>\n        <path id=\"Trac\u00e9_12043\" data-name=\"Trac\u00e9 12043\" class=\"cls-1\" d=\"M1481.7 1672.514h-29.691a4.508 4.508 0 0 1-4.508-4.508v-29.288a2.712 2.712 0 0 1 4.6-1.946l31.631 30.73a2.919 2.919 0 0 1-2.032 5.012z\"\/>\n        <path id=\"Ligne_204\" data-name=\"Ligne 204\" class=\"cls-1\" transform=\"translate(1447.5 1644.589)\" d=\"M0 0h2.983\"\/>\n        <path id=\"Ligne_205\" data-name=\"Ligne 205\" class=\"cls-1\" transform=\"translate(1447.5 1648.412)\" d=\"M0 0h2.983\"\/>\n        <path id=\"Ligne_206\" data-name=\"Ligne 206\" class=\"cls-1\" transform=\"translate(1447.5 1652.236)\" d=\"M0 0h2.983\"\/>\n        <path id=\"Ligne_207\" data-name=\"Ligne 207\" class=\"cls-1\" transform=\"translate(1447.5 1656.06)\" d=\"M0 0h2.983\"\/>\n        <path id=\"Ligne_208\" data-name=\"Ligne 208\" class=\"cls-1\" transform=\"translate(1447.5 1659.884)\" d=\"M0 0h2.983\"\/>\n        <path id=\"Ligne_209\" data-name=\"Ligne 209\" class=\"cls-1\" transform=\"translate(1447.5 1663.707)\" d=\"M0 0h2.983\"\/>\n        <path id=\"Ligne_210\" data-name=\"Ligne 210\" class=\"cls-1\" transform=\"translate(1474.729 1669.569)\" d=\"M0 0v2.983\"\/>\n        <path id=\"Ligne_211\" data-name=\"Ligne 211\" class=\"cls-1\" transform=\"translate(1470.905 1669.569)\" d=\"M0 0v2.983\"\/>\n        <path id=\"Ligne_212\" data-name=\"Ligne 212\" class=\"cls-1\" transform=\"translate(1467.081 1669.569)\" d=\"M0 0v2.983\"\/>\n        <path id=\"Ligne_213\" data-name=\"Ligne 213\" class=\"cls-1\" transform=\"translate(1463.257 1669.569)\" d=\"M0 0v2.983\"\/>\n        <path id=\"Ligne_214\" data-name=\"Ligne 214\" class=\"cls-1\" transform=\"translate(1459.434 1669.569)\" d=\"M0 0v2.983\"\/>\n        <path id=\"Ligne_215\" data-name=\"Ligne 215\" class=\"cls-1\" transform=\"translate(1455.61 1669.569)\" d=\"M0 0v2.983\"\/>\n    <\/g>\n<\/svg>180 m<sup>2<\/sup><\/span><\/div><a href=\"https:\/\/dev.as2web.fr\/immovance\/bien\/maison-180m2-assas\" target=\"_self\"  class=\"unit_details_x\">Consulter<\/a><\/div>\n                                  <\/div>\n                    <\/div>\n    <\/div>\n\n<div class=\"col-md-4 shortcode-col listing_wrapper \"\n    data-org=\"6\"\n    data-main-modal=\"https:\/\/dev.as2web.fr\/immovance\/wp-content\/uploads\/2022\/06\/photo_fea171adc6d36d990c8faba1c61fedf1-59217-481x467.jpg\"\n    data-modal-title=\"Appartement en vente terrasse \u00e0 Cap D&rsquo;Agde avec IMMOVANCE FA\"\n    data-modal-link=\"https:\/\/dev.as2web.fr\/immovance\/bien\/appartement-en-vente-terrasse-a-cap-dagde-avec-immovance-fa\"\n    data-listid=\"59217\"\n    data-price=\"64500\" >\n\n\n    <div class=\"property_listing  property_card_default  \"\n         data-link=\"https:\/\/dev.as2web.fr\/immovance\/bien\/appartement-en-vente-terrasse-a-cap-dagde-avec-immovance-fa\">\n\n        \n\n                <div class=\"listing-unit-img-wrapper\">\n                    <div class=\"prop_new_details\">\n                        <div class=\"prop_new_details_back\"><\/div>\n                        <div class=\"property_media\">\n                    \n                    \n   <i class=\"fas fa-camera\"><\/i> 5<\/div>                        <div class=\"property_location_image\"> \n        <span class=\"property_marker\"><\/span><a href=\"https:\/\/dev.as2web.fr\/immovance\/zone\/occitanie\" rel=\"tag\">Occitanie<\/a>, <a href=\"https:\/\/dev.as2web.fr\/immovance\/ville\/cap-d-agde\" rel=\"tag\">Cap d agde<\/a><\/div>                        <div class=\"featured_gradient\"><\/div>\n                    <\/div>\n\n                    <a href=\"https:\/\/dev.as2web.fr\/immovance\/bien\/appartement-en-vente-terrasse-a-cap-dagde-avec-immovance-fa\" target=\"_self\" ><img width=\"481\" height=\"328\" src=\"https:\/\/dev.as2web.fr\/immovance\/wp-content\/uploads\/2022\/06\/photo_fea171adc6d36d990c8faba1c61fedf1-59217-481x328.jpg\" class=\"lazyload img-responsive wp-post-image\" alt=\"\" data-original=\"https:\/\/dev.as2web.fr\/immovance\/wp-content\/uploads\/2022\/06\/photo_fea171adc6d36d990c8faba1c61fedf1-59217-481x328.jpg\" loading=\"lazy\" \/><\/a>                    <div class=\"tag-wrapper\">  \n    \n    <div class=\"status-wrapper\">\n    <div class=\"action_tag_wrapper a-acheter \">\u00c0 acheter<\/div> \n<\/div>     \n<\/div>\n\n                <\/div>\n\n\n\n                <div class=\"property-unit-information-wrapper\">\n                  <p>  \n    <a href=\"https:\/\/dev.as2web.fr\/immovance\/bien\/appartement-en-vente-terrasse-a-cap-dagde-avec-immovance-fa\">\nAppartement en vente terrasse \u00e0 Cap D&rsquo;Agde avec IMMOVANCE FA    <\/a> \n<\/p>\n                  <div class=\"listing_unit_price_wrapper\">\n    64 500 \u20ac <span class=\"price_label\"><\/span><\/div>\n                  \n    <div class=\"listing_details the_grid_view\">\n        Installez-vous dans votre nouveau logement avec ce studio b\u00e9n\u00e9ficiant d&rsquo;une belle te <a href=\"https:\/\/dev.as2web.fr\/immovance\/bien\/appartement-en-vente-terrasse-a-cap-dagde-avec-immovance-fa\" class=\"unit_more_x\">\u2026<\/a>    <\/div>\n\n    <div class=\"listing_details the_list_view\">\n        Installez-vous dans votre nouveau logement avec ce studio b\u00e9n\u00e9ficiant d&rsquo;une belle terrasse bien expos\u00e9e dans  <a href=\"https:\/\/dev.as2web.fr\/immovance\/bien\/appartement-en-vente-terrasse-a-cap-dagde-avec-immovance-fa\" class=\"unit_more_x\">\u2026<\/a>    <\/div>\n                     <div class=\"property_listing_details\">\n<div class=\"property_icon_details\">\n    <span class=\"infobath\">\n            <svg xmlns=\"http:\/\/www.w3.org\/2000\/svg\" width=\"39.598\" height=\"39.397\" viewBox=\"0 0 39.598 39.397\">\n    <defs>\n        <style>\n            .cls-1{fill:none;stroke:#666766;stroke-miterlimit:10;stroke-width:1.25px}\n        <\/style>\n    <\/defs>\n    <g id=\"Groupe_148\" data-name=\"Groupe 148\" transform=\"translate(-1373.527 -1631.875)\">\n        <path id=\"Trac\u00e9_12039\" data-name=\"Trac\u00e9 12039\" class=\"cls-1\" d=\"m1377.674 1652.458 2.347-5.366c1.09-2.642 1.837-4.1 4.1-4.1h18.4c2.266 0 2.844 1.46 4.1 4.1l2.348 5.366\"\/>\n        <rect id=\"Rectangle_72\" data-name=\"Rectangle 72\" class=\"cls-1\" width=\"38.348\" height=\"4.696\" rx=\"2.348\" transform=\"translate(1374.152 1652.276)\"\/>\n        <path id=\"Trac\u00e9_12040\" data-name=\"Trac\u00e9 12040\" class=\"cls-1\" d=\"M1388.63 1642.885v-3.13h9.391v3.13\"\/>\n        <path id=\"Trac\u00e9_12041\" data-name=\"Trac\u00e9 12041\" class=\"cls-1\" d=\"M1391.369 1639.754v-7.254h3.913v7.254\"\/>\n        <g id=\"Groupe_140\" data-name=\"Groupe 140\">\n            <path id=\"Ligne_188\" data-name=\"Ligne 188\" class=\"cls-1\" transform=\"translate(1379.511 1659.32)\" d=\"M0 0v3.205\"\/>\n            <path id=\"Ligne_189\" data-name=\"Ligne 189\" class=\"cls-1\" transform=\"translate(1379.511 1664.422)\" d=\"M0 0v6.85\"\/>\n        <\/g>\n        <g id=\"Groupe_141\" data-name=\"Groupe 141\">\n            <path id=\"Ligne_190\" data-name=\"Ligne 190\" class=\"cls-1\" transform=\"translate(1383.313 1668.067)\" d=\"M0 3.205V0\"\/>\n            <path id=\"Ligne_191\" data-name=\"Ligne 191\" class=\"cls-1\" transform=\"translate(1383.313 1659.32)\" d=\"M0 6.85V0\"\/>\n        <\/g>\n        <g id=\"Groupe_142\" data-name=\"Groupe 142\">\n            <path id=\"Ligne_192\" data-name=\"Ligne 192\" class=\"cls-1\" transform=\"translate(1387.114 1659.32)\" d=\"M0 0v3.205\"\/>\n            <path id=\"Ligne_193\" data-name=\"Ligne 193\" class=\"cls-1\" transform=\"translate(1387.114 1664.422)\" d=\"M0 0v6.85\"\/>\n        <\/g>\n        <g id=\"Groupe_143\" data-name=\"Groupe 143\">\n            <path id=\"Ligne_194\" data-name=\"Ligne 194\" class=\"cls-1\" transform=\"translate(1390.915 1668.067)\" d=\"M0 3.205V0\"\/>\n            <path id=\"Ligne_195\" data-name=\"Ligne 195\" class=\"cls-1\" transform=\"translate(1390.915 1659.32)\" d=\"M0 6.85V0\"\/>\n        <\/g>\n        <g id=\"Groupe_144\" data-name=\"Groupe 144\">\n            <path id=\"Ligne_196\" data-name=\"Ligne 196\" class=\"cls-1\" transform=\"translate(1394.716 1659.32)\" d=\"M0 0v3.205\"\/>\n            <path id=\"Ligne_197\" data-name=\"Ligne 197\" class=\"cls-1\" transform=\"translate(1394.716 1664.422)\" d=\"M0 0v6.85\"\/>\n        <\/g>\n        <g id=\"Groupe_145\" data-name=\"Groupe 145\">\n            <path id=\"Ligne_198\" data-name=\"Ligne 198\" class=\"cls-1\" transform=\"translate(1398.518 1668.067)\" d=\"M0 3.205V0\"\/>\n            <path id=\"Ligne_199\" data-name=\"Ligne 199\" class=\"cls-1\" transform=\"translate(1398.518 1659.32)\" d=\"M0 6.85V0\"\/>\n        <\/g>\n        <g id=\"Groupe_146\" data-name=\"Groupe 146\">\n            <path id=\"Ligne_200\" data-name=\"Ligne 200\" class=\"cls-1\" transform=\"translate(1402.319 1659.32)\" d=\"M0 0v3.205\"\/>\n            <path id=\"Ligne_201\" data-name=\"Ligne 201\" class=\"cls-1\" transform=\"translate(1402.319 1664.422)\" d=\"M0 0v6.85\"\/>\n        <\/g>\n        <g id=\"Groupe_147\" data-name=\"Groupe 147\">\n            <path id=\"Ligne_202\" data-name=\"Ligne 202\" class=\"cls-1\" transform=\"translate(1406.12 1668.067)\" d=\"M0 3.205V0\"\/>\n            <path id=\"Ligne_203\" data-name=\"Ligne 203\" class=\"cls-1\" transform=\"translate(1406.12 1659.32)\" d=\"M0 6.85V0\"\/>\n        <\/g>\n    <\/g>\n<\/svg>1<\/span> <span class=\"infosize\">\n            <svg xmlns=\"http:\/\/www.w3.org\/2000\/svg\" width=\"38.416\" height=\"37.804\" viewBox=\"0 0 38.416 37.804\">\n    <defs>\n        <style>\n            .cls-1{fill:none;stroke:#666766;stroke-miterlimit:10;stroke-width:1.25px}\n        <\/style>\n    <\/defs>\n    <g id=\"Groupe_149\" data-name=\"Groupe 149\" transform=\"translate(-1446.875 -1635.335)\">\n        <path id=\"Trac\u00e9_12042\" data-name=\"Trac\u00e9 12042\" class=\"cls-1\" d=\"M1470.868 1666.36h-14.429a2.191 2.191 0 0 1-2.191-2.191v-14.233a1.318 1.318 0 0 1 2.237-.945l15.371 14.933a1.419 1.419 0 0 1-.988 2.436z\"\/>\n        <path id=\"Trac\u00e9_12043\" data-name=\"Trac\u00e9 12043\" class=\"cls-1\" d=\"M1481.7 1672.514h-29.691a4.508 4.508 0 0 1-4.508-4.508v-29.288a2.712 2.712 0 0 1 4.6-1.946l31.631 30.73a2.919 2.919 0 0 1-2.032 5.012z\"\/>\n        <path id=\"Ligne_204\" data-name=\"Ligne 204\" class=\"cls-1\" transform=\"translate(1447.5 1644.589)\" d=\"M0 0h2.983\"\/>\n        <path id=\"Ligne_205\" data-name=\"Ligne 205\" class=\"cls-1\" transform=\"translate(1447.5 1648.412)\" d=\"M0 0h2.983\"\/>\n        <path id=\"Ligne_206\" data-name=\"Ligne 206\" class=\"cls-1\" transform=\"translate(1447.5 1652.236)\" d=\"M0 0h2.983\"\/>\n        <path id=\"Ligne_207\" data-name=\"Ligne 207\" class=\"cls-1\" transform=\"translate(1447.5 1656.06)\" d=\"M0 0h2.983\"\/>\n        <path id=\"Ligne_208\" data-name=\"Ligne 208\" class=\"cls-1\" transform=\"translate(1447.5 1659.884)\" d=\"M0 0h2.983\"\/>\n        <path id=\"Ligne_209\" data-name=\"Ligne 209\" class=\"cls-1\" transform=\"translate(1447.5 1663.707)\" d=\"M0 0h2.983\"\/>\n        <path id=\"Ligne_210\" data-name=\"Ligne 210\" class=\"cls-1\" transform=\"translate(1474.729 1669.569)\" d=\"M0 0v2.983\"\/>\n        <path id=\"Ligne_211\" data-name=\"Ligne 211\" class=\"cls-1\" transform=\"translate(1470.905 1669.569)\" d=\"M0 0v2.983\"\/>\n        <path id=\"Ligne_212\" data-name=\"Ligne 212\" class=\"cls-1\" transform=\"translate(1467.081 1669.569)\" d=\"M0 0v2.983\"\/>\n        <path id=\"Ligne_213\" data-name=\"Ligne 213\" class=\"cls-1\" transform=\"translate(1463.257 1669.569)\" d=\"M0 0v2.983\"\/>\n        <path id=\"Ligne_214\" data-name=\"Ligne 214\" class=\"cls-1\" transform=\"translate(1459.434 1669.569)\" d=\"M0 0v2.983\"\/>\n        <path id=\"Ligne_215\" data-name=\"Ligne 215\" class=\"cls-1\" transform=\"translate(1455.61 1669.569)\" d=\"M0 0v2.983\"\/>\n    <\/g>\n<\/svg>18 m<sup>2<\/sup><\/span><\/div><a href=\"https:\/\/dev.as2web.fr\/immovance\/bien\/appartement-en-vente-terrasse-a-cap-dagde-avec-immovance-fa\" target=\"_self\"  class=\"unit_details_x\">Consulter<\/a><\/div>\n                                  <\/div>\n                    <\/div>\n    <\/div>\n\n<div class=\"col-md-4 shortcode-col listing_wrapper \"\n    data-org=\"6\"\n    data-main-modal=\"https:\/\/dev.as2web.fr\/immovance\/wp-content\/uploads\/2022\/06\/photo_301ac564505d3de6b70b82a698d35de2-59213-835x467.jpg\"\n    data-modal-title=\"LOTISSEMENT LE PUECH DU LOUP &#8211; SAINT JEAN DE VEDAS\"\n    data-modal-link=\"https:\/\/dev.as2web.fr\/immovance\/bien\/lotissement-le-puech-du-loup-saint-jean-de-vedas\"\n    data-listid=\"59213\"\n    data-price=\"449000\" >\n\n\n    <div class=\"property_listing  property_card_default  \"\n         data-link=\"https:\/\/dev.as2web.fr\/immovance\/bien\/lotissement-le-puech-du-loup-saint-jean-de-vedas\">\n\n        \n\n                <div class=\"listing-unit-img-wrapper\">\n                    <div class=\"prop_new_details\">\n                        <div class=\"prop_new_details_back\"><\/div>\n                        <div class=\"property_media\">\n                    \n                    \n   <i class=\"fas fa-camera\"><\/i> 3<\/div>                        <div class=\"property_location_image\"> \n        <span class=\"property_marker\"><\/span><a href=\"https:\/\/dev.as2web.fr\/immovance\/zone\/occitanie\" rel=\"tag\">Occitanie<\/a>, <a href=\"https:\/\/dev.as2web.fr\/immovance\/ville\/st-jean-de-vedas\" rel=\"tag\">St jean de vedas<\/a><\/div>                        <div class=\"featured_gradient\"><\/div>\n                    <\/div>\n\n                    <a href=\"https:\/\/dev.as2web.fr\/immovance\/bien\/lotissement-le-puech-du-loup-saint-jean-de-vedas\" target=\"_self\" ><img width=\"525\" height=\"328\" src=\"https:\/\/dev.as2web.fr\/immovance\/wp-content\/uploads\/2022\/06\/photo_301ac564505d3de6b70b82a698d35de2-59213-525x328.jpg\" class=\"lazyload img-responsive wp-post-image\" alt=\"\" data-original=\"https:\/\/dev.as2web.fr\/immovance\/wp-content\/uploads\/2022\/06\/photo_301ac564505d3de6b70b82a698d35de2-59213-525x328.jpg\" loading=\"lazy\" \/><\/a>                    <div class=\"tag-wrapper\">  \n    \n    <div class=\"status-wrapper\">\n    <div class=\"action_tag_wrapper a-acheter \">\u00c0 acheter<\/div> \n<\/div>     \n<\/div>\n\n                <\/div>\n\n\n\n                <div class=\"property-unit-information-wrapper\">\n                  <p>  \n    <a href=\"https:\/\/dev.as2web.fr\/immovance\/bien\/lotissement-le-puech-du-loup-saint-jean-de-vedas\">\nLOTISSEMENT LE PUECH DU LOUP &#8211; SAINT JEAN DE VEDAS    <\/a> \n<\/p>\n                  <div class=\"listing_unit_price_wrapper\">\n    449 000 \u20ac <span class=\"price_label\"><\/span><\/div>\n                  \n    <div class=\"listing_details the_grid_view\">\n        Exclusivit\u00e9. Sur la commune Saint Jean de V\u00e9das, dans un environnement pavillonnaire, vene <a href=\"https:\/\/dev.as2web.fr\/immovance\/bien\/lotissement-le-puech-du-loup-saint-jean-de-vedas\" class=\"unit_more_x\">\u2026<\/a>    <\/div>\n\n    <div class=\"listing_details the_list_view\">\n        Exclusivit\u00e9. Sur la commune Saint Jean de V\u00e9das, dans un environnement pavillonnaire, venez d\u00e9couvrir le lotissemen <a href=\"https:\/\/dev.as2web.fr\/immovance\/bien\/lotissement-le-puech-du-loup-saint-jean-de-vedas\" class=\"unit_more_x\">\u2026<\/a>    <\/div>\n                     <div class=\"property_listing_details\">\n<div class=\"property_icon_details\">\n    <\/div><a href=\"https:\/\/dev.as2web.fr\/immovance\/bien\/lotissement-le-puech-du-loup-saint-jean-de-vedas\" target=\"_self\"  class=\"unit_details_x\">Consulter<\/a><\/div>\n                                  <\/div>\n                    <\/div>\n    <\/div>\n\n<div class=\"col-md-4 shortcode-col listing_wrapper \"\n    data-org=\"6\"\n    data-main-modal=\"https:\/\/dev.as2web.fr\/immovance\/wp-content\/uploads\/2022\/06\/8c864562078fb41a35beef6f007ea64d-59190-835x467.jpg\"\n    data-modal-title=\"JACOU &#8211; MAISON 5 PIECES AVEC JARDIN ET GARAGE\"\n    data-modal-link=\"https:\/\/dev.as2web.fr\/immovance\/bien\/jacou-maison-5-pieces-avec-jardin-et-garage\"\n    data-listid=\"59190\"\n    data-price=\"354000\" >\n\n\n    <div class=\"property_listing  property_card_default  \"\n         data-link=\"https:\/\/dev.as2web.fr\/immovance\/bien\/jacou-maison-5-pieces-avec-jardin-et-garage\">\n\n        \n\n                <div class=\"listing-unit-img-wrapper\">\n                    <div class=\"prop_new_details\">\n                        <div class=\"prop_new_details_back\"><\/div>\n                        <div class=\"property_media\">\n                    \n                    \n   <i class=\"fas fa-camera\"><\/i> 7<\/div>                        <div class=\"property_location_image\"> \n        <span class=\"property_marker\"><\/span><a href=\"https:\/\/dev.as2web.fr\/immovance\/zone\/occitanie\" rel=\"tag\">Occitanie<\/a>, <a href=\"https:\/\/dev.as2web.fr\/immovance\/ville\/jacou\" rel=\"tag\">Jacou<\/a><\/div>                        <div class=\"featured_gradient\"><\/div>\n                    <\/div>\n\n                    <a href=\"https:\/\/dev.as2web.fr\/immovance\/bien\/jacou-maison-5-pieces-avec-jardin-et-garage\" target=\"_self\" ><img width=\"525\" height=\"328\" src=\"https:\/\/dev.as2web.fr\/immovance\/wp-content\/uploads\/2022\/06\/8c864562078fb41a35beef6f007ea64d-59190-525x328.jpg\" class=\"lazyload img-responsive wp-post-image\" alt=\"\" data-original=\"https:\/\/dev.as2web.fr\/immovance\/wp-content\/uploads\/2022\/06\/8c864562078fb41a35beef6f007ea64d-59190-525x328.jpg\" loading=\"lazy\" \/><\/a>                    <div class=\"tag-wrapper\">  \n    \n    <div class=\"status-wrapper\">\n    <div class=\"action_tag_wrapper a-acheter \">\u00c0 acheter<\/div> \n<\/div>     \n<\/div>\n\n                <\/div>\n\n\n\n                <div class=\"property-unit-information-wrapper\">\n                  <p>  \n    <a href=\"https:\/\/dev.as2web.fr\/immovance\/bien\/jacou-maison-5-pieces-avec-jardin-et-garage\">\nJACOU &#8211; MAISON 5 PIECES AVEC JARDIN ET GARAGE    <\/a> \n<\/p>\n                  <div class=\"listing_unit_price_wrapper\">\n    354 000 \u20ac <span class=\"price_label\"><\/span><\/div>\n                  \n    <div class=\"listing_details the_grid_view\">\n        JACOU &#8211; Situ\u00e9e dans un quartier r\u00e9sidentiel, \u00e0 5 minutes \u00e0 pied du coll\u00e8ge, \u00e0 15 min <a href=\"https:\/\/dev.as2web.fr\/immovance\/bien\/jacou-maison-5-pieces-avec-jardin-et-garage\" class=\"unit_more_x\">\u2026<\/a>    <\/div>\n\n    <div class=\"listing_details the_list_view\">\n        JACOU &#8211; Situ\u00e9e dans un quartier r\u00e9sidentiel, \u00e0 5 minutes \u00e0 pied du coll\u00e8ge, \u00e0 15 minutes \u00e0 pied du centre du  <a href=\"https:\/\/dev.as2web.fr\/immovance\/bien\/jacou-maison-5-pieces-avec-jardin-et-garage\" class=\"unit_more_x\">\u2026<\/a>    <\/div>\n                     <div class=\"property_listing_details\">\n<div class=\"property_icon_details\">\n    <span class=\"inforoom\">\n            <svg xmlns=\"http:\/\/www.w3.org\/2000\/svg\" width=\"36.088\" height=\"30.756\" viewBox=\"0 0 36.088 30.756\">\n    <defs>\n        <style>\n            .cls-1{fill:none;stroke:#666766;stroke-miterlimit:10;stroke-width:1.25px}\n        <\/style>\n    <\/defs>\n    <g id=\"Groupe_139\" data-name=\"Groupe 139\" transform=\"translate(-1304.177 -1638.875)\">\n        <path id=\"Trac\u00e9_12035\" data-name=\"Trac\u00e9 12035\" class=\"cls-1\" d=\"M1333.924 1669.006h2.2a3.512 3.512 0 0 0 3.512-3.512v-12.633a3.511 3.511 0 0 0-3.512-3.511h-27.814a3.511 3.511 0 0 0-3.512 3.511v12.633a3.512 3.512 0 0 0 3.512 3.512h2.355v-3.354h23.255z\"\/>\n        <path id=\"Trac\u00e9_12036\" data-name=\"Trac\u00e9 12036\" class=\"cls-1\" d=\"M1335.9 1649.5v-7.241a2.757 2.757 0 0 0-2.757-2.758H1311.3a2.758 2.758 0 0 0-2.758 2.758v7.241\"\/>\n        <path id=\"Trac\u00e9_12037\" data-name=\"Trac\u00e9 12037\" class=\"cls-1\" d=\"M1322.018 1649.5v-4.69a1.021 1.021 0 0 0-1.02-1.021h-8.086a1.021 1.021 0 0 0-1.021 1.021v4.69\"\/>\n        <path id=\"Trac\u00e9_12038\" data-name=\"Trac\u00e9 12038\" class=\"cls-1\" d=\"M1332.068 1649.5v-4.69a1.021 1.021 0 0 0-1.021-1.021h-8.086a1.021 1.021 0 0 0-1.021 1.021v4.69\"\/>\n        <path id=\"Ligne_187\" data-name=\"Ligne 187\" class=\"cls-1\" transform=\"translate(1304.802 1660.216)\" d=\"M0 0h34.838\"\/>\n    <\/g>\n<\/svg>4<\/span> <span class=\"infosize\">\n            <svg xmlns=\"http:\/\/www.w3.org\/2000\/svg\" width=\"38.416\" height=\"37.804\" viewBox=\"0 0 38.416 37.804\">\n    <defs>\n        <style>\n            .cls-1{fill:none;stroke:#666766;stroke-miterlimit:10;stroke-width:1.25px}\n        <\/style>\n    <\/defs>\n    <g id=\"Groupe_149\" data-name=\"Groupe 149\" transform=\"translate(-1446.875 -1635.335)\">\n        <path id=\"Trac\u00e9_12042\" data-name=\"Trac\u00e9 12042\" class=\"cls-1\" d=\"M1470.868 1666.36h-14.429a2.191 2.191 0 0 1-2.191-2.191v-14.233a1.318 1.318 0 0 1 2.237-.945l15.371 14.933a1.419 1.419 0 0 1-.988 2.436z\"\/>\n        <path id=\"Trac\u00e9_12043\" data-name=\"Trac\u00e9 12043\" class=\"cls-1\" d=\"M1481.7 1672.514h-29.691a4.508 4.508 0 0 1-4.508-4.508v-29.288a2.712 2.712 0 0 1 4.6-1.946l31.631 30.73a2.919 2.919 0 0 1-2.032 5.012z\"\/>\n        <path id=\"Ligne_204\" data-name=\"Ligne 204\" class=\"cls-1\" transform=\"translate(1447.5 1644.589)\" d=\"M0 0h2.983\"\/>\n        <path id=\"Ligne_205\" data-name=\"Ligne 205\" class=\"cls-1\" transform=\"translate(1447.5 1648.412)\" d=\"M0 0h2.983\"\/>\n        <path id=\"Ligne_206\" data-name=\"Ligne 206\" class=\"cls-1\" transform=\"translate(1447.5 1652.236)\" d=\"M0 0h2.983\"\/>\n        <path id=\"Ligne_207\" data-name=\"Ligne 207\" class=\"cls-1\" transform=\"translate(1447.5 1656.06)\" d=\"M0 0h2.983\"\/>\n        <path id=\"Ligne_208\" data-name=\"Ligne 208\" class=\"cls-1\" transform=\"translate(1447.5 1659.884)\" d=\"M0 0h2.983\"\/>\n        <path id=\"Ligne_209\" data-name=\"Ligne 209\" class=\"cls-1\" transform=\"translate(1447.5 1663.707)\" d=\"M0 0h2.983\"\/>\n        <path id=\"Ligne_210\" data-name=\"Ligne 210\" class=\"cls-1\" transform=\"translate(1474.729 1669.569)\" d=\"M0 0v2.983\"\/>\n        <path id=\"Ligne_211\" data-name=\"Ligne 211\" class=\"cls-1\" transform=\"translate(1470.905 1669.569)\" d=\"M0 0v2.983\"\/>\n        <path id=\"Ligne_212\" data-name=\"Ligne 212\" class=\"cls-1\" transform=\"translate(1467.081 1669.569)\" d=\"M0 0v2.983\"\/>\n        <path id=\"Ligne_213\" data-name=\"Ligne 213\" class=\"cls-1\" transform=\"translate(1463.257 1669.569)\" d=\"M0 0v2.983\"\/>\n        <path id=\"Ligne_214\" data-name=\"Ligne 214\" class=\"cls-1\" transform=\"translate(1459.434 1669.569)\" d=\"M0 0v2.983\"\/>\n        <path id=\"Ligne_215\" data-name=\"Ligne 215\" class=\"cls-1\" transform=\"translate(1455.61 1669.569)\" d=\"M0 0v2.983\"\/>\n    <\/g>\n<\/svg>89 m<sup>2<\/sup><\/span><\/div><a href=\"https:\/\/dev.as2web.fr\/immovance\/bien\/jacou-maison-5-pieces-avec-jardin-et-garage\" target=\"_self\"  class=\"unit_details_x\">Consulter<\/a><\/div>\n                                  <\/div>\n                    <\/div>\n    <\/div>\n\n<div class=\"col-md-4 shortcode-col listing_wrapper \"\n    data-org=\"6\"\n    data-main-modal=\"https:\/\/dev.as2web.fr\/immovance\/wp-content\/uploads\/2022\/06\/photo_cd3f22f233f73c9291c67c3685261b5d-59171-835x467.jpg\"\n    data-modal-title=\"VENTE EN VIAGER OCCUPE VILLA 3 PIECES \u00e0 CAVAILLON\"\n    data-modal-link=\"https:\/\/dev.as2web.fr\/immovance\/bien\/vente-en-viager-occupe-villa-3-pieces-a-cavaillon-2\"\n    data-listid=\"59171\"\n    data-price=\"71200\" >\n\n\n    <div class=\"property_listing  property_card_default  \"\n         data-link=\"https:\/\/dev.as2web.fr\/immovance\/bien\/vente-en-viager-occupe-villa-3-pieces-a-cavaillon-2\">\n\n        \n\n                <div class=\"listing-unit-img-wrapper\">\n                    <div class=\"prop_new_details\">\n                        <div class=\"prop_new_details_back\"><\/div>\n                        <div class=\"property_media\">\n                    \n                    \n   <i class=\"fas fa-camera\"><\/i> 6<\/div>                        <div class=\"property_location_image\"> \n        <span class=\"property_marker\"><\/span><a href=\"https:\/\/dev.as2web.fr\/immovance\/zone\/provence-alpes-cote-dazur\" rel=\"tag\">Provence-Alpes-C\u00f4te d'Azur<\/a>, <a href=\"https:\/\/dev.as2web.fr\/immovance\/ville\/cavaillon\" rel=\"tag\">Cavaillon<\/a><\/div>                        <div class=\"featured_gradient\"><\/div>\n                    <\/div>\n\n                    <a href=\"https:\/\/dev.as2web.fr\/immovance\/bien\/vente-en-viager-occupe-villa-3-pieces-a-cavaillon-2\" target=\"_self\" ><img width=\"525\" height=\"328\" src=\"https:\/\/dev.as2web.fr\/immovance\/wp-content\/uploads\/2022\/06\/photo_cd3f22f233f73c9291c67c3685261b5d-59171-525x328.jpg\" class=\"lazyload img-responsive wp-post-image\" alt=\"\" data-original=\"https:\/\/dev.as2web.fr\/immovance\/wp-content\/uploads\/2022\/06\/photo_cd3f22f233f73c9291c67c3685261b5d-59171-525x328.jpg\" loading=\"lazy\" \/><\/a>                    <div class=\"tag-wrapper\">  \n    \n    <div class=\"status-wrapper\">\n    <div class=\"action_tag_wrapper a-acheter \">\u00c0 acheter<\/div> \n<\/div>     \n<\/div>\n\n                <\/div>\n\n\n\n                <div class=\"property-unit-information-wrapper\">\n                  <p>  \n    <a href=\"https:\/\/dev.as2web.fr\/immovance\/bien\/vente-en-viager-occupe-villa-3-pieces-a-cavaillon-2\">\nVENTE EN VIAGER OCCUPE VILLA 3 PIECES \u00e0 CAVAILLON    <\/a> \n<\/p>\n                  <div class=\"listing_unit_price_wrapper\">\n    71 200 \u20ac <span class=\"price_label\"><\/span><\/div>\n                  \n    <div class=\"listing_details the_grid_view\">\n        L&rsquo;agence Immovance Bassin Jacques Coeur vous pr\u00e9sente, en exclusivit\u00e9, EN VIAGER Occ <a href=\"https:\/\/dev.as2web.fr\/immovance\/bien\/vente-en-viager-occupe-villa-3-pieces-a-cavaillon-2\" class=\"unit_more_x\">\u2026<\/a>    <\/div>\n\n    <div class=\"listing_details the_list_view\">\n        L&rsquo;agence Immovance Bassin Jacques Coeur vous pr\u00e9sente, en exclusivit\u00e9, EN VIAGER Occup\u00e9, une coquette villa d <a href=\"https:\/\/dev.as2web.fr\/immovance\/bien\/vente-en-viager-occupe-villa-3-pieces-a-cavaillon-2\" class=\"unit_more_x\">\u2026<\/a>    <\/div>\n                     <div class=\"property_listing_details\">\n<div class=\"property_icon_details\">\n    <span class=\"inforoom\">\n            <svg xmlns=\"http:\/\/www.w3.org\/2000\/svg\" width=\"36.088\" height=\"30.756\" viewBox=\"0 0 36.088 30.756\">\n    <defs>\n        <style>\n            .cls-1{fill:none;stroke:#666766;stroke-miterlimit:10;stroke-width:1.25px}\n        <\/style>\n    <\/defs>\n    <g id=\"Groupe_139\" data-name=\"Groupe 139\" transform=\"translate(-1304.177 -1638.875)\">\n        <path id=\"Trac\u00e9_12035\" data-name=\"Trac\u00e9 12035\" class=\"cls-1\" d=\"M1333.924 1669.006h2.2a3.512 3.512 0 0 0 3.512-3.512v-12.633a3.511 3.511 0 0 0-3.512-3.511h-27.814a3.511 3.511 0 0 0-3.512 3.511v12.633a3.512 3.512 0 0 0 3.512 3.512h2.355v-3.354h23.255z\"\/>\n        <path id=\"Trac\u00e9_12036\" data-name=\"Trac\u00e9 12036\" class=\"cls-1\" d=\"M1335.9 1649.5v-7.241a2.757 2.757 0 0 0-2.757-2.758H1311.3a2.758 2.758 0 0 0-2.758 2.758v7.241\"\/>\n        <path id=\"Trac\u00e9_12037\" data-name=\"Trac\u00e9 12037\" class=\"cls-1\" d=\"M1322.018 1649.5v-4.69a1.021 1.021 0 0 0-1.02-1.021h-8.086a1.021 1.021 0 0 0-1.021 1.021v4.69\"\/>\n        <path id=\"Trac\u00e9_12038\" data-name=\"Trac\u00e9 12038\" class=\"cls-1\" d=\"M1332.068 1649.5v-4.69a1.021 1.021 0 0 0-1.021-1.021h-8.086a1.021 1.021 0 0 0-1.021 1.021v4.69\"\/>\n        <path id=\"Ligne_187\" data-name=\"Ligne 187\" class=\"cls-1\" transform=\"translate(1304.802 1660.216)\" d=\"M0 0h34.838\"\/>\n    <\/g>\n<\/svg>2<\/span> <span class=\"infosize\">\n            <svg xmlns=\"http:\/\/www.w3.org\/2000\/svg\" width=\"38.416\" height=\"37.804\" viewBox=\"0 0 38.416 37.804\">\n    <defs>\n        <style>\n            .cls-1{fill:none;stroke:#666766;stroke-miterlimit:10;stroke-width:1.25px}\n        <\/style>\n    <\/defs>\n    <g id=\"Groupe_149\" data-name=\"Groupe 149\" transform=\"translate(-1446.875 -1635.335)\">\n        <path id=\"Trac\u00e9_12042\" data-name=\"Trac\u00e9 12042\" class=\"cls-1\" d=\"M1470.868 1666.36h-14.429a2.191 2.191 0 0 1-2.191-2.191v-14.233a1.318 1.318 0 0 1 2.237-.945l15.371 14.933a1.419 1.419 0 0 1-.988 2.436z\"\/>\n        <path id=\"Trac\u00e9_12043\" data-name=\"Trac\u00e9 12043\" class=\"cls-1\" d=\"M1481.7 1672.514h-29.691a4.508 4.508 0 0 1-4.508-4.508v-29.288a2.712 2.712 0 0 1 4.6-1.946l31.631 30.73a2.919 2.919 0 0 1-2.032 5.012z\"\/>\n        <path id=\"Ligne_204\" data-name=\"Ligne 204\" class=\"cls-1\" transform=\"translate(1447.5 1644.589)\" d=\"M0 0h2.983\"\/>\n        <path id=\"Ligne_205\" data-name=\"Ligne 205\" class=\"cls-1\" transform=\"translate(1447.5 1648.412)\" d=\"M0 0h2.983\"\/>\n        <path id=\"Ligne_206\" data-name=\"Ligne 206\" class=\"cls-1\" transform=\"translate(1447.5 1652.236)\" d=\"M0 0h2.983\"\/>\n        <path id=\"Ligne_207\" data-name=\"Ligne 207\" class=\"cls-1\" transform=\"translate(1447.5 1656.06)\" d=\"M0 0h2.983\"\/>\n        <path id=\"Ligne_208\" data-name=\"Ligne 208\" class=\"cls-1\" transform=\"translate(1447.5 1659.884)\" d=\"M0 0h2.983\"\/>\n        <path id=\"Ligne_209\" data-name=\"Ligne 209\" class=\"cls-1\" transform=\"translate(1447.5 1663.707)\" d=\"M0 0h2.983\"\/>\n        <path id=\"Ligne_210\" data-name=\"Ligne 210\" class=\"cls-1\" transform=\"translate(1474.729 1669.569)\" d=\"M0 0v2.983\"\/>\n        <path id=\"Ligne_211\" data-name=\"Ligne 211\" class=\"cls-1\" transform=\"translate(1470.905 1669.569)\" d=\"M0 0v2.983\"\/>\n        <path id=\"Ligne_212\" data-name=\"Ligne 212\" class=\"cls-1\" transform=\"translate(1467.081 1669.569)\" d=\"M0 0v2.983\"\/>\n        <path id=\"Ligne_213\" data-name=\"Ligne 213\" class=\"cls-1\" transform=\"translate(1463.257 1669.569)\" d=\"M0 0v2.983\"\/>\n        <path id=\"Ligne_214\" data-name=\"Ligne 214\" class=\"cls-1\" transform=\"translate(1459.434 1669.569)\" d=\"M0 0v2.983\"\/>\n        <path id=\"Ligne_215\" data-name=\"Ligne 215\" class=\"cls-1\" transform=\"translate(1455.61 1669.569)\" d=\"M0 0v2.983\"\/>\n    <\/g>\n<\/svg>80 m<sup>2<\/sup><\/span><\/div><a href=\"https:\/\/dev.as2web.fr\/immovance\/bien\/vente-en-viager-occupe-villa-3-pieces-a-cavaillon-2\" target=\"_self\"  class=\"unit_details_x\">Consulter<\/a><\/div>\n                                  <\/div>\n                    <\/div>\n    <\/div>\n\n<div class=\"col-md-4 shortcode-col listing_wrapper \"\n    data-org=\"6\"\n    data-main-modal=\"https:\/\/dev.as2web.fr\/immovance\/wp-content\/uploads\/2022\/06\/photo_a8886fb3fb324237aaec6bd8c6e125d9-59161-835x467.jpg\"\n    data-modal-title=\"Le Grau du Roi &#8211; Appartement T2 1\u00e8re ligne vue mer\"\n    data-modal-link=\"https:\/\/dev.as2web.fr\/immovance\/bien\/le-grau-du-roi-appartement-t2-1ere-ligne-vue-mer\"\n    data-listid=\"59161\"\n    data-price=\"270000\" >\n\n\n    <div class=\"property_listing  property_card_default  \"\n         data-link=\"https:\/\/dev.as2web.fr\/immovance\/bien\/le-grau-du-roi-appartement-t2-1ere-ligne-vue-mer\">\n\n        \n\n                <div class=\"listing-unit-img-wrapper\">\n                    <div class=\"prop_new_details\">\n                        <div class=\"prop_new_details_back\"><\/div>\n                        <div class=\"property_media\">\n                    \n                    \n   <i class=\"fas fa-camera\"><\/i> 9<\/div>                        <div class=\"property_location_image\"> \n        <span class=\"property_marker\"><\/span><a href=\"https:\/\/dev.as2web.fr\/immovance\/zone\/occitanie\" rel=\"tag\">Occitanie<\/a>, <a href=\"https:\/\/dev.as2web.fr\/immovance\/ville\/port-camargue\" rel=\"tag\">Port camargue<\/a><\/div>                        <div class=\"featured_gradient\"><\/div>\n                    <\/div>\n\n                    <a href=\"https:\/\/dev.as2web.fr\/immovance\/bien\/le-grau-du-roi-appartement-t2-1ere-ligne-vue-mer\" target=\"_self\" ><img width=\"525\" height=\"328\" src=\"https:\/\/dev.as2web.fr\/immovance\/wp-content\/uploads\/2022\/06\/photo_a8886fb3fb324237aaec6bd8c6e125d9-59161-525x328.jpg\" class=\"lazyload img-responsive wp-post-image\" alt=\"\" data-original=\"https:\/\/dev.as2web.fr\/immovance\/wp-content\/uploads\/2022\/06\/photo_a8886fb3fb324237aaec6bd8c6e125d9-59161-525x328.jpg\" loading=\"lazy\" \/><\/a>                    <div class=\"tag-wrapper\">  \n    \n    <div class=\"status-wrapper\">\n    <div class=\"action_tag_wrapper a-acheter \">\u00c0 acheter<\/div> \n<\/div>     \n<\/div>\n\n                <\/div>\n\n\n\n                <div class=\"property-unit-information-wrapper\">\n                  <p>  \n    <a href=\"https:\/\/dev.as2web.fr\/immovance\/bien\/le-grau-du-roi-appartement-t2-1ere-ligne-vue-mer\">\nLe Grau du Roi &#8211; Appartement T2 1\u00e8re ligne vue mer    <\/a> \n<\/p>\n                  <div class=\"listing_unit_price_wrapper\">\n    270 000 \u20ac <span class=\"price_label\"><\/span><\/div>\n                  \n    <div class=\"listing_details the_grid_view\">\n        Le Grau du Roi, Port Camargue &#8211; R\u00e9sidence La Goelette &#8211; En premi\u00e8re ligne, ven <a href=\"https:\/\/dev.as2web.fr\/immovance\/bien\/le-grau-du-roi-appartement-t2-1ere-ligne-vue-mer\" class=\"unit_more_x\">\u2026<\/a>    <\/div>\n\n    <div class=\"listing_details the_list_view\">\n        Le Grau du Roi, Port Camargue &#8211; R\u00e9sidence La Goelette &#8211; En premi\u00e8re ligne, venez visiter en exclusivit\u00e9 <a href=\"https:\/\/dev.as2web.fr\/immovance\/bien\/le-grau-du-roi-appartement-t2-1ere-ligne-vue-mer\" class=\"unit_more_x\">\u2026<\/a>    <\/div>\n                     <div class=\"property_listing_details\">\n<div class=\"property_icon_details\">\n    <span class=\"inforoom\">\n            <svg xmlns=\"http:\/\/www.w3.org\/2000\/svg\" width=\"36.088\" height=\"30.756\" viewBox=\"0 0 36.088 30.756\">\n    <defs>\n        <style>\n            .cls-1{fill:none;stroke:#666766;stroke-miterlimit:10;stroke-width:1.25px}\n        <\/style>\n    <\/defs>\n    <g id=\"Groupe_139\" data-name=\"Groupe 139\" transform=\"translate(-1304.177 -1638.875)\">\n        <path id=\"Trac\u00e9_12035\" data-name=\"Trac\u00e9 12035\" class=\"cls-1\" d=\"M1333.924 1669.006h2.2a3.512 3.512 0 0 0 3.512-3.512v-12.633a3.511 3.511 0 0 0-3.512-3.511h-27.814a3.511 3.511 0 0 0-3.512 3.511v12.633a3.512 3.512 0 0 0 3.512 3.512h2.355v-3.354h23.255z\"\/>\n        <path id=\"Trac\u00e9_12036\" data-name=\"Trac\u00e9 12036\" class=\"cls-1\" d=\"M1335.9 1649.5v-7.241a2.757 2.757 0 0 0-2.757-2.758H1311.3a2.758 2.758 0 0 0-2.758 2.758v7.241\"\/>\n        <path id=\"Trac\u00e9_12037\" data-name=\"Trac\u00e9 12037\" class=\"cls-1\" d=\"M1322.018 1649.5v-4.69a1.021 1.021 0 0 0-1.02-1.021h-8.086a1.021 1.021 0 0 0-1.021 1.021v4.69\"\/>\n        <path id=\"Trac\u00e9_12038\" data-name=\"Trac\u00e9 12038\" class=\"cls-1\" d=\"M1332.068 1649.5v-4.69a1.021 1.021 0 0 0-1.021-1.021h-8.086a1.021 1.021 0 0 0-1.021 1.021v4.69\"\/>\n        <path id=\"Ligne_187\" data-name=\"Ligne 187\" class=\"cls-1\" transform=\"translate(1304.802 1660.216)\" d=\"M0 0h34.838\"\/>\n    <\/g>\n<\/svg>1<\/span> <span class=\"infosize\">\n            <svg xmlns=\"http:\/\/www.w3.org\/2000\/svg\" width=\"38.416\" height=\"37.804\" viewBox=\"0 0 38.416 37.804\">\n    <defs>\n        <style>\n            .cls-1{fill:none;stroke:#666766;stroke-miterlimit:10;stroke-width:1.25px}\n        <\/style>\n    <\/defs>\n    <g id=\"Groupe_149\" data-name=\"Groupe 149\" transform=\"translate(-1446.875 -1635.335)\">\n        <path id=\"Trac\u00e9_12042\" data-name=\"Trac\u00e9 12042\" class=\"cls-1\" d=\"M1470.868 1666.36h-14.429a2.191 2.191 0 0 1-2.191-2.191v-14.233a1.318 1.318 0 0 1 2.237-.945l15.371 14.933a1.419 1.419 0 0 1-.988 2.436z\"\/>\n        <path id=\"Trac\u00e9_12043\" data-name=\"Trac\u00e9 12043\" class=\"cls-1\" d=\"M1481.7 1672.514h-29.691a4.508 4.508 0 0 1-4.508-4.508v-29.288a2.712 2.712 0 0 1 4.6-1.946l31.631 30.73a2.919 2.919 0 0 1-2.032 5.012z\"\/>\n        <path id=\"Ligne_204\" data-name=\"Ligne 204\" class=\"cls-1\" transform=\"translate(1447.5 1644.589)\" d=\"M0 0h2.983\"\/>\n        <path id=\"Ligne_205\" data-name=\"Ligne 205\" class=\"cls-1\" transform=\"translate(1447.5 1648.412)\" d=\"M0 0h2.983\"\/>\n        <path id=\"Ligne_206\" data-name=\"Ligne 206\" class=\"cls-1\" transform=\"translate(1447.5 1652.236)\" d=\"M0 0h2.983\"\/>\n        <path id=\"Ligne_207\" data-name=\"Ligne 207\" class=\"cls-1\" transform=\"translate(1447.5 1656.06)\" d=\"M0 0h2.983\"\/>\n        <path id=\"Ligne_208\" data-name=\"Ligne 208\" class=\"cls-1\" transform=\"translate(1447.5 1659.884)\" d=\"M0 0h2.983\"\/>\n        <path id=\"Ligne_209\" data-name=\"Ligne 209\" class=\"cls-1\" transform=\"translate(1447.5 1663.707)\" d=\"M0 0h2.983\"\/>\n        <path id=\"Ligne_210\" data-name=\"Ligne 210\" class=\"cls-1\" transform=\"translate(1474.729 1669.569)\" d=\"M0 0v2.983\"\/>\n        <path id=\"Ligne_211\" data-name=\"Ligne 211\" class=\"cls-1\" transform=\"translate(1470.905 1669.569)\" d=\"M0 0v2.983\"\/>\n        <path id=\"Ligne_212\" data-name=\"Ligne 212\" class=\"cls-1\" transform=\"translate(1467.081 1669.569)\" d=\"M0 0v2.983\"\/>\n        <path id=\"Ligne_213\" data-name=\"Ligne 213\" class=\"cls-1\" transform=\"translate(1463.257 1669.569)\" d=\"M0 0v2.983\"\/>\n        <path id=\"Ligne_214\" data-name=\"Ligne 214\" class=\"cls-1\" transform=\"translate(1459.434 1669.569)\" d=\"M0 0v2.983\"\/>\n        <path id=\"Ligne_215\" data-name=\"Ligne 215\" class=\"cls-1\" transform=\"translate(1455.61 1669.569)\" d=\"M0 0v2.983\"\/>\n    <\/g>\n<\/svg>37 m<sup>2<\/sup><\/span><\/div><a href=\"https:\/\/dev.as2web.fr\/immovance\/bien\/le-grau-du-roi-appartement-t2-1ere-ligne-vue-mer\" target=\"_self\"  class=\"unit_details_x\">Consulter<\/a><\/div>\n                                  <\/div>\n                    <\/div>\n    <\/div>\n<div class=\"wpestate_listing_sh_loader\">\n       <div class=\"new_prelader\"><\/div>\n    <\/div><div class=\"listinglink-wrapper_sh_listings\">\n           <span class=\"wpresidence_button wpestate_item_list_sh\">D\u00e9couvrir <\/span>\n           <\/div><\/div><script type=\"text\/javascript\">\n                \/\/<![CDATA[\n                jQuery(document).ready(function(){\n                  \/\/  wpestate_anime(\"#wpestate_sh_anime_761\");\n                   \/\/ wpestate_property_list_sh(\"#wpestate_sh_anime_761 .wpestate_item_list_sh\", \"#wpestate_sh_anime_761 .control_tax_sh\");\n                });\n                \/\/]]>\n            <\/script>[vc_btn title=\u00a0\u00bbVoir tous les biens\u00a0\u00bb style=\u00a0\u00bbflat\u00a0\u00bb color=\u00a0\u00bbwhite\u00a0\u00bb align=\u00a0\u00bbcenter\u00a0\u00bb link=\u00a0\u00bburl:https%3A%2F%2Fdev.as2web.fr%2Fimmovance%2Frecherche-de-biens|title:Recherche%20de%20biens\u00a0\u00bb el_class=\u00a0\u00bbbtn-clipboard\u00a0\u00bb][\/vc_column][\/vc_row][vc_row full_width=\u00a0\u00bbstretch_row\u00a0\u00bb equal_height=\u00a0\u00bbyes\u00a0\u00bb content_placement=\u00a0\u00bbmiddle\u00a0\u00bb css=\u00a0\u00bb.vc_custom_1639153046287{padding-top: 33px !important;padding-bottom: 33px !important;background-color: #666766 !important;background-position: center !important;background-repeat: no-repeat !important;background-size: cover !important;}\u00a0\u00bb el_id=\u00a0\u00bbsimulateurs\u00a0\u00bb][vc_column width=\u00a0\u00bb1\/3&Prime;][vc_single_image image=\u00a0\u00bb32460&Prime; img_size=\u00a0\u00bbfull\u00a0\u00bb alignment=\u00a0\u00bbcenter\u00a0\u00bb css=\u00a0\u00bb.vc_custom_1639153064466{margin-bottom: 0px !important;}\u00a0\u00bb][\/vc_column][vc_column width=\u00a0\u00bb2\/3&Prime;][vc_custom_heading text=\u00a0\u00bbNos simulateurs\u00a0\u00bb font_container=\u00a0\u00bbtag:h2|text_align:center|color:%23ffffff\u00a0\u00bb use_theme_fonts=\u00a0\u00bbyes\u00a0\u00bb css=\u00a0\u00bb.vc_custom_1639151171164{margin-bottom: 10px !important;}\u00a0\u00bb el_id=\u00a0\u00bbcontent-simulateurs-id\u00a0\u00bb][vc_column_text el_class=\u00a0\u00bbsubtitle txt-white\u00a0\u00bb]<\/p>\n<p style=\"text-align: center;\">Des outils pour faire les bons calculs<\/p>\n<p>[\/vc_column_text][vc_row_inner el_class=\u00a0\u00bbcard-info\u00a0\u00bb][vc_column_inner width=\u00a0\u00bb1\/2&Prime;][vc_single_image image=\u00a0\u00bb32468&Prime; img_size=\u00a0\u00bbfull\u00a0\u00bb alignment=\u00a0\u00bbcenter\u00a0\u00bb][vc_custom_heading text=\u00a0\u00bbMesurez votre pouvoir d\u2019achat\u00a0\u00bb font_container=\u00a0\u00bbtag:h3|text_align:left\u00a0\u00bb use_theme_fonts=\u00a0\u00bbyes\u00a0\u00bb link=\u00a0\u00bburl:https%3A%2F%2Fdev.as2web.fr%2Fimmovance%2Fmesurez-votre-pouvoir-dachat|title:Mesurez%20votre%20pouvoir%20d%E2%80%99achat\u00a0\u00bb][\/vc_column_inner][vc_column_inner width=\u00a0\u00bb1\/2&Prime;][vc_single_image image=\u00a0\u00bb32463&Prime; img_size=\u00a0\u00bbfull\u00a0\u00bb alignment=\u00a0\u00bbcenter\u00a0\u00bb][vc_custom_heading text=\u00a0\u00bbEstimez vos frais de notaire\u00a0\u00bb font_container=\u00a0\u00bbtag:h3|text_align:left\u00a0\u00bb use_theme_fonts=\u00a0\u00bbyes\u00a0\u00bb link=\u00a0\u00bburl:https%3A%2F%2Fdev.as2web.fr%2Fimmovance%2Festimez-vos-frais-de-notaire|title:Estimez%20vos%20frais%20de%20notaire\u00a0\u00bb][\/vc_column_inner][\/vc_row_inner][vc_row_inner el_class=\u00a0\u00bbcard-info\u00a0\u00bb][vc_column_inner width=\u00a0\u00bb1\/2&Prime;][vc_single_image image=\u00a0\u00bb32465&Prime; img_size=\u00a0\u00bbfull\u00a0\u00bb alignment=\u00a0\u00bbcenter\u00a0\u00bb][vc_custom_heading text=\u00a0\u00bbD\u00e9terminez vos mensualit\u00e9s\u00a0\u00bb font_container=\u00a0\u00bbtag:h3|text_align:left\u00a0\u00bb use_theme_fonts=\u00a0\u00bbyes\u00a0\u00bb link=\u00a0\u00bburl:https%3A%2F%2Fdev.as2web.fr%2Fimmovance%2Fdeterminez-vos-mensualites|title:D%C3%A9terminez%20vos%20mensualit%C3%A9s\u00a0\u00bb][\/vc_column_inner][vc_column_inner width=\u00a0\u00bb1\/2&Prime;][vc_single_image image=\u00a0\u00bb32464&Prime; img_size=\u00a0\u00bbfull\u00a0\u00bb alignment=\u00a0\u00bbcenter\u00a0\u00bb][vc_custom_heading text=\u00a0\u00bbCalculez vos pr\u00eats \u00e0 taux 0&Prime; font_container=\u00a0\u00bbtag:h3|text_align:left\u00a0\u00bb use_theme_fonts=\u00a0\u00bbyes\u00a0\u00bb link=\u00a0\u00bburl:https%3A%2F%2Fdev.as2web.fr%2Fimmovance%2Fcalculez-vos-prets-a-taux-0|title:Calculez%20vos%20pr%C3%AAts%20%C3%A0%20taux%200&Prime;][\/vc_column_inner][\/vc_row_inner][\/vc_column][\/vc_row][vc_row full_width=\u00a0\u00bbstretch_row\u00a0\u00bb css=\u00a0\u00bb.vc_custom_1640342370536{padding-top: 120px !important;padding-bottom: 120px !important;background-position: center !important;background-repeat: no-repeat !important;background-size: cover !important;}\u00a0\u00bb el_id=\u00a0\u00bbrecruit-school\u00a0\u00bb][vc_column width=\u00a0\u00bb1\/2&Prime; css=\u00a0\u00bb.vc_custom_1639154222407{padding-right: 50px !important;}\u00a0\u00bb][vc_single_image image=\u00a0\u00bb32486&Prime; img_size=\u00a0\u00bbfull\u00a0\u00bb alignment=\u00a0\u00bbcenter\u00a0\u00bb css=\u00a0\u00bb.vc_custom_1639153883594{margin-bottom: 40px !important;}\u00a0\u00bb][vc_column_text el_class=\u00a0\u00bbcareer-box\u00a0\u00bb]<\/p>\n<h3>Faites carri\u00e8re dans l\u2019immobilier<br \/>\net rejoignez une \u00e9quipe dynamique<\/h3>\n<p>[\/vc_column_text][vc_btn title=\u00a0\u00bbConsulter les offres d\u2019emploi\u00a0\u00bb style=\u00a0\u00bbflat\u00a0\u00bb align=\u00a0\u00bbleft\u00a0\u00bb link=\u00a0\u00bburl:https%3A%2F%2Fdev.as2web.fr%2Fimmovance%2Fnos-offres-demploi|title:Consulter%20les%20offres%20d%E2%80%99emploi\u00a0\u00bb][\/vc_column][vc_column width=\u00a0\u00bb1\/2&Prime; css=\u00a0\u00bb.vc_custom_1639154326810{padding-left: 50px !important;}\u00a0\u00bb][vc_single_image image=\u00a0\u00bb32487&Prime; img_size=\u00a0\u00bbfull\u00a0\u00bb alignment=\u00a0\u00bbcenter\u00a0\u00bb css=\u00a0\u00bb.vc_custom_1639153897357{margin-bottom: 40px !important;}\u00a0\u00bb][vc_column_text el_class=\u00a0\u00bbcareer-box\u00a0\u00bb]<\/p>\n<h3>D\u00e9couvrez notre \u00e9cole Immovance<\/h3>\n<p>Optez pour une formation d\u2019agent immobilier et apprenez le m\u00e9tier aux c\u00f4t\u00e9s de professionnels[\/vc_column_text][vc_btn title=\u00a0\u00bbEn savoir plus\u00a0\u00bb style=\u00a0\u00bbflat\u00a0\u00bb align=\u00a0\u00bbleft\u00a0\u00bb link=\u00a0\u00bburl:https%3A%2F%2Fdev.as2web.fr%2Fimmovance%2Fecole-immovance|title:%C3%89cole%20Immovance\u00a0\u00bb][\/vc_column][\/vc_row][vc_row full_width=\u00a0\u00bbstretch_row_content_no_spaces\u00a0\u00bb css=\u00a0\u00bb.vc_custom_1649929191259{margin-top: 0px !important;}\u00a0\u00bb el_id=\u00a0\u00bbagency-map-3d\u00a0\u00bb][vc_column css=\u00a0\u00bb.vc_custom_1589444171856{margin-top: 0px !important;}\u00a0\u00bb][vc_raw_html css=\u00a0\u00bb.vc_custom_1647352408686{margin-bottom: 0px !important;}\u00a0\u00bb]JTVCd3BzbF9tYXBfM2QlNUQ=[\/vc_raw_html][\/vc_column][\/vc_row][vc_row full_width=\u00a0\u00bbstretch_row_content_no_spaces\u00a0\u00bb css=\u00a0\u00bb.vc_custom_1635241361875{padding-top: 60px !important;padding-bottom: 60px !important;background-color: #ffffff !important;}\u00a0\u00bb][vc_column el_id=\u00a0\u00bbcontent-user-id\u00a0\u00bb][vc_custom_heading text=\u00a0\u00bbNos conseillers\u00a0\u00bb font_container=\u00a0\u00bbtag:h2|text_align:center\u00a0\u00bb use_theme_fonts=\u00a0\u00bbyes\u00a0\u00bb el_class=\u00a0\u00bbm-visible\u00a0\u00bb]<div class=\"owl-carousel owl-drag article_container bottom-estate_agent nobutton\" ><div class=\"col-md-3 listing_wrapper\">    <div class=\"agent_unit city-vendargues_34740\"  data-city=\"vendargues_34740\">\n        <div class=\"agent-unit-img-wrapper\">\n                  \n            \n            \n         \n            <img class=\"img-slider-agent\" src=\"https:\/\/dev.as2web.fr\/immovance\/wp-content\/themes\/wpresidence\/img\/default_user.png\" alt=\"Image utilisateur\">        <\/div>    \n            \n\n        <p class=\"h3\"> <a href=\"https:\/\/dev.as2web.fr\/immovance\/conseiller\/lucie-deleage\">Lucie DELEAGE<\/a><\/p>\n        <div class=\"agent_position\">19 rue du g\u00e9n\u00e9ral Berth\u00e9z\u00e8ne, 34740 Vendargues<\/div>\n     \n       \n        <div class=\"agent_unit_social agent_list\">\n        \n               \n               <div class=\"agent_unit_btn vc_btn3-container vc_btn3-left vc_btn\"><a class=\"vc_general vc_btn3 vc_btn3-size-md vc_btn3-shape-rounded vc_btn3-style-flat vc_btn3-color-red vc_btn\" href=\"https:\/\/dev.as2web.fr\/immovance\/conseiller\/lucie-deleage\">Consulter les biens<\/a><\/div><div class=\"agent_unit_email\"><a href=\"mailto:lucie.deleage@immovance.fr\"><i class=\"immo-icon icon-email\"><\/i><\/a><\/div><div class=\"agent_unit_phone\"><a href=\"tel:0635105622\"><i class=\"immo-icon icon-phone\"><\/i><\/a><\/div>           \n        <\/div>\n    <\/div>\n<!-- <\/div>    --><\/div><div class=\"col-md-3 listing_wrapper\">    <div class=\"agent_unit city-castelnau-le-lez_34170\"  data-city=\"castelnau-le-lez_34170\">\n        <div class=\"agent-unit-img-wrapper\">\n                  \n            \n            \n         \n            <img class=\"img-slider-agent\" src=\"https:\/\/dev.as2web.fr\/immovance\/wp-content\/themes\/wpresidence\/img\/default_user.png\" alt=\"Image utilisateur\">        <\/div>    \n            \n\n        <p class=\"h3\"> <a href=\"https:\/\/dev.as2web.fr\/immovance\/conseiller\/immovance-groupe\">Immovance Groupe<\/a><\/p>\n        <div class=\"agent_position\">230 route de N\u00eemes, 34170 Castelnau-le-Lez<\/div>\n     \n       \n        <div class=\"agent_unit_social agent_list\">\n        \n               \n               <div class=\"agent_unit_btn vc_btn3-container vc_btn3-left vc_btn\"><a class=\"vc_general vc_btn3 vc_btn3-size-md vc_btn3-shape-rounded vc_btn3-style-flat vc_btn3-color-red vc_btn\" href=\"https:\/\/dev.as2web.fr\/immovance\/conseiller\/immovance-groupe\">Consulter les biens<\/a><\/div><div class=\"agent_unit_email\"><a href=\"mailto:contact@immovance.fr\"><i class=\"immo-icon icon-email\"><\/i><\/a><\/div><div class=\"agent_unit_phone\"><a href=\"tel:0434810664\"><i class=\"immo-icon icon-phone\"><\/i><\/a><\/div>           \n        <\/div>\n    <\/div>\n<!-- <\/div>    --><\/div><div class=\"col-md-3 listing_wrapper\">    <div class=\"agent_unit city-fabr\u00e8gues_34690\"  data-city=\"fabr\u00e8gues_34690\">\n        <div class=\"agent-unit-img-wrapper\">\n                  \n            \n            \n         \n            <img width=\"525\" height=\"788\" src=\"https:\/\/dev.as2web.fr\/immovance\/wp-content\/uploads\/2022\/03\/SEVERINE-BAILLEUL.jpg\" class=\"lazyload img-responsive wp-post-image\" alt=\"\" loading=\"lazy\" srcset=\"https:\/\/dev.as2web.fr\/immovance\/wp-content\/uploads\/2022\/03\/SEVERINE-BAILLEUL.jpg 525w, https:\/\/dev.as2web.fr\/immovance\/wp-content\/uploads\/2022\/03\/SEVERINE-BAILLEUL-200x300.jpg 200w\" sizes=\"(max-width: 525px) 100vw, 525px\" \/>        <\/div>    \n            \n\n        <p class=\"h3\"> <a href=\"https:\/\/dev.as2web.fr\/immovance\/conseiller\/severine-bailleul\">S\u00e9verine BAILLEUL<\/a><\/p>\n        <div class=\"agent_position\">4 place du 8 mai 1945, 34690 Fabr\u00e8gues<\/div>\n     \n       \n        <div class=\"agent_unit_social agent_list\">\n        \n               \n               <div class=\"agent_unit_btn vc_btn3-container vc_btn3-left vc_btn\"><a class=\"vc_general vc_btn3 vc_btn3-size-md vc_btn3-shape-rounded vc_btn3-style-flat vc_btn3-color-red vc_btn\" href=\"https:\/\/dev.as2web.fr\/immovance\/conseiller\/severine-bailleul\">Consulter les biens<\/a><\/div><div class=\"agent_unit_email\"><a href=\"mailto:s.bailleul@immovance.fr\"><i class=\"immo-icon icon-email\"><\/i><\/a><\/div><div class=\"agent_unit_phone\"><a href=\"tel:0650524951\"><i class=\"immo-icon icon-phone\"><\/i><\/a><\/div>           \n        <\/div>\n    <\/div>\n<!-- <\/div>    --><\/div><div class=\"col-md-3 listing_wrapper\">    <div class=\"agent_unit city-vendargues_34740\"  data-city=\"vendargues_34740\">\n        <div class=\"agent-unit-img-wrapper\">\n                  \n            \n            \n         \n            <img class=\"img-slider-agent\" src=\"https:\/\/dev.as2web.fr\/immovance\/wp-content\/themes\/wpresidence\/img\/default_user.png\" alt=\"Image utilisateur\">        <\/div>    \n            \n\n        <p class=\"h3\"> <a href=\"https:\/\/dev.as2web.fr\/immovance\/conseiller\/sebastien-cammal\">S\u00e9bastien CAMMAL<\/a><\/p>\n        <div class=\"agent_position\">19 rue du g\u00e9n\u00e9ral Berth\u00e9z\u00e8ne, 34740 Vendargues<\/div>\n     \n       \n        <div class=\"agent_unit_social agent_list\">\n        \n               \n               <div class=\"agent_unit_btn vc_btn3-container vc_btn3-left vc_btn\"><a class=\"vc_general vc_btn3 vc_btn3-size-md vc_btn3-shape-rounded vc_btn3-style-flat vc_btn3-color-red vc_btn\" href=\"https:\/\/dev.as2web.fr\/immovance\/conseiller\/sebastien-cammal\">Consulter les biens<\/a><\/div><div class=\"agent_unit_email\"><a href=\"mailto:sebastien.cammal@immovance.fr\"><i class=\"immo-icon icon-email\"><\/i><\/a><\/div><div class=\"agent_unit_phone\"><a href=\"tel:0607982511\"><i class=\"immo-icon icon-phone\"><\/i><\/a><\/div>           \n        <\/div>\n    <\/div>\n<!-- <\/div>    --><\/div><div class=\"col-md-3 listing_wrapper\">    <div class=\"agent_unit city-montpellier_34000\"  data-city=\"montpellier_34000\">\n        <div class=\"agent-unit-img-wrapper\">\n                  \n            \n            \n         \n            <img class=\"img-slider-agent\" src=\"https:\/\/dev.as2web.fr\/immovance\/wp-content\/themes\/wpresidence\/img\/default_user.png\" alt=\"Image utilisateur\">        <\/div>    \n            \n\n        <p class=\"h3\"> <a href=\"https:\/\/dev.as2web.fr\/immovance\/conseiller\/immovance-bassin-jacques-coeur\">Immovance Bassin Jacques Coeur<\/a><\/p>\n        <div class=\"agent_position\">54 rue Shirin Ebadi - Royal Palmeraie - B\u00e2t C - n\u00b077 , 34000 Montpellier<\/div>\n     \n       \n        <div class=\"agent_unit_social agent_list\">\n        \n               \n               <div class=\"agent_unit_btn vc_btn3-container vc_btn3-left vc_btn\"><a class=\"vc_general vc_btn3 vc_btn3-size-md vc_btn3-shape-rounded vc_btn3-style-flat vc_btn3-color-red vc_btn\" href=\"https:\/\/dev.as2web.fr\/immovance\/conseiller\/immovance-bassin-jacques-coeur\">Consulter les biens<\/a><\/div><div class=\"agent_unit_email\"><a href=\"mailto:p.marianne@immovance.fr\"><i class=\"immo-icon icon-email\"><\/i><\/a><\/div><div class=\"agent_unit_phone\"><a href=\"tel:0984176665\"><i class=\"immo-icon icon-phone\"><\/i><\/a><\/div>           \n        <\/div>\n    <\/div>\n<!-- <\/div>    --><\/div><div class=\"col-md-3 listing_wrapper\">    <div class=\"agent_unit city-montpellier_34000\"  data-city=\"montpellier_34000\">\n        <div class=\"agent-unit-img-wrapper\">\n                  \n            \n            \n         \n            <img width=\"525\" height=\"548\" src=\"https:\/\/dev.as2web.fr\/immovance\/wp-content\/uploads\/2022\/03\/AURELIEN-PHAN.jpg\" class=\"lazyload img-responsive wp-post-image\" alt=\"\" loading=\"lazy\" srcset=\"https:\/\/dev.as2web.fr\/immovance\/wp-content\/uploads\/2022\/03\/AURELIEN-PHAN.jpg 525w, https:\/\/dev.as2web.fr\/immovance\/wp-content\/uploads\/2022\/03\/AURELIEN-PHAN-287x300.jpg 287w\" sizes=\"(max-width: 525px) 100vw, 525px\" \/>        <\/div>    \n            \n\n        <p class=\"h3\"> <a href=\"https:\/\/dev.as2web.fr\/immovance\/conseiller\/aurelien-phan\">Aur\u00e9lien PHAN<\/a><\/p>\n        <div class=\"agent_position\">7 rue Fr\u00e9d\u00e9ric Bazille, 34000 Montpellier<\/div>\n     \n       \n        <div class=\"agent_unit_social agent_list\">\n        \n               \n               <div class=\"agent_unit_btn vc_btn3-container vc_btn3-left vc_btn\"><a class=\"vc_general vc_btn3 vc_btn3-size-md vc_btn3-shape-rounded vc_btn3-style-flat vc_btn3-color-red vc_btn\" href=\"https:\/\/dev.as2web.fr\/immovance\/conseiller\/aurelien-phan\">Consulter les biens<\/a><\/div><div class=\"agent_unit_email\"><a href=\"mailto:a.phan@immovance.fr\"><i class=\"immo-icon icon-email\"><\/i><\/a><\/div><div class=\"agent_unit_phone\"><a href=\"tel:0671202569\"><i class=\"immo-icon icon-phone\"><\/i><\/a><\/div>           \n        <\/div>\n    <\/div>\n<!-- <\/div>    --><\/div><div class=\"col-md-3 listing_wrapper\">    <div class=\"agent_unit city-montpellier_34000\"  data-city=\"montpellier_34000\">\n        <div class=\"agent-unit-img-wrapper\">\n                  \n            \n            \n         \n            <img width=\"1158\" height=\"1544\" src=\"https:\/\/dev.as2web.fr\/immovance\/wp-content\/uploads\/2022\/03\/DELERUE-Glen-NB.jpg\" class=\"lazyload img-responsive wp-post-image\" alt=\"\" loading=\"lazy\" srcset=\"https:\/\/dev.as2web.fr\/immovance\/wp-content\/uploads\/2022\/03\/DELERUE-Glen-NB.jpg 1158w, https:\/\/dev.as2web.fr\/immovance\/wp-content\/uploads\/2022\/03\/DELERUE-Glen-NB-225x300.jpg 225w, https:\/\/dev.as2web.fr\/immovance\/wp-content\/uploads\/2022\/03\/DELERUE-Glen-NB-768x1024.jpg 768w, https:\/\/dev.as2web.fr\/immovance\/wp-content\/uploads\/2022\/03\/DELERUE-Glen-NB-1152x1536.jpg 1152w\" sizes=\"(max-width: 1158px) 100vw, 1158px\" \/>        <\/div>    \n            \n\n        <p class=\"h3\"> <a href=\"https:\/\/dev.as2web.fr\/immovance\/conseiller\/glen-delerue\">Glen DELERUE<\/a><\/p>\n        <div class=\"agent_position\">7 rue Fr\u00e9d\u00e9ric Bazille, 34000 Montpellier<\/div>\n     \n       \n        <div class=\"agent_unit_social agent_list\">\n        \n               \n               <div class=\"agent_unit_btn vc_btn3-container vc_btn3-left vc_btn\"><a class=\"vc_general vc_btn3 vc_btn3-size-md vc_btn3-shape-rounded vc_btn3-style-flat vc_btn3-color-red vc_btn\" href=\"https:\/\/dev.as2web.fr\/immovance\/conseiller\/glen-delerue\">Consulter les biens<\/a><\/div><div class=\"agent_unit_email\"><a href=\"mailto:g.delerue@immovance.fr\"><i class=\"immo-icon icon-email\"><\/i><\/a><\/div><div class=\"agent_unit_phone\"><a href=\"tel:0650051899\"><i class=\"immo-icon icon-phone\"><\/i><\/a><\/div>           \n        <\/div>\n    <\/div>\n<!-- <\/div>    --><\/div><div class=\"col-md-3 listing_wrapper\">    <div class=\"agent_unit city-montpellier_34000\"  data-city=\"montpellier_34000\">\n        <div class=\"agent-unit-img-wrapper\">\n                  \n            \n            \n         \n            <img width=\"525\" height=\"295\" src=\"https:\/\/dev.as2web.fr\/immovance\/wp-content\/uploads\/2022\/03\/MARINE-GOMEZ.jpeg\" class=\"lazyload img-responsive wp-post-image\" alt=\"\" loading=\"lazy\" srcset=\"https:\/\/dev.as2web.fr\/immovance\/wp-content\/uploads\/2022\/03\/MARINE-GOMEZ.jpeg 525w, https:\/\/dev.as2web.fr\/immovance\/wp-content\/uploads\/2022\/03\/MARINE-GOMEZ-300x169.jpeg 300w, https:\/\/dev.as2web.fr\/immovance\/wp-content\/uploads\/2022\/03\/MARINE-GOMEZ-255x143.jpeg 255w\" sizes=\"(max-width: 525px) 100vw, 525px\" \/>        <\/div>    \n            \n\n        <p class=\"h3\"> <a href=\"https:\/\/dev.as2web.fr\/immovance\/conseiller\/marine-gomez\">Marine GOMEZ<\/a><\/p>\n        <div class=\"agent_position\">7 rue Fr\u00e9d\u00e9ric Bazille, 34000 Montpellier<\/div>\n     \n       \n        <div class=\"agent_unit_social agent_list\">\n        \n               \n               <div class=\"agent_unit_btn vc_btn3-container vc_btn3-left vc_btn\"><a class=\"vc_general vc_btn3 vc_btn3-size-md vc_btn3-shape-rounded vc_btn3-style-flat vc_btn3-color-red vc_btn\" href=\"https:\/\/dev.as2web.fr\/immovance\/conseiller\/marine-gomez\">Consulter les biens<\/a><\/div><div class=\"agent_unit_email\"><a href=\"mailto:m.gomez@immovance.fr\"><i class=\"immo-icon icon-email\"><\/i><\/a><\/div><div class=\"agent_unit_phone\"><a href=\"tel:0750982721\"><i class=\"immo-icon icon-phone\"><\/i><\/a><\/div>           \n        <\/div>\n    <\/div>\n<!-- <\/div>    --><\/div><div class=\"col-md-3 listing_wrapper\">    <div class=\"agent_unit city-montpellier_34000\"  data-city=\"montpellier_34000\">\n        <div class=\"agent-unit-img-wrapper\">\n                  \n            \n            \n         \n            <img width=\"525\" height=\"640\" src=\"https:\/\/dev.as2web.fr\/immovance\/wp-content\/uploads\/2022\/04\/PRAET-ANAIS.jpg\" class=\"lazyload img-responsive wp-post-image\" alt=\"\" loading=\"lazy\" srcset=\"https:\/\/dev.as2web.fr\/immovance\/wp-content\/uploads\/2022\/04\/PRAET-ANAIS.jpg 525w, https:\/\/dev.as2web.fr\/immovance\/wp-content\/uploads\/2022\/04\/PRAET-ANAIS-246x300.jpg 246w\" sizes=\"(max-width: 525px) 100vw, 525px\" \/>        <\/div>    \n            \n\n        <p class=\"h3\"> <a href=\"https:\/\/dev.as2web.fr\/immovance\/conseiller\/anais-praet\">Anais PRAET<\/a><\/p>\n        <div class=\"agent_position\">7 rue Fr\u00e9d\u00e9ric Bazille, 34000 Montpellier<\/div>\n     \n       \n        <div class=\"agent_unit_social agent_list\">\n        \n               \n               <div class=\"agent_unit_btn vc_btn3-container vc_btn3-left vc_btn\"><a class=\"vc_general vc_btn3 vc_btn3-size-md vc_btn3-shape-rounded vc_btn3-style-flat vc_btn3-color-red vc_btn\" href=\"https:\/\/dev.as2web.fr\/immovance\/conseiller\/anais-praet\">Consulter les biens<\/a><\/div><div class=\"agent_unit_email\"><a href=\"mailto:a.praet@immovance.fr\"><i class=\"immo-icon icon-email\"><\/i><\/a><\/div><div class=\"agent_unit_phone\"><a href=\"tel:0608602189\"><i class=\"immo-icon icon-phone\"><\/i><\/a><\/div>           \n        <\/div>\n    <\/div>\n<!-- <\/div>    --><\/div><div class=\"col-md-3 listing_wrapper\">    <div class=\"agent_unit city-vendargues_34740\"  data-city=\"vendargues_34740\">\n        <div class=\"agent-unit-img-wrapper\">\n                  \n            \n            \n         \n            <img class=\"img-slider-agent\" src=\"https:\/\/dev.as2web.fr\/immovance\/wp-content\/themes\/wpresidence\/img\/default_user.png\" alt=\"Image utilisateur\">        <\/div>    \n            \n\n        <p class=\"h3\"> <a href=\"https:\/\/dev.as2web.fr\/immovance\/conseiller\/immovance-vendargues\">Immovance Vendargues<\/a><\/p>\n        <div class=\"agent_position\">19 rue du g\u00e9n\u00e9ral Berth\u00e9z\u00e8ne, 34740 Vendargues<\/div>\n     \n       \n        <div class=\"agent_unit_social agent_list\">\n        \n               \n               <div class=\"agent_unit_btn vc_btn3-container vc_btn3-left vc_btn\"><a class=\"vc_general vc_btn3 vc_btn3-size-md vc_btn3-shape-rounded vc_btn3-style-flat vc_btn3-color-red vc_btn\" href=\"https:\/\/dev.as2web.fr\/immovance\/conseiller\/immovance-vendargues\">Consulter les biens<\/a><\/div><div class=\"agent_unit_email\"><a href=\"mailto:sebastien.cammal@immovance.fr\"><i class=\"immo-icon icon-email\"><\/i><\/a><\/div><div class=\"agent_unit_phone\"><a href=\"tel:0467872431\"><i class=\"immo-icon icon-phone\"><\/i><\/a><\/div>           \n        <\/div>\n    <\/div>\n<!-- <\/div>    --><\/div><\/div>[\/vc_column][\/vc_row][vc_row full_width=\u00a0\u00bbstretch_row\u00a0\u00bb css=\u00a0\u00bb.vc_custom_1637586127804{padding-top: 60px !important;padding-bottom: 60px !important;}\u00a0\u00bb el_id=\u00a0\u00bbcontent-temoignage-id\u00a0\u00bb][vc_column][vc_row_inner css=\u00a0\u00bb.vc_custom_1635410955491{margin-bottom: 35px !important;}\u00a0\u00bb][vc_column_inner width=\u00a0\u00bb1\/4&Prime;][\/vc_column_inner][vc_column_inner width=\u00a0\u00bb1\/2&Prime;][vc_custom_heading text=\u00a0\u00bbNos clients t\u00e9moignent\u00a0\u00bb font_container=\u00a0\u00bbtag:h2|text_align:center\u00a0\u00bb use_theme_fonts=\u00a0\u00bbyes\u00a0\u00bb css=\u00a0\u00bb.vc_custom_1635410820062{margin-bottom: 10px !important;}\u00a0\u00bb][vc_column_text el_class=\u00a0\u00bbsubtitle\u00a0\u00bb css=\u00a0\u00bb.vc_custom_1647356623124{margin-bottom: 0px !important;}\u00a0\u00bb]<\/p>\n<p style=\"text-align: center;\">Ils en parlent mieux que nous<\/p>\n<p>[\/vc_column_text][\/vc_column_inner][vc_column_inner width=\u00a0\u00bb1\/4&Prime;][\/vc_column_inner][\/vc_row_inner]<div class=\"testimonial-slider-container container_type_3\" data-visible-items=\"3\" data-auto=\"0\">     <div class=\"testimonial-container type_class_3 \">     <div class=\"testimonial-image\" style=\"background-image:url(\/wp-content\/themes\/wpresidence\/img\/testimonials.jpg)\"><\/div>     <div class=\"testimonial_title\"><\/div>     <div class=\"testimmonials_starts\"><i class=\"fas fa-star\"><\/i><i class=\"fas fa-star\"><\/i><i class=\"fas fa-star\"><\/i><i class=\"fas fa-star\"><\/i><i class=\"fas fa-star\"><\/i><\/div>     <div class=\"testimonial-text\">Agence tr\u00e8s agr\u00e9able et humaine. J\u2019ai eu la chance de rencontrer M N\u00e9ant qui a pris en charge ma recherche. C\u2019est quelqu\u2019un de tr\u00e8s professionnel qui a su m\u2019aiguiller dans mon projets immobilier.t<\/div>     <div class=\"testimonial-author-line\"><span class=\"testimonial-author\"><\/span>Julia B. <\/div>     <\/div>     <div class=\"testimonial-container type_class_3 \">     <div class=\"testimonial-image\" style=\"background-image:url(\/wp-content\/themes\/wpresidence\/img\/testimonials.jpg)\"><\/div>     <div class=\"testimonial_title\"><\/div>     <div class=\"testimmonials_starts\"><i class=\"fas fa-star\"><\/i><i class=\"fas fa-star\"><\/i><i class=\"fas fa-star\"><\/i><i class=\"fas fa-star\"><\/i><i class=\"fas fa-star\"><\/i><\/div>     <div class=\"testimonial-text\">Locataire \u00e0 l'agence IMMOVANCE et g\u00e9r\u00e9e par le service Gestion, j'ai \u00e9t\u00e9 tr\u00e8s satisfaite par ce service le temps de ma location. Une \u00e9coute attentive, une bonne communication et une \u00e9quipe professionnelle. Je remercie le service Gestion que je recommande vivement et notamment Celine pour tous ces bons conseils !<\/div>     <div class=\"testimonial-author-line\"><span class=\"testimonial-author\"><\/span>Clothilde T. <\/div>     <\/div>     <div class=\"testimonial-container type_class_3 \">     <div class=\"testimonial-image\" style=\"background-image:url(\/wp-content\/themes\/wpresidence\/img\/testimonials.jpg)\"><\/div>     <div class=\"testimonial_title\"><\/div>     <div class=\"testimmonials_starts\"><i class=\"fas fa-star\"><\/i><i class=\"fas fa-star\"><\/i><i class=\"fas fa-star\"><\/i><i class=\"fas fa-star\"><\/i><i class=\"fas fa-star\"><\/i><\/div>     <div class=\"testimonial-text\">Aspects positifs : Professionnalisme, Qualit\u00e9, Rapport qualit\u00e9-prix, R\u00e9activit\u00e9. Agence au top , vente realiser en une visite et super-suivi je recommande sebastien qui sera vous conseiller sur le juste prix de votre bien .<\/div>     <div class=\"testimonial-author-line\"><span class=\"testimonial-author\"><\/span>Fabrice S. <\/div>     <\/div>     <div class=\"testimonial-container type_class_3 \">     <div class=\"testimonial-image\" style=\"background-image:url(\/wp-content\/themes\/wpresidence\/img\/testimonials.jpg)\"><\/div>     <div class=\"testimonial_title\"><\/div>     <div class=\"testimmonials_starts\"><i class=\"fas fa-star\"><\/i><i class=\"fas fa-star\"><\/i><i class=\"fas fa-star\"><\/i><i class=\"fas fa-star\"><\/i><i class=\"fas fa-star\"><\/i><\/div>     <div class=\"testimonial-text\">Aspects positifs : Professionnalisme, Qualit\u00e9, Rapport qualit\u00e9-prix, R\u00e9activit\u00e9. Vente d'un appartement r\u00e9cemment. De l'estimation du bien, jusqu'\u00e0 la signature chez le notaire, l'accompagnement, l'\u00e9coute et la r\u00e9activit\u00e9 donne une autre dimension aux rapports humains lors d'une n\u00e9gociation de biens immobiliers. Un grand merci \u00e0 Kristy pour son professionnalisme!! Je recommande!<\/div>     <div class=\"testimonial-author-line\"><span class=\"testimonial-author\"><\/span>L. Saulnier <\/div>     <\/div><\/div><script type=\"text\/javascript\">\n                \/\/<![CDATA[\n\n                jQuery(document).ready(function(){\n                   wpestate_enable_slick_testimonial();\n                });\n                \/\/]]>\n            <\/script>[\/vc_column][\/vc_row][vc_row full_width=\u00a0\u00bbstretch_row\u00a0\u00bb equal_height=\u00a0\u00bbyes\u00a0\u00bb content_placement=\u00a0\u00bbmiddle\u00a0\u00bb css=\u00a0\u00bb.vc_custom_1639559871125{padding-top: 60px !important;padding-bottom: 60px !important;background-image: url(https:\/\/dev.as2web.fr\/immovance\/wp-content\/uploads\/2021\/10\/bg-simulateurs.jpg?id=29348) !important;background-position: center !important;background-repeat: no-repeat !important;background-size: cover !important;}\u00a0\u00bb el_id=\u00a0\u00bbcontent-carriere-id\u00a0\u00bb][vc_column el_class=\u00a0\u00bbcareer-section\u00a0\u00bb][vc_custom_heading text=\u00a0\u00bbL\u2019immobilier des particuliers\u00a0\u00bb font_container=\u00a0\u00bbtag:h2|text_align:center\u00a0\u00bb use_theme_fonts=\u00a0\u00bbyes\u00a0\u00bb el_class=\u00a0\u00bbstyle-signat\u00a0\u00bb css=\u00a0\u00bb.vc_custom_1639153607240{margin-top: 15px !important;margin-bottom: 30px !important;}\u00a0\u00bb]<div class=\"aio-icon-component  bsf-info-box  right style_1\"><div id=\"Info-box-wrap-5319\" class=\"aio-icon-box top-icon\" style=\"\"  ><div class=\"aio-icon-top\"><div class=\"ult-just-icon-wrapper   just_icon\"><div class=\"align-icon\" style=\"text-align:center;\">\n<div class=\"aio-icon-img \" style=\"font-size:48px;display:inline-block;\" >\n\t<img class=\"img-icon\" alt=\"null\" src=\"https:\/\/dev.as2web.fr\/immovance\/wp-content\/uploads\/2021\/10\/home.svg\"\/>\n<\/div><\/div><\/div><\/div><div class=\"aio-icon-header\" ><h3 class=\"aio-icon-title ult-responsive\"  data-ultimate-target='#Info-box-wrap-5319 .aio-icon-title'  data-responsive-json-new='{\"font-size\":\"\",\"line-height\":\"\"}'  style=\"\">2548<\/h3><\/div> <!-- header --><div class=\"aio-icon-description ult-responsive\"  data-ultimate-target='#Info-box-wrap-5319 .aio-icon-description'  data-responsive-json-new='{\"font-size\":\"\",\"line-height\":\"\"}'  style=\"\">Biens vendus<\/div> <!-- description --><\/div> <!-- aio-icon-box --><\/div> <!-- aio-icon-component --><div class=\"aio-icon-component  bsf-info-box  left style_1\"><div id=\"Info-box-wrap-8540\" class=\"aio-icon-box top-icon\" style=\"\"  ><div class=\"aio-icon-top\"><div class=\"ult-just-icon-wrapper   just_icon\"><div class=\"align-icon\" style=\"text-align:center;\">\n<div class=\"aio-icon-img \" style=\"font-size:48px;display:inline-block;\" >\n\t<img class=\"img-icon\" alt=\"null\" src=\"https:\/\/dev.as2web.fr\/immovance\/wp-content\/uploads\/2021\/10\/lock.svg\"\/>\n<\/div><\/div><\/div><\/div><div class=\"aio-icon-header\" ><h3 class=\"aio-icon-title ult-responsive\"  data-ultimate-target='#Info-box-wrap-8540 .aio-icon-title'  data-responsive-json-new='{\"font-size\":\"\",\"line-height\":\"\"}'  style=\"\">250<\/h3><\/div> <!-- header --><div class=\"aio-icon-description ult-responsive\"  data-ultimate-target='#Info-box-wrap-8540 .aio-icon-description'  data-responsive-json-new='{\"font-size\":\"\",\"line-height\":\"\"}'  style=\"\">Biens en exclusivit\u00e9<\/div> <!-- description --><\/div> <!-- aio-icon-box --><\/div> <!-- aio-icon-component --><div class=\"aio-icon-component  bsf-info-box  right style_1\"><div id=\"Info-box-wrap-4948\" class=\"aio-icon-box top-icon\" style=\"\"  ><div class=\"aio-icon-top\"><div class=\"ult-just-icon-wrapper   just_icon\"><div class=\"align-icon\" style=\"text-align:center;\">\n<div class=\"aio-icon-img \" style=\"font-size:48px;display:inline-block;\" >\n\t<img class=\"img-icon\" alt=\"null\" src=\"https:\/\/dev.as2web.fr\/immovance\/wp-content\/uploads\/2021\/10\/users.svg\"\/>\n<\/div><\/div><\/div><\/div><div class=\"aio-icon-header\" ><h3 class=\"aio-icon-title ult-responsive\"  data-ultimate-target='#Info-box-wrap-4948 .aio-icon-title'  data-responsive-json-new='{\"font-size\":\"\",\"line-height\":\"\"}'  style=\"\">98<\/h3><\/div> <!-- header --><div class=\"aio-icon-description ult-responsive\"  data-ultimate-target='#Info-box-wrap-4948 .aio-icon-description'  data-responsive-json-new='{\"font-size\":\"\",\"line-height\":\"\"}'  style=\"\">Agents pr\u00eats<br \/>\n\u00e0 vous accompagner<\/div> <!-- description --><\/div> <!-- aio-icon-box --><\/div> <!-- aio-icon-component --><div class=\"aio-icon-component  bsf-info-box  left style_1\"><div id=\"Info-box-wrap-9375\" class=\"aio-icon-box top-icon\" style=\"\"  ><div class=\"aio-icon-top\"><div class=\"ult-just-icon-wrapper   just_icon\"><div class=\"align-icon\" style=\"text-align:center;\">\n<div class=\"aio-icon-img \" style=\"font-size:48px;display:inline-block;\" >\n\t<img class=\"img-icon\" alt=\"null\" src=\"https:\/\/dev.as2web.fr\/immovance\/wp-content\/uploads\/2021\/10\/heart.svg\"\/>\n<\/div><\/div><\/div><\/div><div class=\"aio-icon-header\" ><h3 class=\"aio-icon-title ult-responsive\"  data-ultimate-target='#Info-box-wrap-9375 .aio-icon-title'  data-responsive-json-new='{\"font-size\":\"\",\"line-height\":\"\"}'  style=\"\">1857<\/h3><\/div> <!-- header --><div class=\"aio-icon-description ult-responsive\"  data-ultimate-target='#Info-box-wrap-9375 .aio-icon-description'  data-responsive-json-new='{\"font-size\":\"\",\"line-height\":\"\"}'  style=\"\">Coups de coeur<br \/>\nde clients<\/div> <!-- description --><\/div> <!-- aio-icon-box --><\/div> <!-- aio-icon-component -->[\/vc_column][\/vc_row]<\/p>\n","protected":false},"excerpt":{"rendered":"<p>[vc_row full_width=\u00a0\u00bbstretch_row_content_no_spaces\u00a0\u00bb equal_height=\u00a0\u00bbyes\u00a0\u00bb content_placement=\u00a0\u00bbmiddle\u00a0\u00bb el_id=\u00a0\u00bbhome-img-nav\u00a0\u00bb][vc_column width=\u00a0\u00bb1\/6&Prime; css=\u00a0\u00bb.vc_custom_1646666924621{background-image: url(https:\/\/dev.as2web.fr\/immovance\/wp-content\/uploads\/2021\/10\/acheter.jpg?id=29181) !important;background-position: center !important;background-repeat: no-repeat !important;background-size: cover !important;}\u00a0\u00bb][vc_custom_heading text=\u00a0\u00bbAcheter\u00a0\u00bb font_container=\u00a0\u00bbtag:p|text_align:center\u00a0\u00bb use_theme_fonts=\u00a0\u00bbyes\u00a0\u00bb link=\u00a0\u00bburl:https%3A%2F%2Fdev.as2web.fr%2Fimmovance%2Frecherche-de-biens%3Ffilter_search_action%255B%255D%3Da-acheter%26filter_search_type%255B%255D%3Dall|title:Acheter\u00a0\u00bb][\/vc_column][vc_column width=\u00a0\u00bb1\/6&Prime; css=\u00a0\u00bb.vc_custom_1646666956867{background-image: url(https:\/\/dev.as2web.fr\/immovance\/wp-content\/uploads\/2021\/10\/louer.jpg?id=29183) !important;background-position: center !important;background-repeat: no-repeat !important;background-size: cover !important;}\u00a0\u00bb][vc_custom_heading text=\u00a0\u00bbLouer\u00a0\u00bb font_container=\u00a0\u00bbtag:p|text_align:center\u00a0\u00bb use_theme_fonts=\u00a0\u00bbyes\u00a0\u00bb link=\u00a0\u00bburl:https%3A%2F%2Fdev.as2web.fr%2Fimmovance%2Frecherche-de-biens%3Ffilter_search_action%255B%255D%3Da-louer%26filter_search_type%255B%255D%3Dall|title:Acheter\u00a0\u00bb][\/vc_column][vc_column width=\u00a0\u00bb1\/6&Prime; css=\u00a0\u00bb.vc_custom_1646731858419{background-image: url(https:\/\/dev.as2web.fr\/immovance\/wp-content\/uploads\/2021\/10\/vendre.jpg?id=29185) !important;background-position: center !important;background-repeat: no-repeat !important;background-size: cover !important;}\u00a0\u00bb][vc_custom_heading text=\u00a0\u00bbVendre\u00a0\u00bb font_container=\u00a0\u00bbtag:p|text_align:center\u00a0\u00bb use_theme_fonts=\u00a0\u00bbyes\u00a0\u00bb link=\u00a0\u00bburl:https%3A%2F%2Fdev.as2web.fr%2Fimmovance%2Fvendre|title:Acheter\u00a0\u00bb][\/vc_column][vc_column width=\u00a0\u00bb1\/6&Prime; css=\u00a0\u00bb.vc_custom_1646667003347{background-image: url(https:\/\/dev.as2web.fr\/immovance\/wp-content\/uploads\/2021\/10\/prog-neufs.jpg?id=29184) !important;background-position: center !important;background-repeat: no-repeat !important;background-size: cover !important;}\u00a0\u00bb][vc_custom_heading text=\u00a0\u00bbProgrammes Neufs\u00a0\u00bb font_container=\u00a0\u00bbtag:p|text_align:center\u00a0\u00bb use_theme_fonts=\u00a0\u00bbyes\u00a0\u00bb link=\u00a0\u00bburl:https%3A%2F%2Fdev.as2web.fr%2Fimmovance%2Fprogrammes-neufs|title:Acheter\u00a0\u00bb][\/vc_column][vc_column width=\u00a0\u00bb1\/6&Prime; css=\u00a0\u00bb.vc_custom_1646667017026{background-image: &#8230;<\/p>\n","protected":false},"author":1,"featured_media":53272,"parent":0,"menu_order":0,"comment_status":"closed","ping_status":"closed","template":"","meta":{"loftloader_page_shortcode":""},"yoast_head":"<!-- This site is optimized with the Yoast SEO plugin v18.9 - https:\/\/yoast.com\/wordpress\/plugins\/seo\/ -->\n<title>Immovance - R\u00e9seau d\u2019agences immobili\u00e8res - H\u00e9rault &amp; Paris<\/title>\n<meta name=\"description\" content=\"Immovance, r\u00e9seau immobilier de professionnels dans l\u2019H\u00e9rault et \u00e0 Paris, propose de l\u2019estimation, vente, achat, location et gestion. Large \u00e9ventail de biens immobiliers : maisons, appartements, programmes neufs, terrains, locaux commerciaux.\" \/>\n<meta name=\"robots\" content=\"noindex, follow, max-snippet:-1, max-image-preview:large, max-video-preview:-1\" \/>\n<meta property=\"og:locale\" content=\"fr_FR\" \/>\n<meta property=\"og:type\" content=\"article\" \/>\n<meta property=\"og:title\" content=\"Immovance - R\u00e9seau d\u2019agences immobili\u00e8res - H\u00e9rault &amp; Paris\" \/>\n<meta property=\"og:description\" content=\"Immovance, r\u00e9seau immobilier de professionnels dans l\u2019H\u00e9rault et \u00e0 Paris, propose de l\u2019estimation, vente, achat, location et gestion. Large \u00e9ventail de biens immobiliers : maisons, appartements, programmes neufs, terrains, locaux commerciaux.\" \/>\n<meta property=\"og:url\" content=\"https:\/\/dev.as2web.fr\/immovance\/\" \/>\n<meta property=\"og:site_name\" content=\"Immovance\" \/>\n<meta property=\"article:modified_time\" content=\"2022-06-09T14:02:30+00:00\" \/>\n<meta property=\"og:image\" content=\"https:\/\/dev.as2web.fr\/immovance\/wp-content\/uploads\/2022\/03\/modalback.jpg\" \/>\n\t<meta property=\"og:image:width\" content=\"640\" \/>\n\t<meta property=\"og:image:height\" content=\"480\" \/>\n\t<meta property=\"og:image:type\" content=\"image\/jpeg\" \/>\n<meta name=\"twitter:card\" content=\"summary_large_image\" \/>\n<meta name=\"twitter:label1\" content=\"Dur\u00e9e de lecture estim\u00e9e\" \/>\n\t<meta name=\"twitter:data1\" content=\"5 minutes\" \/>\n<script type=\"application\/ld+json\" class=\"yoast-schema-graph\">{\"@context\":\"https:\/\/schema.org\",\"@graph\":[{\"@type\":\"Organization\",\"@id\":\"https:\/\/dev.as2web.fr\/immovance\/#organization\",\"name\":\"Immovance Immobilier\",\"url\":\"https:\/\/dev.as2web.fr\/immovance\/\",\"sameAs\":[],\"logo\":{\"@type\":\"ImageObject\",\"inLanguage\":\"fr-FR\",\"@id\":\"https:\/\/dev.as2web.fr\/immovance\/#\/schema\/logo\/image\/\",\"url\":\"https:\/\/dev.as2web.fr\/immovance\/wp-content\/uploads\/2022\/03\/modalback.jpg\",\"contentUrl\":\"https:\/\/dev.as2web.fr\/immovance\/wp-content\/uploads\/2022\/03\/modalback.jpg\",\"width\":640,\"height\":480,\"caption\":\"Immovance Immobilier\"},\"image\":{\"@id\":\"https:\/\/dev.as2web.fr\/immovance\/#\/schema\/logo\/image\/\"}},{\"@type\":\"WebSite\",\"@id\":\"https:\/\/dev.as2web.fr\/immovance\/#website\",\"url\":\"https:\/\/dev.as2web.fr\/immovance\/\",\"name\":\"Immovance\",\"description\":\"\",\"publisher\":{\"@id\":\"https:\/\/dev.as2web.fr\/immovance\/#organization\"},\"potentialAction\":[{\"@type\":\"SearchAction\",\"target\":{\"@type\":\"EntryPoint\",\"urlTemplate\":\"https:\/\/dev.as2web.fr\/immovance\/?s={search_term_string}\"},\"query-input\":\"required name=search_term_string\"}],\"inLanguage\":\"fr-FR\"},{\"@type\":\"ImageObject\",\"inLanguage\":\"fr-FR\",\"@id\":\"https:\/\/dev.as2web.fr\/immovance\/#primaryimage\",\"url\":\"https:\/\/dev.as2web.fr\/immovance\/wp-content\/uploads\/2022\/03\/modalback.jpg\",\"contentUrl\":\"https:\/\/dev.as2web.fr\/immovance\/wp-content\/uploads\/2022\/03\/modalback.jpg\",\"width\":640,\"height\":480},{\"@type\":\"WebPage\",\"@id\":\"https:\/\/dev.as2web.fr\/immovance\/#webpage\",\"url\":\"https:\/\/dev.as2web.fr\/immovance\/\",\"name\":\"Immovance - R\u00e9seau d\u2019agences immobili\u00e8res - H\u00e9rault & Paris\",\"isPartOf\":{\"@id\":\"https:\/\/dev.as2web.fr\/immovance\/#website\"},\"primaryImageOfPage\":{\"@id\":\"https:\/\/dev.as2web.fr\/immovance\/#primaryimage\"},\"datePublished\":\"2016-11-16T10:51:13+00:00\",\"dateModified\":\"2022-06-09T14:02:30+00:00\",\"description\":\"Immovance, r\u00e9seau immobilier de professionnels dans l\u2019H\u00e9rault et \u00e0 Paris, propose de l\u2019estimation, vente, achat, location et gestion. Large \u00e9ventail de biens immobiliers : maisons, appartements, programmes neufs, terrains, locaux commerciaux.\",\"breadcrumb\":{\"@id\":\"https:\/\/dev.as2web.fr\/immovance\/#breadcrumb\"},\"inLanguage\":\"fr-FR\",\"potentialAction\":[{\"@type\":\"ReadAction\",\"target\":[\"https:\/\/dev.as2web.fr\/immovance\/\"]}]},{\"@type\":\"BreadcrumbList\",\"@id\":\"https:\/\/dev.as2web.fr\/immovance\/#breadcrumb\",\"itemListElement\":[{\"@type\":\"ListItem\",\"position\":1,\"name\":\"Accueil\",\"item\":\"https:\/\/dev.as2web.fr\/immovance\/\"},{\"@type\":\"ListItem\",\"position\":2,\"name\":\"Accueil\"}]}]}<\/script>\n<!-- \/ Yoast SEO plugin. -->","yoast_head_json":{"title":"Immovance - R\u00e9seau d\u2019agences immobili\u00e8res - H\u00e9rault & Paris","description":"Immovance, r\u00e9seau immobilier de professionnels dans l\u2019H\u00e9rault et \u00e0 Paris, propose de l\u2019estimation, vente, achat, location et gestion. Large \u00e9ventail de biens immobiliers : maisons, appartements, programmes neufs, terrains, locaux commerciaux.","robots":{"index":"noindex","follow":"follow","max-snippet":"max-snippet:-1","max-image-preview":"max-image-preview:large","max-video-preview":"max-video-preview:-1"},"og_locale":"fr_FR","og_type":"article","og_title":"Immovance - R\u00e9seau d\u2019agences immobili\u00e8res - H\u00e9rault & Paris","og_description":"Immovance, r\u00e9seau immobilier de professionnels dans l\u2019H\u00e9rault et \u00e0 Paris, propose de l\u2019estimation, vente, achat, location et gestion. Large \u00e9ventail de biens immobiliers : maisons, appartements, programmes neufs, terrains, locaux commerciaux.","og_url":"https:\/\/dev.as2web.fr\/immovance\/","og_site_name":"Immovance","article_modified_time":"2022-06-09T14:02:30+00:00","og_image":[{"width":640,"height":480,"url":"https:\/\/dev.as2web.fr\/immovance\/wp-content\/uploads\/2022\/03\/modalback.jpg","type":"image\/jpeg"}],"twitter_card":"summary_large_image","twitter_misc":{"Dur\u00e9e de lecture estim\u00e9e":"5 minutes"},"schema":{"@context":"https:\/\/schema.org","@graph":[{"@type":"Organization","@id":"https:\/\/dev.as2web.fr\/immovance\/#organization","name":"Immovance Immobilier","url":"https:\/\/dev.as2web.fr\/immovance\/","sameAs":[],"logo":{"@type":"ImageObject","inLanguage":"fr-FR","@id":"https:\/\/dev.as2web.fr\/immovance\/#\/schema\/logo\/image\/","url":"https:\/\/dev.as2web.fr\/immovance\/wp-content\/uploads\/2022\/03\/modalback.jpg","contentUrl":"https:\/\/dev.as2web.fr\/immovance\/wp-content\/uploads\/2022\/03\/modalback.jpg","width":640,"height":480,"caption":"Immovance Immobilier"},"image":{"@id":"https:\/\/dev.as2web.fr\/immovance\/#\/schema\/logo\/image\/"}},{"@type":"WebSite","@id":"https:\/\/dev.as2web.fr\/immovance\/#website","url":"https:\/\/dev.as2web.fr\/immovance\/","name":"Immovance","description":"","publisher":{"@id":"https:\/\/dev.as2web.fr\/immovance\/#organization"},"potentialAction":[{"@type":"SearchAction","target":{"@type":"EntryPoint","urlTemplate":"https:\/\/dev.as2web.fr\/immovance\/?s={search_term_string}"},"query-input":"required name=search_term_string"}],"inLanguage":"fr-FR"},{"@type":"ImageObject","inLanguage":"fr-FR","@id":"https:\/\/dev.as2web.fr\/immovance\/#primaryimage","url":"https:\/\/dev.as2web.fr\/immovance\/wp-content\/uploads\/2022\/03\/modalback.jpg","contentUrl":"https:\/\/dev.as2web.fr\/immovance\/wp-content\/uploads\/2022\/03\/modalback.jpg","width":640,"height":480},{"@type":"WebPage","@id":"https:\/\/dev.as2web.fr\/immovance\/#webpage","url":"https:\/\/dev.as2web.fr\/immovance\/","name":"Immovance - R\u00e9seau d\u2019agences immobili\u00e8res - H\u00e9rault & Paris","isPartOf":{"@id":"https:\/\/dev.as2web.fr\/immovance\/#website"},"primaryImageOfPage":{"@id":"https:\/\/dev.as2web.fr\/immovance\/#primaryimage"},"datePublished":"2016-11-16T10:51:13+00:00","dateModified":"2022-06-09T14:02:30+00:00","description":"Immovance, r\u00e9seau immobilier de professionnels dans l\u2019H\u00e9rault et \u00e0 Paris, propose de l\u2019estimation, vente, achat, location et gestion. Large \u00e9ventail de biens immobiliers : maisons, appartements, programmes neufs, terrains, locaux commerciaux.","breadcrumb":{"@id":"https:\/\/dev.as2web.fr\/immovance\/#breadcrumb"},"inLanguage":"fr-FR","potentialAction":[{"@type":"ReadAction","target":["https:\/\/dev.as2web.fr\/immovance\/"]}]},{"@type":"BreadcrumbList","@id":"https:\/\/dev.as2web.fr\/immovance\/#breadcrumb","itemListElement":[{"@type":"ListItem","position":1,"name":"Accueil","item":"https:\/\/dev.as2web.fr\/immovance\/"},{"@type":"ListItem","position":2,"name":"Accueil"}]}]}},"_links":{"self":[{"href":"https:\/\/dev.as2web.fr\/immovance\/wp-json\/wp\/v2\/pages\/20206"}],"collection":[{"href":"https:\/\/dev.as2web.fr\/immovance\/wp-json\/wp\/v2\/pages"}],"about":[{"href":"https:\/\/dev.as2web.fr\/immovance\/wp-json\/wp\/v2\/types\/page"}],"author":[{"embeddable":true,"href":"https:\/\/dev.as2web.fr\/immovance\/wp-json\/wp\/v2\/users\/1"}],"replies":[{"embeddable":true,"href":"https:\/\/dev.as2web.fr\/immovance\/wp-json\/wp\/v2\/comments?post=20206"}],"version-history":[{"count":39,"href":"https:\/\/dev.as2web.fr\/immovance\/wp-json\/wp\/v2\/pages\/20206\/revisions"}],"predecessor-version":[{"id":59150,"href":"https:\/\/dev.as2web.fr\/immovance\/wp-json\/wp\/v2\/pages\/20206\/revisions\/59150"}],"wp:featuredmedia":[{"embeddable":true,"href":"https:\/\/dev.as2web.fr\/immovance\/wp-json\/wp\/v2\/media\/53272"}],"wp:attachment":[{"href":"https:\/\/dev.as2web.fr\/immovance\/wp-json\/wp\/v2\/media?parent=20206"}],"curies":[{"name":"wp","href":"https:\/\/api.w.org\/{rel}","templated":true}]}}