{"version":"1.0","provider_name":"Immovance","provider_url":"https:\/\/dev.as2web.fr\/immovance","author_name":"Florian","author_url":"https:\/\/dev.as2web.fr\/immovance\/author\/florian","title":"VENTE APPARTEMENT- T3 62M2 - DOUBLE TERRASSE- 313K - Immovance","type":"rich","width":600,"height":338,"html":"<blockquote class=\"wp-embedded-content\" data-secret=\"thdoFXD5Ny\"><a href=\"https:\/\/dev.as2web.fr\/immovance\/bien\/vente-appartement-t3-62m2-double-terrasse-313k\">VENTE APPARTEMENT- T3 62M2 &#8211; DOUBLE TERRASSE- 313K<\/a><\/blockquote><iframe sandbox=\"allow-scripts\" security=\"restricted\" src=\"https:\/\/dev.as2web.fr\/immovance\/bien\/vente-appartement-t3-62m2-double-terrasse-313k\/embed#?secret=thdoFXD5Ny\" width=\"600\" height=\"338\" title=\"\u00ab\u00a0VENTE APPARTEMENT- T3 62M2 &#8211; DOUBLE TERRASSE- 313K\u00a0\u00bb &#8212; Immovance\" data-secret=\"thdoFXD5Ny\" frameborder=\"0\" marginwidth=\"0\" marginheight=\"0\" scrolling=\"no\" class=\"wp-embedded-content\"><\/iframe><script type=\"text\/javascript\">\n\/*! This file is auto-generated *\/\n!function(c,d){\"use strict\";var e=!1,o=!1;if(d.querySelector)if(c.addEventListener)e=!0;if(c.wp=c.wp||{},!c.wp.receiveEmbedMessage)if(c.wp.receiveEmbedMessage=function(e){var t=e.data;if(t)if(t.secret||t.message||t.value)if(!\/[^a-zA-Z0-9]\/.test(t.secret)){for(var r,a,i,s=d.querySelectorAll('iframe[data-secret=\"'+t.secret+'\"]'),n=d.querySelectorAll('blockquote[data-secret=\"'+t.secret+'\"]'),o=0;o<n.length;o++)n[o].style.display=\"none\";for(o=0;o<s.length;o++)if(r=s[o],e.source===r.contentWindow){if(r.removeAttribute(\"style\"),\"height\"===t.message){if(1e3<(i=parseInt(t.value,10)))i=1e3;else if(~~i<200)i=200;r.height=i}if(\"link\"===t.message)if(a=d.createElement(\"a\"),i=d.createElement(\"a\"),a.href=r.getAttribute(\"src\"),i.href=t.value,i.host===a.host)if(d.activeElement===r)c.top.location.href=t.value}}},e)c.addEventListener(\"message\",c.wp.receiveEmbedMessage,!1),d.addEventListener(\"DOMContentLoaded\",t,!1),c.addEventListener(\"load\",t,!1);function t(){if(!o){o=!0;for(var e,t,r,a=-1!==navigator.appVersion.indexOf(\"MSIE 10\"),i=!!navigator.userAgent.match(\/Trident.*rv:11\\.\/),s=d.querySelectorAll(\"iframe.wp-embedded-content\"),n=0;n<s.length;n++){if(!(r=(t=s[n]).getAttribute(\"data-secret\")))r=Math.random().toString(36).substr(2,10),t.src+=\"#?secret=\"+r,t.setAttribute(\"data-secret\",r);if(a||i)(e=t.cloneNode(!0)).removeAttribute(\"security\"),t.parentNode.replaceChild(e,t);t.contentWindow.postMessage({message:\"ready\",secret:r},\"*\")}}}}(window,document);\n<\/script>\n","thumbnail_url":"https:\/\/dev.as2web.fr\/immovance\/wp-content\/uploads\/2022\/06\/photo_788466fef060e2e5b425b6864cbea3c6_Inc_1-58956.jpg","thumbnail_width":1242,"thumbnail_height":638,"description":"L&rsquo;agence Immovance Bassin Jacques Coeur vous propose, dans le quartier tr\u00e8s pris\u00e9 de Port Marianne, dans une r\u00e9sidence livr\u00e9e en 2021, ce beau T3 en rez-de-chauss\u00e9e sur-\u00e9lev\u00e9 \u00e0 moins de 50m d&rsquo;un arr\u00eat de tramway. Ce joli appartement offre \u00e9galement une belle pi\u00e8ce de vie de 27m2, avec cuisine enti\u00e8rement \u00e9quip\u00e9e, donnant sur une premi\u00e8re terrasse de 12m2. Ce bien se compose de deux ..."}